{"id":339,"date":"2023-03-27T05:17:32","date_gmt":"2023-03-27T02:17:32","guid":{"rendered":"https:\/\/www.kucukgeris.net\/?page_id=339"},"modified":"2023-04-21T01:40:06","modified_gmt":"2023-04-20T22:40:06","slug":"alucra","status":"publish","type":"page","link":"https:\/\/www.kucukgeris.net\/?page_id=339","title":{"rendered":"Alucra"},"content":{"rendered":"\n<div class=\"wp-block-columns is-layout-flex wp-container-core-columns-is-layout-9d6595d7 wp-block-columns-is-layout-flex\">\n<div class=\"wp-block-column is-layout-flow wp-block-column-is-layout-flow\" style=\"flex-basis:10%\"><\/div>\n\n\n\n<div class=\"wp-block-column is-layout-flow wp-block-column-is-layout-flow\" style=\"flex-basis:80%\"><div class=\"wp-block-image\">\n<figure class=\"aligncenter size-large\"><img decoding=\"async\" src=\"https:\/\/www.kucukgeris.net\/iz\/giresun\/alcr\/alcr01.jpg\" alt=\"Alucra, Giresun\u2019a 150 kilometre uzakl\u0131kta, i\u00e7 kesimde kalan bir il\u00e7edir.\"\/><figcaption class=\"wp-element-caption\"><strong><em>Alucra, Giresun\u2019a 150 kilometre uzakl\u0131kta, i\u00e7 kesimde kalan bir il\u00e7edir.<\/em><\/strong><\/figcaption><\/figure>\n<\/div>\n\n\n<div class=\"wp-block-columns is-layout-flex wp-container-core-columns-is-layout-9d6595d7 wp-block-columns-is-layout-flex\">\n<div class=\"wp-block-column is-layout-flow wp-block-column-is-layout-flow\"><\/div>\n<\/div>\n\n\n\n<p class=\"has-black-color has-text-color has-medium-font-size\">Alucra, Giresun ilinin sahilden olduk\u00e7a uzak, i\u00e7 kesimde kalan bir il\u00e7esidir. Giresun \u015fehir merkezine 150 kilometre, G\u00fcm\u00fc\u015fhane\u2019ye 147 kilometre, Erzincan\u2019a 148 kilometre uzakl\u0131ktad\u0131r. N\u00fcfusu 1980 y\u0131l\u0131nda 38.467\u2019ye ula\u015fm\u0131\u015fken, il\u00e7enin s\u00fcrekli g\u00f6\u00e7 vermesi sonucunda 2022 y\u0131l\u0131nda Adrese Dayal\u0131 N\u00fcfus Kay\u0131t Sistemi sonu\u00e7lar\u0131na g\u00f6re Alucra; 3.945 ki\u015fi \u015fehirde, 4.629 ki\u015fi k\u00f6ylerde olmak \u00fczere toplam 8.574 n\u00fcfusa sahiptir. Alucra\u2019n\u0131n 6 merkez mahallesi ve 38 k\u00f6y\u00fc bulunmaktad\u0131r.<\/p>\n\n\n\n<p class=\"has-black-color has-text-color has-medium-font-size\"><strong>Alucra\u2019n\u0131n Merkez Mahalleleri:<\/strong> Babap\u0131nar Mahallesi, Karaa\u011fa\u00e7 Mahallesi, Kemall\u0131 Mahallesi, Mesudiye Mahallesi, Top\u00e7am Mahallesi, Yunus Emre Mahallesi.<\/p>\n\n\n\n<p class=\"has-black-color has-text-color has-medium-font-size\"><strong>Alucra\u2019n\u0131n K\u00f6yleri:<\/strong> Ak\u00e7i\u00e7ek K\u00f6y\u00fc, Aktepe K\u00f6y\u00fc, Arda K\u00f6y\u00fc, Ardu\u00e7 K\u00f6y\u00fc, Armutlu K\u00f6y\u00fc, Ayd\u0131nyayla K\u00f6y\u00fc, Bereketli K\u00f6y\u00fc, Beylerce K\u00f6y\u00fc, Boyluca K\u00f6y\u00fc, \u00c7akrak K\u00f6y\u00fc, \u00c7algan K\u00f6y\u00fc, \u00c7aml\u0131yayla K\u00f6y\u00fc, Demir\u00f6z\u00fc K\u00f6y\u00fc, Dere\u00e7iftlik K\u00f6y\u00fc, Doludere K\u00f6y\u00fc, Elmac\u0131k K\u00f6y\u00fc, Fevzi \u00c7akmak K\u00f6y\u00fc, G\u00f6k\u00e7ebel K\u00f6y\u00fc, G\u00fcn\u00fcg\u00fczel K\u00f6y\u00fc, G\u00fcrbulak K\u00f6y\u00fc, Hac\u0131hasan K\u00f6y\u00fc, Hac\u0131l\u0131 K\u00f6y\u00fc, \u0130\u011fdecik K\u00f6y\u00fc, Kabaktepe K\u00f6y\u00fc, Kaledibi K\u00f6y\u00fc, Kam\u0131\u015fl\u0131 K\u00f6y\u00fc, Karab\u00f6rk K\u00f6y\u00fc, Kavakl\u0131dere K\u00f6y\u00fc, Koman K\u00f6y\u00fc, Konakl\u0131 K\u00f6y\u00fc, K\u00f6kl\u00fcce K\u00f6y\u00fc, Pirili K\u00f6y\u00fc, Suba\u015f\u0131 K\u00f6y\u00fc, Suyurdu K\u00f6y\u00fc, Tepek\u00f6y K\u00f6y\u00fc, Tohumluk K\u00f6y\u00fc, Ye\u015filyurt K\u00f6y\u00fc, Y\u00fckselen K\u00f6y\u00fc.<\/p>\n\n\n\n<div class=\"wp-block-columns is-layout-flex wp-container-core-columns-is-layout-9d6595d7 wp-block-columns-is-layout-flex\">\n<div class=\"wp-block-column is-layout-flow wp-block-column-is-layout-flow\"><\/div>\n<\/div>\n\n\n<div class=\"wp-block-image\">\n<figure class=\"aligncenter size-large\"><img decoding=\"async\" src=\"https:\/\/www.kucukgeris.net\/iz\/giresun\/alcr\/alcr02.jpg\" alt=\"M\u00d6 \u0130skit T\u00fcrklerinin gelmeye ba\u015flad\u0131\u011f\u0131 Alucra\u2019da tarihin her d\u00f6neminde T\u00fcrk izleri g\u00f6r\u00fclmektedir.\"\/><figcaption class=\"wp-element-caption\"><strong><em>M\u00d6 \u0130skit T\u00fcrklerinin gelmeye ba\u015flad\u0131\u011f\u0131 Alucra\u2019da tarihin her d\u00f6neminde T\u00fcrk izleri g\u00f6r\u00fclmektedir.<\/em><\/strong><\/figcaption><\/figure>\n<\/div>\n\n\n<div class=\"wp-block-columns is-layout-flex wp-container-core-columns-is-layout-9d6595d7 wp-block-columns-is-layout-flex\">\n<div class=\"wp-block-column is-layout-flow wp-block-column-is-layout-flow\"><\/div>\n<\/div>\n\n\n\n<h4 class=\"wp-block-heading has-black-color has-text-color\">ALUCRA\u2019NIN TAR\u0130H\u0130<\/h4>\n\n\n\n<div class=\"wp-block-columns is-layout-flex wp-container-core-columns-is-layout-9d6595d7 wp-block-columns-is-layout-flex\">\n<div class=\"wp-block-column is-layout-flow wp-block-column-is-layout-flow\"><\/div>\n<\/div>\n\n\n\n<p class=\"has-black-color has-text-color has-medium-font-size\">Alucra\u2019n\u0131n yerle\u015fim tarihi Hititlere kadar uzanmaktad\u0131r. \u0130skitler, Kimmerler, Medler, Persler, Romal\u0131lar ve Bizansl\u0131lar (Romal\u0131lar-Rumlar) b\u00f6lgede s\u0131ras\u0131yla h\u00e2kimiyet kurmu\u015flard\u0131r.<\/p>\n\n\n\n<p class=\"has-black-color has-text-color has-medium-font-size\">MS 391 y\u0131l\u0131nda Alucra, Orta Asya\u2019dan gelen K\u0131p\u00e7ak ve Pe\u00e7enek T\u00fcrklerinin ak\u0131n\u0131na u\u011fram\u0131\u015f, b\u00f6lge 60 y\u0131l kadar T\u00fcrklerin y\u00f6netiminde kalm\u0131\u015ft\u0131r. 8. y\u00fczy\u0131lda ise Mavera\u00fcnnehir\u2019den gelen O\u011fuzlar, T\u00fcrkmenler; \u00c7amoluk, \u00c7akmak ve Koman b\u00f6lgelerine yerle\u015fmi\u015flerdir.<\/p>\n\n\n\n<p class=\"has-black-color has-text-color has-medium-font-size\">1071 Malazgirt Meydan Muharebesi\u2019nden sonra Alucra ve \u00e7evresi T\u00fcrkmen beyi Ku\u015fluhan Bey taraf\u0131ndan fethedilmi\u015f, merkezi Trabzon\u2019da bulunan Dani\u015fmendliler Beyli\u011fi\u2019nin idaresine verilmi\u015ftir. B\u00f6lge, Bizans ve Meng\u00fccekliler aras\u0131nda bu d\u00f6nemlerde birka\u00e7 kez el de\u011fi\u015ftirmi\u015ftir.<\/p>\n\n\n\n<p class=\"has-black-color has-text-color has-medium-font-size\">Osmano\u011fullar\u0131 Anadolu birli\u011fini kurunca, Alucra da bu beyli\u011fe kat\u0131lm\u0131\u015f oldu. Bir d\u00f6nem T\u00fcrkmen Uzun Hasan \u00f6nderli\u011finde Akkoyunlular, Alucra\u2019y\u0131 kendi topraklar\u0131na katt\u0131lar. Ancak Fatih Sultan Mehmed, bu b\u00f6lgeye sefer d\u00fczenleyerek geri ald\u0131. Otlukbeli Muharebesi\u2019nden sonra da Alucra b\u00f6lgesi tamamen Osmanl\u0131 idaresinde kalm\u0131\u015f oldu. Alu\u00e7 a\u011fac\u0131n\u0131n \u00e7ok olmas\u0131 dolay\u0131s\u0131yla bu d\u00f6nemde ismini ald\u0131\u011f\u0131 san\u0131lmaktad\u0131r. Ba\u015fka bir rivayete g\u00f6re de Fatih Sultan Mehmed, \u015eebinkarahisar\u2019da iken elini Alucra\u2019ya uzatarak \u201cel-\u00fccr\u00e2\u201d (\u00fccra yer) diye s\u00f6yledi\u011fi rivayet edilir.<\/p>\n\n\n\n<p class=\"has-black-color has-text-color has-medium-font-size\">Anadolu\u2019da \u00e7\u0131kan Celali \u0130syanlar\u0131\u2019ndan Alucra da etkilenmi\u015ftir. Bu b\u00f6lgedeki isyanc\u0131 T\u00fcrkmenler, Kuyucu Murat Pa\u015fa taraf\u0131ndan sindirilmi\u015ftir. Ba\u011f\u0131rsak Deresi ismi, kar\u0131nlar\u0131 yar\u0131larak suya at\u0131lanlar dolay\u0131s\u0131yla verilmi\u015ftir.<\/p>\n\n\n\n<p class=\"has-black-color has-text-color has-medium-font-size\">I. D\u00fcnya Sava\u015f\u0131\u2019nda Alucra\u2019da bir cephe olu\u015fturulmu\u015f, cephe komutan\u0131 Mare\u015fal Mustafa Fevzi \u00c7akmak kararg\u00e2h\u0131n\u0131 bug\u00fcnk\u00fc Fevzi \u00c7akmak ile Ye\u015filyurt k\u00f6yleri b\u00f6lgesinde kurmu\u015ftur. Ye\u015filyurt K\u00f6y\u00fc Kurbaba Da\u011f\u0131 civar\u0131nda \u015fehitlik mevcuttur.<\/p>\n\n\n\n<div class=\"wp-block-columns is-layout-flex wp-container-core-columns-is-layout-9d6595d7 wp-block-columns-is-layout-flex\">\n<div class=\"wp-block-column is-layout-flow wp-block-column-is-layout-flow\"><\/div>\n<\/div>\n\n\n<div class=\"wp-block-image\">\n<figure class=\"aligncenter size-large\"><img decoding=\"async\" src=\"https:\/\/www.kucukgeris.net\/iz\/giresun\/alcr\/alcr03.jpg\" alt=\"Fatih Sultan Mehmet burada \u201calu\u00e7\u201d (yabani meyve) a\u011fac\u0131n\u0131n \u00e7ok olmas\u0131na binaen bu yerle\u015fim yerinin ad\u0131n\u0131n Alucara (Alucra) olmas\u0131n\u0131 ister. Ba\u015fka bir rivayete g\u00f6re de Fatih, \u015eebinkarahisar\u2019da iken elini Alucra\u2019ya uzatarak \u201cel-\u00fccra\u201d (\u00fccra yer) demi\u015ftir.\"\/><figcaption class=\"wp-element-caption\"><strong><em>Fatih Sultan Mehmet burada \u201calu\u00e7\u201d (yabani meyve) a\u011fac\u0131n\u0131n \u00e7ok olmas\u0131na binaen bu yerle\u015fim yerinin ad\u0131n\u0131n Alucara (Alucra) olmas\u0131n\u0131 ister. Ba\u015fka bir rivayete g\u00f6re de Fatih, \u015eebinkarahisar\u2019da iken elini Alucra\u2019ya uzatarak \u201cel-\u00fccra\u201d (\u00fccra yer) demi\u015ftir.<\/em><\/strong><\/figcaption><\/figure>\n<\/div>\n\n\n<div class=\"wp-block-columns is-layout-flex wp-container-core-columns-is-layout-9d6595d7 wp-block-columns-is-layout-flex\">\n<div class=\"wp-block-column is-layout-flow wp-block-column-is-layout-flow\"><\/div>\n<\/div>\n\n\n\n<h4 class=\"wp-block-heading has-black-color has-text-color\">ALUCRA\u2019NIN KURULU\u015eU<\/h4>\n\n\n\n<div class=\"wp-block-columns is-layout-flex wp-container-core-columns-is-layout-9d6595d7 wp-block-columns-is-layout-flex\">\n<div class=\"wp-block-column is-layout-flow wp-block-column-is-layout-flow\"><\/div>\n<\/div>\n\n\n\n<p class=\"has-black-color has-text-color has-medium-font-size\">Alucra, 1876 yl\u0131na kadar Mindeval (Te\u015fdik) ve Kuvata ad\u0131nda iki nahiye olarak idare edilmi\u015f, 1896 y\u0131l\u0131nda kaymakaml\u0131k oldu\u011fundan dolay\u0131 \u015eebinkarahisar Mutasarr\u0131fl\u0131\u011f\u0131\u2019na ba\u011fl\u0131 bulunuyordu.1898 y\u0131l\u0131nda \u015eebinkarahisar Mutasarr\u0131fl\u0131\u011f\u0131\u2019na getirilen \u015e\u00fckr\u00fc Pa\u015fa \u015eebinkarahisar-Alucra yolunu a\u00e7m\u0131\u015ft\u0131r.<\/p>\n\n\n\n<p class=\"has-black-color has-text-color has-medium-font-size\">Alucra, 1933 y\u0131l\u0131na kadar \u015eebinkarahisar iline ba\u011fl\u0131 il\u00e7e iken, 1933 y\u0131l\u0131nda \u015eebinkarahisarla birlikte Giresun iline ba\u011fl\u0131 bir il\u00e7e merkezi haline getirilmi\u015ftir.<\/p>\n\n\n\n<p class=\"has-black-color has-text-color has-medium-font-size\">B\u00f6ylece Alucra, \u015eebinkarahisar ve sonra Giresun\u2019a ba\u011fl\u0131 olmak \u00fczere 103 y\u0131ll\u0131k il\u00e7e stat\u00fcs\u00fcnde bulunmaktad\u0131r.<\/p>\n\n\n\n<p class=\"has-black-color has-text-color has-medium-font-size\">Edebiyat tarihimizin \u00fcnl\u00fc ismi \u015eemseddin Sami, bir eserinde Alucra hakk\u0131nda \u015funlar\u0131 der:<\/p>\n\n\n\n<p class=\"has-black-color has-text-color has-medium-font-size\">\u201cElvecre, Sivas Vilayeti\u2019nin \u0130arahisar-\u0131 \u015earki Sanca\u011f\u0131\u2019nda ve sanca\u011f\u0131n \u015fark cihetinde bir kaza olup, merkezi Karahisar\u2019dan 7 saat mesafede bir h\u00fck\u00fbmet kona\u011f\u0131yla bir iki han ve f\u0131r\u0131ndan ibarettir. Kaza 6 nahiye ve 4 karyeden m\u00fcrekkeb olup, ahalisi 20.000 raddelerindedir, ki bunlar\u0131n da hemen c\u00fcmlesi m\u00fcsl\u00fcmd\u00fcr. Derun kazada 40 cami ve mescid, 6 medrese, 56 mektep mevcuddur. Arazisi olduk\u00e7a m\u00fcnebbet olup, hub\u00fbbat metnua ile sebze ve meyvelerin envai has\u0131l olur. Ma\u011fmulat s\u0131naiyyesi aba ve kilimden ibarettir. Ormanlar\u0131 dahi \u00e7oktur. Derun kazada bir demir madeni bulunuyor. Merkezi kazada bahr cuma irtesi bazar ve bahar sene may\u0131s 7\u2019sinde panay\u0131r kurulur.\u201d<\/p>\n\n\n\n<p class=\"has-black-color has-text-color has-medium-font-size\">Alucra y\u00f6resinin merkez\u00ee y\u00f6netimi, \u015fimdi mahalle olan Kemalli ve Babap\u0131nar\u2019dan (Parak) idare edilmesine kar\u015f\u0131n, daha sonra merkez, \u015fimdiki kurulu olan yerinde olmas\u0131na karar k\u0131l\u0131nm\u0131\u015ft\u0131r.<\/p>\n\n\n\n<div class=\"wp-block-columns is-layout-flex wp-container-core-columns-is-layout-9d6595d7 wp-block-columns-is-layout-flex\">\n<div class=\"wp-block-column is-layout-flow wp-block-column-is-layout-flow\"><\/div>\n<\/div>\n\n\n\n<h4 class=\"wp-block-heading has-black-color has-text-color\">ALUCRA \u0130SM\u0130N\u0130N VER\u0130L\u0130\u015e\u0130<\/h4>\n\n\n\n<div class=\"wp-block-columns is-layout-flex wp-container-core-columns-is-layout-9d6595d7 wp-block-columns-is-layout-flex\">\n<div class=\"wp-block-column is-layout-flow wp-block-column-is-layout-flow\"><\/div>\n<\/div>\n\n\n\n<p class=\"has-black-color has-text-color has-medium-font-size\">Fatih Sultan Mehmet Han, hem Anadolu T\u00fcrk birli\u011fini sa\u011flamak hem de do\u011fudaki Uzun Hasan\u2019\u0131n yay\u0131lmac\u0131 politikas\u0131n\u0131 bertaraf etmek i\u00e7in 1473\u2019te Otlukbeli (Kelkit\u2019in do\u011fusunda) mevkiine gelir ve Uzun Hasan\u2019\u0131n ordusunu ma\u011flup eder.<\/p>\n\n\n\n<p class=\"has-black-color has-text-color has-medium-font-size\">\u201cOtlukbeli mevkii b\u00fct\u00fcn tarihlerde Tercan Kazas\u0131 dahilinde bir yer olarak g\u00f6sterilmekte ise de, yap\u0131lan incelemeler ve geziler sonunda Otlukbeli mevkiinin Alucra il\u00e7esine ba\u011fl\u0131 Karadikmen (Manuzara) K\u00f6y\u00fc\u2019n\u00fcn bat\u0131s\u0131na, Kaledere K\u00f6y\u00fc\u2019n\u00fcn kuzey do\u011fusuna d\u00fc\u015fen ve Kelkit \u00c7ay\u0131\u2019na 2.5 saat kadar \u00e7eken bir yer oldu\u011fu tespit edilmi\u015ftir.\u201d<\/p>\n\n\n\n<p class=\"has-black-color has-text-color has-medium-font-size\">Sultan Fatih, ordusuyla Koyulhisar\u2019\u0131 alm\u0131\u015f ve \u015eebinkarahisar civar\u0131na gelmi\u015ftir. Trabzon istikametine gitmesi i\u00e7in de en kestirme yol olarak Alucra hatt\u0131ndan ge\u00e7mesi gerekiyordu. Orduyla yolculu\u011fu s\u0131ras\u0131nda Alucra \u00f6nlerine kadar gelir. Burada ula\u015f\u0131m\u0131 engelleyecek kadar s\u0131k ormanla kar\u015f\u0131la\u015fan Fatih, ordusuna yol a\u00e7mak i\u00e7in \u00f6zel baltac\u0131lar tutar ve kendine ge\u00e7it g\u00fczerg\u00e2h\u0131 olu\u015fturur. Bu arada Alucra\u2019da da konaklar. Kararg\u00e2h Allu\u2019da, ordusu ise Zun\u2019da konaklar.<\/p>\n\n\n\n<p class=\"has-black-color has-text-color has-medium-font-size\">Fatih Sultan Mehmet burada \u201calu\u00e7\u201d (yabani meyve) a\u011fac\u0131n\u0131n \u00e7ok olmas\u0131na binaen bu yerle\u015fim yerinin ad\u0131n\u0131n Alucara (Alucra) olmas\u0131n\u0131 ister.<\/p>\n\n\n\n<p class=\"has-black-color has-text-color has-medium-font-size\">Ba\u015fka bir rivayete g\u00f6re de Fatih, \u015eebinkarahisar\u2019da iken elini Alucra\u2019ya uzatarak \u201cel-\u00fccra\u201d (\u00fccra yer) diye s\u00f6yledi\u011fi rivayet edilir.<\/p>\n\n\n\n<div class=\"wp-block-columns is-layout-flex wp-container-core-columns-is-layout-9d6595d7 wp-block-columns-is-layout-flex\">\n<div class=\"wp-block-column is-layout-flow wp-block-column-is-layout-flow\"><\/div>\n<\/div>\n\n\n<div class=\"wp-block-image\">\n<figure class=\"aligncenter size-large\"><img decoding=\"async\" src=\"https:\/\/www.kucukgeris.net\/iz\/giresun\/alcr\/alcr04.jpg\" alt=\"Karadeniz ikliminin aksine Alucra y\u00f6resinin iklimi, k\u0131\u015flar\u0131 so\u011fuk ve kar ya\u011f\u0131\u015fl\u0131, yazlar\u0131 s\u0131cak ve kurakt\u0131r.\"\/><figcaption class=\"wp-element-caption\"><strong><em>Karadeniz ikliminin aksine Alucra y\u00f6resinin iklimi, k\u0131\u015flar\u0131 so\u011fuk ve kar ya\u011f\u0131\u015fl\u0131, yazlar\u0131 s\u0131cak ve kurakt\u0131r.<\/em><\/strong><\/figcaption><\/figure>\n<\/div>\n\n\n<div class=\"wp-block-columns is-layout-flex wp-container-core-columns-is-layout-9d6595d7 wp-block-columns-is-layout-flex\">\n<div class=\"wp-block-column is-layout-flow wp-block-column-is-layout-flow\"><\/div>\n<\/div>\n\n\n\n<h4 class=\"wp-block-heading has-black-color has-text-color\">\u0130KL\u0130M<\/h4>\n\n\n\n<div class=\"wp-block-columns is-layout-flex wp-container-core-columns-is-layout-9d6595d7 wp-block-columns-is-layout-flex\">\n<div class=\"wp-block-column is-layout-flow wp-block-column-is-layout-flow\"><\/div>\n<\/div>\n\n\n\n<p class=\"has-black-color has-text-color has-medium-font-size\">Alucra y\u00f6resinin iklimi, Karadeniz ikliminin aksine k\u0131\u015flar\u0131 so\u011fuk ve kar ya\u011f\u0131\u015fl\u0131, yazlar\u0131 s\u0131cak ve kurakt\u0131r. Karlar\u0131n erimesi nisan ay\u0131n\u0131n ortalar\u0131na kadar sark\u0131p, bahar ya\u011f\u0131\u015flar\u0131 da hazirana kadar uzamaktad\u0131r. \u0130lkbaharda karlar\u0131n erimesi ve ya\u011fmurlar\u0131n ba\u015flamas\u0131na paralel olarak akarsular\u0131n debisi art\u0131\u015f g\u00f6sterir. Bu mevsimde debisi en y\u00fcksek akarsu Ba\u011f\u0131rsak Deresi oldu\u011fu g\u00f6r\u00fcl\u00fcr.<\/p>\n\n\n\n<p class=\"has-black-color has-text-color has-medium-font-size\">\u0130nce Dere, suyunun tamam\u0131na yak\u0131n\u0131n\u0131 Gavur Da\u011flar\u0131\u2019\u0131ndaki karlar\u0131n erimesinden al\u0131r. Yaz kurakl\u0131\u011f\u0131ndan dolay\u0131 yaz\u0131n (a\u011fustos) tamam\u0131yla kurur. Ba\u011f\u0131rsak Deresi de yaz\u0131n beslenemedi\u011fi i\u00e7in kuruma noktas\u0131na gelir. Moran Deresi ise, Ba\u011f\u0131rsak ve \u0130nce Dere\u2019ye nazaran rejimi daha d\u00fczenli olup yaz\u0131n da sular\u0131n\u0131 ak\u0131tmaya devam eder.<\/p>\n\n\n\n<p class=\"has-black-color has-text-color has-medium-font-size\">Y\u0131l\u0131k ya\u011f\u0131\u015f miktar\u0131: 560 mm\u00b3. Ortalama s\u0131cakl\u0131k: 18\u00ba. Otalama so\u011fukluk: -1\u00ba.<\/p>\n\n\n\n<p class=\"has-black-color has-text-color has-medium-font-size\">G\u00f6r\u00fcld\u00fc\u011f\u00fc gibi, akarsular\u0131n debisi ve y\u0131ll\u0131k ya\u011f\u0131\u015f miktar\u0131na bak\u0131ld\u0131\u011f\u0131nda genel olarak d\u00fczensiz bir rejim g\u00f6r\u00fcl\u00fcr. Bu haliyle Alucra\u2019n\u0131n iklimi Karadeniz ikliminden \u00e7ok, Karasal iklimdir.<\/p>\n\n\n\n<div class=\"wp-block-columns is-layout-flex wp-container-core-columns-is-layout-9d6595d7 wp-block-columns-is-layout-flex\">\n<div class=\"wp-block-column is-layout-flow wp-block-column-is-layout-flow\"><\/div>\n<\/div>\n\n\n\n<h4 class=\"wp-block-heading has-black-color has-text-color\">B\u0130TK\u0130 \u00d6RT\u00dcS\u00dc VE ORMANLAR<\/h4>\n\n\n\n<div class=\"wp-block-columns is-layout-flex wp-container-core-columns-is-layout-9d6595d7 wp-block-columns-is-layout-flex\">\n<div class=\"wp-block-column is-layout-flow wp-block-column-is-layout-flow\"><\/div>\n<\/div>\n\n\n\n<p class=\"has-black-color has-text-color has-medium-font-size\">Alucra y\u00f6resi, bitki \u00f6rt\u00fcs\u00fc bak\u0131m\u0131ndan yayla iklimi \u00f6zelli\u011fini ta\u015f\u0131r. Da\u011flar\u0131n kuzey yama\u00e7lar\u0131 a\u011fa\u00e7larla kapl\u0131 iken, g\u00fcney yama\u00e7lar\u0131 daha sade g\u00f6r\u00fcn\u00fc\u015fl\u00fcd\u00fcr. Y\u00f6renin karakteristik bitki \u00f6rt\u00fcs\u00fc, ormanlar ve geni\u015f otlaklard\u0131r. Ormanl\u0131k alanlar; merekeze yak\u0131n yerlerde \u00e7am a\u011fa\u00e7lar\u0131 \u015feklinde olurken, Zilovac\u0131k\u2019\u0131 gibi daha y\u00fcksek yerlerde yerini k\u00f6knar a\u011fa\u00e7lar\u0131na b\u0131rak\u0131r. Muhtelif yerlerde hi\u00e7bir ticari de\u011feri olmayan f\u0131nd\u0131k da yeti\u015fir. \u0130l\u00e7e merkezindeki ba\u015fl\u0131ca a\u011fa\u00e7 cinsi kavak (selvi) a\u011fac\u0131d\u0131r. B\u00f6lgenin en \u00f6nemli ormanlar\u0131 Tohumluk, Zilovac\u0131k, \u00c7algan, Boyluca ve Aral\u0131ktepe ormanlar\u0131d\u0131r. Yayla d\u00fczl\u00fcklerinde geni\u015f otlaklar uzan\u0131r. Gavur Da\u011flar\u0131 eteklerindeki otlaklar, b\u00fcy\u00fckba\u015f hayvanc\u0131l\u0131k i\u00e7in \u00f6nem arz eder. Ekili tar\u0131mda en fazla tah\u0131l yer al\u0131r. Ba\u015fl\u0131ca sebebi, ya\u011f\u0131\u015f azl\u0131\u011f\u0131 ve yaz kurakl\u0131\u011f\u0131d\u0131r. Bunda, y\u00f6renin tabii su kaynaklar\u0131 bak\u0131m\u0131ndan \u00e7ok yetersiz olmas\u0131 da etkendir. Sulanabilir alanlarda patates, fasulye, \u015fekerpancar\u0131, karalahana tar\u0131m\u0131 yap\u0131lmaktad\u0131r. Meyvecilik hemen hemen hi\u00e7 yoktur.<\/p>\n\n\n\n<div class=\"wp-block-columns is-layout-flex wp-container-core-columns-is-layout-9d6595d7 wp-block-columns-is-layout-flex\">\n<div class=\"wp-block-column is-layout-flow wp-block-column-is-layout-flow\"><\/div>\n<\/div>\n\n\n\n<h4 class=\"wp-block-heading has-black-color has-text-color\">YAYLACILIK<\/h4>\n\n\n\n<div class=\"wp-block-columns is-layout-flex wp-container-core-columns-is-layout-9d6595d7 wp-block-columns-is-layout-flex\">\n<div class=\"wp-block-column is-layout-flow wp-block-column-is-layout-flow\"><\/div>\n<\/div>\n\n\n\n<p class=\"has-black-color has-text-color has-medium-font-size\">\u0130l\u00e7ede yaylac\u0131l\u0131k son derece geli\u015fmi\u015f bir haldedir. Eskiden b\u00f6lge halk\u0131 hayvan otlatmak i\u00e7in yaylaya g\u00f6\u00e7 etmekte iken son y\u0131llarda temiz da\u011f havas\u0131 alarak dinlenmek ve \u00e7e\u015fitli yayla \u015fenliklerine kat\u0131larak e\u011flenmek i\u00e7in yaylaya \u00e7\u0131k\u0131lmaktad\u0131r. Y\u00f6re halk\u0131n\u0131n \u00e7\u0131kt\u0131\u011f\u0131 yaylalarda yaz aylar\u0131nda \u00e7e\u015fitli festivaller ve \u015fenlikler d\u00fczenlenmektedir.<\/p>\n\n\n\n<div class=\"wp-block-columns is-layout-flex wp-container-core-columns-is-layout-9d6595d7 wp-block-columns-is-layout-flex\">\n<div class=\"wp-block-column is-layout-flow wp-block-column-is-layout-flow\"><\/div>\n<\/div>\n\n\n<div class=\"wp-block-image\">\n<figure class=\"aligncenter size-large\"><img decoding=\"async\" src=\"https:\/\/www.kucukgeris.net\/iz\/giresun\/alcr\/alcr05.jpg\" alt=\"Alucra\u2019da 1 anaokulu, 2 ilkokul, 2 ortaokul, 2 lise ve bir \u00f6\u011fretmen evi ve ak\u015fam sanat okulu ile bir halk e\u011fitimi merkezinin yan\u0131 s\u0131ra Giresun \u00dcniversitesi\u2019ne ba\u011fl\u0131 meslek y\u00fcksekokulu bulunmaktad\u0131r.\"\/><figcaption class=\"wp-element-caption\"><strong><em>Alucra\u2019da 1 anaokulu, 2 ilkokul, 2 ortaokul, 2 lise ve bir \u00f6\u011fretmen evi ve ak\u015fam sanat okulu ile bir halk e\u011fitimi merkezinin yan\u0131 s\u0131ra Giresun \u00dcniversitesi\u2019ne ba\u011fl\u0131 meslek y\u00fcksekokulu bulunmaktad\u0131r.<\/em><\/strong><\/figcaption><\/figure>\n<\/div>\n\n\n<div class=\"wp-block-columns is-layout-flex wp-container-core-columns-is-layout-9d6595d7 wp-block-columns-is-layout-flex\">\n<div class=\"wp-block-column is-layout-flow wp-block-column-is-layout-flow\"><\/div>\n<\/div>\n\n\n\n<h4 class=\"wp-block-heading has-black-color has-text-color\">TUR\u0130ST\u0130K YERLER<\/h4>\n\n\n\n<div class=\"wp-block-columns is-layout-flex wp-container-core-columns-is-layout-9d6595d7 wp-block-columns-is-layout-flex\">\n<div class=\"wp-block-column is-layout-flow wp-block-column-is-layout-flow\"><\/div>\n<\/div>\n\n\n\n<p class=\"has-black-color has-text-color has-medium-font-size\"><strong>Seyd-i Bekir T\u00fcrbesi:<\/strong> Doludere K\u00f6y\u00fc\u2019nde bulunmaktad\u0131r.<\/p>\n\n\n\n<p class=\"has-black-color has-text-color has-medium-font-size\"><strong>Sar\u0131 Dede T\u00fcrbesi:<\/strong> \u0130l\u00e7e merkezindeki Babap\u0131nar Mahalles\u2019inde bulunmaktad\u0131r.<\/p>\n\n\n\n<p class=\"has-black-color has-text-color has-medium-font-size\"><strong>May\u0131s Deresi (Hayran Kapl\u0131calar\u0131):<\/strong> Aktepe K\u00f6y\u00fc Belen\u00e7ay\u0131r Mahallesi\u2019nde bulunmaktad\u0131r.<\/p>\n\n\n\n<p class=\"has-black-color has-text-color has-medium-font-size\"><strong>Arda Bo\u011faz\u0131:<\/strong> Arda K\u00f6y\u00fc d\u00f6nemecindedir.<\/p>\n\n\n\n<p class=\"has-black-color has-text-color has-medium-font-size\"><strong>Kam\u0131\u015fl\u0131 G\u00f6zesi:<\/strong> Kam\u0131\u015fl\u0131 Mahallesi\u2019ndedir.<\/p>\n\n\n\n<p class=\"has-black-color has-text-color has-medium-font-size\"><strong>\u00c7ay\u0131r G\u00f6ze:<\/strong> Karaa\u011fa\u00e7 Mahallesi\u2019ndedir.<\/p>\n\n\n\n<p class=\"has-black-color has-text-color has-medium-font-size\"><strong>Seyyid Mahmud \u00c7a\u011f\u0131rgan Veli T\u00fcrbesi:<\/strong> Boyluca K\u00f6y\u00fc i\u00e7inde yer almaktad\u0131r.<\/p>\n\n\n\n<p class=\"has-black-color has-text-color has-medium-font-size\"><strong>Seyyid \u00c7a\u011f\u0131rgan \u0130smail Hakk\u0131 Veli T\u00fcrbesi:<\/strong> Fevzi \u00c7akmak K\u00f6y\u00fc i\u00e7inde yer almaktad\u0131r.<\/p>\n\n\n\n<p class=\"has-black-color has-text-color has-medium-font-size\"><strong>\u00c7a\u011f\u0131rgan G\u00fclami Yakup Efendi T\u00fcrbesi:<\/strong> G\u00fcrbulak K\u00f6y\u00fc Eski Mahalle i\u00e7inde yer almaktad\u0131r.<\/p>\n\n\n\n<div class=\"wp-block-columns is-layout-flex wp-container-core-columns-is-layout-9d6595d7 wp-block-columns-is-layout-flex\">\n<div class=\"wp-block-column is-layout-flow wp-block-column-is-layout-flow\"><\/div>\n<\/div>\n\n\n\n<h4 class=\"wp-block-heading has-black-color has-text-color\">E\u011e\u0130T\u0130M<\/h4>\n\n\n\n<div class=\"wp-block-columns is-layout-flex wp-container-core-columns-is-layout-9d6595d7 wp-block-columns-is-layout-flex\">\n<div class=\"wp-block-column is-layout-flow wp-block-column-is-layout-flow\"><\/div>\n<\/div>\n\n\n\n<p class=\"has-black-color has-text-color has-medium-font-size\">Giresun \u00dcniversitesi Alucra Turan Bulut\u00e7u Meslek Y\u00fcksekokulu, Laboratuvar ve Veteriner Sa\u011fl\u0131k, Bankac\u0131l\u0131k ve Sigortac\u0131l\u0131k, Maliye, Halkla \u0130li\u015fkiler, Medya \u0130leti\u015fim, B\u00fcro Y\u00f6netimi ve Y\u00f6netici Sekreterli\u011fi, \u0130\u015fletme, Muhasebe, Bankac\u0131l\u0131k ve Sigortac\u0131l\u0131k (i\u00f6), Maliye (i\u00f6), Halkla \u0130li\u015fkiler (i\u00f6), Medya \u0130leti\u015fim (i\u00f6), B\u00fcro Y\u00f6netimi ve Y\u00f6netici Sekreterli\u011fi (i\u00f6), olmak \u00fczere 13 program bulunmaktad\u0131r.<\/p>\n\n\n\n<p class=\"has-black-color has-text-color has-medium-font-size\">3.150 metrekarelik kullan\u0131m alan\u0131 bulunan 4 katl\u0131 y\u00fcksek okul binas\u0131nda 17 derslik, 19 bilgisayarl\u0131 ve 25 bilgisayarl\u0131 iki adet bilgisayar laboratuvar\u0131 mevcuttur. Bilgisayar laboratuvarlar\u0131 internet eri\u015fimine sahiptir. Ayr\u0131ca okul i\u00e7erisinde radyo istasyonu da vard\u0131r. 2500 kitap kapasitesine sahip k\u00fct\u00fcphane, 30 ki\u015filik histoloji laboratuvar\u0131, anatomi laboratuvar\u0131, profesyonel 5 kamera ve 12 foto\u011fraf makinas\u0131, 2 kurgulama bilgisayar\u0131 bir adet st\u00fcdyo i\u00e7eren medya at\u00f6lyesi ve 250 metrekare kullan\u0131m alan\u0131 bulunan \u00f6\u011frenci kantini bulunmaktad\u0131r. 1 adet 80 metrekare salonu, 150 metrekare 300 ki\u015filik yemekhaneye sahiptir.<\/p>\n\n\n\n<p class=\"has-black-color has-text-color has-medium-font-size\">Kredi Yurtlar Kurumu\u2019na (KYK) ait 250 yatak kapasiteli erkek \u00f6\u011frenci, 250 yatak kapasiteli k\u0131z \u00f6\u011frenci yurdu bulunmaktad\u0131r.<\/p>\n\n\n\n<p class=\"has-black-color has-text-color has-medium-font-size\">Alucra\u2019da bir anaokulu, iki ilkokul, iki ortaokul, iki lise ve bir \u00f6\u011fretmen evi ve ak\u015fam sanat okulu ile bir halk e\u011fitimi merkezi vard\u0131r. Okullar \u015funlard\u0131r: Yuvam Anaokulu, \u015eehit Er Z\u00fclkif Tekir \u0130lkokulu, Ye\u015filyurt \u0130lkokulu, Mehmet Akif Ersoy Yat\u0131l\u0131 B\u00f6lge Ortaokulu, \u015eevket Canikli Ortaokulu \u0130mam Hatip Ortaokulu, Hac\u0131 Osman Erilli Anadolu \u0130mam Hatip Lisesi, Halis Akmen \u00c7ok Programl\u0131 Anadolu Lisesi, Filiz Bulut\u00e7u \u00d6\u011fretmen Evi ve Ak\u015fam Sanat Okulu, \u0130smail Hakk\u0131 Tek\u0131\u015f\u0131k Halk E\u011fitimi Merkezi.<\/p>\n<\/div>\n\n\n\n<div class=\"wp-block-column is-layout-flow wp-block-column-is-layout-flow\" style=\"flex-basis:10%\"><\/div>\n<\/div>\n","protected":false},"excerpt":{"rendered":"<p>Alucra, Giresun ilinin sahilden olduk\u00e7a uzak, i\u00e7 kesimde kalan bir il\u00e7esidir. Giresun \u015fehir merkezine 150 kilometre, G\u00fcm\u00fc\u015fhane\u2019ye 147 kilometre, Erzincan\u2019a 148 kilometre uzakl\u0131ktad\u0131r. N\u00fcfusu 1980 y\u0131l\u0131nda 38.467\u2019ye ula\u015fm\u0131\u015fken, il\u00e7enin s\u00fcrekli g\u00f6\u00e7 vermesi sonucunda 2022 y\u0131l\u0131nda Adrese Dayal\u0131 N\u00fcfus Kay\u0131t Sistemi sonu\u00e7lar\u0131na g\u00f6re Alucra; 3.945 ki\u015fi \u015fehirde, 4.629 ki\u015fi k\u00f6ylerde olmak \u00fczere toplam 8.574 n\u00fcfusa sahiptir.<\/p>\n","protected":false},"author":1,"featured_media":0,"parent":0,"menu_order":0,"comment_status":"closed","ping_status":"closed","template":"page-fullwidth.php","meta":{"footnotes":""},"class_list":["post-339","page","type-page","status-publish","hentry"],"_links":{"self":[{"href":"https:\/\/www.kucukgeris.net\/index.php?rest_route=\/wp\/v2\/pages\/339","targetHints":{"allow":["GET"]}}],"collection":[{"href":"https:\/\/www.kucukgeris.net\/index.php?rest_route=\/wp\/v2\/pages"}],"about":[{"href":"https:\/\/www.kucukgeris.net\/index.php?rest_route=\/wp\/v2\/types\/page"}],"author":[{"embeddable":true,"href":"https:\/\/www.kucukgeris.net\/index.php?rest_route=\/wp\/v2\/users\/1"}],"replies":[{"embeddable":true,"href":"https:\/\/www.kucukgeris.net\/index.php?rest_route=%2Fwp%2Fv2%2Fcomments&post=339"}],"version-history":[{"count":0,"href":"https:\/\/www.kucukgeris.net\/index.php?rest_route=\/wp\/v2\/pages\/339\/revisions"}],"wp:attachment":[{"href":"https:\/\/www.kucukgeris.net\/index.php?rest_route=%2Fwp%2Fv2%2Fmedia&parent=339"}],"curies":[{"name":"wp","href":"https:\/\/api.w.org\/{rel}","templated":true}]}}