{"id":345,"date":"2023-03-28T02:47:45","date_gmt":"2023-03-27T23:47:45","guid":{"rendered":"https:\/\/www.kucukgeris.net\/?page_id=345"},"modified":"2023-04-21T01:45:57","modified_gmt":"2023-04-20T22:45:57","slug":"bulancak","status":"publish","type":"page","link":"https:\/\/www.kucukgeris.net\/?page_id=345","title":{"rendered":"Bulancak"},"content":{"rendered":"\n<div class=\"wp-block-columns is-layout-flex wp-container-core-columns-is-layout-9d6595d7 wp-block-columns-is-layout-flex\">\n<div class=\"wp-block-column is-layout-flow wp-block-column-is-layout-flow\" style=\"flex-basis:10%\"><\/div>\n\n\n\n<div class=\"wp-block-column is-layout-flow wp-block-column-is-layout-flow\" style=\"flex-basis:80%\"><div class=\"wp-block-image\">\n<figure class=\"aligncenter size-large\"><img decoding=\"async\" src=\"https:\/\/www.kucukgeris.net\/iz\/giresun\/blnck\/blnck01.jpg\" alt=\"1461 y\u0131l\u0131nda Fatih Sultan Mehmet\u2019in Trabzon\u2019u fethinden 60-65 y\u0131l sonra il\u00e7eye ad\u0131 Kepsil, 1871\u2019lerde Akk\u00f6y denilmi\u015f, 1928\u2019lerde de Bulancak ad\u0131n\u0131 alm\u0131\u015ft\u0131r.\n\"\/><figcaption class=\"wp-element-caption\"><strong><em>1461 y\u0131l\u0131nda Fatih Sultan Mehmet\u2019in Trabzon\u2019u fethinden 60-65 y\u0131l sonra il\u00e7eye ad\u0131 Kepsil, 1871\u2019lerde Akk\u00f6y denilmi\u015f, 1928\u2019lerde de Bulancak ad\u0131n\u0131 alm\u0131\u015ft\u0131r.<\/em><\/strong><\/figcaption><\/figure>\n<\/div>\n\n\n<div class=\"wp-block-columns is-layout-flex wp-container-core-columns-is-layout-9d6595d7 wp-block-columns-is-layout-flex\">\n<div class=\"wp-block-column is-layout-flow wp-block-column-is-layout-flow\"><\/div>\n<\/div>\n\n\n\n<p class=\"has-black-color has-text-color has-medium-font-size\">Bulancak (Lazca: Bulam\u00e7\u030cx\u01ef, Romeika: Terastios), Giresun ilinin \u015fehir merkezinden sonraki en kalabal\u0131k ve en geli\u015fmi\u015f il\u00e7esidir. Giresun (eskiden \u201cVilayet-i \u00c7epni\u201d) ilinin ekonomi bak\u0131m\u0131ndan da en b\u00fcy\u00fck il\u00e7esidir . Eski ad\u0131 Terastios olan Bulancak, Karadeniz k\u0131y\u0131s\u0131nda yer al\u0131r.<\/p>\n\n\n\n<p class=\"has-black-color has-text-color has-medium-font-size\">Bulancak il\u00e7esinin y\u00fcz \u00f6l\u00e7\u00fcm\u00fc 608 kilometrekaredir. Sahil \u015feridinde kurulu olan il\u00e7enin s\u0131n\u0131rlar\u0131; Giresun \u015fehir merkezi, Dereli il\u00e7esi, Ordu ili ve Piraziz il\u00e7e s\u0131n\u0131rlar\u0131 ile \u00e7evrilidir. \u0130l\u00e7eye ba\u011fl\u0131 merkezde 17 mahalle, 2 belde ile bu beldelere ba\u011fl\u0131 10 mahalle ve 59 k\u00f6y mevcuttur. Yerli halk\u0131n \u00f6nemli bir b\u00f6l\u00fcm\u00fcn\u00fc T\u00fcrkmen \u00c7epniler olu\u015fturur. \u0130klim ve co\u011frafi \u00f6zellikler bak\u0131m\u0131ndan Giresun ile benzerlik g\u00f6sterir.<\/p>\n\n\n\n<p class=\"has-black-color has-text-color has-medium-font-size\">Bulancak, II. Murat d\u00f6neminde Osmanl\u0131 \u0130mparatorlu\u011fu y\u00f6netimine girmi\u015f, 1461 y\u0131l\u0131nda Fatih Sultan Mehmet d\u00f6neminde Trabzon\u2019un al\u0131nmas\u0131yla Karadeniz B\u00f6lgesi, tamamen Osmanl\u0131 h\u00e2kimiyetine girmi\u015ftir. Fetihten 60-65 y\u0131l sonra Bulancak il\u00e7esinin ad\u0131 Kepsil, 1871\u2019lerde Akk\u00f6y, 1928\u2019lerde de Bulancak ad\u0131n\u0131 alm\u0131\u015ft\u0131r. 1887 y\u0131l\u0131nda belediye kurulan Bulancak, 1934 y\u0131l\u0131nda da il\u00e7e olmu\u015ftur. Burada T\u00fcrkmen \u00c7epnileri ve Rumlar\u0131n ya\u015fad\u0131\u011f\u0131, 1900\u2019l\u00fc y\u0131llarda Rize ve Artvin\u2019den baz\u0131 Lazlar\u0131n buraya g\u00f6\u00e7t\u00fc\u011f\u00fc bilinmektedir (Yunuslu ve S\u00fcme k\u00f6yleri).<\/p>\n\n\n\n<p class=\"has-black-color has-text-color has-medium-font-size\">2022 y\u0131l\u0131 Adrese Dayal\u0131 N\u00fcfus Kay\u0131t Sistemi sonu\u00e7lar\u0131na g\u00f6re il\u00e7enin toplam n\u00fcfusu 69.415 ki\u015fidir. Bu n\u00fcfus, 34.700 erkek ve 34.715 kad\u0131ndan olu\u015fmaktad\u0131r. Bu n\u00fcfusun 49.053 ki\u015fisi il\u00e7e merkezinde, 20.362 ki\u015fisi ise belde ve k\u00f6ylerde ya\u015famaktad\u0131r. En \u00f6nemli gelir kayna\u011f\u0131 f\u0131nd\u0131k tar\u0131m\u0131d\u0131r. 2004 y\u0131l\u0131nda yap\u0131m\u0131 b\u00fcy\u00fck a\u015famada tamamlanan Karadeniz Sahil Yolu projesi nedeniyle iskelenin b\u00fcy\u00fck bir b\u00f6l\u00fcm\u00fc y\u0131k\u0131l\u0131p \u00fczerinden sahil yolu ge\u00e7irilene kadar, Do\u011fu Karadeniz sahilinin en uzun iskelesi de bu il\u00e7ede bulunmaktayd\u0131. Do\u011fu Karadeniz b\u00f6l\u00fcm\u00fcn\u00fcn en b\u00fcy\u00fck il\u00e7e merkezlerinden olan Bulancak; b\u00f6lgedeki Artvin, Bayburt ve G\u00fcm\u00fc\u015fhane il merkezlerinden de b\u00fcy\u00fckt\u00fcr.<\/p>\n\n\n\n<div class=\"wp-block-columns is-layout-flex wp-container-core-columns-is-layout-9d6595d7 wp-block-columns-is-layout-flex\">\n<div class=\"wp-block-column is-layout-flow wp-block-column-is-layout-flow\"><\/div>\n<\/div>\n\n\n<div class=\"wp-block-image\">\n<figure class=\"aligncenter size-large\"><img decoding=\"async\" src=\"https:\/\/www.kucukgeris.net\/iz\/giresun\/blnck\/blnck02.jpg\" alt=\"1887 y\u0131l\u0131nda belediye kurulan Bulancak, 1934 y\u0131l\u0131nda da il\u00e7e olmu\u015ftur.\"\/><figcaption class=\"wp-element-caption\"><strong><em>1887 y\u0131l\u0131nda belediye kurulan Bulancak, 1934 y\u0131l\u0131nda da il\u00e7e olmu\u015ftur.<\/em><\/strong><\/figcaption><\/figure>\n<\/div>\n\n\n<div class=\"wp-block-columns is-layout-flex wp-container-core-columns-is-layout-9d6595d7 wp-block-columns-is-layout-flex\">\n<div class=\"wp-block-column is-layout-flow wp-block-column-is-layout-flow\"><\/div>\n<\/div>\n\n\n\n<p class=\"has-black-color has-text-color has-medium-font-size\"><strong>Bulancak\u2019\u0131n Merkez Mahalleleri:<\/strong> Ac\u0131su Mahallesi, Arifli Mahallesi, Bah\u00e7elievler Mahallesi, Ball\u0131ca Mahallesi, Bulancak Mahallesi, Duac\u0131o\u011flu Mahallesi, G\u00fczelyal\u0131 Mahallesi, \u0130hsaniye Mahallesi, \u0130smet Pa\u015fa Mahallesi, K\u0131z\u0131lot Mahallesi, Pazarsuyu Emecen Mahallesi, Sanayii Mahallesi, Sara\u00e7l\u0131 Mahallesi, Sisin Mahallesi, \u015eemsettin Mahallesi, Toprakde\u011firmeni Mahallesi, Ucarl\u0131 Mahallesi.<\/p>\n\n\n\n<p class=\"has-black-color has-text-color has-medium-font-size\"><strong>Bulancak\u2019\u0131n Ayd\u0131ndere Beldesi Mahalleleri:<\/strong> Ayd\u0131nlar Mahallesi, Derecikalan Mahallesi, G\u00fcney Mahallesi, Merkez Mahallesi, Yeni Mahalle.<\/p>\n\n\n\n<p class=\"has-black-color has-text-color has-medium-font-size\"><strong>Bulancak\u2019\u0131n Kovanl\u0131k Beldesi Mahalleleri:<\/strong> Ahurlu Mahallesi, D\u00fcz Mahalle, Merkez Mahallesi, Sofulu Mahallesi, So\u011fuksu Mahallesi.<\/p>\n\n\n\n<p class=\"has-black-color has-text-color has-medium-font-size\"><strong>Bulancak\u2019\u0131n K\u00f6yleri:<\/strong> Ahmetli K\u00f6y\u00fc, Alibey K\u00f6y\u00fc, Ardahan K\u00f6y\u00fc, Atak\u00f6y K\u00f6y\u00fc, Bah\u00e7eli K\u00f6y\u00fc, Bay\u0131nd\u0131r K\u00f6y\u00fc, Bostanl\u0131 K\u00f6y\u00fc, Burunucu K\u00f6y\u00fc, B\u00fcy\u00fckada K\u00f6y\u00fc, Cindi K\u00f6y\u00fc, Damudere K\u00f6y\u00fc, Demircili K\u00f6y\u00fc, D\u00f6ngeri K\u00f6y\u00fc, Duttepe K\u00f6y\u00fc, Elmal\u0131 K\u00f6y\u00fc, Erdo\u011fan K\u00f6y\u00fc, Eriklik K\u00f6y\u00fc, Esenk\u00f6y K\u00f6y\u00fc, Ezeltere K\u00f6y\u00fc, G\u00fcltepe K\u00f6y\u00fc, G\u00fcndo\u011fdu K\u00f6y\u00fc, G\u00fcneyk\u00f6y K\u00f6y\u00fc, G\u00fczelyurt K\u00f6y\u00fc, Hacet K\u00f6y\u00fc, Hisarkaya K\u00f6y\u00fc, \u0130cilli K\u00f6y\u00fc, \u0130nece K\u00f6y\u00fc, Karaa\u011fa\u00e7 K\u00f6y\u00fc, Karacaresul K\u00f6y\u00fc, Kayaba\u015f\u0131 K\u00f6y\u00fc, Kayadibi K\u00f6y\u00fc, Kayhan K\u00f6y\u00fc, K\u0131\u015fla K\u00f6y\u00fc, Ku\u015fluhan K\u00f6y\u00fc, Kuzk\u00f6y K\u00f6y\u00fc, K\u00fc\u00e7\u00fckada K\u00f6y\u00fc, K\u00fc\u00e7\u00fckdere K\u00f6y\u00fc, K\u00fc\u00e7\u00fckl\u00fc K\u00f6y\u00fc, Muratl\u0131 K\u00f6y\u00fc, Odad\u00fcz\u00fc K\u00f6y\u00fc, Pazarsuyu K\u00f6y\u00fc, Samug\u00fcney K\u00f6y\u00fc, S\u00fcme K\u00f6y\u00fc, \u015eeyhmusa K\u00f6y\u00fc, Talipli K\u00f6y\u00fc, Tand\u0131r K\u00f6y\u00fc, Tekmezar K\u00f6y\u00fc, Tepecik K\u00f6y\u00fc, Tepe\u00f6ren K\u00f6y\u00fc, Tokmadin K\u00f6y\u00fc, Tor\u00e7an K\u00f6y\u00fc, Yal\u0131k\u00f6y K\u00f6y\u00fc, Yasl\u0131bah\u00e7e K\u00f6y\u00fc, Yenik\u00f6y K\u00f6y\u00fc, Ye\u015filhisar K\u00f6y\u00fc, Ye\u015filk\u00f6y K\u00f6y\u00fc, Ye\u015filtepe K\u00f6y\u00fc, Y\u0131ld\u0131z K\u00f6y\u00fc, Yunuslu K\u00f6y\u00fc.<\/p>\n\n\n\n<div class=\"wp-block-columns is-layout-flex wp-container-core-columns-is-layout-9d6595d7 wp-block-columns-is-layout-flex\">\n<div class=\"wp-block-column is-layout-flow wp-block-column-is-layout-flow\"><\/div>\n<\/div>\n\n\n<div class=\"wp-block-image\">\n<figure class=\"aligncenter size-large\"><img decoding=\"async\" src=\"https:\/\/www.kucukgeris.net\/iz\/giresun\/blnck\/blnck03.jpg\" alt=\"Do\u011fu Karadeniz\u2019in en b\u00fcy\u00fck il\u00e7e merkezlerinden olan Bulancak; b\u00f6lgedeki Artvin, Bayburt ve G\u00fcm\u00fc\u015fhane il merkezlerinden daha b\u00fcy\u00fckt\u00fcr.\"\/><figcaption class=\"wp-element-caption\"><strong><em>Do\u011fu Karadeniz\u2019in en b\u00fcy\u00fck il\u00e7e merkezlerinden olan Bulancak; b\u00f6lgedeki Artvin, Bayburt ve G\u00fcm\u00fc\u015fhane il merkezlerinden daha b\u00fcy\u00fckt\u00fcr.<\/em><\/strong><\/figcaption><\/figure>\n<\/div>\n\n\n<div class=\"wp-block-columns is-layout-flex wp-container-core-columns-is-layout-9d6595d7 wp-block-columns-is-layout-flex\">\n<div class=\"wp-block-column is-layout-flow wp-block-column-is-layout-flow\"><\/div>\n<\/div>\n\n\n\n<h4 class=\"wp-block-heading has-black-color has-text-color\">BULANCAK\u2019IN TAR\u0130H\u0130<\/h4>\n\n\n\n<div class=\"wp-block-columns is-layout-flex wp-container-core-columns-is-layout-9d6595d7 wp-block-columns-is-layout-flex\">\n<div class=\"wp-block-column is-layout-flow wp-block-column-is-layout-flow\"><\/div>\n<\/div>\n\n\n\n<p class=\"has-black-color has-text-color has-medium-font-size\">Giresun ve Ordu aras\u0131ndaki en \u00f6nemli yerle\u015fim merkezi olarak dikkat \u00e7eken Bulancak\u2019\u0131n tarihine g\u00f6z att\u0131\u011f\u0131m\u0131zda ula\u015f\u0131labilen en eski bilgiler Hititlere kadar inmektedir. M\u00d6 1400-1200 y\u0131llar\u0131nda b\u00f6lge Hititlerin y\u00f6netiminde iken, Trabzon-Erzurum-Giresun y\u00f6relerine Azzi \u00fclkesi denilmekte idi. Bu y\u00f6reler, M\u00d6 1200 y\u0131llar\u0131ndan sonra Deniz kavimleri g\u00f6\u00e7leriyle \u00e7e\u015fitli kavimlerin egemenli\u011fine girmi\u015ftir. Hitit devletinin y\u0131k\u0131lmas\u0131ndan sonra b\u00f6lge Frigya Krall\u0131\u011f\u0131\u2019n\u0131n y\u00f6netimine girmi\u015ftir. Do\u011fudan gelen \u0130skitler ile Kimmerler (K\u0131r\u0131m) taraf\u0131ndan Frigler y\u0131k\u0131l\u0131nca, b\u00f6lge M\u00d6 7. y\u00fczy\u0131llarda Ege b\u00f6lgesinde h\u00fck\u00fcm s\u00fcren, ticaret yapan ve koloni \u015fehirler kuran Miletoslular\u0131n h\u00e2kimiyetine girmi\u015ftir.<\/p>\n\n\n\n<p class=\"has-black-color has-text-color has-medium-font-size\">M\u00d6 4. y\u00fczy\u0131lda gezgin bir Yunan tarih\u00e7isi olan Ksenephon\u2019un, Yunan ordusuyla kat\u0131ld\u0131\u011f\u0131 bir Anadolu seferi s\u0131ras\u0131nda kaleme ald\u0131\u011f\u0131 Anabasis (Onbinlerin D\u00f6n\u00fc\u015f\u00fc) adl\u0131 eserinde bu d\u00f6nemde y\u00f6rede ya\u015fayan kavimler hakk\u0131nda ayr\u0131nt\u0131l\u0131 bilgilere yer verilmi\u015ftir. Ksenephon\u2019un Anabasis\u2019inde, o y\u0131llarda Bulancak ve \u00e7evresinde Kalibler, Tibarenler ve Mosinekler isimleriyle an\u0131lan eski Anadolu kavimlerinin ya\u015fad\u0131klar\u0131n\u0131 \u00f6\u011freniyoruz. Bunlardan Kalibler ve Tibarenler\u2019in Orta Asya\u2019da ya\u015fayan eski T\u00fcrk kavimleri olmalar\u0131 ve b\u00f6lgeye geleneksel T\u00fcrk madencili\u011fini getirmeleri \u00f6nemlidir.<\/p>\n\n\n\n<p class=\"has-black-color has-text-color has-medium-font-size\">Giresun ve Bulancak y\u00f6resi yine M\u00d6 4. y\u00fczy\u0131llarda Pers devletinin y\u00f6netimine girmi\u015f. M\u00d6 3. y\u00fczy\u0131lda bir s\u00fcre Kapadokya Krall\u0131\u011f\u0131\u2019n\u0131n y\u00f6netiminde kalm\u0131\u015f, daha sonra Makedonyal\u0131lar\u0131n iradesine ge\u00e7mi\u015ftir.<\/p>\n\n\n\n<p class=\"has-black-color has-text-color has-medium-font-size\">M\u00d6 2. ve 1. y\u00fczy\u0131llarda b\u00f6lgeye Pontuslular h\u00e2kim oldu. M\u00d6 61. y\u0131lda Pontus Kral\u0131 Midridates, Roma Komutan\u0131 Luculus\u2019a yenilince y\u00f6re Roma y\u00f6netimine girmi\u015ftir. MS 395 y\u0131l\u0131nda Roma \u0130mparatorlu\u011fu ikiye ayr\u0131l\u0131nca; Bulancak, Do\u011fu Roma \u0130mparatorlu\u011fu\u2019nun s\u0131n\u0131rlar\u0131 i\u00e7inde kalm\u0131\u015ft\u0131r. MS 11. y\u00fczy\u0131lda Do\u011fu Roma devletinin ba\u015fkenti \u0130stanbul, Ha\u00e7l\u0131lar taraf\u0131ndan istila edilince; \u0130mparator Kommenus\u2019un \u00e7ocuklar\u0131 Trabzon\u2019a gelerek MS 1204 y\u0131l\u0131nda Trabzon Ba\u015fkent olmak \u00fczere Trabzon Rum devletini kurdular. Bulancak da bu devletin s\u0131n\u0131rlar\u0131 i\u00e7inde kald\u0131.<\/p>\n\n\n\n<p class=\"has-black-color has-text-color has-medium-font-size\">Bilindi\u011fi gibi T\u00fcrkler, 1071\u2019lerden itibaren Anadolu\u2019ya h\u00e2kim olmaya ba\u015flam\u0131\u015flard\u0131r. Fakat, Ordu ve Giresun y\u00f6resi, T\u00fcrkler taraf\u0131ndan ancak 14. y\u00fczy\u0131l sonlar\u0131ndan itibaren fethedilmeye ba\u015flanm\u0131\u015ft\u0131r. 26 A\u011fustos 1071\u2019de Malazgirt Meydan Sava\u015f\u0131\u2019ndan sonra Anadolu\u2019nun fethine ba\u015flayan, ak\u0131n ak\u0131n Anadolu\u2019ya gelen Sel\u00e7uklu T\u00fcrkleri, Karadeniz sahillerini de T\u00fcrk h\u00e2kimiyeti alt\u0131na alm\u0131\u015ft\u0131r. Ha\u00e7l\u0131 seferleri s\u0131ras\u0131nda Anadolu Sel\u00e7uklu Devleti\u2019nin zay\u0131flamas\u0131 sonunda sahil \u015feridi T\u00fcrklerin elinden \u00e7\u0131km\u0131\u015f, MS 1204 y\u0131l\u0131nda kurulan Trabzon Pontus devletinin eline ge\u00e7mi\u015ftir.<\/p>\n\n\n\n<p class=\"has-black-color has-text-color has-medium-font-size\">MS 1277 y\u0131l\u0131nda O\u011fuzlar\u0131n bir kolu olan ve Anadolu\u2019ya gelen \u00c7epni T\u00fcrkleri, \u00f6nce Sinop\u2019u ald\u0131. Bu s\u0131rada Anadolu\u2019da Mo\u011fol bask\u0131s\u0131 da zay\u0131fl\u0131yordu. Daha sonra \u00c7epni T\u00fcrkleri b\u00fct\u00fcn Canik b\u00f6lgesine h\u00e2kim olmaya ba\u015flad\u0131lar.<\/p>\n\n\n\n<p class=\"has-black-color has-text-color has-medium-font-size\">Niksar\u2019\u0131n do\u011fu taraflar\u0131ndaki b\u00f6lgede kurulmu\u015f olan ve bir \u00c7epni T\u00fcrk beyli\u011fi olan Hac\u0131 Emirli Beyli\u011fi, faaliyetlerini 14. y\u00fczy\u0131l sonlar\u0131nda do\u011fuya do\u011fru geli\u015ftirmi\u015f ve bu T\u00fcrk beyli\u011finin en b\u00fcy\u00fck beylerinden biri olan S\u00fcleyman Bey 1397\u2019de Ordu ve Giresun \u015fehirlerini fethetmi\u015ftir.<\/p>\n\n\n\n<p class=\"has-black-color has-text-color has-medium-font-size\">S\u00fcleyman Bey\u2019in bu fethiyle birlikte b\u00f6lgeye; \u00c7epni, D\u00f6\u011fer, Eymir, Kark\u0131n, Ala-Yuntlu, Bay\u0131nd\u0131r, \u0130\u011fdir gibi O\u011fuz boylar\u0131 gelip yerle\u015fmi\u015flerdir. Bu boylar\u0131n isimleri, baz\u0131 yer adlar\u0131nda h\u00e2l\u00e2 ya\u015fat\u0131lmaktad\u0131r. B\u00f6ylece Trabzon Rum devletinin topraklar\u0131 Trabzon ve \u00e7evresi olarak kalm\u0131\u015ft\u0131r. Art\u0131k y\u00f6re Osmanl\u0131 \u0130mparatorlu\u011fu\u2019nun h\u00e2kimiyetine ge\u00e7mi\u015f ve T\u00fcrk yurdu olmu\u015ftur. Buradaki \u201cyurt\u201d kelimesi \u00f6nemlidir. \u00c7\u00fcnk\u00fc buraya gelen T\u00fcrkler b\u00f6lgeyi istila i\u00e7in de\u011fil, yurt edinmek i\u00e7in gelmi\u015flerdir.<\/p>\n\n\n\n<div class=\"wp-block-columns is-layout-flex wp-container-core-columns-is-layout-9d6595d7 wp-block-columns-is-layout-flex\">\n<div class=\"wp-block-column is-layout-flow wp-block-column-is-layout-flow\"><\/div>\n<\/div>\n\n\n<div class=\"wp-block-image\">\n<figure class=\"aligncenter size-large\"><img decoding=\"async\" src=\"https:\/\/www.kucukgeris.net\/iz\/giresun\/blnck\/blnck04.jpg\" alt=\"Bulancak\u2019ta Ayd\u0131nlar ve Derecikalan k\u00f6ylerinin 2004 y\u0131l\u0131nda birle\u015fmesiyle Ayd\u0131ndere ad\u0131nda bir bucak kuruldu.\"\/><figcaption class=\"wp-element-caption\"><strong><em>Bulancak\u2019ta Ayd\u0131nlar ve Derecikalan k\u00f6ylerinin 2004 y\u0131l\u0131nda birle\u015fmesiyle Ayd\u0131ndere ad\u0131nda bir bucak kuruldu.<\/em><\/strong><\/figcaption><\/figure>\n<\/div>\n\n\n<div class=\"wp-block-columns is-layout-flex wp-container-core-columns-is-layout-9d6595d7 wp-block-columns-is-layout-flex\">\n<div class=\"wp-block-column is-layout-flow wp-block-column-is-layout-flow\"><\/div>\n<\/div>\n\n\n\n<h4 class=\"wp-block-heading has-black-color has-text-color\">N\u0130YABET-\u0130 KEBS\u0130L<\/h4>\n\n\n\n<div class=\"wp-block-columns is-layout-flex wp-container-core-columns-is-layout-9d6595d7 wp-block-columns-is-layout-flex\">\n<div class=\"wp-block-column is-layout-flow wp-block-column-is-layout-flow\"><\/div>\n<\/div>\n\n\n\n<p class=\"has-black-color has-text-color has-medium-font-size\">Bulancak tarihi hakk\u0131nda en fazla bilgiye bu d\u00f6nemde ula\u015f\u0131yoruz. Osmanl\u0131 \u0130mparatorlu\u011fu\u2019nda bir yer devlet topraklar\u0131na yeni kat\u0131ld\u0131\u011f\u0131 zaman veya y\u00f6netim de\u011fi\u015fikli\u011fi oldu\u011funda tutulan tahrir kay\u0131tlar\u0131na t\u00fcm bilgileriyle kay\u0131t ediliyordu. Bu kay\u0131tlar\u0131n as\u0131l amac\u0131 devletin vergi gelirlerini denetim alt\u0131na almakt\u0131.<\/p>\n\n\n\n<p class=\"has-black-color has-text-color has-medium-font-size\">Bulancak \u00f6zellikle 1455-1613 y\u0131llar\u0131 aras\u0131nda tutulan be\u015f ayr\u0131 tahrir defterine d\u00fczenli olarak kay\u0131t edilmi\u015ftir. Bu defterler Ba\u015fbakanl\u0131k Osmanl\u0131 ar\u015fivlerinde mevcuttur. Bu defterlerde T\u00fcrklerin b\u00f6lgeyi fetihleri, isk\u00e2nlar\u0131, daha sonraki geli\u015fmeleri, y\u00f6netim ve vergi sistemleri ile etnik yap\u0131 hakk\u0131nda a\u00e7\u0131k ve kesin bilgiler kay\u0131tl\u0131d\u0131r.<\/p>\n\n\n\n<p class=\"has-black-color has-text-color has-medium-font-size\">Fetihten 58 y\u0131l sonra, Fatih Sultan Mehmet d\u00f6neminde 1455 y\u0131l\u0131nda tutulan ilk tapu tahriri, T\u00fcrklerin b\u00f6lgeye isk\u00e2n\u0131n\u0131 son derece kesin verilerle a\u00e7\u0131kl\u0131\u011fa kavu\u015fturmaktad\u0131r. Bulancak\u2019a ilk yerle\u015fen T\u00fcrklerin isim listeleri de 1455 tarihli tahrir defterinde k\u00f6y k\u00f6y kay\u0131tl\u0131d\u0131r. Bulancak\u2019\u0131n ad\u0131 bu tahrir tutuldu\u011fu s\u0131rada Niyabet-i Kebsil\u2019dir.<\/p>\n\n\n\n<p class=\"has-black-color has-text-color has-medium-font-size\">Niyabet-i Kebsil, Canik-i Bayram kazas\u0131na ba\u011fl\u0131 bir nahiye merkezi idi. Ba\u015fk\u00f6y manas\u0131na gelen Kebsil ismi muhtemelen daha \u00f6nceki Rum halk taraf\u0131ndan konulmu\u015f ve de\u011fi\u015ftirilmeden T\u00fcrkler taraf\u0131ndan da uzun s\u00fcre kullan\u0131lm\u0131\u015ft\u0131r.<\/p>\n\n\n\n<p class=\"has-black-color has-text-color has-medium-font-size\">1455 y\u0131l\u0131nda bir naiplik, yani kad\u0131 naibinin yarg\u0131 alan\u0131na giren idari bir \u00fcnite olan ve \u201cNiyabet-i Kebsil\u201d ad\u0131yla an\u0131lan Bulancak, 1455 tahririne g\u00f6re;<br>1- \u00c7ak\u0131ro\u011flu Pir Kadem Keth\u00fcda,<br>2- \u015eemseddin Keth\u00fcda ve<br>3- Mustafa Keth\u00fcda b\u00f6l\u00fcklerinden olu\u015fmaktad\u0131r.<\/p>\n\n\n\n<p class=\"has-black-color has-text-color has-medium-font-size\">\u00c7ak\u0131ro\u011flu Pir Kadem Keth\u00fcda\u2019n\u0131n y\u00f6netiminde bulunan b\u00f6l\u00fck veya divan, alt\u0131 k\u00f6yden m\u00fcte\u015fekkildi. Bu k\u00f6ylerde oturan aile reislerinin adlar\u0131 ve bunlar\u0131n babalar\u0131n\u0131n adlar\u0131 tahrir defterinde kay\u0131tl\u0131 bulunmaktad\u0131r. Bu k\u00f6ylerde oturanlar\u0131n tamam\u0131 M\u00fcsl\u00fcman T\u00fcrklerdi. Bunlar\u0131n adlar\u0131ndan baz\u0131 \u00f6rnekler vermek yerinde olacakt\u0131r; \u00c7ak\u0131r, \u0130lbey, Sarubey, Ece, Kumta\u015f, G\u00f6n\u00fcl, Kutlubey, K\u0131l\u0131\u00e7, Togan, Sev\u00fcnd\u00fck, Sar\u0131, Uyan\u0131\u015f, Tursun, Yavl\u0131, Sevin\u00e7, Ba\u015flam\u0131\u015f vb. G\u00f6r\u00fcld\u00fc\u011f\u00fc gibi son derece ilgi \u00e7ekici olan bu adlar, tamamen T\u00fcrk adlar\u0131yd\u0131. \u00c7ak\u0131ro\u011flu Pir Kadem Keth\u00fcda b\u00f6l\u00fc\u011f\u00fcn\u00fcn merkezi Mel\u00fckl\u00fc k\u00f6y\u00fcd\u00fcr.<\/p>\n\n\n\n<p class=\"has-black-color has-text-color has-medium-font-size\">\u015eemseddin Keth\u00fcda b\u00f6l\u00fc\u011f\u00fcnde 4 k\u00f6y vard\u0131. Bu k\u00f6ylerdeki adlar da; Kutlubey, \u00c7oban, Sat\u0131lm\u0131\u015f, Ba\u015flam\u0131\u015f, Sevde\u015f, G\u00f6k\u00e7e, E\u011flence, Yaram\u0131\u015f, Turmu\u015f, Turasan gibi T\u00fcrk adlar\u0131yd\u0131. Bu b\u00f6l\u00fckte de gayri m\u00fcslim yoktu. Hepsi M\u00fcsl\u00fcman T\u00fcrk\u2019t\u00fc. Bunlardan bir k\u0131sm\u0131, m\u00fcsellem denilen askerler ve k\u00fcreci denilen madencilerden olu\u015fuyordu. \u015eemseddin Keth\u00fcda b\u00f6l\u00fc\u011f\u00fcn\u00fcn merkezi Talipl\u00fc k\u00f6y\u00fcd\u00fcr.<\/p>\n\n\n\n<p class=\"has-black-color has-text-color has-medium-font-size\">Mustafa Keth\u00fcda b\u00f6l\u00fc\u011f\u00fc ise 25 k\u00f6yden olu\u015fuyordu. Adlar\u0131n\u0131 sayd\u0131\u011f\u0131m\u0131z bu 25 k\u00f6yden \u00d6ks\u00fcn hari\u00e7, di\u011ferlerinin tamam\u0131nda M\u00fcsl\u00fcman T\u00fcrkler oturmaktayd\u0131 ve aile reislerinin adlar\u0131 T\u00fcrk adlar\u0131ndan olu\u015fmaktayd\u0131. 1455\u2019te bu k\u00f6ylerde ya\u015fayan T\u00fcrklerin baba adlar\u0131 y\u00fczde 80 nispetinde tamamen T\u00fcrk\u00e7e, aile reislerinin isimleri ise Ahmet, Mehmet gibi \u0130slam adlar\u0131yd\u0131. Mustafa Keth\u00fcda b\u00f6l\u00fc\u011f\u00fcn\u00fcn merkezi ise S\u00fcme k\u00f6y\u00fcd\u00fcr.<\/p>\n\n\n\n<p class=\"has-black-color has-text-color has-medium-font-size\">\u00d6ks\u00fcn k\u00f6y\u00fcndeki 114 haneden 21 hanesi deftere M\u00fcsl\u00fcman cemaat olarak yaz\u0131lm\u0131\u015ft\u0131r. Bunlardan bir k\u0131sm\u0131n\u0131n hem baba adlar\u0131 hem de kendi adlar\u0131 M\u00fcsl\u00fcman T\u00fcrk adlar\u0131d\u0131r. Bir k\u0131sm\u0131n\u0131n ise baba adlar\u0131 Rumca\u2019d\u0131r. Mesela Kosta o\u011flu Mustafa, Yorgi o\u011flu Mehmed gibi. Geriye kalan 93 hane reisinin ise hem kendi adlar\u0131 hem de baba adlar\u0131 tamamen Rumcad\u0131r. Ve bunlar deftere zimm\u00ee cemaat\u0131, yani H\u0131ristiyan grup olarak yaz\u0131lm\u0131\u015flard\u0131r. \u00d6ks\u00fcn\u2019deki H\u0131ristiyanlar, 1485\u2019te 50 haneye inmi\u015f, 1520\u2019de de tamamen kaybolmu\u015ftur.<\/p>\n\n\n\n<p class=\"has-black-color has-text-color has-medium-font-size\">Bulancak\u2019\u0131n \u00d6ks\u00fcn hari\u00e7, hi\u00e7bir k\u00f6y\u00fcnde yabanc\u0131 etnik unsur mevcut de\u011fildi. B\u00f6lge 1390\u2019larda T\u00fcrkler taraf\u0131ndan fethedildi\u011fine g\u00f6re 60-65 y\u0131l sonra 1455\u2019te yap\u0131lan tahrir s\u0131ras\u0131nda hayatta olan ki\u015filerin babalar\u0131 buraya ilk gelen ve k\u00f6yleri kuran ki\u015filerdi. Bunlar da muhtelif O\u011fuz boylar\u0131na mensup T\u00fcrklerdi.<\/p>\n\n\n\n<p class=\"has-black-color has-text-color has-medium-font-size\">1485\u2019te tutulan kay\u0131tlarda, Bulancak yine Niyabet-i Kebsil ad\u0131yla an\u0131lan ve \u00c7ak\u0131ro\u011flu Pir Kadem Keth\u00fcda b\u00f6l\u00fc\u011f\u00fc ile \u015eemseddin Keth\u00fcda b\u00f6l\u00fcklerinden olu\u015fan bir idari yerle\u015fim merkezi olarak kar\u015f\u0131m\u0131za \u00e7\u0131k\u0131yor.<\/p>\n\n\n\n<p class=\"has-black-color has-text-color has-medium-font-size\">1547\u2019de tutulan \u00fc\u00e7\u00fcnc\u00fc defterde de Bulancak; Ordu\u2019ya ba\u011fl\u0131, Kebsil ve \u015eemseddin nahiyelerinden olu\u015fan Bazarsuyu Kazas\u0131 olarak an\u0131lmaktad\u0131r.<\/p>\n\n\n\n<p class=\"has-black-color has-text-color has-medium-font-size\">1547 y\u0131l\u0131 kay\u0131tlar\u0131nda ilk kez Bulancak ismine rastlan\u0131lmaktad\u0131r. Ancak 1547 y\u0131l\u0131nda tutulan tahrir defterinde ilgin\u00e7 bir kayda rastlan\u0131l\u0131yor. \u015e\u00f6yle ki: \u201cTalipli k\u00f6y\u00fcnde de iki tane m\u00fcderris g\u00f6n\u00fcll\u00fc olarak e\u011fitimle me\u015fgul oluyorlard\u0131. Bunlardan birisi ayn\u0131 zamanda Bulanucak camiinin hatibi idi\u201d.<\/p>\n\n\n\n<p class=\"has-black-color has-text-color has-medium-font-size\">1613 y\u0131l\u0131nda tutulan son kay\u0131tlarda da; Kebsil ve \u015eemseddin nahiyelerinden olu\u015fan Bulancak yine Ordu\u2019ya ba\u011fl\u0131yd\u0131. 1613 y\u0131l\u0131ndan sonra 1871 y\u0131l\u0131na kadar herhangi bir kayda ula\u015f\u0131lam\u0131yor. 1871\u2019den sonra Bulancak kay\u0131tlarda Akk\u00f6y nahiyesi olarak ge\u00e7mektedir. Bu d\u00f6nemde Bulancak, Trabzon sanca\u011f\u0131n\u0131n Giresun kazas\u0131na ba\u011fl\u0131d\u0131r. 1455 tarihli tahrir defterinde \u00c7ak\u0131ro\u011flu Pir Kadem Keth\u00fcda b\u00f6l\u00fc\u011f\u00fcne ba\u011fl\u0131 bir k\u00f6y olarak kar\u015f\u0131m\u0131za \u00e7\u0131kan Akk\u00f6y; Batlama deresi vadisinde \u00f6nemli bir yerle\u015fim merkezi idi. 19. y\u00fczy\u0131lda Nefs-i Akk\u00f6y ad\u0131yla Giresun kazas\u0131na ba\u011fl\u0131 bir nahiye merkezi olan Akk\u00f6y, daha sonra sahile inecek ve Bulancak ad\u0131n\u0131 alacakt\u0131r. Bu d\u00f6nemde 1887 y\u0131l\u0131nda ilk belediye te\u015fkilat\u0131 kurulmu\u015ftur.<\/p>\n\n\n\n<p class=\"has-black-color has-text-color has-medium-font-size\">Y\u00f6re ara\u015ft\u0131rmalar\u0131n\u0131n neticesinde ortaya \u00e7\u0131kan Pazarsuyu merkezli \u015earda\u011f d\u00f6nemi ile ilgili herhangi bir kayda ula\u015f\u0131lamam\u0131\u015ft\u0131r. Ancak yap\u0131lan y\u00f6resel tespitler sonucunda \u015earda\u011f d\u00f6neminin, Kebsil d\u00f6nemi ile Akk\u00f6y d\u00f6nemi aras\u0131ndaki d\u00f6nem oldu\u011fu d\u00fc\u015f\u00fcn\u00fclmektedir.<\/p>\n\n\n\n<p class=\"has-black-color has-text-color has-medium-font-size\">Bulancak, 1928 y\u0131l\u0131nda Bulancak nahiyesi ad\u0131yla Trabzon sanca\u011f\u0131n\u0131n, Giresun kazas\u0131na ba\u011fl\u0131yd\u0131. 1934 y\u0131l\u0131nda il\u00e7e olan Bulancak; Merkez, Piraziz ve Kovanl\u0131k bucaklar\u0131ndan olu\u015fuyordu ve Giresun\u2019a ba\u011fl\u0131yd\u0131. 1988 y\u0131l\u0131nda Piraziz buca\u011f\u0131n\u0131n il\u00e7e olmas\u0131yla Bulancak, Merkez ve Kovanl\u0131k bucaklar\u0131ndan olu\u015fan bir il\u00e7e ve nihayet 2004 y\u0131l\u0131nda Ayd\u0131nlar K\u00f6y\u00fc ile Derecikalan k\u00f6ylerinin birle\u015fmesiyle olu\u015fturulan Ayd\u0131ndere buca\u011f\u0131yla Kovanl\u0131k bucaklar\u0131ndan olu\u015fan bir il\u00e7e olarak mevcudiyetini g\u00fcn\u00fcm\u00fczde de s\u00fcrd\u00fcrmektedir.<\/p>\n\n\n\n<p class=\"has-black-color has-text-color has-medium-font-size\"><em><strong>(Ara\u015ft\u0131rma: Zafer \u00c7amalt\u0131)<\/strong><\/em><\/p>\n\n\n\n<div class=\"wp-block-columns is-layout-flex wp-container-core-columns-is-layout-9d6595d7 wp-block-columns-is-layout-flex\">\n<div class=\"wp-block-column is-layout-flow wp-block-column-is-layout-flow\"><\/div>\n<\/div>\n\n\n\n<figure class=\"wp-block-image size-large\"><img decoding=\"async\" src=\"https:\/\/www.kucukgeris.net\/iz\/giresun\/blnck\/blnck05.jpg\" alt=\"Giresun\u2019un en y\u00fcksek ikinci da\u011f\u0131 olan Karag\u00f6l Da\u011flar\u0131\u2019nda bir\u00e7ok oba bulunmaktad\u0131r.\"\/><figcaption class=\"wp-element-caption\"><strong><em>Giresun\u2019un en y\u00fcksek ikinci da\u011f\u0131 olan Karag\u00f6l Da\u011flar\u0131\u2019nda bir\u00e7ok oba bulunmaktad\u0131r.<\/em><\/strong><\/figcaption><\/figure>\n\n\n\n<div class=\"wp-block-columns is-layout-flex wp-container-core-columns-is-layout-9d6595d7 wp-block-columns-is-layout-flex\">\n<div class=\"wp-block-column is-layout-flow wp-block-column-is-layout-flow\"><\/div>\n<\/div>\n\n\n\n<h4 class=\"wp-block-heading has-black-color has-text-color\">CO\u011eRAFYA<\/h4>\n\n\n\n<div class=\"wp-block-columns is-layout-flex wp-container-core-columns-is-layout-9d6595d7 wp-block-columns-is-layout-flex\">\n<div class=\"wp-block-column is-layout-flow wp-block-column-is-layout-flow\"><\/div>\n<\/div>\n\n\n\n<p class=\"has-black-color has-text-color has-medium-font-size\">Bulancak il\u00e7esinin y\u00fcz \u00f6l\u00e7\u00fcm\u00fc 608 km\u00b2\u2019dir. Sahil \u015feridinde kurulu olan il\u00e7enin s\u0131n\u0131rlar\u0131, Giresun \u015fehir merkezi, Dereli il\u00e7esi, Ordu ili ve Piraziz il\u00e7e s\u0131n\u0131rlar\u0131 ile \u00e7evrilidir. \u0130l\u00e7enin co\u011frafik yap\u0131s\u0131 tipik Karadeniz co\u011frafi yap\u0131s\u0131n\u0131n \u00f6zelliklerini yans\u0131tmaktad\u0131r. Sahilden itibaren h\u0131zl\u0131 bir y\u00fckselme ba\u015flar bu y\u00fczden arazi \u00e7ok engebeliktir.<\/p>\n\n\n\n<p class=\"has-black-color has-text-color has-medium-font-size\">Bitki \u00f6rt\u00fcs\u00fc bak\u0131m\u0131ndan \u00e7ok zengin olup, k\u0131y\u0131dan itibaren f\u0131nd\u0131k bah\u00e7eleri 2000 metre y\u00fcksekli\u011fe kadar bu \u00f6rt\u00fcn\u00fcn \u00e7o\u011funlu\u011funu te\u015fkil eder. Sahilden itibaren kestane ormanlar\u0131 ba\u015flar yer yer k\u0131z\u0131la\u011fa\u00e7, karaa\u011fa\u00e7, g\u00fcrgen, kavak, \u0131hlamur gibi orman bitkileri g\u00f6r\u00fclmektedir. Yine sahilden i\u00e7 kesimlere \u00e7\u0131k\u0131ld\u0131k\u00e7a bitki \u00f6rt\u00fcs\u00fc y\u00fcksekli\u011fe ba\u011fl\u0131 olarak de\u011fi\u015fmektedir, s\u0131ras\u0131yla me\u015fe, g\u00fcrgen, ladin, k\u00f6knar ve \u00e7am ormanlar\u0131 g\u00f6r\u00fclmektedir.<\/p>\n\n\n\n<div class=\"wp-block-columns is-layout-flex wp-container-core-columns-is-layout-9d6595d7 wp-block-columns-is-layout-flex\">\n<div class=\"wp-block-column is-layout-flow wp-block-column-is-layout-flow\"><\/div>\n<\/div>\n\n\n\n<h4 class=\"wp-block-heading has-black-color has-text-color\">EKONOM\u0130<\/h4>\n\n\n\n<div class=\"wp-block-columns is-layout-flex wp-container-core-columns-is-layout-9d6595d7 wp-block-columns-is-layout-flex\">\n<div class=\"wp-block-column is-layout-flow wp-block-column-is-layout-flow\"><\/div>\n<\/div>\n\n\n\n<p class=\"has-black-color has-text-color has-medium-font-size\">Giresun il merkezine 15 kilometre uzakl\u0131kta bulunan il\u00e7e merkezi Piraziz il\u00e7esi ve Kovanl\u0131k beldesine asfalt yol ile ba\u011fl\u0131 olup, t\u00fcm k\u00f6y yollar\u0131 stabilize edilmi\u015ftir. Giresun\u2019un en \u00e7ok geli\u015fmi\u015f il\u00e7esi olup, deniz yolu ile ta\u015f\u0131mac\u0131l\u0131k imk\u00e2nlar\u0131na da sahiptir. 261 metre uzunlu\u011fundaki deniz iskelesi Karadeniz Sahil Yolu\u2019nun yap\u0131lmas\u0131 ile biraz k\u0131salm\u0131\u015fsa da Karadeniz\u2019in en uzun iskelesidir.<\/p>\n\n\n\n<p class=\"has-black-color has-text-color has-medium-font-size\">\u0130l\u00e7enin ekilip dikilebilir alanlar\u0131n\u0131n b\u00fcy\u00fck bir k\u0131sm\u0131 tar\u0131m alan\u0131, kalan\u0131 ise mera ve otlak olarak kullan\u0131lmaktad\u0131r. Tar\u0131msal \u00fcr\u00fcn olarak \u00e7o\u011funlukla f\u0131nd\u0131k \u00fcretilmekte, bunun yan\u0131 s\u0131ra ise hububat, sebze ve meyve \u00fcretilmektedir. Hayvanc\u0131l\u0131k ise y\u00fcksek k\u00f6ylerde ya\u015fayan halk\u0131n ge\u00e7im kayna\u011f\u0131d\u0131r. \u0130l\u00e7ede deniz bal\u0131k\u00e7\u0131l\u0131\u011f\u0131n\u0131n yan\u0131 s\u0131ra son y\u0131llarda tatl\u0131 su bal\u0131k\u00e7\u0131l\u0131\u011f\u0131 da geli\u015fmektedir. Ar\u0131c\u0131l\u0131kta da art\u0131\u015f ve geli\u015fme g\u00f6zlenmektedir.<\/p>\n\n\n\n<p class=\"has-black-color has-text-color has-medium-font-size\">\u0130l\u00e7e sanayi y\u00f6n\u00fcnden de geli\u015fme g\u00f6stermi\u015f olup ba\u015fl\u0131calar\u0131; f\u0131nd\u0131k mamulleri, bal\u0131k unu ve ya\u011f\u0131, konfeksiyon ve mobilya \u00fcreten tesisler mevcuttur.<\/p>\n\n\n\n<div class=\"wp-block-columns is-layout-flex wp-container-core-columns-is-layout-9d6595d7 wp-block-columns-is-layout-flex\">\n<div class=\"wp-block-column is-layout-flow wp-block-column-is-layout-flow\"><\/div>\n<\/div>\n\n\n\n<h4 class=\"wp-block-heading has-black-color has-text-color\">E\u011e\u0130T\u0130M<\/h4>\n\n\n\n<div class=\"wp-block-columns is-layout-flex wp-container-core-columns-is-layout-9d6595d7 wp-block-columns-is-layout-flex\">\n<div class=\"wp-block-column is-layout-flow wp-block-column-is-layout-flow\"><\/div>\n<\/div>\n\n\n\n<p class=\"has-black-color has-text-color has-medium-font-size\">Giresun \u00dcniversitesi\u2019ne ba\u011fl\u0131 iki y\u00fcksekokul bulunmaktad\u0131r. Bunlar; Bulancak Kadir Karaba\u015f Uygulamal\u0131 Bilimler Y\u00fcksekokulu ve Bulancak Meslek Y\u00fcksekokulu\u2019dur.<\/p>\n\n\n\n<p class=\"has-black-color has-text-color has-medium-font-size\">Ekonomik nedenlerle g\u00f6\u00e7 verilmesinden dolay\u0131 k\u0131rsal n\u00fcfustaki azalmadan dolay\u0131 ta\u015f\u0131mal\u0131 e\u011fitime ge\u00e7ilse de Giresun\u2019un di\u011fer il\u00e7elerine g\u00f6re Bulancak, ilk ve orta\u00f6\u011fretim okullar\u0131 a\u00e7\u0131s\u0131ndan \u015fansl\u0131 bir il\u00e7edir. Bulancak\u2019ta \u00fc\u00e7 anaokulu, on yedi ilkokul, on be\u015f ortaokul, on bir lise ile birer halk e\u011fitim merkezi, mesleki e\u011fitim merkezi, \u00f6\u011fretmenevi ve ak\u015fam sanat okulu vard\u0131r. Bulancak\u2019taki okullar ve e\u011fitim kurumlar\u0131 \u015funlard\u0131r: 75. Y\u0131l Anaokulu, Sabiha \u00d6zdemir Anaokulu, Vilayetler Hizmet Birli\u011fi Anaokulu, Ayd\u0131ndere \u0130lkokulu, Barbaros \u0130lkokulu, Bay\u0131nd\u0131r Engin Kaptano\u011flu \u0130lkokulu, B\u00fcy\u00fckada \u0130lkokulu, Cumhuriyet \u0130lkokulu, Derecikalan \u0130lkokulu, Elmal\u0131 \u0130lkokulu, Erdo\u011fan Emekli Ba\u015fkomiser Galip G\u00fcng\u00f6r \u0130lkokulu, G\u00fczelyal\u0131 \u0130lkokulu, \u0130cilli \u0130lkokulu, \u0130stiklal \u0130lkokulu, Kovanl\u0131k \u0130lkokulu, Tand\u0131r \u0130lkokulu, Yal\u0131k\u00f6y \u015eehit Pilot Te\u011fmen Bar\u0131\u015f \u00c7ak\u0131r \u0130lkokulu, Yunus Emre \u0130lkokulu, Bulancak Sabiha Ra\u015fit \u00d6zdemir \u0130lkokulu, Naci Ak\u00e7ay \u00d6zel E\u011fitim Uygulama Okulu I. Kademe M\u00fcd\u00fcrl\u00fc\u011f\u00fc, Atat\u00fcrk Ortaokulu, Ayd\u0131ndere Ortaokulu, B\u00fcy\u00fckada Ortaokulu, Elmal\u0131 Ortaokulu, Erdo\u011fan Emekli Ba\u015fkomiser Galip G\u00fcng\u00f6r Ortaokulu, Gazi Ortaokulu, G\u00fczelyal\u0131 Ortaokulu, \u0130cilli Ortaokulu, \u0130mam Hatip Ortaokulu, \u0130stiklal Ortaokulu, Kovanl\u0131k Ortaokulu, Mehmet Akif Ersoy Ortaokulu, Yal\u0131k\u00f6y \u015eehit Pilot Te\u011fmen Bar\u0131\u015f \u00c7ak\u0131r Ortaokulu, Z\u00fcfer Mustafa Eri\u015f Ortaokulu, Naci Ak\u00e7ay \u00d6zel E\u011fitim Uygulama Okulu II. Kademe M\u00fcd\u00fcrl\u00fc\u011f\u00fc, Bulancak 19 Eyl\u00fcl Mesleki ve Teknik Anadolu Lisesi, Bulancak Ak\u015femsettin Mesleki ve Teknik Anadolu Lisesi, Bulancak Anadolu \u0130mam Hatip Lisesi, Bulancak Anadolu Lisesi, Bah\u00e7elievler \u015eehit Mehmet Bayar Anadolu Lisesi, Bulancak Fen Lisesi, Bulancak Kaptan Ahmet Fato\u011flu Mesleki ve Teknik Anadolu Lisesi, Bulancak Mesleki ve Teknik Anadolu Lisesi, Bulancak Lokman Hekim Mesleki ve Teknik Anadolu Lisesi, Kovanl\u0131k \u00c7ok Programl\u0131 Anadolu Lisesi, Bulancak K\u0131z Anadolu \u0130mam Hatip Lisesi, Bulancak Halk E\u011fitim Merkezi, Bulancak Mesleki E\u011fitim Merkezi, Bulancak \u00d6\u011fretmenevi ve Ak\u015fam Sanat Okulu.<\/p>\n\n\n\n<div class=\"wp-block-columns is-layout-flex wp-container-core-columns-is-layout-9d6595d7 wp-block-columns-is-layout-flex\">\n<div class=\"wp-block-column is-layout-flow wp-block-column-is-layout-flow\"><\/div>\n<\/div>\n\n\n\n<h4 class=\"wp-block-heading has-black-color has-text-color\">TUR\u0130ZM<\/h4>\n\n\n\n<div class=\"wp-block-columns is-layout-flex wp-container-core-columns-is-layout-9d6595d7 wp-block-columns-is-layout-flex\">\n<div class=\"wp-block-column is-layout-flow wp-block-column-is-layout-flow\"><\/div>\n<\/div>\n\n\n\n<p class=\"has-black-color has-text-color has-medium-font-size\">\u0130l\u00e7ede turizm \u00e7ok geli\u015fmemi\u015f olsa da yayla turizmi yap\u0131lmaktad\u0131r. Bekta\u015f Yaylas\u0131 g\u00f6r\u00fclmeye de\u011fer bir yerdir. \u0130l\u00e7eyi, yabanc\u0131 turistlerden ziyade, yerliler ziyaret etmektedir. Karadeniz Sahil Yolu ile birlikte k\u0131y\u0131 \u015feridinin yap\u0131larak ye\u015fillendirilmesi, il\u00e7eye ek bir g\u00fczellik ve \u00f6zellik kazand\u0131rm\u0131\u015f olup, bunun sonucunda yerli ziyaret\u00e7i say\u0131s\u0131nda art\u0131\u015f g\u00f6r\u00fclmektedir. Yine yaz mevsiminde deniz sahillerinin bir\u00e7ok yerinden denize girilebilir.<\/p>\n\n\n\n<div class=\"wp-block-columns is-layout-flex wp-container-core-columns-is-layout-9d6595d7 wp-block-columns-is-layout-flex\">\n<div class=\"wp-block-column is-layout-flow wp-block-column-is-layout-flow\"><\/div>\n<\/div>\n\n\n\n<h4 class=\"wp-block-heading has-black-color has-text-color\">YAYLACILIK<\/h4>\n\n\n\n<div class=\"wp-block-columns is-layout-flex wp-container-core-columns-is-layout-9d6595d7 wp-block-columns-is-layout-flex\">\n<div class=\"wp-block-column is-layout-flow wp-block-column-is-layout-flow\"><\/div>\n<\/div>\n\n\n\n<p class=\"has-black-color has-text-color has-medium-font-size\">\u0130l\u00e7ede yaylac\u0131l\u0131k \u00e7ok geli\u015fmi\u015ftir. Eskiden g\u00f6\u00e7ebe T\u00fcrkmen, \u00c7epni b\u00f6lge halk\u0131 hayvan otlatmak i\u00e7in yaylaya g\u00f6\u00e7 etmekte iken son y\u0131llarda, Temiz da\u011f havas\u0131 alarak dinlenmek ve \u00e7e\u015fitli yayla \u015fenliklerine kat\u0131larak e\u011flenmek i\u00e7in yaylaya \u00e7\u0131k\u0131lmaktad\u0131r. \u00d6nceden yaylaya y\u00fcr\u00fcyerek gidilirken; art\u0131k otomobiller ile gidilmektedir. Ad\u0131n\u0131 Hac\u0131 Bekta\u015f-\u0131 Veli den alan Bekta\u015f Yaylas\u0131, il\u00e7enin en \u00f6nemli yaylas\u0131d\u0131r.<\/p>\n\n\n\n<div class=\"wp-block-columns is-layout-flex wp-container-core-columns-is-layout-9d6595d7 wp-block-columns-is-layout-flex\">\n<div class=\"wp-block-column is-layout-flow wp-block-column-is-layout-flow\"><\/div>\n<\/div>\n\n\n\n<h4 class=\"wp-block-heading has-black-color has-text-color\">KARAG\u00d6L YAYLASI<\/h4>\n\n\n\n<div class=\"wp-block-columns is-layout-flex wp-container-core-columns-is-layout-9d6595d7 wp-block-columns-is-layout-flex\">\n<div class=\"wp-block-column is-layout-flow wp-block-column-is-layout-flow\"><\/div>\n<\/div>\n\n\n\n<p class=\"has-black-color has-text-color has-medium-font-size\">Giresun\u2019un en y\u00fcksek ikinci da\u011f\u0131 olan Karag\u00f6l Da\u011flar\u0131\u2019nda bir\u00e7ok oba bulunmaktad\u0131r. Da\u011f\u0131n kuzeybat\u0131s\u0131nda Ordu ili s\u0131n\u0131r\u0131na yak\u0131n olan b\u00f6lgede Elmal\u0131, Bozat Ta\u015f\u0131 ve \u0130nboynu obalar\u0131yla, 3107 metrelik Karag\u00f6l Tepesi\u2019nin hemen alt\u0131nda bir buzul g\u00f6l\u00fc olan Ayg\u0131r G\u00f6l\u00fc bulunmaktad\u0131r. Do\u011fuya do\u011fru gittik\u00e7e da\u011fdaki en b\u00fcy\u00fck g\u00f6l olan Karag\u00f6l G\u00f6l\u00fc ve bu g\u00f6l\u00fcn Aksu K\u00f6y\u00fc\u2019ne do\u011fru inen vadisinde Ba\u011f\u0131rsak G\u00f6l\u00fc bulunmaktad\u0131r.<\/p>\n\n\n\n<p class=\"has-black-color has-text-color has-medium-font-size\">Ba\u011f\u0131rsak G\u00f6l\u00fc\u2019n\u00fcn biraz alt\u0131nda ise E\u011frikaya Obas\u0131 yer al\u0131r. Karag\u00f6l Da\u011flar\u0131\u2019n\u0131n en do\u011fusunda bulunan 3040 metre y\u00fcksekli\u011findeki K\u0131rklar Tepesi\u2019nin kuzey bat\u0131 yamac\u0131nda Caml\u0131 G\u00f6l, do\u011fu yamac\u0131nda Sa\u011frak G\u00f6l bulunur. Sa\u011frak G\u00f6l\u2019\u00fcn alt taraf\u0131ndaki vadide ise Kanl\u0131a\u011f\u0131l, Av\u015far, Yukar\u0131 Belen ve A\u015fa\u011f\u0131 Belen obalar\u0131 yer al\u0131r. Sa\u011frak G\u00f6l\u2019\u00fcn daha do\u011fusunda k\u00fc\u00e7\u00fck bir g\u00f6l olan Kazan G\u00f6l\u00fc yer al\u0131r.<\/p>\n\n\n\n<p class=\"has-black-color has-text-color has-medium-font-size\">Trekking sporuna \u00e7ok elveri\u015fli olan Karag\u00f6l Da\u011flar\u0131\u2019nda yaz aylar\u0131nda rehber e\u015fli\u011finde do\u011fa y\u00fcr\u00fcy\u00fc\u015fleri yap\u0131labilir.<\/p>\n\n\n\n<div class=\"wp-block-columns is-layout-flex wp-container-core-columns-is-layout-9d6595d7 wp-block-columns-is-layout-flex\">\n<div class=\"wp-block-column is-layout-flow wp-block-column-is-layout-flow\"><\/div>\n<\/div>\n\n\n<div class=\"wp-block-image\">\n<figure class=\"aligncenter size-large\"><img decoding=\"async\" src=\"https:\/\/www.kucukgeris.net\/iz\/giresun\/blnck\/blnck06.jpg\" alt=\"Giresun\u2019daki di\u011fer yaylalara nazaran Bekta\u015f Yaylas\u0131 k\u0131rsal iklim \u00f6rt\u00fcs\u00fcyle me\u015fhurdu.\"\/><figcaption class=\"wp-element-caption\"><strong><em>Giresun\u2019daki di\u011fer yaylalara nazaran Bekta\u015f Yaylas\u0131 k\u0131rsal iklim \u00f6rt\u00fcs\u00fcyle me\u015fhurdu.<\/em><\/strong><\/figcaption><\/figure>\n<\/div>\n\n\n<div class=\"wp-block-columns is-layout-flex wp-container-core-columns-is-layout-9d6595d7 wp-block-columns-is-layout-flex\">\n<div class=\"wp-block-column is-layout-flow wp-block-column-is-layout-flow\"><\/div>\n<\/div>\n\n\n\n<h4 class=\"wp-block-heading has-black-color has-text-color\">BEKTA\u015e YAYLASI<\/h4>\n\n\n\n<div class=\"wp-block-columns is-layout-flex wp-container-core-columns-is-layout-9d6595d7 wp-block-columns-is-layout-flex\">\n<div class=\"wp-block-column is-layout-flow wp-block-column-is-layout-flow\"><\/div>\n<\/div>\n\n\n\n<p class=\"has-black-color has-text-color has-medium-font-size\">Giresun merkeze 60 kilometre uzakl\u0131ktad\u0131r. Yolu asfalt olup t\u00fcm y\u0131l ula\u015f\u0131ma a\u00e7\u0131kt\u0131r. Yayla yolu g\u00fczerg\u00e2h\u0131nda \u00e7ok say\u0131da oba mevcuttur. Di\u011fer yaylalara nazaran Bekta\u015f Yaylas\u0131 k\u0131rsal iklim \u00f6rt\u00fcs\u00fcyle me\u015fhurdu.<\/p>\n\n\n\n<p class=\"has-black-color has-text-color has-medium-font-size\">\u0130l Merkezi, Evrenk\u00f6y, Erimez, Yavuzkemal g\u00fczerg\u00e2h\u0131ndan uzakl\u0131\u011f\u0131 56 kilometredir. Kayak yapmaya elveri\u015fli 2300 metre y\u00fcksekli\u011findeki Y\u00f6r\u00fccek Tepesi eteklerinde \u00e7\u0131plak bir alan \u00fczerine kurulmu\u015ftur. Yayla 48-50 k\u00f6y\u00fcn merkezi konumundad\u0131r.<\/p>\n\n\n\n<p class=\"has-black-color has-text-color has-medium-font-size\">Bekta\u015f turizm merkezi, \u00e7evresindeki Kulakkaya Yaylas\u0131, Melikli Obas\u0131 Yaylas\u0131, Kurttepe Mevkii ve Al\u00e7akbel Orman \u0130\u00e7i Piknik Alan\u0131 ile birlikte bir b\u00fct\u00fcn te\u015fkil eder. Bekta\u015f Yaylas\u0131\u2019na yukar\u0131da belirtilen g\u00fczerg\u00e2htan ba\u015fka \u00fc\u00e7 de\u011fi\u015fik \u015fekilde daha ula\u015fmak m\u00fcmk\u00fcnd\u00fcr.<\/p>\n\n\n\n<div class=\"wp-block-columns is-layout-flex wp-container-core-columns-is-layout-9d6595d7 wp-block-columns-is-layout-flex\">\n<div class=\"wp-block-column is-layout-flow wp-block-column-is-layout-flow\"><\/div>\n<\/div>\n\n\n<div class=\"wp-block-image\">\n<figure class=\"aligncenter size-large\"><img decoding=\"async\" src=\"https:\/\/www.kucukgeris.net\/iz\/giresun\/blnck\/blnck07.jpg\" alt=\"Pa\u015fakona\u011f\u0131 Yaylas\u0131 sar\u0131, mor ve beyaz a\u00e7elyalar\u0131 (orman g\u00fclleri), derin vadileri ve bu vadilerdeki \u015felaleleri ile \u00fcnl\u00fcd\u00fcr.\"\/><figcaption class=\"wp-element-caption\"><strong><em>Pa\u015fakona\u011f\u0131 Yaylas\u0131 sar\u0131, mor ve beyaz a\u00e7elyalar\u0131 (orman g\u00fclleri), derin vadileri ve bu vadilerdeki \u015felaleleri ile \u00fcnl\u00fcd\u00fcr.<\/em><\/strong><\/figcaption><\/figure>\n<\/div>\n\n\n<div class=\"wp-block-columns is-layout-flex wp-container-core-columns-is-layout-9d6595d7 wp-block-columns-is-layout-flex\">\n<div class=\"wp-block-column is-layout-flow wp-block-column-is-layout-flow\"><\/div>\n<\/div>\n\n\n\n<h4 class=\"wp-block-heading has-black-color has-text-color\">PA\u015eAKONA\u011eI YAYLASI<\/h4>\n\n\n\n<div class=\"wp-block-columns is-layout-flex wp-container-core-columns-is-layout-9d6595d7 wp-block-columns-is-layout-flex\">\n<div class=\"wp-block-column is-layout-flow wp-block-column-is-layout-flow\"><\/div>\n<\/div>\n\n\n\n<p class=\"has-black-color has-text-color has-medium-font-size\">Bulancak ye\u015fil alanlar\u0131ndan birini g\u00f6zler \u00f6n\u00fcne seren Pa\u015fakona\u011f\u0131 Yaylas\u0131, Bulancak il\u00e7e s\u0131n\u0131rlar\u0131 i\u00e7erisindeki Kovanl\u0131k beldesinde yer almaktad\u0131r. Denizden 1.450 metre y\u00fcksekliktedir.<\/p>\n\n\n\n<p class=\"has-black-color has-text-color has-medium-font-size\">Yayla, hem temiz havas\u0131yla dinlendirecek hem de sahip oldu\u011fu g\u00fczelliklerle foto\u011fraf makinelerine yans\u0131yacak noktalardan biridir ayn\u0131 zamanda. Pa\u015fakona\u011f\u0131 Yaylas\u0131\u2019n\u0131n turistler taraf\u0131ndan s\u00fcrekli ziyaret edilmesinin en \u00f6nemli sebepleri aras\u0131nda mor, beyaz ve sar\u0131 a\u00e7alyalar ile i\u00e7erisinde yer alan vadilerdeki \u015felalelere sahip olmas\u0131d\u0131r.<\/p>\n\n\n\n<p class=\"has-black-color has-text-color has-medium-font-size\">Pa\u015fakona\u011f\u0131 Yaylas\u0131, her k\u00f6\u015fesinde farkl\u0131 bir g\u00fczelli\u011fe \u015fahit olman\u0131z\u0131 sa\u011flayaca\u011f\u0131 i\u00e7in \u015fehirde yapaca\u011f\u0131n\u0131z en g\u00fczel gezilerden biri olacak. Yaylaya 5 kilometrelik bir mesafede konaklanabilinecek bir tesis bulunuyor. \u0130stenilirse \u00e7ad\u0131r kurarak kamp da yap\u0131labilinir.<\/p>\n\n\n\n<p class=\"has-black-color has-text-color has-medium-font-size\">Yaylaya Bulancak il\u00e7esi Kovanl\u0131k beldesinden ula\u015f\u0131lmaktad\u0131r. Pa\u015fakona\u011f\u0131 Yaylas\u0131 sar\u0131, mor ve beyaz a\u00e7elyalar\u0131 (orman g\u00fclleri), derin vadileri ve bu vadilerdeki \u015felaleleri ile \u00fcnl\u00fcd\u00fcr. Yaylada konaklamak i\u00e7in otel bulunmaktad\u0131r. Yaylada gezilip g\u00f6r\u00fclebilecek do\u011fal g\u00fczellikler Karasay \u015eelalesi, Ge\u00e7ilmez Vadisi, \u00c7i\u011fseli G\u00f6l\u00fc ve K\u0131z\u0131lot \u00c7ay\u0131r\u0131\u2019d\u0131r.<\/p>\n\n\n\n<p class=\"has-black-color has-text-color has-medium-font-size\">Yaylaya Bulancak Merkezden Pazarsuyu-Kovanl\u0131k Yolu \u00fczerinden ula\u015f\u0131labilir, merkeze uzakl\u0131\u011f\u0131 ortalama 45 dakikad\u0131r.<\/p>\n\n\n\n<div class=\"wp-block-columns is-layout-flex wp-container-core-columns-is-layout-9d6595d7 wp-block-columns-is-layout-flex\">\n<div class=\"wp-block-column is-layout-flow wp-block-column-is-layout-flow\"><\/div>\n<\/div>\n\n\n<div class=\"wp-block-image\">\n<figure class=\"aligncenter size-large\"><img decoding=\"async\" src=\"https:\/\/www.kucukgeris.net\/iz\/giresun\/blnck\/blnck08.jpg\" alt=\"Bulancak \u015fehir merkezine 2 kilometre uzakl\u0131kta bulunan Ac\u0131su Kaya Kilisesi, Erdo\u011fan K\u00f6y\u00fc\u2019ne giden yol \u00fczerindedir.\"\/><figcaption class=\"wp-element-caption\"><strong><em>Bulancak \u015fehir merkezine 2 kilometre uzakl\u0131kta bulunan Ac\u0131su Kaya Kilisesi, Erdo\u011fan K\u00f6y\u00fc\u2019ne giden yol \u00fczerindedir.<\/em><\/strong><\/figcaption><\/figure>\n<\/div>\n\n\n<div class=\"wp-block-columns is-layout-flex wp-container-core-columns-is-layout-9d6595d7 wp-block-columns-is-layout-flex\">\n<div class=\"wp-block-column is-layout-flow wp-block-column-is-layout-flow\"><\/div>\n<\/div>\n\n\n\n<h4 class=\"wp-block-heading has-black-color has-text-color\">K\u00dcLT\u00dcR<\/h4>\n\n\n\n<div class=\"wp-block-columns is-layout-flex wp-container-core-columns-is-layout-9d6595d7 wp-block-columns-is-layout-flex\">\n<div class=\"wp-block-column is-layout-flow wp-block-column-is-layout-flow\"><\/div>\n<\/div>\n\n\n\n<p class=\"has-black-color has-text-color has-medium-font-size\">K\u00fclt\u00fcr bak\u0131m\u0131ndan T\u00fcrkiye\u2019nin en geli\u015fmi\u015f il\u00e7elerindendir. Bir\u00e7ok il merkezinde dahi tiyatro bulunmazken Bulancak il\u00e7esinde Bulancak Sanat Tiyatrosu isimli tiyatro bulunmaktad\u0131r. \u0130l\u00e7e halk\u0131n\u0131n k\u00fclt\u00fcrel etkinliklere kat\u0131l\u0131m\u0131 y\u00fcksektir. \u0130l\u00e7ede 3 adet g\u00fcnl\u00fck gazete yay\u0131nlanmaktad\u0131r.<\/p>\n\n\n\n<p class=\"has-black-color has-text-color has-medium-font-size\">H\u0131drellez \u015fenlikleri ve May\u0131s 7\u2019si \u015fenlikleri kutlanmaktad\u0131r. Bulancak K\u00fclt\u00fcr ve Sanat \u015eenli\u011fi, 22-27 Temmuz tarihleri aras\u0131nda Bulancak Erikli K\u00f6y\u00fc\u2019nde yap\u0131lmaktad\u0131r.<\/p>\n\n\n\n<p class=\"has-black-color has-text-color has-medium-font-size\">1965 n\u00fcfus say\u0131m\u0131nda 3 k\u00f6yde Rumca konu\u015fuldu\u011fu belirtilmi\u015fti.<\/p>\n\n\n\n<div class=\"wp-block-columns is-layout-flex wp-container-core-columns-is-layout-9d6595d7 wp-block-columns-is-layout-flex\">\n<div class=\"wp-block-column is-layout-flow wp-block-column-is-layout-flow\"><\/div>\n<\/div>\n\n\n<div class=\"wp-block-image\">\n<figure class=\"aligncenter size-large\"><img decoding=\"async\" src=\"https:\/\/www.kucukgeris.net\/iz\/giresun\/blnck\/blnck09.jpg\" alt=\"Bulancak\u2019taki kaya kilisesi, ma\u011faran\u0131n yak\u0131n\u0131nda \u00e7\u0131kan sodal\u0131 sudan dolay\u0131 Ac\u0131su Kaya Kilisesi ismini alm\u0131\u015ft\u0131r.\"\/><figcaption class=\"wp-element-caption\"><strong><em>Bulancak\u2019taki kaya kilisesi, ma\u011faran\u0131n yak\u0131n\u0131nda \u00e7\u0131kan sodal\u0131 sudan dolay\u0131 Ac\u0131su Kaya Kilisesi ismini alm\u0131\u015ft\u0131r.<\/em><\/strong><\/figcaption><\/figure>\n<\/div>\n\n\n<div class=\"wp-block-columns is-layout-flex wp-container-core-columns-is-layout-9d6595d7 wp-block-columns-is-layout-flex\">\n<div class=\"wp-block-column is-layout-flow wp-block-column-is-layout-flow\"><\/div>\n<\/div>\n\n\n\n<h4 class=\"wp-block-heading has-black-color has-text-color\">BULANCAK ACISU KAYA K\u0130L\u0130SES\u0130<\/h4>\n\n\n\n<div class=\"wp-block-columns is-layout-flex wp-container-core-columns-is-layout-9d6595d7 wp-block-columns-is-layout-flex\">\n<div class=\"wp-block-column is-layout-flow wp-block-column-is-layout-flow\"><\/div>\n<\/div>\n\n\n\n<p class=\"has-black-color has-text-color has-medium-font-size\">Ac\u0131su Kaya Kilisesi, Giresun\u2019un Bulancak il\u00e7esinin g\u00fcneyinde, \u015fehir merkezine 2 kilometre uzakl\u0131kta bulunmaktad\u0131r. Kilise, Bulancak il\u00e7e merkezinden Erdo\u011fan K\u00f6y\u00fc\u2019ne giden yolun ve \u0130nc\u00fcvez Deresi\u2019nin bat\u0131s\u0131nda bir f\u0131nd\u0131k bah\u00e7esi i\u00e7erisinde yer almaktad\u0131r.<\/p>\n\n\n\n<p class=\"has-black-color has-text-color has-medium-font-size\">Hakk\u0131nda fazla bir bilimsel \u00e7al\u0131\u015fma yap\u0131lmayan Bulancak\u2019taki kaya kilisesi, ma\u011faran\u0131n yak\u0131n\u0131nda \u00e7\u0131kan sodal\u0131 sudan dolay\u0131 Ac\u0131su Kaya Kilisesi ismini alm\u0131\u015ft\u0131r. Kilise, halk aras\u0131nda \u201cAt Ma\u011faras\u0131\u201d ve \u201cAc\u0131su Ma\u011faras\u0131\u201d olarak da bilinmektedir. \u00dczerinde ve civar\u0131nda herhangi bir yaz\u0131t\u0131 bulunmayan kilise, bulundu\u011fu f\u0131nd\u0131k bah\u00e7esinin bat\u0131s\u0131nda yer alan kayal\u0131k alan oyularak iki katl\u0131 olarak in\u015fa edilmi\u015ftir. Kilisenin giri\u015f kat\u0131 her bir b\u00f6l\u00fcmde apsisi bulunan apel g\u00f6r\u00fcn\u00fcml\u00fc \u00fc\u00e7 k\u0131s\u0131mdan kayalar oyularak olu\u015fturulmu\u015fken, \u00fcst kat dikd\u00f6rtgen bir mek\u00e2n ve biti\u015fi\u011finde k\u00fc\u00e7\u00fck bir inziva odas\u0131ndan olu\u015fmaktad\u0131r. Yukar\u0131daki bu k\u0131s\u0131ma i\u00e7eriden veya d\u0131\u015far\u0131dan ula\u015fan herhangi bir merdiven veya izine rastlanmam\u0131\u015ft\u0131r.<\/p>\n\n\n\n<p class=\"has-black-color has-text-color has-medium-font-size\"><strong><em>(Ara\u015ft\u0131rma : Hasan Buyruk)<\/em><\/strong><\/p>\n\n\n\n<div class=\"wp-block-columns is-layout-flex wp-container-core-columns-is-layout-9d6595d7 wp-block-columns-is-layout-flex\">\n<div class=\"wp-block-column is-layout-flow wp-block-column-is-layout-flow\"><\/div>\n<\/div>\n\n\n<div class=\"wp-block-image\">\n<figure class=\"aligncenter size-large\"><img decoding=\"async\" src=\"https:\/\/www.kucukgeris.net\/iz\/giresun\/blnck\/blnck10.jpg\" alt=\"Dikmen Evi, b\u00f6lgenin tarihi ve k\u00fclt\u00fcrel yap\u0131sal de\u011ferleriyle donat\u0131lm\u0131\u015f gezilmesi gereken yerler aras\u0131ndad\u0131r.\"\/><figcaption class=\"wp-element-caption\"><strong><em>Dikmen Evi, b\u00f6lgenin tarihi ve k\u00fclt\u00fcrel yap\u0131sal de\u011ferleriyle donat\u0131lm\u0131\u015f gezilmesi gereken yerler aras\u0131ndad\u0131r.<\/em><\/strong><\/figcaption><\/figure>\n<\/div>\n\n\n<div class=\"wp-block-columns is-layout-flex wp-container-core-columns-is-layout-9d6595d7 wp-block-columns-is-layout-flex\">\n<div class=\"wp-block-column is-layout-flow wp-block-column-is-layout-flow\"><\/div>\n<\/div>\n\n\n\n<h4 class=\"wp-block-heading has-black-color has-text-color\">D\u0130KMEN EV\u0130<\/h4>\n\n\n\n<div class=\"wp-block-columns is-layout-flex wp-container-core-columns-is-layout-9d6595d7 wp-block-columns-is-layout-flex\">\n<div class=\"wp-block-column is-layout-flow wp-block-column-is-layout-flow\"><\/div>\n<\/div>\n\n\n\n<p class=\"has-black-color has-text-color has-medium-font-size\">Burunucu K\u00f6y\u00fc\u2019nde bulunan Dikmen Evi, Bulancak ba\u015fta olmak \u00fczere b\u00f6lgenin tarih\u00ee ve k\u00fclt\u00fcrel yap\u0131sal de\u011ferleriyle donat\u0131lm\u0131\u015f e\u015fsiz bir ortamd\u0131r. Bat\u0131da Bulancak manzaras\u0131, do\u011fuda Giresun manzaras\u0131 olan, denizi do\u011frudan g\u00f6ren h\u00e2kim bir tepede olan Dikmen Evi, restoran olarak i\u015fletilmektedir.<\/p>\n\n\n\n<p class=\"has-black-color has-text-color has-medium-font-size\">09:00-22:00 saatleri aras\u0131nda a\u00e7\u0131k olan Dikmen Evi, gidenleri do\u011fa ile ba\u015f ba\u015fa, \u015fehirden uzak sessiz ve sakin bir ortam olu\u015fturmaktad\u0131r.<\/p>\n\n\n\n<div class=\"wp-block-columns is-layout-flex wp-container-core-columns-is-layout-9d6595d7 wp-block-columns-is-layout-flex\">\n<div class=\"wp-block-column is-layout-flow wp-block-column-is-layout-flow\"><\/div>\n<\/div>\n\n\n<div class=\"wp-block-image\">\n<figure class=\"aligncenter size-large\"><img decoding=\"async\" src=\"https:\/\/www.kucukgeris.net\/iz\/giresun\/blnck\/blnck11.jpg\" alt=\"Sahil yolu \u00fczerindeki Sarayburnu Camii, Giresun-Ordu karayolununun 16. kilometresinde yer almaktad\u0131r.\"\/><figcaption class=\"wp-element-caption\"><strong><em>Sahil yolu \u00fczerindeki Sarayburnu Camii, Giresun-Ordu karayolununun 16. kilometresinde yer almaktad\u0131r.<\/em><\/strong><\/figcaption><\/figure>\n<\/div>\n\n\n<div class=\"wp-block-columns is-layout-flex wp-container-core-columns-is-layout-9d6595d7 wp-block-columns-is-layout-flex\">\n<div class=\"wp-block-column is-layout-flow wp-block-column-is-layout-flow\"><\/div>\n<\/div>\n\n\n\n<h4 class=\"wp-block-heading has-black-color has-text-color\">SARAYBURNU CAM\u0130\u0130<\/h4>\n\n\n\n<div class=\"wp-block-columns is-layout-flex wp-container-core-columns-is-layout-9d6595d7 wp-block-columns-is-layout-flex\">\n<div class=\"wp-block-column is-layout-flow wp-block-column-is-layout-flow\"><\/div>\n<\/div>\n\n\n\n<p class=\"has-black-color has-text-color has-medium-font-size\">Kanuni Sultan S\u00fcleyman, \u00f6len o\u011flu ad\u0131na ba\u015fmimar \u201cMimar Sinan\u2019a\u201d \u201c\u015eehzadeba\u015f\u0131\u201d ad\u0131yla bir cami yapt\u0131rm\u0131\u015f. Osmanl\u0131\u2019n\u0131n ihti\u015faml\u0131 c\u00e2milerinden olan bu esere Mimar Sinan, \u201c\u00c7\u0131rakl\u0131k eserimdir\u201d demi\u015ftir.<\/p>\n\n\n\n<p class=\"has-black-color has-text-color has-medium-font-size\">\u015eu anda \u0130stanbul\u2019da Sara\u00e7hane\u2019de B\u00fcy\u00fck\u015fehir Belediye Saray\u0131\u2019n\u0131n kar\u015f\u0131s\u0131nda bulunan bu eser bir ibadet ve ziyaret yeridir. Bu \u015faheserin benzeri \u015fimdi Karadeniz sahilinin \u015firin il\u00e7esi Bulancak\u2019ta t\u00fcm g\u00fczellik ve cazibesiyle tamamlanarak halk\u0131n hizmetine sunulmu\u015ftur.<\/p>\n\n\n\n<p class=\"has-black-color has-text-color has-medium-font-size\">Caminin yap\u0131lmas\u0131 fikri ve in\u015fas\u0131n\u0131n ba\u015flat\u0131lmas\u0131 Eynesilli Hac\u0131 Mustafa Eren Efendi taraf\u0131ndan ger\u00e7ekle\u015ftirilmi\u015ftir ve onun ihvanlar\u0131 \u00f6nc\u00fcl\u00fc\u011f\u00fcnde yap\u0131m\u0131 tamamlanm\u0131\u015ft\u0131r.<\/p>\n\n\n\n<p class=\"has-black-color has-text-color has-medium-font-size\">1987 y\u0131l\u0131nda ba\u015fta vali olmak \u00fczere \u00e7evre il ve il\u00e7elerden gelen kurumlar\u0131n temsilcileri ve de yo\u011fun halk kat\u0131l\u0131m\u0131 ile temeli at\u0131lm\u0131\u015ft\u0131r. Zemin et\u00fcd\u00fc yap\u0131lmas\u0131n\u0131n ard\u0131ndan ba\u015flan\u0131lan proje kapsam\u0131nda caminin yaln\u0131z temeline 80 ton demir, 5.000 metrek\u00fcp \u00e7ak\u0131l ve kum harcanm\u0131\u015ft\u0131r. Su basman\u0131 seviyesinden sonra, kendi imk\u00e2n ve ekipmanlar\u0131yla \u00e7al\u0131\u015ft\u0131r\u0131lan ta\u015f oca\u011f\u0131ndan \u00e7\u0131kar\u0131lan sar\u0131 renkli ta\u015flarla duvarlar \u00f6r\u00fclmeye ba\u015flanm\u0131\u015f ve minareler, son cemaat yeri ve i\u015flemeleri ile do\u011fu kap\u0131s\u0131 d\u0131\u015f\u0131nda ta\u015f i\u015f\u00e7ili\u011fi hayran b\u0131rakmaktad\u0131r.<\/p>\n\n\n\n<p class=\"has-black-color has-text-color has-medium-font-size\">Ta\u015flar\u0131 kendi ocaklar\u0131ndan bloklar halinde \u00e7\u0131kar\u0131l\u0131p kendi ara\u00e7lar\u0131 ile getirilerek yine kendi mermer tezg\u00e2hlar\u0131nda bi\u00e7ilip elinde i\u015fleyen ustalara verilmi\u015f, onlar da \u00f6l\u00e7\u00fc ve \u015fablonlara uygun ellerindeki aletlerle i\u015fleyip duvar ustas\u0131na sevk etmekteler.<\/p>\n\n\n\n<p class=\"has-black-color has-text-color has-medium-font-size\">D\u0131\u015far\u0131dan g\u00f6r\u00fcnen g\u00f6vde ile i\u00e7 k\u0131s\u0131mda nak\u0131\u015f i\u015fleri, vitray pencereler, avizeler, mermer mihrap, m\u00fcezzinlik ile Divri\u011fi Ulu Cami benzeri Ta\u00e7 Kap\u0131s\u0131 da dikkat \u00e7ekmektedir. Ah\u015fap k\u00fcndekari kap\u0131 kanatlar\u0131, k\u0131ble taraf\u0131na \u015fad\u0131rvan ve \u00e7evre d\u00fczenlemeleri caminin di\u011fer \u00f6zelliklerindendir.<\/p>\n\n\n\n<p class=\"has-black-color has-text-color has-medium-font-size\">Caminin duvar kal\u0131nl\u0131\u011f\u0131 130 santimetre, duvar y\u00fcksekli\u011fi 16 metre, kubbe y\u00fcksekli\u011fi 38 metre, kubbe \u00e7ap\u0131 19.10 metre, minare y\u00fcksekli\u011fi 50 metredir. 2 adet (\u00e7ift) \u015ferefeli caminin toplam alan\u0131 8.000 metrekare, kapal\u0131 alan\u0131 2.268 metrekare, son cemaat mahalli alan\u0131 320 metrekaredir.<\/p>\n\n\n\n<p class=\"has-black-color has-text-color has-medium-font-size\">Bulancak\u2019\u0131n bat\u0131 giri\u015finde, sahilde yer alan cami, Giresun-Ordu karayolununun 16. kilometresinde yer almaktad\u0131r. Ordu-Giresun Havaliman\u0131\u2019na 7 dakika uzakl\u0131ktad\u0131r.<\/p>\n\n\n\n<div class=\"wp-block-columns is-layout-flex wp-container-core-columns-is-layout-9d6595d7 wp-block-columns-is-layout-flex\">\n<div class=\"wp-block-column is-layout-flow wp-block-column-is-layout-flow\"><\/div>\n<\/div>\n\n\n<div class=\"wp-block-image\">\n<figure class=\"aligncenter size-large\"><img decoding=\"async\" src=\"https:\/\/www.kucukgeris.net\/iz\/giresun\/blnck\/blnck12.jpg\" alt=\"\u00dclkemizin en uzun iskelesi olan Bulancak \u0130skelesi, Karadeniz ile insan\u0131 en i\u00e7ten \u015fekilde bulu\u015fturan harika bir ortam olu\u015fturmaktad\u0131r.\"\/><figcaption class=\"wp-element-caption\"><strong><em>\u00dclkemizin en uzun iskelesi olan Bulancak \u0130skelesi, Karadeniz ile insan\u0131 en i\u00e7ten \u015fekilde bulu\u015fturan harika bir ortam olu\u015fturmaktad\u0131r.<\/em><\/strong><\/figcaption><\/figure>\n<\/div>\n\n\n<div class=\"wp-block-columns is-layout-flex wp-container-core-columns-is-layout-9d6595d7 wp-block-columns-is-layout-flex\">\n<div class=\"wp-block-column is-layout-flow wp-block-column-is-layout-flow\"><\/div>\n<\/div>\n\n\n\n<h4 class=\"wp-block-heading has-black-color has-text-color\">BULANCAK SANAT GALER\u0130S\u0130 VE \u0130SKELE<\/h4>\n\n\n\n<div class=\"wp-block-columns is-layout-flex wp-container-core-columns-is-layout-9d6595d7 wp-block-columns-is-layout-flex\">\n<div class=\"wp-block-column is-layout-flow wp-block-column-is-layout-flow\"><\/div>\n<\/div>\n\n\n\n<p class=\"has-black-color has-text-color has-medium-font-size\">Bulancak Sanat Galerisi ve \u0130skelesi, Bulancak\u2019\u0131n merkezinde bulunmaktad\u0131r. \u00dclkemizin en uzun iskelesi olan Bulancak \u0130skelesi, Karadeniz ile insan\u0131 en i\u00e7ten \u015fekilde bulu\u015fturan harika bir ortam olu\u015fturmaktad\u0131r. Denizin dalga sesi ile birlikte g\u00fcne\u015fin do\u011fu\u015funun ve bat\u0131\u015f\u0131n\u0131n izlenebile\u011fi nadide bir ortamdad\u0131r.<\/p>\n\n\n\n<div class=\"wp-block-columns is-layout-flex wp-container-core-columns-is-layout-9d6595d7 wp-block-columns-is-layout-flex\">\n<div class=\"wp-block-column is-layout-flow wp-block-column-is-layout-flow\"><\/div>\n<\/div>\n\n\n<div class=\"wp-block-image\">\n<figure class=\"aligncenter size-large\"><img decoding=\"async\" src=\"https:\/\/www.kucukgeris.net\/iz\/giresun\/blnck\/blnck13.jpg\" alt=\"K\u00fclt\u00fcrel ve geleneksel izlerle yap\u0131lan Alt Ge\u00e7it Sanat Galerisi\u2019ndeki \u00fc\u00e7 boyutlu resimler ve resimlerdeki derinlik izlenilmeye de\u011fer.\"\/><figcaption class=\"wp-element-caption\"><strong><em>K\u00fclt\u00fcrel ve geleneksel izlerle yap\u0131lan Alt Ge\u00e7it Sanat Galerisi\u2019ndeki \u00fc\u00e7 boyutlu resimler ve resimlerdeki derinlik izlenilmeye de\u011fer.<\/em><\/strong><\/figcaption><\/figure>\n<\/div>\n\n\n<div class=\"wp-block-columns is-layout-flex wp-container-core-columns-is-layout-9d6595d7 wp-block-columns-is-layout-flex\">\n<div class=\"wp-block-column is-layout-flow wp-block-column-is-layout-flow\"><\/div>\n<\/div>\n\n\n\n<p class=\"has-black-color has-text-color has-medium-font-size\">\u0130skeleye giden yolda belediye taraf\u0131ndan 2016 y\u0131l\u0131 i\u00e7erisinde k\u00fclt\u00fcrel ve geleneksel izlerle yap\u0131lan Alt Ge\u00e7it Sanat Galerisi\u2019ndeki \u00fc\u00e7 boyutlu resimler ve resimlerdeki derinlik izlenilmeye de\u011fer. Y\u0131l i\u00e7erisinde a\u00e7\u0131lan \u00e7e\u015fitli foto\u011fraf ve resim sergileri ile sanat\u0131n f\u0131r\u00e7a izleri ziyaret\u00e7ilerini beklemektedir. Sanat galerisinde deniz istikametine ilerledikten sonra yol sizi Bulancak \u0130skelesine yani Karadeniz\u2019e g\u00f6t\u00fcrecektir.<\/p>\n\n\n\n<div class=\"wp-block-columns is-layout-flex wp-container-core-columns-is-layout-9d6595d7 wp-block-columns-is-layout-flex\">\n<div class=\"wp-block-column is-layout-flow wp-block-column-is-layout-flow\"><\/div>\n<\/div>\n\n\n\n<h4 class=\"wp-block-heading has-black-color has-text-color\">Y\u00d6RESEL YEMEKLER<\/h4>\n\n\n\n<div class=\"wp-block-columns is-layout-flex wp-container-core-columns-is-layout-9d6595d7 wp-block-columns-is-layout-flex\">\n<div class=\"wp-block-column is-layout-flow wp-block-column-is-layout-flow\"><\/div>\n<\/div>\n\n\n\n<p class=\"has-black-color has-text-color has-medium-font-size\"><strong>\u00c7orbalar:<\/strong> Pancar \u00e7orbas\u0131, mendek \u00e7orbas\u0131, \u00e7al\u0131\u00e7ile\u011fi \u00e7orbas\u0131, ho\u015fran \u00e7orbas\u0131, pancar yeme\u011f (d\u00f6\u015feme), \u0131s\u0131rgan \u00e7orbas\u0131.<\/p>\n\n\n\n<p class=\"has-black-color has-text-color has-medium-font-size\"><strong>Dibleler:<\/strong> Pancar diblesi, fasulye diblesi, kar\u0131\u015f\u0131k dible.<\/p>\n\n\n\n<p class=\"has-black-color has-text-color has-medium-font-size\"><strong>Kavurmalar:<\/strong> Fasulye kavurmas\u0131, merevcen kavurmas\u0131, kiraz tuzlamas\u0131 kavurmas\u0131, mantar kavurmas\u0131, ye\u015fil domates tuzlusu kavurmas\u0131.<\/p>\n\n\n\n<p class=\"has-black-color has-text-color has-medium-font-size\"><strong>M\u0131hlamalar:<\/strong> Pezik (paz\u0131) m\u0131hlamas\u0131, galdirik m\u0131hlamas\u0131, merulcan m\u0131hlamas\u0131.<\/p>\n\n\n\n<p class=\"has-black-color has-text-color has-medium-font-size\"><strong>K\u0131zartmalar:<\/strong> Fasulye k\u0131zartmas\u0131, sakarca k\u0131zartmas\u0131, galdirik k\u0131zartmas\u0131.<\/p>\n\n\n\n<p class=\"has-black-color has-text-color has-medium-font-size\"><strong>Tuzlu ve tur\u015fular:<\/strong> Fasulye tur\u015fusu, galdirik tur\u015fusu, mantar tuzlusu, kiraz tuzlusu, taflan tuzlusu.<\/p>\n\n\n\n<p class=\"has-black-color has-text-color has-medium-font-size\"><strong>Di\u011ferleri:<\/strong> M\u0131s\u0131r ekme\u011fi, f\u0131r\u0131nda kurutulmu\u015f m\u0131s\u0131rdan ya\u011fla\u015f, hamsi bu\u011flamas\u0131, hamsi b\u00f6re\u011fi, \u0131s\u0131rgan ya\u011fla\u015f\u0131, sub\u00f6re\u011fi, baklava, un helvas\u0131, pancar sarmas\u0131, f\u0131r\u0131n kurusu yeme\u011fi (f\u0131r\u0131nda kurutulan taze fasulye).<\/p>\n<\/div>\n\n\n\n<div class=\"wp-block-column is-layout-flow wp-block-column-is-layout-flow\" style=\"flex-basis:10%\"><\/div>\n<\/div>\n","protected":false},"excerpt":{"rendered":"<p>Bulancak (Lazca: Bulam\u00e7\u030cx\u01ef, Romeika: Terastios), Giresun ilinin \u015fehir merkezinden sonraki en kalabal\u0131k ve en geli\u015fmi\u015f il\u00e7esidir. Giresun (eskiden \u201cVilayet-i \u00c7epni\u201d) ilinin ekonomi bak\u0131m\u0131ndan da en b\u00fcy\u00fck il\u00e7esidir . Eski ad\u0131 Terastios olan Bulancak, Karadeniz k\u0131y\u0131s\u0131nda yer al\u0131r. Bulancak il\u00e7esinin y\u00fcz \u00f6l\u00e7\u00fcm\u00fc 608 kilometrekaredir. Sahil \u015feridinde kurulu olan il\u00e7enin s\u0131n\u0131rlar\u0131; Giresun \u015fehir merkezi, Dereli il\u00e7esi, Ordu<\/p>\n","protected":false},"author":1,"featured_media":0,"parent":0,"menu_order":0,"comment_status":"closed","ping_status":"closed","template":"page-fullwidth.php","meta":{"footnotes":""},"class_list":["post-345","page","type-page","status-publish","hentry"],"_links":{"self":[{"href":"https:\/\/www.kucukgeris.net\/index.php?rest_route=\/wp\/v2\/pages\/345","targetHints":{"allow":["GET"]}}],"collection":[{"href":"https:\/\/www.kucukgeris.net\/index.php?rest_route=\/wp\/v2\/pages"}],"about":[{"href":"https:\/\/www.kucukgeris.net\/index.php?rest_route=\/wp\/v2\/types\/page"}],"author":[{"embeddable":true,"href":"https:\/\/www.kucukgeris.net\/index.php?rest_route=\/wp\/v2\/users\/1"}],"replies":[{"embeddable":true,"href":"https:\/\/www.kucukgeris.net\/index.php?rest_route=%2Fwp%2Fv2%2Fcomments&post=345"}],"version-history":[{"count":0,"href":"https:\/\/www.kucukgeris.net\/index.php?rest_route=\/wp\/v2\/pages\/345\/revisions"}],"wp:attachment":[{"href":"https:\/\/www.kucukgeris.net\/index.php?rest_route=%2Fwp%2Fv2%2Fmedia&parent=345"}],"curies":[{"name":"wp","href":"https:\/\/api.w.org\/{rel}","templated":true}]}}