{"id":359,"date":"2023-03-30T02:24:12","date_gmt":"2023-03-29T23:24:12","guid":{"rendered":"https:\/\/www.kucukgeris.net\/?page_id=359"},"modified":"2023-03-30T03:16:16","modified_gmt":"2023-03-30T00:16:16","slug":"dogankent","status":"publish","type":"page","link":"https:\/\/www.kucukgeris.net\/?page_id=359","title":{"rendered":"Do\u011fankent"},"content":{"rendered":"\n<div class=\"wp-block-columns is-layout-flex wp-container-core-columns-is-layout-9d6595d7 wp-block-columns-is-layout-flex\">\n<div class=\"wp-block-column is-layout-flow wp-block-column-is-layout-flow\" style=\"flex-basis:10%\"><\/div>\n\n\n\n<div class=\"wp-block-column is-layout-flow wp-block-column-is-layout-flow\" style=\"flex-basis:80%\"><div class=\"wp-block-image\">\n<figure class=\"aligncenter size-large\"><img decoding=\"async\" src=\"https:\/\/www.kucukgeris.net\/iz\/giresun\/dgnknt\/dgnknt01.jpg\" alt=\"Do\u011fankent daha \u00f6nce Tirebolu il\u00e7e s\u0131n\u0131rlar\u0131 i\u00e7erisinde nahiye iken, 1990 y\u0131l\u0131nda \u00e7\u0131kar\u0131lan kanunla il\u00e7e stat\u00fcs\u00fcne kavu\u015fmu\u015ftur.\"\/><figcaption class=\"wp-element-caption\"><strong><em>Do\u011fankent daha \u00f6nce Tirebolu il\u00e7e s\u0131n\u0131rlar\u0131 i\u00e7erisinde nahiye iken, 1990 y\u0131l\u0131nda \u00e7\u0131kar\u0131lan kanunla il\u00e7e stat\u00fcs\u00fcne kavu\u015fmu\u015ftur.<\/em><\/strong><\/figcaption><\/figure>\n<\/div>\n\n\n<div class=\"wp-block-columns is-layout-flex wp-container-core-columns-is-layout-9d6595d7 wp-block-columns-is-layout-flex\">\n<div class=\"wp-block-column is-layout-flow wp-block-column-is-layout-flow\"><\/div>\n<\/div>\n\n\n\n<p class=\"has-black-color has-text-color has-medium-font-size\">Do\u011fankent, Karadeniz sahilinde yer alan Tirebolu\u2019dan 31 kilometre i\u00e7eride Giresun ilinin bir il\u00e7esidir. Giresun, Do\u011fankent aras\u0131 77 kilometredir ve bu mesafe yakla\u015f\u0131k 1 saat 5 dakika s\u00fcrmektir.<\/p>\n\n\n\n<p class=\"has-black-color has-text-color has-medium-font-size\">\u0130l\u00e7enin bilinen en eski ismi K\u00fcrt\u00fcn-i Zir, Manast\u0131rb\u00fck\u00fc ve Har\u015fit idi. Do\u011fankent ismi, y\u00f6rede ya\u015fayan T\u00fcrkmenlerin eskiden yo\u011fun olarak do\u011fan besleme al\u0131\u015fkanl\u0131\u011f\u0131ndan dolay\u0131 verilmi\u015ftir.<\/p>\n\n\n\n<p class=\"has-black-color has-text-color has-medium-font-size\">Do\u011fankent il\u00e7esinin kurulu\u015fu hakk\u0131nda \u00e7ok bir bilgi yoktur. Sadece K\u00fcrt\u00fcn-i Zir oldu\u011fu zaman\u0131ndan sonras\u0131 bilinmektedir. Do\u011fankent il\u00e7esinin ahalisi \u00c7epni boyundand\u0131r. \u00c7epniler, Anadolu\u2019ya yerle\u015fmeye ba\u015flad\u0131klar\u0131 s\u0131ralarda bu vadiden ge\u00e7ti\u011fi bilinmektedir. Bu vadiden ge\u00e7en \u00c7epniler \u00f6nceleri yaylalarda (G\u00fcvende, Masur, \u00c7atak\u00e7ay\u0131r, Halilbe\u011f, Pinti yaylalar\u0131), daha sonra al\u00e7aklara Har\u015fit vadisi b\u00f6l\u00fcmlerine yerle\u015fmi\u015flerdir. Genellikler Tirebolu, G\u00f6rele, Espiye taraflar\u0131na do\u011fru yerle\u015fim mevcuttur. T\u00fcrklerde ilk yerle\u015fimler \u00c7epni boyu ile olmu\u015ftur. Orta Asya\u2019dan g\u00f6\u00e7 eden \u00c7epniler bu vadiye ve Giresun sahiline yerle\u015fmi\u015ftir. T\u00fcrklerin isk\u00e2n politikas\u0131 ve g\u00f6\u00e7 hayat\u0131 ya\u015famalar\u0131 buralar\u0131n T\u00fcrkle\u015fmesinde etkili olmu\u015ftur. 1\u2019inci D\u00fcnya sava\u015f\u0131na kadar T\u00fcrkler, Ermeniler ve Ruslar birlikte ya\u015fam\u0131\u015flar ve sava\u015f ile bu de\u011fi\u015fik milletler birbirleriyle sava\u015fm\u0131\u015flard\u0131r.<\/p>\n\n\n\n<p class=\"has-black-color has-text-color has-medium-font-size\">1952 y\u0131l\u0131na kadar G\u00fcm\u00fc\u015fhane\u2019ye ba\u011fl\u0131 olan Do\u011fankent\u2019in bu ba\u011fl\u0131l\u0131\u011f\u0131na son verilerek Giresun\u2019a ba\u011flanm\u0131\u015f, 1961 y\u0131l\u0131nda da Har\u015fit olan ad\u0131n\u0131 b\u0131rakarak Do\u011fankent ad\u0131n\u0131 alm\u0131\u015ft\u0131r. Do\u011fankent daha \u00f6nce Tirebolu il\u00e7e s\u0131n\u0131rlar\u0131 i\u00e7erisinde nahiye iken, 20 May\u0131s 1990 tarih ve 3644 Say\u0131l\u0131 Kanun\u2019la il\u00e7e stat\u00fcs\u00fcne kavu\u015fmu\u015ftur.<\/p>\n\n\n\n<div class=\"wp-block-columns is-layout-flex wp-container-core-columns-is-layout-9d6595d7 wp-block-columns-is-layout-flex\">\n<div class=\"wp-block-column is-layout-flow wp-block-column-is-layout-flow\"><\/div>\n<\/div>\n\n\n<div class=\"wp-block-image\">\n<figure class=\"aligncenter size-large\"><img decoding=\"async\" src=\"https:\/\/www.kucukgeris.net\/iz\/giresun\/dgnknt\/dgnknt02.jpg\" alt=\"Y\u00f6rede ya\u015fayan T\u00fcrkmenlerin eskiden yo\u011fun olarak do\u011fan besleme al\u0131\u015fkanl\u0131\u011f\u0131ndan dolay\u0131 ismini alan Do\u011fankent\u2019in bilinen en eski ismi K\u00fcrt\u00fcn-i Zir, Manast\u0131rb\u00fck\u00fc ve Har\u015fit idi.\"\/><figcaption class=\"wp-element-caption\"><strong><em>Y\u00f6rede ya\u015fayan T\u00fcrkmenlerin eskiden yo\u011fun olarak do\u011fan besleme al\u0131\u015fkanl\u0131\u011f\u0131ndan dolay\u0131 ismini alan Do\u011fankent\u2019in bilinen en eski ismi K\u00fcrt\u00fcn-i Zir, Manast\u0131rb\u00fck\u00fc ve Har\u015fit idi.<\/em><\/strong><\/figcaption><\/figure>\n<\/div>\n\n\n<div class=\"wp-block-columns is-layout-flex wp-container-core-columns-is-layout-9d6595d7 wp-block-columns-is-layout-flex\">\n<div class=\"wp-block-column is-layout-flow wp-block-column-is-layout-flow\"><\/div>\n<\/div>\n\n\n\n<p class=\"has-black-color has-text-color has-medium-font-size\">5 mahalle ve 9 ba\u011fl\u0131 k\u00f6y\u00fc bulunan Do\u011fankent\u2019in 2022 y\u0131l\u0131 Adrese Dayal\u0131 N\u00fcfus Kay\u0131t Sistemi verilerine g\u00f6re toplam n\u00fcfusu 6.715\u2019tir. Bunun 3.474\u2019\u00fcn\u00fc erkek n\u00fcfusu, 3.241\u2019ini kad\u0131n n\u00fcfusu olu\u015fturmaktad\u0131r. \u0130l\u00e7e merkez n\u00fcfusu 4.545\u2019tir, bu n\u00fcfusun 2.381\u2019i erkek, 2.164\u2019\u00fc kad\u0131n n\u00fcfustur. Toplam k\u00f6y n\u00fcfusu ise 2.170\u2019t\u00fcr. K\u00f6y erkek n\u00fcfusu 1.093, k\u00f6y kad\u0131n n\u00fcfusu ise 1.077\u2019dir.<\/p>\n\n\n\n<p class=\"has-black-color has-text-color has-medium-font-size\"><strong>Do\u011fankent\u2019in Mahalleleri:<\/strong> Merkez Mahallesi, Sadakl\u0131 Mahallesi, S\u00fctta\u015f\u0131 Mahallesi, Yenimahalle, Ye\u015filtepe Mahallesi.<\/p>\n\n\n\n<p class=\"has-black-color has-text-color has-medium-font-size\"><strong>Do\u011fankent\u2019in K\u00f6yleri:<\/strong> \u00c7atak K\u00f6y\u00fc, \u00c7atala\u011fa\u00e7 K\u00f6y\u00fc, Doymu\u015f K\u00f6y\u00fc, G\u00fcd\u00fcl K\u00f6y\u00fc, G\u00fcvenlik K\u00f6y\u00fc, Kozk\u00f6y K\u00f6y\u00fc, Oyraca K\u00f6y\u00fc, S\u00f6\u011f\u00fcta\u011fz\u0131 K\u00f6y\u00fc, Yenik\u00f6y K\u00f6y\u00fc.<\/p>\n\n\n\n<div class=\"wp-block-columns is-layout-flex wp-container-core-columns-is-layout-9d6595d7 wp-block-columns-is-layout-flex\">\n<div class=\"wp-block-column is-layout-flow wp-block-column-is-layout-flow\"><\/div>\n<\/div>\n\n\n<div class=\"wp-block-image\">\n<figure class=\"aligncenter size-large\"><img decoding=\"async\" src=\"https:\/\/www.kucukgeris.net\/iz\/giresun\/dgnknt\/dgnknt03.jpg\" alt=\"Do\u011fankent\u2019in i\u00e7erisinden Har\u015fit \u00c7ay\u0131 ge\u00e7erek Karadeniz\u2019e d\u00f6k\u00fclmektedir.\"\/><figcaption class=\"wp-element-caption\"><strong><em>Do\u011fankent\u2019in i\u00e7erisinden Har\u015fit \u00c7ay\u0131 ge\u00e7erek Karadeniz\u2019e d\u00f6k\u00fclmektedir.<\/em><\/strong><\/figcaption><\/figure>\n<\/div>\n\n\n<div class=\"wp-block-columns is-layout-flex wp-container-core-columns-is-layout-9d6595d7 wp-block-columns-is-layout-flex\">\n<div class=\"wp-block-column is-layout-flow wp-block-column-is-layout-flow\"><\/div>\n<\/div>\n\n\n\n<h4 class=\"wp-block-heading has-black-color has-text-color\">DO\u011eANKENT\u2019\u0130 TANIYALIM<\/h4>\n\n\n\n<div class=\"wp-block-columns is-layout-flex wp-container-core-columns-is-layout-9d6595d7 wp-block-columns-is-layout-flex\">\n<div class=\"wp-block-column is-layout-flow wp-block-column-is-layout-flow\"><\/div>\n<\/div>\n\n\n\n<h4 class=\"wp-block-heading has-black-color has-text-color\">DO\u011eANKENT (MERKEZ) MAHALLES\u0130<\/h4>\n\n\n\n<div class=\"wp-block-columns is-layout-flex wp-container-core-columns-is-layout-9d6595d7 wp-block-columns-is-layout-flex\">\n<div class=\"wp-block-column is-layout-flow wp-block-column-is-layout-flow\"><\/div>\n<\/div>\n\n\n\n<p class=\"has-black-color has-text-color has-medium-font-size\">\u0130l\u00e7e merkezinin kurulu bulundu\u011fu Do\u011fankent (Merkez) mahallesinin yerle\u015fim yeri b\u00f6lge co\u011frafyas\u0131na g\u00f6re nispeten toplu olup ula\u015f\u0131m, haberle\u015fme, su, elektrik ve altyap\u0131 hizmetlerinin b\u00fcy\u00fck \u00e7o\u011funlu\u011fu tamamlanm\u0131\u015f durumdad\u0131r. \u0130l\u00e7edeki i\u015fyerlerinin hemen hemen tamam\u0131na yak\u0131n\u0131 bu mahallede toplanm\u0131\u015f bulunmaktad\u0131r.<\/p>\n\n\n\n<div class=\"wp-block-columns is-layout-flex wp-container-core-columns-is-layout-9d6595d7 wp-block-columns-is-layout-flex\">\n<div class=\"wp-block-column is-layout-flow wp-block-column-is-layout-flow\"><\/div>\n<\/div>\n\n\n\n<h4 class=\"wp-block-heading has-black-color has-text-color\">SADAKLI MAHALLES\u0130<\/h4>\n\n\n\n<div class=\"wp-block-columns is-layout-flex wp-container-core-columns-is-layout-9d6595d7 wp-block-columns-is-layout-flex\">\n<div class=\"wp-block-column is-layout-flow wp-block-column-is-layout-flow\"><\/div>\n<\/div>\n\n\n\n<p class=\"has-black-color has-text-color has-medium-font-size\">Tirebolu-Do\u011fankent karayolunun iki yan\u0131nda da\u011f\u0131n\u0131k bir yap\u0131ya sahip olarak yerle\u015fmi\u015f olan Sadakl\u0131 Mahallesi, daha \u00e7ok kamu kurumlar\u0131 ve okullar\u0131n bulundu\u011fu b\u00f6l\u00fcmde son y\u0131llarda h\u0131zl\u0131 bir geli\u015fim g\u00f6stermi\u015ftir. Okullar ve resmi binalar\u0131n tamam\u0131na yak\u0131n\u0131 bu mahallenin merkez mahalle ile birle\u015fti\u011fi kesimde konu\u015flanm\u0131\u015f bulunmaktad\u0131r. Arslanc\u0131k Santrali\u2019ne su temin edecek t\u00fcnelin Do\u011fankent\u2019ten giri\u015f k\u0131sm\u0131 da bu mahallenin Alimler Soka\u011f\u0131\u2019n\u0131n oldu\u011fu b\u00f6l\u00fcmde bulunmaktad\u0131r.<\/p>\n\n\n\n<p class=\"has-black-color has-text-color has-medium-font-size\">Sadakl\u0131 Mahallesi\u2019nin bir k\u0131sm\u0131n\u0131n 1990 y\u0131l\u0131ndaki sel afetinde zarar g\u00f6rmesi nedeniyle Har\u015fit \u00c7ay\u0131\u2019n\u0131n hemen yan\u0131 ba\u015f\u0131nda konu\u015flanan mevkii afet b\u00f6lgesi olarak ilan edilmi\u015ftir. Arslanc\u0131k Baraj\u0131 in\u015faat\u0131n\u0131n ba\u015flamas\u0131yla Har\u015fit \u00c7ay\u0131 kenar\u0131ndaki Alimler Soka\u011f\u0131\u2019n\u0131n bulundu\u011fu yerle\u015fim yerinin bo\u015falt\u0131larak ba\u015fka yere nakli ka\u00e7\u0131n\u0131lmaz olacakt\u0131r.<\/p>\n\n\n\n<div class=\"wp-block-columns is-layout-flex wp-container-core-columns-is-layout-9d6595d7 wp-block-columns-is-layout-flex\">\n<div class=\"wp-block-column is-layout-flow wp-block-column-is-layout-flow\"><\/div>\n<\/div>\n\n\n<div class=\"wp-block-image\">\n<figure class=\"aligncenter size-large\"><img decoding=\"async\" src=\"https:\/\/www.kucukgeris.net\/iz\/giresun\/dgnknt\/dgnknt04.jpg\" alt=\"1952 y\u0131l\u0131na kadar G\u00fcm\u00fc\u015fhane\u2019ye ba\u011fl\u0131 olan Do\u011fankent\u2019in bu ba\u011fl\u0131l\u0131\u011f\u0131na son verilerek Giresun\u2019a ba\u011flanm\u0131\u015f, 1961 y\u0131l\u0131nda da Har\u015fit olan ad\u0131n\u0131 b\u0131rakarak Do\u011fankent ad\u0131n\u0131 alm\u0131\u015ft\u0131r.\"\/><figcaption class=\"wp-element-caption\"><strong><em>1952 y\u0131l\u0131na kadar G\u00fcm\u00fc\u015fhane\u2019ye ba\u011fl\u0131 olan Do\u011fankent\u2019in bu ba\u011fl\u0131l\u0131\u011f\u0131na son verilerek Giresun\u2019a ba\u011flanm\u0131\u015f, 1961 y\u0131l\u0131nda da Har\u015fit olan ad\u0131n\u0131 b\u0131rakarak Do\u011fankent ad\u0131n\u0131 alm\u0131\u015ft\u0131r.<\/em><\/strong><\/figcaption><\/figure>\n<\/div>\n\n\n<div class=\"wp-block-columns is-layout-flex wp-container-core-columns-is-layout-9d6595d7 wp-block-columns-is-layout-flex\">\n<div class=\"wp-block-column is-layout-flow wp-block-column-is-layout-flow\"><\/div>\n<\/div>\n\n\n\n<h4 class=\"wp-block-heading has-black-color has-text-color\">S\u00dcTTA\u015eI MAHALLES\u0130<\/h4>\n\n\n\n<div class=\"wp-block-columns is-layout-flex wp-container-core-columns-is-layout-9d6595d7 wp-block-columns-is-layout-flex\">\n<div class=\"wp-block-column is-layout-flow wp-block-column-is-layout-flow\"><\/div>\n<\/div>\n\n\n\n<p class=\"has-black-color has-text-color has-medium-font-size\">Mahalle meyilli bir arazi yap\u0131s\u0131na sahip oldu\u011fundan yerle\u015fim de da\u011f\u0131n\u0131k bir \u015fekildedir. Ula\u015f\u0131m sorunu hemen hemen \u00e7\u00f6z\u00fcmlenmi\u015f durumda olan mahallenin Dereg\u00f6z\u00fc mevkiindeki vas\u0131ta yolu karayollar\u0131 a\u011f\u0131na al\u0131nm\u0131\u015ft\u0131r.<\/p>\n\n\n\n<p class=\"has-black-color has-text-color has-medium-font-size\">Hidroelektrik santrali, idari bina ve lojmanlar\u0131 bu mahallede konu\u015flanm\u0131\u015f bulunmaktad\u0131r. Mahallede 1 ilk\u00f6\u011fretim okulu, 2 birle\u015ftirilmi\u015f s\u0131n\u0131fl\u0131 ilkokulu (BS\u0130O) bulunmaktad\u0131r. Tepealan, Kayaba\u015f\u0131, A\u011fa\u00e7ba\u015f\u0131 yaylalar\u0131 S\u00fctta\u015f\u0131 Mahallesi s\u0131n\u0131rlar\u0131 i\u00e7erisinde bulunmaktad\u0131r.<\/p>\n\n\n\n<div class=\"wp-block-columns is-layout-flex wp-container-core-columns-is-layout-9d6595d7 wp-block-columns-is-layout-flex\">\n<div class=\"wp-block-column is-layout-flow wp-block-column-is-layout-flow\"><\/div>\n<\/div>\n\n\n\n<h4 class=\"wp-block-heading has-black-color has-text-color\">YEN\u0130MAHALLE<\/h4>\n\n\n\n<div class=\"wp-block-columns is-layout-flex wp-container-core-columns-is-layout-9d6595d7 wp-block-columns-is-layout-flex\">\n<div class=\"wp-block-column is-layout-flow wp-block-column-is-layout-flow\"><\/div>\n<\/div>\n\n\n\n<p class=\"has-black-color has-text-color has-medium-font-size\">\u0130l\u00e7e merkezinin kurulu bulundu\u011fu Do\u011fankent (Merkez) mahallesinin ikiye b\u00f6l\u00fcnmesiyle 2010 y\u0131l\u0131nda olu\u015fturulan bir mahalledir.<\/p>\n\n\n\n<div class=\"wp-block-columns is-layout-flex wp-container-core-columns-is-layout-9d6595d7 wp-block-columns-is-layout-flex\">\n<div class=\"wp-block-column is-layout-flow wp-block-column-is-layout-flow\"><\/div>\n<\/div>\n\n\n\n<h4 class=\"wp-block-heading has-black-color has-text-color\">YE\u015e\u0130LTEPE MAHALLES\u0130<\/h4>\n\n\n\n<div class=\"wp-block-columns is-layout-flex wp-container-core-columns-is-layout-9d6595d7 wp-block-columns-is-layout-flex\">\n<div class=\"wp-block-column is-layout-flow wp-block-column-is-layout-flow\"><\/div>\n<\/div>\n\n\n\n<p class=\"has-black-color has-text-color has-medium-font-size\">Belen, K\u0131y\u0131k\u00f6y ve \u00c7\u00f6\u00e7en mevkilerinin S\u00fctta\u015f\u0131 Mahallesi\u2019nden ayr\u0131larak 2010 y\u0131l\u0131nda olu\u015fturulan bir mahalledir.<\/p>\n\n\n\n<div class=\"wp-block-columns is-layout-flex wp-container-core-columns-is-layout-9d6595d7 wp-block-columns-is-layout-flex\">\n<div class=\"wp-block-column is-layout-flow wp-block-column-is-layout-flow\"><\/div>\n<\/div>\n\n\n<div class=\"wp-block-image\">\n<figure class=\"aligncenter size-large\"><img decoding=\"async\" src=\"https:\/\/www.kucukgeris.net\/iz\/giresun\/dgnknt\/dgnknt05.jpg\" alt=\"Do\u011fankent, I. D\u00fcnya sava\u015f\u0131ndan sonra Har\u015fit ad\u0131n\u0131 alm\u0131\u015ft\u0131r. Har\u015fit kelime olarak Fars\u2019\u00e7a bir kelime olup Hur\u015fit\u2019ten gelmekte ve mana olarak g\u00fcne\u015fin en s\u0131cak yeri anlam\u0131na gelmektedir.\"\/><figcaption class=\"wp-element-caption\"><strong><em>Do\u011fankent, I. D\u00fcnya sava\u015f\u0131ndan sonra Har\u015fit ad\u0131n\u0131 alm\u0131\u015ft\u0131r. Har\u015fit kelime olarak Fars\u2019\u00e7a bir kelime olup Hur\u015fit\u2019ten gelmekte ve mana olarak g\u00fcne\u015fin en s\u0131cak yeri anlam\u0131na gelmektedir.<\/em><\/strong><\/figcaption><\/figure>\n<\/div>\n\n\n<div class=\"wp-block-columns is-layout-flex wp-container-core-columns-is-layout-9d6595d7 wp-block-columns-is-layout-flex\">\n<div class=\"wp-block-column is-layout-flow wp-block-column-is-layout-flow\"><\/div>\n<\/div>\n\n\n\n<h4 class=\"wp-block-heading has-black-color has-text-color\">DO\u011eANKENT\u2019\u0130N TAR\u0130H\u0130<\/h4>\n\n\n\n<div class=\"wp-block-columns is-layout-flex wp-container-core-columns-is-layout-9d6595d7 wp-block-columns-is-layout-flex\">\n<div class=\"wp-block-column is-layout-flow wp-block-column-is-layout-flow\"><\/div>\n<\/div>\n\n\n\n<p class=\"has-black-color has-text-color has-medium-font-size\">\u0130l\u00e7enin merkez n\u00fcfusu 4.545, k\u00f6yleri ile birlikte toplam n\u00fcfusu 6.715\u2019i bulmaktad\u0131r. \u0130l\u00e7e \u00e7ok yo\u011fun bir g\u00f6\u00e7 vermi\u015ftir. Genellikle Marmara b\u00f6lgesine olan g\u00f6\u00e7ler il\u00e7enin n\u00fcfusunu \u00e7ok etkilemi\u015ftir. \u0130l\u00e7enin gurbette olan ki\u015filerle n\u00fcfusunun 35.000 oldu\u011fu tahmin edilmektedir. \u00c7o\u011fu gurbette olan halk, yaz aylar\u0131nda ve bayramlarda il\u00e7eye ve k\u00f6ylerine gelmekte, yaylalarda \u015fenlikler d\u00fczenlemektedir.<\/p>\n\n\n\n<p class=\"has-black-color has-text-color has-medium-font-size\">Bir T\u00fcrkmen boyu olan \u00c7epni boyunun buraya gelerek yerle\u015fti\u011fi bilinmektedir. Giresun ve G\u00fcm\u00fc\u015fhane aras\u0131nda bir ba\u011flant\u0131 noktas\u0131d\u0131r. 1914 y\u0131llar\u0131ndaki Rus harbi zamanlar\u0131nda il\u00e7enin sadece baraj ve santral taraf\u0131 i\u015fgal edilmemi\u015ftir. Yak\u0131n zamanda olan bir sel ile il\u00e7e yeniden yap\u0131lanmaya ba\u015flam\u0131\u015ft\u0131r.<\/p>\n\n\n\n<p class=\"has-black-color has-text-color has-medium-font-size\">Sultan Alparslan\u2019\u0131n Malazgirt zaferinden sonra (1071) bu b\u00f6lge Sel\u00e7uklulara, onlardan da Osmanl\u0131lar\u0131n egemenli\u011fine ge\u00e7mi\u015ftir. Osmanl\u0131lar\u0131n egemenli\u011fine ge\u00e7i\u015fi Fatih Sultan Mehmet\u2019in 1461 y\u0131l\u0131ndaki Trabzon seferi ile olmu\u015ftur. Do\u011fankent\u2019in ilk ismi K\u00fcrt\u00fcn-\u00fc Zir idi. \u015eimdiki K\u00fcrt\u00fcn ise K\u00fcrt\u00fcn-\u00fc B\u00e2la olarak an\u0131lmakta idi. Bundan 500 y\u0131l \u00f6nce K\u00fcrt\u00fcn-\u00fc Zir ismi Manast\u0131rb\u00fck\u00fc (Manast\u0131ra sapan yol anlam\u0131ndad\u0131r) olarak de\u011fi\u015fmi\u015ftir. Bu d\u00f6nemde bu b\u00f6lgede halk\u0131n b\u00fcy\u00fck \u00e7o\u011funlu\u011funu M\u00fcsl\u00fcmanlar temsil etmekte, onlar ya\u015famakta idi. O s\u0131rada idari \u015fekil nahiye m\u00fcd\u00fcrl\u00fc\u011f\u00fc olup, nahiye m\u00fcd\u00fcr\u00fc 4 ay s\u00fcre ile K\u00fcrt\u00fcn-\u00fc Zir (Har\u015fit), kalan s\u00fcrede ise K\u00fcrt\u00fcn-\u00fc B\u00e2la\u2019da oturmakta, her iki nahiyeyi bu \u015fekilde idare etmekte idi. O s\u0131ralarda kasaba G\u00fcm\u00fc\u015fhane\u2019ye, oras\u0131 da sancak olarak Trabzon\u2019a ba\u011fl\u0131 idi.<\/p>\n\n\n\n<p class=\"has-black-color has-text-color has-medium-font-size\">\u0130l\u00e7e I. D\u00fcnya sava\u015f\u0131ndan sonra Har\u015fit ad\u0131n\u0131 alm\u0131\u015ft\u0131r. Har\u015fit kelime olarak Fars\u2019\u00e7a bir kelime olup Hur\u015fit\u2019ten gelmekte ve mana olarak g\u00fcne\u015fin en s\u0131cak yeri anlam\u0131na gelmektedir. Ba\u015fka bir rivayete g\u00f6re; \u201cHar: Diken, \u015eit: Ta\u015f, \u00e7ak\u0131l\u201d demektir. Osmanl\u0131lar zaman\u0131nda buralara dikenlik, ta\u015fl\u0131k, \u00e7ak\u0131ll\u0131k denilmi\u015ftir. Bu kasaba; 1916 y\u0131l\u0131nda \u00c7arl\u0131k Rusyas\u0131 taraf\u0131ndan i\u015fgal edilmi\u015f, ancak Har\u015fit \u00c7ay\u0131\u2019n\u0131n kar\u015f\u0131 taraf\u0131na (\u015fimdiki HES\u2019in oldu\u011fu b\u00f6lgeye) ge\u00e7ememi\u015f ve Har\u015fit, 1918\u2019e kadar Rus i\u015fgali alt\u0131nda kalm\u0131\u015ft\u0131r. \u0130\u015fgal 15 \u015eubat 1918\u2019de sona ermi\u015ftir.<\/p>\n\n\n\n<p class=\"has-black-color has-text-color has-medium-font-size\">Y\u00f6netim olarak l. Mahmut d\u00f6neminden sonra meydana \u00e7\u0131kan ve ad\u0131na voyvoda denilen derebeyliklerce y\u00f6netilmi\u015f, ilk kez Yakup o\u011flu \u0130brahim A\u011fa, K\u00fcrt\u00fcn-\u00fc B\u00e2la\u2019da y\u00f6netimi ele ge\u00e7irerek bir s\u00fcre derebeyi olarak y\u00f6netimi s\u00fcrd\u00fcrm\u00fc\u015ft\u00fcr. Y\u00f6netime devam ederken gezmek maksad\u0131yla Har\u015fit\u2019e geldi\u011finde \u015eit K\u00f6y\u00fc\u2019nde vurularak \u00f6ld\u00fcr\u00fclm\u00fc\u015f, onun \u00f6l\u00fcm\u00fcnden sonra y\u00f6netim o\u011flu Emin A\u011fa\u2019ya ge\u00e7mi\u015f, 1836 Tanzimat\u0131\u2019ndan sonra derebeylik y\u00f6netimi ortadan kald\u0131r\u0131larak devlet y\u00f6netimine ge\u00e7i\u015f sa\u011flanm\u0131\u015ft\u0131r. \u0130l\u00e7enin 1952 y\u0131l\u0131nda G\u00fcm\u00fc\u015fhane\u2019ye ba\u011fl\u0131l\u0131\u011f\u0131na son verilerek Giresun\u2019a ba\u011flanm\u0131\u015f, buras\u0131 1961 y\u0131l\u0131nda Har\u015fit ad\u0131n\u0131 b\u0131rakarak Do\u011fankent ad\u0131n\u0131 alm\u0131\u015ft\u0131r. Do\u011fankent daha \u00f6nce Tirebolu il\u00e7e s\u0131n\u0131rlar\u0131 i\u00e7erisinde nahiye iken, 20 May\u0131s 1990 tarih ve 3644 Say\u0131l\u0131 Kanun\u2019la il\u00e7e stat\u00fcs\u00fcne kavu\u015fmu\u015ftur.<\/p>\n\n\n\n<div class=\"wp-block-columns is-layout-flex wp-container-core-columns-is-layout-9d6595d7 wp-block-columns-is-layout-flex\">\n<div class=\"wp-block-column is-layout-flow wp-block-column-is-layout-flow\"><\/div>\n<\/div>\n\n\n<div class=\"wp-block-image\">\n<figure class=\"aligncenter size-large\"><img decoding=\"async\" src=\"https:\/\/www.kucukgeris.net\/iz\/giresun\/dgnknt\/dgnknt06.jpg\" alt=\"Do\u011fankent, Osmanl\u0131 ve Cumhuriyet d\u00f6neminde bazen Tirebolu\u2019ya bazen de Torul\u2019a ba\u011flanm\u0131\u015ft\u0131r. Nahiyenin Tirebolu\u2019ya ba\u011flanmas\u0131, bununu halk taraf\u0131ndan istenilmesi tamamen iktisad\u00ee \u015fartlar\u0131n bir neticesidir.\"\/><figcaption class=\"wp-element-caption\"><strong><em>Do\u011fankent, Osmanl\u0131 ve Cumhuriyet d\u00f6neminde bazen Tirebolu\u2019ya bazen de Torul\u2019a ba\u011flanm\u0131\u015ft\u0131r. Nahiyenin Tirebolu\u2019ya ba\u011flanmas\u0131, bununu halk taraf\u0131ndan istenilmesi tamamen iktisad\u00ee \u015fartlar\u0131n bir neticesidir.<\/em><\/strong><\/figcaption><\/figure>\n<\/div>\n\n\n<div class=\"wp-block-columns is-layout-flex wp-container-core-columns-is-layout-9d6595d7 wp-block-columns-is-layout-flex\">\n<div class=\"wp-block-column is-layout-flow wp-block-column-is-layout-flow\"><\/div>\n<\/div>\n\n\n\n<h4 class=\"wp-block-heading has-black-color has-text-color\">HAR\u015e\u0130T\u2019TEN DO\u011eANKENT\u2019E<\/h4>\n\n\n\n<div class=\"wp-block-columns is-layout-flex wp-container-core-columns-is-layout-9d6595d7 wp-block-columns-is-layout-flex\">\n<div class=\"wp-block-column is-layout-flow wp-block-column-is-layout-flow\"><\/div>\n<\/div>\n\n\n\n<p class=\"has-black-color has-text-color has-medium-font-size\">Bug\u00fcn Do\u011fankent denilen il\u00e7e merkezi daha \u00f6nce Har\u015fit (Har\u015fid) ad\u0131yla an\u0131lmakta idi ve nahiye bu ad\u0131n\u0131 Har\u015fit suyundan alm\u0131\u015ft\u0131. \u0130ttihat ve Terakki d\u00f6neminde Enver Pa\u015fa taraf\u0131ndan yay\u0131nlanan tamim gere\u011fi buran\u0131n ad\u0131 B\u00fcy\u00fcksu olarak de\u011fi\u015ftirilmek istenmi\u015fti. Sava\u015f y\u0131llar\u0131 araya girince bu karar uygulanamam\u0131\u015ft\u0131r. Ama y\u0131llar sonra 10 Temmuz 1964 tarih ve 11750 say\u0131l\u0131 Resmi Gazete\u2019de Har\u015fit santraline ismini veren Har\u015fit buca\u011f\u0131n\u0131n ismi Do\u011fankent olarak de\u011fi\u015ftirilmi\u015ftir.<\/p>\n\n\n\n<p class=\"has-black-color has-text-color has-medium-font-size\">XV. ve XVI. y\u00fczy\u0131l tahrir defterlerinde Har\u015fit ad\u0131nda bir k\u00f6y\u00fcn varl\u0131\u011f\u0131 tespit edilmektedir. Har\u015fit, derenin sol k\u0131y\u0131s\u0131nda yer almaktad\u0131r. Har\u015fit vadisinde k\u0131\u015flamakta olan \u00c7epni T\u00fcrkleri, muhtemelen ayn\u0131 maksatla 1380\u2019de bug\u00fcnk\u00fc Har\u015fit kasabas\u0131n\u0131n bulundu\u011fu yere inmi\u015flerdi. Fatih Sultan Mehmet d\u00f6neminde Giresun ile Vakf\u0131kebir aras\u0131ndaki k\u0131y\u0131lar ve Har\u015fit\u2019in a\u015fa\u011f\u0131 boyu, kom\u015fu yerli \u00c7epniler ba\u015fta olmak \u00fczere T\u00fcrkmenlere ve dolay\u0131s\u0131yla Osmanl\u0131lara kat\u0131lm\u0131\u015ft\u0131.<\/p>\n\n\n\n<p class=\"has-black-color has-text-color has-medium-font-size\">1530 tarihli icmal defterine g\u00f6re 21 hanelik k\u00f6y\u00fcn toplam n\u00fcfusu 100 ki\u015fi dolay\u0131nda idi. Ayr\u0131ca, burada m\u00fcsellem stat\u00fcs\u00fcnde 10 hane, vergi muafiyetli olarak da 8 hane mevcuttu. Bunlar\u0131n ilavesiyle k\u00f6y\u00fcn toplam n\u00fcfusu 200\u2019e yakla\u015fmaktayd\u0131. Bu durumda Har\u015fit K\u00f6y\u00fc, b\u00fcy\u00fck bir yerle\u015fim yeriydi. Ayr\u0131ca, k\u00f6yl\u00fclerin \u015fahin yeti\u015ftirdikleri, do\u011fan besledikleri g\u00f6r\u00fclmektedir. Kasabala\u015fma s\u00fcrecinde bu durum \u00f6nemli bir altyap\u0131 sa\u011flam\u0131\u015f olmal\u0131d\u0131r.<\/p>\n\n\n\n<p class=\"has-black-color has-text-color has-medium-font-size\">1837\u2019de Har\u015fit nahiyesi K\u00fcrt\u00fcn-i B\u00e2l\u00e2 kazas\u0131na ba\u011fl\u0131 idi ve bahsi ge\u00e7en y\u0131lda Har\u015fit, Kuzan (S\u00f6\u011f\u00fcta\u011fz\u0131), \u00c7at\u0131k (\u00c7atak), G\u00fcd\u00fcl, Koz, Sada\u011fl\u0131, Manasur, Tandula (Dandu &#8211; S\u00fctta\u015f\u0131), \u015ead\u0131 (\u00c7atala\u011fa\u00e7), Doymu\u015f, Kanya\u015f (G\u00fcvenlik), Manasurb\u00fck\u00fc (Do\u011fankent) adl\u0131 12 k\u00f6y\u00fc bulunmakta, bu k\u00f6ylerde 350 hanede M\u00fcsl\u00fcman (T\u00fcrk) n\u00fcfus ya\u015famaktayd\u0131. Bu s\u0131rada Har\u015fit K\u00f6y\u00fc imam\u0131 \u0130brahim Efendi, muhtar\u0131 Molla \u0130brahim; Kuzan K\u00f6y\u00fc muhtar\u0131 H\u00fcseyin; \u00c7atak K\u00f6y\u00fc muhtar\u0131 Mehmed; Sada\u011fl\u0131 K\u00f6y\u00fc muhtar\u0131 Ahmed; Tandul K\u00f6y\u00fc imam\u0131 Hasan Efendi, muhtar\u0131 Ey\u00fcb; \u015ead\u0131 K\u00f6y\u00fc imam\u0131 \u0130brahim o\u011flu Molla Salih, muhtar\u0131 Veli; Doymu\u015f K\u00f6y\u00fc muhtar\u0131 Mustafa idi. 1843 y\u0131l\u0131nda ise Har\u015fit nahiyesi; Har\u015fit, Karga, Sada\u011fl\u0131, Kuzan, Manasur, \u00c7atak, G\u00fcd\u00fcl, Tandul, Manasurb\u00fck\u00fc, Kanya\u015f, \u015ead\u0131, Doymu\u015f adl\u0131 k\u00f6ylerden olu\u015fuyordu.<\/p>\n\n\n\n<p class=\"has-black-color has-text-color has-medium-font-size\">Har\u015fit nahiyesi Osmanl\u0131 ve Cumhuriyet d\u00f6neminde bazen Tirebolu\u2019ya bazen de Torul\u2019a ba\u011flanm\u0131\u015ft\u0131r. Nahiyenin Tirebolu\u2019ya ba\u011flanmas\u0131, bununu halk taraf\u0131ndan istenilmesi tamamen iktisad\u00ee \u015fartlar\u0131n bir neticesidir. Har\u015fit nahiyesi o d\u00f6nemde Tirebolu\u2019ya yedi-sekiz saatlik mesafede, Torul kazas\u0131na ise on be\u015f saatlik mesafede bulunmaktad\u0131r. Har\u015fitliler, y\u0131l\u0131n dokuz ay\u0131n\u0131 Tirebolu\u2019da ge\u00e7irmekte, vergilerini de Tirebolu\u2019da \u00f6demektedirler. Nahiyenin Torul kazas\u0131ndan ayr\u0131larak Tirebolu\u2019ya ba\u011flanmak istenmesine dair mevcut belgelerin biri Har\u015fit Belediye Reisi Hasan A\u011fa\u2019n\u0131n 1915 tarihli bir telgraf\u0131, di\u011feri vilayet meclisi \u00fcyelerinden Salih Efendi\u2019nin verdi\u011fi takrire dair Trabzon Vilayeti\u2019nden Dahiliye Nezareti\u2019ne g\u00f6nderilen bir arzd\u0131r. Har\u015fit Belediye Reisi H\u00fcseyin A\u011fa, \u0130stanbul\u2019a \u00e7ekti\u011fi bir telgrafta Torul\u2019dan ayr\u0131larak Tirebolu\u2019ya ba\u011flanmak istediklerini beyan etmi\u015ftir.<\/p>\n\n\n\n<p class=\"has-black-color has-text-color has-medium-font-size\">Trabzon Vilayet Meclisi \u00fcyelerinden Tirebolulu Salih Efendi, Har\u015fit nahiyesinin Tirebolu ile bu yak\u0131n ilgisini ve konumu dile getiren bir takrir vermi\u015f ve takrir \u00fczerine Trabzon Vilayet Meclisi\u2019nde yap\u0131lan g\u00f6r\u00fc\u015fmede Har\u015fit nahiyesinin Tirebolu\u2019ya ba\u011flanmas\u0131 uygun g\u00f6r\u00fclm\u00fc\u015ft\u00fcr (31 Kan\u00fbn-i S\u00e2n\u00ee 1330\/13 \u015eubat 1915). Yine, 1918 tarihli bir belgede, Har\u015fit nahiyesinin Tirebolu\u2019ya ba\u011flanmas\u0131 hususunda 2 Nisan 1332 (15 Nisan 1916) tarihinde bir irade-i seniyye \u00e7\u0131kart\u0131ld\u0131\u011f\u0131 kay\u0131tl\u0131d\u0131r.<\/p>\n\n\n\n<p class=\"has-black-color has-text-color has-medium-font-size\">Bu idar\u00ee konumunu bir m\u00fcddet devam ettirdi\u011fi anla\u015f\u0131lan Har\u015fit nahiyesi, 1 Mart 1338 (1922) tarihinden itibaren tekrar Torul\u2019a ba\u011flanm\u0131\u015ft\u0131r.<\/p>\n\n\n\n<p class=\"has-black-color has-text-color has-medium-font-size\">Bu tarihten sonra bazen Tirebolu\u2019ya, bazen de Torul\u2019a ba\u011flanan Har\u015fit nahiyesi, 25 May\u0131s 1990 tarih ve 20523 say\u0131l\u0131 Resmi Gazete\u2019de yay\u0131nlanan 3644 Say\u0131l\u0131 Kanun\u2019la il\u00e7e merkezi haline getirilmi\u015ftir.<\/p>\n\n\n\n<div class=\"wp-block-columns is-layout-flex wp-container-core-columns-is-layout-9d6595d7 wp-block-columns-is-layout-flex\">\n<div class=\"wp-block-column is-layout-flow wp-block-column-is-layout-flow\"><\/div>\n<\/div>\n\n\n\n<h4 class=\"wp-block-heading has-black-color has-text-color\">OSMANLI AR\u015e\u0130V\u0130NDEN B\u0130R BELGE<\/h4>\n\n\n\n<div class=\"wp-block-columns is-layout-flex wp-container-core-columns-is-layout-9d6595d7 wp-block-columns-is-layout-flex\">\n<div class=\"wp-block-column is-layout-flow wp-block-column-is-layout-flow\"><\/div>\n<\/div>\n\n\n\n<p class=\"has-black-color has-text-color has-medium-font-size\">\u201cHar\u015fid n\u00e2hiyesi merb\u00fbt bulundu\u011fu Torul kaz\u00e2s\u0131na on be\u015f ve Tirebolu\u2019ya yedi &#8211; sekiz s\u00e2\u2019at mes\u00e2fede olup ah\u00e2l\u00eesinden bir k\u0131sm\u0131 Tirebolu\u2019dan ev ve ar\u00e2zi edinerek yaz mevsiminde karyelerinde ve senede dokuz ay da Tirebolu\u2019da ik\u00e2met ve b\u00fct\u00fcn ihtiy\u00e2c\u00e2t-\u0131 be\u015feriyyelerini dahi Tirebolu\u2019dan ted\u00e2rik etmekde olduklar\u0131 gibi emv\u00e2l-i em\u00eeriyyelerinin tahs\u00eeli i\u00e7\u00fcn me\u2019m\u00fbrin-i m\u00e2liye d\u00e2\u2019ima Tirebolu\u2019da bulunmakda oldu\u011fundan mu\u2019\u00e2mel\u00e2t-\u0131 um\u00fbmiyyelerinin te\u2019m\u00een-i tesh\u00eeli z\u0131mn\u0131nda n\u00e2hiye-i mezk\u00fbrenin Tirebolu kaz\u00e2s\u0131na rabt ve ilh\u00e2k\u0131na d\u00e2ir Meclis-i Um\u00fbm\u00ee Vil\u00e2yet-i Tirebolu a\u2019z\u00e2s\u0131ndan S\u00e2lih Efendi taraf\u0131ndan verilen 21 Kan\u00fbn-i S\u00e2n\u00ee 1330 (3 \u015eubat 1915) tarihli Takr\u00eer, Hey\u2019et-i Um\u00fbmiye\u2019de k\u0131r\u00e2\u2019at ve \u00eec\u00e2b\u0131 m\u00fcz\u00e2kere olundu.<\/p>\n\n\n\n<p class=\"has-black-color has-text-color has-medium-font-size\">Har\u015fit n\u00e2hiyesi hak\u00eekaten Torul kaz\u00e2s\u0131na on be\u015f ve Tirebolu\u2019ya sekiz s\u00e2\u2019at mes\u00e2fede oldu\u011fu ve ah\u00e2l\u00eesinin ihtiy\u00e2c\u00e2t ve mes\u00e2lih-i um\u00fbmiyyelerinin tesviyesi i\u00e7\u00fcn yeg\u00e2ne iskele ve tic\u00e2retg\u00e2hlar\u0131 Tirebolu kaz\u00e2s\u0131 olup yaln\u0131z um\u00fbr-\u0131 resmiyyelerinden dolay\u0131 ah\u00e2l\u00eesinin on be\u015f s\u00e2\u2019at bu\u2019d mes\u00e2fede bulunan Torul kaz\u00e2s\u0131na az\u00eemetleri b\u00e2\u2019is-i m\u00fc\u015fkil\u00e2t-\u0131 um\u00fbmiyyenin te\u2019m\u00een ve tesh\u00eeli z\u0131mn\u0131nda n\u00e2hiye-i mezk\u00fbrenin Torul kaz\u00e2s\u0131ndan fekk-i irtib\u00e2t\u0131yla Tirebolu kaz\u00e2s\u0131na rabt ve ilh\u00e2k\u0131 muv\u00e2f\u0131k g\u00f6r\u00fclmekle icr\u00e2-y\u0131 \u00eec\u00e2b\u0131 hus\u00fbsuna karar verilmi\u015f olma\u011f\u0131n ol-b\u00e2bda.\u201d<\/p>\n\n\n\n<div class=\"wp-block-columns is-layout-flex wp-container-core-columns-is-layout-9d6595d7 wp-block-columns-is-layout-flex\">\n<div class=\"wp-block-column is-layout-flow wp-block-column-is-layout-flow\"><\/div>\n<\/div>\n\n\n<div class=\"wp-block-image\">\n<figure class=\"aligncenter size-large\"><img decoding=\"async\" src=\"https:\/\/www.kucukgeris.net\/iz\/giresun\/dgnknt\/dgnknt07.jpg\" alt=\"\u00d6mer Nasuhi Bilmen, Elmal\u0131 Muhammet, \u0130smail Hakk\u0131 Erzurumlu gibi \u00f6nemli \u0130slam alimleri Do\u011fantent\u2019te a\u00e7\u0131lan medreseden yeti\u015fmi\u015ftir. \"\/><figcaption class=\"wp-element-caption\"><strong><em>\u00d6mer Nasuhi Bilmen, Elmal\u0131 Muhammet, \u0130smail Hakk\u0131 Erzurumlu gibi \u00f6nemli \u0130slam alimleri Do\u011fantent\u2019te a\u00e7\u0131lan medreseden yeti\u015fmi\u015ftir.<\/em><\/strong><\/figcaption><\/figure>\n<\/div>\n\n\n<div class=\"wp-block-columns is-layout-flex wp-container-core-columns-is-layout-9d6595d7 wp-block-columns-is-layout-flex\">\n<div class=\"wp-block-column is-layout-flow wp-block-column-is-layout-flow\"><\/div>\n<\/div>\n\n\n\n<h4 class=\"wp-block-heading has-black-color has-text-color\">DO\u011eANKENT\u2019TE E\u011e\u0130T\u0130M \u00d6\u011eRET\u0130M<\/h4>\n\n\n\n<div class=\"wp-block-columns is-layout-flex wp-container-core-columns-is-layout-9d6595d7 wp-block-columns-is-layout-flex\">\n<div class=\"wp-block-column is-layout-flow wp-block-column-is-layout-flow\"><\/div>\n<\/div>\n\n\n\n<p class=\"has-black-color has-text-color has-medium-font-size\">Tarihi s\u00fcre\u00e7 i\u00e7erisinde e\u011fitim ve \u00f6\u011fretim a\u00e7\u0131s\u0131ndan okuma yazma oran\u0131 y\u00fcksek olan il\u00e7ede, H\u0131ristiyanlar d\u00f6neminde \u00e7ok say\u0131da manast\u0131r faaliyet g\u00f6stermi\u015ftir. T\u00fcrk hakimiyeti d\u00f6neminde bir medrese a\u00e7\u0131lm\u0131\u015f, bu da r\u00fc\u015ftiye mektebine d\u00f6n\u00fc\u015ft\u00fcr\u00fclm\u00fc\u015f ve \u00f6nemli bilim adamlar\u0131 bu medreseden yeti\u015fmi\u015ftir. Bunlardan \u00d6mer Nasuhi Bilmen, Elmal\u0131 Muhammet, \u0130smail Hakk\u0131 Erzurumlu ilk akla gelenlerdir.<\/p>\n\n\n\n<p class=\"has-black-color has-text-color has-medium-font-size\">\u0130l\u00e7ede 1 adet lise (bu lise 2010 Eyl\u00fcl ay\u0131ndan itibaren \u00e7ok programl\u0131 liseye \u00e7evrilmi\u015ftir), 1 adet imam hatip lisesi, 1 adet anaokulu, 3 adete ilkokul, 4 adet ortaokul, birer adet halk e\u011fitimi merkezi, \u00f6\u011fretmen evi ve ak\u015fam sanat okulu bulunmaktad\u0131r. Do\u011fankent\u2019teki okullar ve e\u011fitim kurumlar\u0131 \u015funlard\u0131r: Do\u011fankent Anaokulu, \u00c7atak \u0130lkokulu, Do\u011fankent \u0130lkokulu, S\u00fctta\u015f\u0131 \u0130lkokulu, Do\u011fankent Ortaokulu, Do\u011fankent \u0130mam Hatip Ortaokulu, \u00c7atak \u0130mam Hatip Ortaokulu, S\u00fctta\u015f\u0131 \u0130mam Hatip Ortaokulu, Do\u011fankent \u00c7ok Programl\u0131 Anadolu Lisesi, Do\u011fankent Anadolu \u0130mam Hatip Lisesi, Do\u011fankent Halk E\u011fitimi Merkezi, Har\u015fit 15 Temmuz \u00d6\u011fretmenevi ve Ak\u015fam Sanat Okulu.<\/p>\n\n\n\n<div class=\"wp-block-columns is-layout-flex wp-container-core-columns-is-layout-9d6595d7 wp-block-columns-is-layout-flex\">\n<div class=\"wp-block-column is-layout-flow wp-block-column-is-layout-flow\"><\/div>\n<\/div>\n\n\n<div class=\"wp-block-image\">\n<figure class=\"aligncenter size-large\"><img decoding=\"async\" src=\"https:\/\/www.kucukgeris.net\/iz\/giresun\/dgnknt\/dgnknt08.jpg\" alt=\"Do\u011fantent\u2019te iki tane hidroelektrik santrali bulunmakta olup \u00fclke ekonomisine katk\u0131 sa\u011flamaktad\u0131r.\"\/><figcaption class=\"wp-element-caption\"><strong><em>Do\u011fantent\u2019te iki tane hidroelektrik santrali bulunmakta olup \u00fclke ekonomisine katk\u0131 sa\u011flamaktad\u0131r.<\/em><\/strong><\/figcaption><\/figure>\n<\/div>\n\n\n<div class=\"wp-block-columns is-layout-flex wp-container-core-columns-is-layout-9d6595d7 wp-block-columns-is-layout-flex\">\n<div class=\"wp-block-column is-layout-flow wp-block-column-is-layout-flow\"><\/div>\n<\/div>\n\n\n\n<h4 class=\"wp-block-heading has-black-color has-text-color\">DO\u011eANKENT EKONOM\u0130S\u0130<\/h4>\n\n\n\n<div class=\"wp-block-columns is-layout-flex wp-container-core-columns-is-layout-9d6595d7 wp-block-columns-is-layout-flex\">\n<div class=\"wp-block-column is-layout-flow wp-block-column-is-layout-flow\"><\/div>\n<\/div>\n\n\n\n<p class=\"has-black-color has-text-color has-medium-font-size\">Sel\u00e7uklular ve Osmanl\u0131lar d\u00f6neminde ve daha \u00f6nceki d\u00f6nemlerde Do\u011fankent il\u00e7esinin \u00e7evresinde bak\u0131r, kur\u015fun, \u00e7inko, demir vb. gibi madenler \u00e7\u0131kar\u0131lm\u0131\u015f, Har\u015fit \u00c7ay\u0131 \u00fczerinden sallarla Tirebolu\u2019ya, buradan da i\u015flenmek veya sat\u0131lmak \u00fczere Akdeniz\u2019den gelen ticaret kolonileriyle Anadolu d\u0131\u015far\u0131s\u0131na \u00e7\u0131kar\u0131lm\u0131\u015ft\u0131r. O tarihlerde a\u00e7\u0131lan maden galerilerine yer yer rastlan\u0131lmaktad\u0131r. Zamanla yol sorunu, maliyet art\u0131\u015f\u0131 ve sava\u015flar nedeniyle madencilik \u00f6nemini yitirmi\u015f, fakat zamanla bu b\u00f6lgeye yerle\u015fen baz\u0131 koloniler b\u00f6lgede ticarete h\u00e2kim olmu\u015flard\u0131r.<\/p>\n\n\n\n<p class=\"has-black-color has-text-color has-medium-font-size\">Cumhuriyetin kurulu\u015funa kadar nahiyede bak\u0131rc\u0131l\u0131k, demircilik, kalayc\u0131l\u0131k ve manifaturac\u0131l\u0131k gibi i\u015flerle me\u015fgul olunmu\u015ftur. Cumhuriyetin kurulu\u015fundan sonra da bu ticari faaliyetler devam ettirilmi\u015ftir. Ancak Cumhuriyetin kurulu\u015fundan sonra ekonominin daha \u00e7ok tar\u0131ma ve hayvanc\u0131l\u0131\u011fa dayal\u0131 oldu\u011fu g\u00f6r\u00fclmektedir.<\/p>\n\n\n\n<p class=\"has-black-color has-text-color has-medium-font-size\">\u0130l\u00e7e halk\u0131n\u0131n y\u00fczde 50\u2019si ge\u00e7imini tar\u0131msal \u00fcr\u00fcnlerden sa\u011flamaktad\u0131r. Bunun da en \u00f6nemli k\u0131sm\u0131n\u0131 f\u0131nd\u0131k\u00e7\u0131l\u0131k te\u015fkil etmektedir. Arazinin meyilli olmas\u0131na ra\u011fmen her t\u00fcrl\u00fc tar\u0131msal bitkinin yeti\u015fmesine m\u00fcsait bir toprak yap\u0131s\u0131 vard\u0131r. Son y\u0131llarda \u00e7ayc\u0131l\u0131kla ilgili \u00e7al\u0131\u015fmalar yap\u0131lm\u0131\u015f, hatta baz\u0131 b\u00f6lgelerde \u00fcretime k\u0131smen ba\u015flan\u0131lm\u0131\u015ft\u0131r. Projeli ceviz, kivi ve bodur kiraz yeti\u015ftiricili\u011fi yapan \u00e7ift\u00e7i say\u0131s\u0131nda da son y\u0131llarda art\u0131\u015f olmaya ba\u015flam\u0131\u015ft\u0131r. Ayr\u0131ca halk kendi ihtiyac\u0131n\u0131 kar\u015f\u0131lamak maksad\u0131yla m\u0131s\u0131r, fasulye ve patates gibi sebzeler yeti\u015ftirmektedir.<\/p>\n\n\n\n<div class=\"wp-block-columns is-layout-flex wp-container-core-columns-is-layout-9d6595d7 wp-block-columns-is-layout-flex\">\n<div class=\"wp-block-column is-layout-flow wp-block-column-is-layout-flow\"><\/div>\n<\/div>\n\n\n\n<h4 class=\"wp-block-heading has-black-color has-text-color\">HAYVANCILIK<\/h4>\n\n\n\n<div class=\"wp-block-columns is-layout-flex wp-container-core-columns-is-layout-9d6595d7 wp-block-columns-is-layout-flex\">\n<div class=\"wp-block-column is-layout-flow wp-block-column-is-layout-flow\"><\/div>\n<\/div>\n\n\n\n<p class=\"has-black-color has-text-color has-medium-font-size\">\u0130l\u00e7ede b\u00fcy\u00fckba\u015f ve k\u00fc\u00e7\u00fckba\u015f hayvanc\u0131l\u0131k ailevi ihtiya\u00e7lar\u0131n kar\u015f\u0131lanmas\u0131 i\u00e7in yap\u0131lmakta, ihtiya\u00e7 fazlas\u0131 mal ve \u00fcr\u00fcnler maddi ama\u00e7la sat\u0131lmaktad\u0131r. Ekonomik gelirini hayvanc\u0131l\u0131ktan sa\u011flayan aile say\u0131s\u0131 son y\u0131llarda ciddi oranda azalm\u0131\u015ft\u0131r. K\u00fcmes hayvanc\u0131l\u0131\u011f\u0131 yok denecek kadar az olup daha \u00e7ok ar\u0131c\u0131l\u0131k faaliyetleri geli\u015fmeye ba\u015flam\u0131\u015ft\u0131r. Ayr\u0131ca il\u00e7ede Alabal\u0131k \u00fcreticili\u011fi yap\u0131lmaktad\u0131r. \u0130l\u00e7ede sabit ar\u0131c\u0131l\u0131k yap\u0131lmaktad\u0131r. \u00c7i\u00e7ek bal\u0131n\u0131n yan\u0131 s\u0131ra kestane bal\u0131 da \u00fcretilmektedir.<\/p>\n\n\n\n<div class=\"wp-block-columns is-layout-flex wp-container-core-columns-is-layout-9d6595d7 wp-block-columns-is-layout-flex\">\n<div class=\"wp-block-column is-layout-flow wp-block-column-is-layout-flow\"><\/div>\n<\/div>\n\n\n<div class=\"wp-block-image\">\n<figure class=\"aligncenter size-large\"><img decoding=\"async\" src=\"https:\/\/www.kucukgeris.net\/iz\/giresun\/dgnknt\/dgnknt09.jpg\" alt=\"\u00dcretim maliyetleri su durumuna g\u00f6re azal\u0131p artan Do\u011fankent\u2019teki i\u015fletmenin hidrolik santral olmas\u0131 sebebiyle enerji \u00fcretimi k\u00f6m\u00fcr ve fueloil ile \u00e7al\u0131\u015fan termik santrallere nazaran ekonomiktir.\n\"\/><figcaption class=\"wp-element-caption\"><strong><em>\u00dcretim maliyetleri su durumuna g\u00f6re azal\u0131p artan Do\u011fankent\u2019teki i\u015fletmenin hidrolik santral olmas\u0131 sebebiyle enerji \u00fcretimi k\u00f6m\u00fcr ve fueloil ile \u00e7al\u0131\u015fan termik santrallere nazaran ekonomiktir.<\/em><\/strong><\/figcaption><\/figure>\n<\/div>\n\n\n<div class=\"wp-block-columns is-layout-flex wp-container-core-columns-is-layout-9d6595d7 wp-block-columns-is-layout-flex\">\n<div class=\"wp-block-column is-layout-flow wp-block-column-is-layout-flow\"><\/div>\n<\/div>\n\n\n\n<h4 class=\"wp-block-heading has-black-color has-text-color\">ENERJ\u0130 VE SANAY\u0130<\/h4>\n\n\n\n<div class=\"wp-block-columns is-layout-flex wp-container-core-columns-is-layout-9d6595d7 wp-block-columns-is-layout-flex\">\n<div class=\"wp-block-column is-layout-flow wp-block-column-is-layout-flow\"><\/div>\n<\/div>\n\n\n\n<p class=\"has-black-color has-text-color has-medium-font-size\">\u0130l\u00e7enin \u00c7atala\u011fa\u00e7 K\u00f6y\u00fc\u2019nde maden ara\u015ft\u0131rmalar\u0131 devam etmekte ve burada yeni i\u015fletme sahalar\u0131 a\u00e7\u0131lma \u00e7al\u0131\u015fmalar\u0131 yap\u0131lmaktad\u0131r. \u0130l\u00e7enin G\u00fcvenlik K\u00f6y\u00fc alt\u0131nda ise granit ta\u015f i\u015fletmesi kurularak faaliyetini devam ettirmektedir.<\/p>\n\n\n\n<p class=\"has-black-color has-text-color has-medium-font-size\">\u0130l\u00e7ede iki tane hidroelektrik santrali bulunmakta olup, \u00fclke ekonomisine katk\u0131 sa\u011flamaktad\u0131r. Santraller il\u00e7enin g\u00fcneybat\u0131 y\u00f6n\u00fcnde devlet karayolundan 100 metre mesafede tesis edilmi\u015ftir.<\/p>\n\n\n\n<p class=\"has-black-color has-text-color has-medium-font-size\">\u0130l\u00e7eden ge\u00e7en Har\u015fit \u00c7ay\u0131 \u00fczerinde \u00fcretime ba\u015flayan ve in\u015faat a\u015famas\u0131nda olan bir\u00e7ok hidroelektrik santrali mevcut olup bu santraller il\u00e7enin ekonomik ve sosyal yap\u0131s\u0131nda ciddi oranda de\u011fi\u015fiklikler meydana getirmi\u015ftir.<\/p>\n\n\n\n<p class=\"has-black-color has-text-color has-medium-font-size\"><strong>Do\u011fankent I. Santrali:<\/strong> 49.97 metre uzunluk, 24.28 metre geni\u015flik,14.45 metre y\u00fcksekli\u011finde bulunan santral binas\u0131, d\u00f6rt adet t\u00fcrbin jenerat\u00f6r \u00fcnitesi, bir montaj k\u0131sm\u0131, bir kontrol ve kumanda k\u0131sm\u0131 ve 1 adet elektik at\u00f6lyesinden ibarettir. Santralde 4 adet Francis tipi t\u00fcrbin bulunmaktad\u0131r. 8.2 MW g\u00fcc\u00fcnde 750 devir\/dakika olan bu t\u00fcrbinler 180 metre d\u00fc\u015f\u00fc ile suyun enerjisini elektrik enerjisine jenerat\u00f6r vas\u0131tas\u0131yla d\u00f6n\u00fc\u015ft\u00fcr\u00fcr. Santralde Voit ve Oy Stronberg firmas\u0131 t\u00fcrbin ve t\u00fcrbin aksamlar\u0131n\u0131, Elin ve Nohap firmas\u0131 jenerat\u00f6r tesisat\u0131n\u0131, ayn\u0131 firmalar koruma, kumanda sistemlerini ve trafolar\u0131n\u0131 ise AEG Eti firmas\u0131 te\u00e7hiz etmi\u015ftir.<\/p>\n\n\n\n<p class=\"has-black-color has-text-color has-medium-font-size\"><strong>Do\u011fankent II. Santrali:<\/strong> 23.70 metre uzunlu\u011funda, 19 metre geni\u015fli\u011finde, 17.74 metre y\u00fcksekli\u011finde bulunan santral binas\u0131nda bir adet t\u00fcrbin jenerat\u00f6r \u00fcnitesi, bir montaj k\u0131sm\u0131, bir kontrol ve kumanda k\u0131sm\u0131 vard\u0131r. Kumanda uzaktan Do\u011fankent l Santrali\u2019nden yap\u0131lmaktad\u0131r. Bir adet Francis tipi t\u00fcrbin bulunmaktad\u0131r. 41.7 MW g\u00fcc\u00fcnde, 375 devir\/dakika olan bu t\u00fcrbin 190.6 metre d\u00fc\u015f\u00fc ile suyun enerjisini elektrik enerjisine jenerat\u00f6r vas\u0131tas\u0131yla d\u00f6n\u00fc\u015ft\u00fcr\u00fcr. Santralde, Toshiba firmas\u0131 taraf\u0131ndan t\u00fcrbin, jenerat\u00f6r, trafo ve koruma ile kumanda devreleri te\u00e7hiz edilmi\u015ftir.<\/p>\n\n\n\n<p class=\"has-black-color has-text-color has-medium-font-size\">Santrallerin Ekonomik Durumu: \u0130\u015fletme suya dayal\u0131 enerji i\u015fletmesi olmas\u0131 sebebiyle \u00fcretim maliyeti su durumuna g\u00f6re azal\u0131p artmaktad\u0131r. Dolay\u0131s\u0131 ile i\u015fletmenin hidrolik santral olmas\u0131 sebebiyle enerji \u00fcretimi k\u00f6m\u00fcr ve fueloil ile \u00e7al\u0131\u015fan termik santrallere nazaran ekonomiktir. 2002 y\u0131l\u0131 enerji \u00fcretimi maliyeti 32.338 TL\/ Kwh\u2019d\u0131r. 2002 y\u0131l\u0131 \u00fcretimi ise 280.846053 Kwh\u2019dir. Hizmet binas\u0131 \u015fu anda ihtiyaca cevap vermekte olup 37 adet lojman\u0131 mevcuttur.<\/p>\n\n\n\n<div class=\"wp-block-columns is-layout-flex wp-container-core-columns-is-layout-9d6595d7 wp-block-columns-is-layout-flex\">\n<div class=\"wp-block-column is-layout-flow wp-block-column-is-layout-flow\"><\/div>\n<\/div>\n\n\n<div class=\"wp-block-image\">\n<figure class=\"aligncenter size-large\"><img decoding=\"async\" src=\"https:\/\/www.kucukgeris.net\/iz\/giresun\/dgnknt\/dgnknt10.jpg\" alt=\"Arazinin engebeli ve meyilli olmas\u0131 sebebiyle Do\u011fankent k\u00f6ylerinde yerle\u015fim da\u011f\u0131n\u0131kt\u0131r.\"\/><figcaption class=\"wp-element-caption\"><strong><em>Arazinin engebeli ve meyilli olmas\u0131 sebebiyle Do\u011fankent k\u00f6ylerinde yerle\u015fim da\u011f\u0131n\u0131kt\u0131r.<\/em><\/strong><\/figcaption><\/figure>\n<\/div>\n\n\n<div class=\"wp-block-columns is-layout-flex wp-container-core-columns-is-layout-9d6595d7 wp-block-columns-is-layout-flex\">\n<div class=\"wp-block-column is-layout-flow wp-block-column-is-layout-flow\"><\/div>\n<\/div>\n\n\n\n<h4 class=\"wp-block-heading has-black-color has-text-color\">DO\u011eANKENT CO\u011eRAFYASI<\/h4>\n\n\n\n<div class=\"wp-block-columns is-layout-flex wp-container-core-columns-is-layout-9d6595d7 wp-block-columns-is-layout-flex\">\n<div class=\"wp-block-column is-layout-flow wp-block-column-is-layout-flow\"><\/div>\n<\/div>\n\n\n\n<p class=\"has-black-color has-text-color has-medium-font-size\">Do\u011fankent il\u00e7esi, 5 mahalle 9 k\u00f6y olmak \u00fczere toplam 14 idari birimin birle\u015fmesiyle olu\u015fmu\u015ftur. K\u00f6ylerde arazinin engebeli ve meyilli olmas\u0131, toplu yerle\u015fime m\u00fcsait alan bulunmamas\u0131 sebebiyle arazi sahipleri kendi arazilerinin \u00fczerine konut yapmak zorunda kalm\u0131\u015ft\u0131r, bu da k\u00f6ylerde yerle\u015fimin da\u011f\u0131n\u0131k olmas\u0131 sonucunu ortaya \u00e7\u0131karm\u0131\u015ft\u0131r. \u0130l\u00e7e merkezinde ise arazinin m\u00fcsait olmas\u0131 toplu yerle\u015fimin olu\u015fmas\u0131na imk\u00e2n sa\u011flam\u0131\u015ft\u0131r.<\/p>\n\n\n\n<p class=\"has-black-color has-text-color has-medium-font-size\">\u0130l\u00e7e halk\u0131n\u0131n yar\u0131s\u0131na yak\u0131n\u0131, hayvanlar\u0131n\u0131 otlatmak ve temiz havas\u0131ndan istifade etmek maksad\u0131yla yaz sezonlar\u0131nda yaylalara \u00e7\u0131karlar. Yaylalarda yerle\u015fim genel olarak toplu olarak yap\u0131lm\u0131\u015ft\u0131r. Buralarda k\u0131sa s\u00fcre kal\u0131nmakta, Haziran-Temmuz aylar\u0131nda il\u00e7e d\u0131\u015f\u0131nda ya\u015fayan Do\u011fankentlilerin de gelmesiyle birlikte yaylalar\u0131n n\u00fcfusu il\u00e7e n\u00fcfusunun 3-4 kat\u0131na ula\u015fmaktad\u0131r. Yayalarda devaml\u0131 \u015fekilde ikamet eden bulunmamaktad\u0131r.<\/p>\n\n\n\n<div class=\"wp-block-columns is-layout-flex wp-container-core-columns-is-layout-9d6595d7 wp-block-columns-is-layout-flex\">\n<div class=\"wp-block-column is-layout-flow wp-block-column-is-layout-flow\"><\/div>\n<\/div>\n\n\n<div class=\"wp-block-image\">\n<figure class=\"aligncenter size-large\"><img decoding=\"async\" src=\"https:\/\/www.kucukgeris.net\/iz\/giresun\/dgnknt\/dgnknt11.jpg\" alt=\"\u0130l\u00e7e halk\u0131n\u0131n yar\u0131s\u0131na yak\u0131n\u0131, hayvanlar\u0131n\u0131 otlatmak ve temiz havas\u0131ndan istifade etmek maksad\u0131yla yaz sezonlar\u0131nda yaylalara \u00e7\u0131karlar.\"\/><figcaption class=\"wp-element-caption\"><strong><em>\u0130l\u00e7e halk\u0131n\u0131n yar\u0131s\u0131na yak\u0131n\u0131, hayvanlar\u0131n\u0131 otlatmak ve temiz havas\u0131ndan istifade etmek maksad\u0131yla yaz sezonlar\u0131nda yaylalara \u00e7\u0131karlar.<\/em><\/strong><\/figcaption><\/figure>\n<\/div>\n\n\n<div class=\"wp-block-columns is-layout-flex wp-container-core-columns-is-layout-9d6595d7 wp-block-columns-is-layout-flex\">\n<div class=\"wp-block-column is-layout-flow wp-block-column-is-layout-flow\"><\/div>\n<\/div>\n\n\n\n<h4 class=\"wp-block-heading has-black-color has-text-color\">YAYLALAR<\/h4>\n\n\n\n<div class=\"wp-block-columns is-layout-flex wp-container-core-columns-is-layout-9d6595d7 wp-block-columns-is-layout-flex\">\n<div class=\"wp-block-column is-layout-flow wp-block-column-is-layout-flow\"><\/div>\n<\/div>\n\n\n\n<p class=\"has-black-color has-text-color has-medium-font-size\">Do\u011fankent Belediyesi\u2019nin m\u00fccavir alan\u0131 i\u00e7erisinde bulunan, ancak k\u0131\u015f aylar\u0131nda ikamet eden ki\u015filerin bulunmad\u0131\u011f\u0131, halk\u0131n yayla olarak kullanmakta oldu\u011fu Pinti, Patanl\u0131, Asarkaya ve Ba\u015fyurt yaylalar\u0131 yerle\u015fim yeri olarak kullan\u0131lmaktad\u0131r.<\/p>\n\n\n\n<p class=\"has-black-color has-text-color has-medium-font-size\">Doymu\u015f K\u00f6y\u00fc s\u0131n\u0131rlar\u0131 i\u00e7erisinde bulunan Ay\u0131t Yaylas\u0131, ayn\u0131 k\u00f6y halk\u0131 taraf\u0131ndan yaz aylar\u0131nda yayla olarak kullan\u0131lmaktad\u0131r.<\/p>\n\n\n\n<p class=\"has-black-color has-text-color has-medium-font-size\">Cumhuriyetten \u00f6nce Kavraz ad\u0131yla k\u00f6y olan, ancak Cumhuriyet d\u00f6neminde yerle\u015fik halk\u0131n (Kavrazl\u0131 o\u011fullar\u0131), Do\u011fankent, Tirebolu, G\u00f6rele, Espiye il\u00e7elerine g\u00f6\u00e7 etmeleri sonucunda k\u00f6y t\u00fczel ki\u015fili\u011fini yitiren Kavraz K\u00f6y\u00fc\u2019n\u00fcn belediye m\u00fccavir alan\u0131 d\u0131\u015f\u0131nda kalan Tepealan, Merekg\u00f6z\u00fc, \u00c7atak\u00e7ay\u0131r, Polat ve Abadan yaylalar\u0131 da g\u00fcn\u00fcm\u00fczde Do\u011fankent\u2019e ba\u011fl\u0131 baz\u0131 k\u00f6yler ile G\u00fcm\u00fc\u015fhane ili K\u00fcrt\u00fcn il\u00e7esine ba\u011fl\u0131 baz\u0131 k\u00f6y halk\u0131 taraf\u0131ndan yayla olarak kullan\u0131lmaktad\u0131r.<\/p>\n\n\n\n<div class=\"wp-block-columns is-layout-flex wp-container-core-columns-is-layout-9d6595d7 wp-block-columns-is-layout-flex\">\n<div class=\"wp-block-column is-layout-flow wp-block-column-is-layout-flow\"><\/div>\n<\/div>\n\n\n<div class=\"wp-block-image\">\n<figure class=\"aligncenter size-large\"><img decoding=\"async\" src=\"https:\/\/www.kucukgeris.net\/iz\/giresun\/dgnknt\/dgnknt12.jpg\" alt=\"Pinti Yaylas\u0131\"\/><figcaption class=\"wp-element-caption\"><strong><em>Pinti Yaylas\u0131<\/em><\/strong><\/figcaption><\/figure>\n<\/div>\n\n\n<div class=\"wp-block-columns is-layout-flex wp-container-core-columns-is-layout-9d6595d7 wp-block-columns-is-layout-flex\">\n<div class=\"wp-block-column is-layout-flow wp-block-column-is-layout-flow\"><\/div>\n<\/div>\n\n\n<div class=\"wp-block-image\">\n<figure class=\"aligncenter size-large\"><img decoding=\"async\" src=\"https:\/\/www.kucukgeris.net\/iz\/giresun\/dgnknt\/dgnknt13.jpg\" alt=\"Abadan Yaylas\u0131\"\/><figcaption class=\"wp-element-caption\"><strong><em>Abadan Yaylas\u0131<\/em><\/strong><\/figcaption><\/figure>\n<\/div>\n\n\n<div class=\"wp-block-columns is-layout-flex wp-container-core-columns-is-layout-9d6595d7 wp-block-columns-is-layout-flex\">\n<div class=\"wp-block-column is-layout-flow wp-block-column-is-layout-flow\"><\/div>\n<\/div>\n\n\n<div class=\"wp-block-image\">\n<figure class=\"aligncenter size-large\"><img decoding=\"async\" src=\"https:\/\/www.kucukgeris.net\/iz\/giresun\/dgnknt\/dgnknt14.jpg\" alt=\"Asarkaya Yaylas\u0131\"\/><figcaption class=\"wp-element-caption\"><strong><em>Asarkaya Yaylas\u0131<\/em><\/strong><\/figcaption><\/figure>\n<\/div>\n\n\n<div class=\"wp-block-columns is-layout-flex wp-container-core-columns-is-layout-9d6595d7 wp-block-columns-is-layout-flex\">\n<div class=\"wp-block-column is-layout-flow wp-block-column-is-layout-flow\"><\/div>\n<\/div>\n\n\n<div class=\"wp-block-image\">\n<figure class=\"aligncenter size-large\"><img decoding=\"async\" src=\"https:\/\/www.kucukgeris.net\/iz\/giresun\/dgnknt\/dgnknt15.jpg\" alt=\"K\u0131\u015f aylar\u0131nda ikamet eden ki\u015filer bulunmad\u0131\u011f\u0131 i\u00e7in Pinti, Patanl\u0131, Asarkaya ve Ba\u015fyurt yaylalar\u0131 yerle\u015fim yeri olarak kullan\u0131lmaktad\u0131r.\"\/><figcaption class=\"wp-element-caption\"><strong><em>K\u0131\u015f aylar\u0131nda ikamet eden ki\u015filer bulunmad\u0131\u011f\u0131 i\u00e7in Pinti, Patanl\u0131, Asarkaya ve Ba\u015fyurt yaylalar\u0131 yerle\u015fim yeri olarak kullan\u0131lmaktad\u0131r.<\/em><\/strong><\/figcaption><\/figure>\n<\/div>\n\n\n<div class=\"wp-block-columns is-layout-flex wp-container-core-columns-is-layout-9d6595d7 wp-block-columns-is-layout-flex\">\n<div class=\"wp-block-column is-layout-flow wp-block-column-is-layout-flow\"><\/div>\n<\/div>\n\n\n<div class=\"wp-block-image\">\n<figure class=\"aligncenter size-large\"><img decoding=\"async\" src=\"https:\/\/www.kucukgeris.net\/iz\/giresun\/dgnknt\/dgnknt16.jpg\" alt=\"Har\u015fit vadisi i\u00e7erisinde yer alan \u00c7atala\u011fa\u00e7 Erikdere \u015eelalesi il\u00e7enin do\u011fal g\u00fczelliklerinden yaln\u0131zca biridir.\"\/><figcaption class=\"wp-element-caption\"><strong><em>Har\u015fit vadisi i\u00e7erisinde yer alan \u00c7atala\u011fa\u00e7 Erikdere \u015eelalesi il\u00e7enin do\u011fal g\u00fczelliklerinden yaln\u0131zca biridir.<\/em><\/strong><\/figcaption><\/figure>\n<\/div>\n\n\n<div class=\"wp-block-columns is-layout-flex wp-container-core-columns-is-layout-9d6595d7 wp-block-columns-is-layout-flex\">\n<div class=\"wp-block-column is-layout-flow wp-block-column-is-layout-flow\"><\/div>\n<\/div>\n\n\n\n<h4 class=\"wp-block-heading has-black-color has-text-color\">\u00c7ATALA\u011eA\u00c7 \u015eELALES\u0130<\/h4>\n\n\n\n<div class=\"wp-block-columns is-layout-flex wp-container-core-columns-is-layout-9d6595d7 wp-block-columns-is-layout-flex\">\n<div class=\"wp-block-column is-layout-flow wp-block-column-is-layout-flow\"><\/div>\n<\/div>\n\n\n\n<p class=\"has-black-color has-text-color has-medium-font-size\">Akarsu yata\u011f\u0131n\u0131n, dike yak\u0131n bir bi\u00e7imde aniden d\u00fc\u015ft\u00fc\u011f\u00fc, sular\u0131n y\u00fcksekten d\u00f6k\u00fclerek akt\u0131\u011f\u0131 k\u0131sm\u0131na \u015felale denir. M\u00fckemmel bir g\u00f6rsel \u015f\u00f6len sunan \u015felaleler bulunduklar\u0131 co\u011frafyan\u0131n turizmine hareket katar.<\/p>\n\n\n\n<p class=\"has-black-color has-text-color has-medium-font-size\">Do\u011fankent \u00c7atala\u011fa\u00e7 K\u00f6y\u00fc, kanyonu ve \u015felalesiyle ziyaret\u00e7ilerine yemye\u015fil bir tabiat ve tertemiz bir hava sunuyor.<\/p>\n\n\n\n<p class=\"has-black-color has-text-color has-medium-font-size\">Do\u011fankent &#8211; K\u00fcrt\u00fcn karayolu \u00fczerinde Har\u015fit vadisi i\u00e7erisinde yer alan \u00c7atala\u011fa\u00e7 (eski ad\u0131yla \u015ead\u0131) Erikdere \u015eelalesi il\u00e7enin do\u011fal g\u00fczelliklerinden yaln\u0131zca biridir.<\/p>\n\n\n\n<p class=\"has-black-color has-text-color has-medium-font-size\">Erikdere ak\u0131\u015f g\u00fczergah\u0131nda bulunan \u00c7atala\u011fa\u00e7 \u015eelalesi, tabiat olaylar\u0131n\u0131n meydana getirdi\u011fi tek ve nadir olmalar\u0131 sebebiyle ilmi ve estetik y\u00f6nden milli \u00f6neme sahiptir. Bir veya birka\u00e7 jeolojik ve jeomorfolojik formasyon ve bitki t\u00fcrleri gibi m\u00fcstesna de\u011ferleri bar\u0131nd\u0131ran \u015felale, \u00f6zellikle insan faaliyetlerinden \u00e7ok az zarar g\u00f6rm\u00fc\u015ft\u00fcr.<\/p>\n\n\n\n<p class=\"has-black-color has-text-color has-medium-font-size\">\u015eelale, Do\u011fankent\u2019e 5 kilometre uzakl\u0131kta yer almaktad\u0131r. Yakla\u015f\u0131k 20 metre y\u00fckseklikten akan \u015felalenin yan\u0131na yakla\u015f\u0131ld\u0131\u011f\u0131nda suyun ak\u0131\u015f\u0131n\u0131n meydana getirdi\u011fi sis ve serinlik insanlar\u0131 \u015fehrin g\u00fcr\u00fclt\u00fcl\u00fc ve stresli ya\u015fant\u0131s\u0131ndan uzakla\u015ft\u0131rmaya yard\u0131mc\u0131 oluyor.<\/p>\n\n\n\n<div class=\"wp-block-columns is-layout-flex wp-container-core-columns-is-layout-9d6595d7 wp-block-columns-is-layout-flex\">\n<div class=\"wp-block-column is-layout-flow wp-block-column-is-layout-flow\"><\/div>\n<\/div>\n\n\n<div class=\"wp-block-image\">\n<figure class=\"aligncenter size-large\"><img decoding=\"async\" src=\"https:\/\/www.kucukgeris.net\/iz\/giresun\/dgnknt\/dgnknt17.jpg\" alt=\"Her y\u0131l sadece 15 g\u00fcn g\u00f6r\u00fclebilen hidroelektrik santralinin su tahliyesi ile olu\u015fan 150 metrelik yapay \u015felale g\u00f6renleri kendine hayran b\u0131rak\u0131yor.\"\/><figcaption class=\"wp-element-caption\"><strong><em>Her y\u0131l sadece 15 g\u00fcn g\u00f6r\u00fclebilen hidroelektrik santralinin su tahliyesi ile olu\u015fan 150 metrelik yapay \u015felale g\u00f6renleri kendine hayran b\u0131rak\u0131yor.<\/em><\/strong><\/figcaption><\/figure>\n<\/div>\n\n\n<div class=\"wp-block-columns is-layout-flex wp-container-core-columns-is-layout-9d6595d7 wp-block-columns-is-layout-flex\">\n<div class=\"wp-block-column is-layout-flow wp-block-column-is-layout-flow\"><\/div>\n<\/div>\n\n\n\n<h4 class=\"wp-block-heading has-black-color has-text-color\">HES YAPAY \u015eELALES\u0130<\/h4>\n\n\n\n<div class=\"wp-block-columns is-layout-flex wp-container-core-columns-is-layout-9d6595d7 wp-block-columns-is-layout-flex\">\n<div class=\"wp-block-column is-layout-flow wp-block-column-is-layout-flow\"><\/div>\n<\/div>\n\n\n\n<p class=\"has-black-color has-text-color has-medium-font-size\">Giresun\u2019un Do\u011fankent il\u00e7esinde her y\u0131l sadece 15 g\u00fcn g\u00f6r\u00fclebilen Hidroelektrik Santrali\u2019nin su tahliyesi ile olu\u015fan 150 metrelik yapay \u015felale g\u00f6renleri kendine hayran b\u0131rak\u0131yor.<\/p>\n\n\n\n<p class=\"has-black-color has-text-color has-medium-font-size\">Giresun\u2019un Do\u011fankent il\u00e7esinde Har\u015fit vadisi ve Uluslararas\u0131 \u0130ran Karayolu \u00fczerinde 1960\u2019l\u0131 y\u0131llarda kurulan hidroelektrik santralinden (HES) her y\u0131l May\u0131s ay\u0131n\u0131n son g\u00fcnlerinde yaylalardaki karlar\u0131n erimesiyle fazlala\u015fan suyun tahliyesi yap\u0131l\u0131yor. Bu anlarda ise ortaya muhte\u015fem g\u00f6r\u00fcnt\u00fcler \u00e7\u0131kartan yapay \u015felale ilgi oda\u011f\u0131 haline geliyor.<\/p>\n\n\n\n<p class=\"has-black-color has-text-color has-medium-font-size\">Do\u011fankent Belediyesi, her y\u0131l May\u0131s ay\u0131n\u0131n son g\u00fcnlerinden Haziran ay\u0131n\u0131n ilk haftas\u0131na kadarki s\u00fcrede insan eliyle ortaya \u00e7\u0131kan \u015felaleyi turizme kazand\u0131rmak i\u00e7in harekete ge\u00e7erken, ortaya \u00e7\u0131kan g\u00f6r\u00fcnt\u00fcn\u00fcn T\u00fcrkiye\u2019de e\u015fi benzeri olmad\u0131\u011f\u0131 belirtiliyor.<\/p>\n\n\n\n<p class=\"has-black-color has-text-color has-medium-font-size\">Konuyla ilgili de\u011ferlendirmelerde bulunan Do\u011fankent Belediye Ba\u015fkan\u0131 R\u00fc\u015fan \u00d6zden; g\u00f6r\u00fcnt\u00fcn\u00fcn her zaman de\u011fil, y\u0131l\u0131n belli bir d\u00f6neminde ortaya \u00e7\u0131kt\u0131\u011f\u0131n\u0131 ifade etti. \u00d6zden, yaz d\u00f6nemlerinde olu\u015fan g\u00f6r\u00fcnt\u00fcn\u00fcn hayli dikkat \u00e7ekici oldu\u011funu vurgulayarak, \u201cSon y\u0131llarda yap\u0131lan HES \u00e7al\u0131\u015fmalar\u0131 sonucunda b\u00fct\u00fcn sular\u0131n Gelevera Deresi, Har\u015fit vadisi ve Kavraz Deresi\u2019nden toplanmas\u0131yla \u00e7ok fazla su geliyor barajlara. Haliyle bu d\u00f6nemlerde ortaya \u00e7\u0131kan bu \u015felaleyi g\u00f6rmemiz m\u00fcmk\u00fcn. Karlar\u0131n da erimesiyle \u00f6zellikle yaz ba\u015f\u0131 d\u00f6nemlerinde bu g\u00f6r\u00fcnt\u00fc ortaya \u00e7\u0131k\u0131yor\u201d ifadelerini kulland\u0131.<\/p>\n\n\n\n<p class=\"has-black-color has-text-color has-medium-font-size\">B\u00f6lgede turizmi geli\u015ftirme kapsam\u0131nda Har\u015fit Tabiat Park\u0131 \u00e7al\u0131\u015fmalar\u0131 oldu\u011funu kaydeden \u00d6zden, \u201cYakla\u015f\u0131k 54 hektarl\u0131k arazi \u00fczerine planl\u0131yoruz. Tar\u0131m ve Orman Bakanl\u0131\u011f\u0131 ile tescil edilmi\u015f, DS\u0130 taraf\u0131ndan ise altyap\u0131s\u0131 yap\u0131lm\u0131\u015f, in\u015fallah Do\u011fa Koruma ve Milli Parklar Genel M\u00fcd\u00fcrl\u00fc\u011f\u00fc sayesinde de \u00fcstyap\u0131s\u0131n\u0131 yapaca\u011f\u0131z. Buradaki insan eliyle yap\u0131lm\u0131\u015f bu g\u00fczelli\u011fi birbirine entegre ederek vadiyi turizmine kazand\u0131raca\u011f\u0131z. Har\u015fit vadisi \u00f6nemli bir yer ve bilindi\u011fi gibi bizim bir slogan\u0131m\u0131z da var: \u2018Bir \u00c7anakkale, bir de Har\u015fit vadisi ge\u00e7ilmez.\u2019 Ruslar bu vadiyi ge\u00e7emedi\u011fi i\u00e7in\u201d diye konu\u015ftu.<\/p>\n\n\n\n<p class=\"has-black-color has-text-color has-medium-font-size\">\u0130lk defa b\u00f6yle bir \u015felale g\u00f6rd\u00fc\u011f\u00fcn\u00fc ifade eden vatanda\u015flar ise, ortaya \u00e7\u0131kan g\u00f6r\u00fcnt\u00fcy\u00fc cep telefonlar\u0131 ile kayda almaya \u00e7al\u0131\u015f\u0131rken, il\u00e7e sakinleri ise \u015felalenin ortaya \u00e7\u0131kmas\u0131 sonucu do\u011fal bir kliman\u0131n da olu\u015ftu\u011funu belirterek, 28 derecelik bir s\u0131cakl\u0131\u011f\u0131n 15 derecelerde hissedildi\u011fini ifade ediyorlar.<\/p>\n\n\n\n<div class=\"wp-block-columns is-layout-flex wp-container-core-columns-is-layout-9d6595d7 wp-block-columns-is-layout-flex\">\n<div class=\"wp-block-column is-layout-flow wp-block-column-is-layout-flow\"><\/div>\n<\/div>\n\n\n<div class=\"wp-block-image\">\n<figure class=\"aligncenter size-large\"><img decoding=\"async\" src=\"https:\/\/www.kucukgeris.net\/iz\/giresun\/dgnknt\/dgnknt18.jpg\" alt=\"\u0130\u00e7ine m\u0131s\u0131r yarmas\u0131 ve kuru fasulye kat\u0131lan karalahana \u00e7orbas\u0131 Do\u011fankentlilerin vazge\u00e7ilmez yemeklerinden biridir.\"\/><figcaption class=\"wp-element-caption\"><strong><em>\u0130\u00e7ine m\u0131s\u0131r yarmas\u0131 ve kuru fasulye kat\u0131lan karalahana \u00e7orbas\u0131 Do\u011fankentlilerin vazge\u00e7ilmez yemeklerinden biridir.<\/em><\/strong><\/figcaption><\/figure>\n<\/div>\n\n\n<div class=\"wp-block-columns is-layout-flex wp-container-core-columns-is-layout-9d6595d7 wp-block-columns-is-layout-flex\">\n<div class=\"wp-block-column is-layout-flow wp-block-column-is-layout-flow\"><\/div>\n<\/div>\n\n\n\n<h4 class=\"wp-block-heading has-black-color has-text-color\">Y\u00d6RESEL YEMEKLER<\/h4>\n\n\n\n<div class=\"wp-block-columns is-layout-flex wp-container-core-columns-is-layout-9d6595d7 wp-block-columns-is-layout-flex\">\n<div class=\"wp-block-column is-layout-flow wp-block-column-is-layout-flow\"><\/div>\n<\/div>\n\n\n\n<h4 class=\"wp-block-heading has-black-color has-text-color\">KARALAHANA \u00c7ORBASI<\/h4>\n\n\n\n<div class=\"wp-block-columns is-layout-flex wp-container-core-columns-is-layout-9d6595d7 wp-block-columns-is-layout-flex\">\n<div class=\"wp-block-column is-layout-flow wp-block-column-is-layout-flow\"><\/div>\n<\/div>\n\n\n\n<p class=\"has-black-color has-text-color has-medium-font-size\"><strong>Malzemeler:<\/strong> 1 ba\u011f karalahana, 2 adet so\u011fan, 1 kase m\u0131s\u0131r yarmas\u0131, 1 tas kuru fasulye, 1 ka\u015f\u0131k tereya\u011f\u0131, yar\u0131m fincan zeytinya\u011f\u0131, 1 su barda\u011f\u0131 m\u0131s\u0131r unu, ac\u0131 biber.<\/p>\n\n\n\n<p class=\"has-black-color has-text-color has-medium-font-size\"><strong>Haz\u0131rlan\u0131\u015f\u0131:<\/strong> Lahanalar do\u011fran\u0131r, kaynam\u0131\u015f suyun i\u00e7ine at\u0131l\u0131r. \u0130\u00e7ine ha\u015flanm\u0131\u015f yarmalar ve fasulye konur. Biraz pi\u015fince \u00e7orba kar\u0131\u015ft\u0131r\u0131larak m\u0131s\u0131r ununun tamam\u0131 yava\u015f yava\u015f elle ilave edilir. Topaklanmamas\u0131na dikkat edilir. Di\u011fer yandan bir tavada ya\u011f ile beraber so\u011fan ve biber pembele\u015finceye kadar kavrulur, kaynayan \u00e7orban\u0131n i\u00e7ine ilave edilir. \u00c7orba pi\u015fince ate\u015ften al\u0131n\u0131r.<\/p>\n\n\n\n<div class=\"wp-block-columns is-layout-flex wp-container-core-columns-is-layout-9d6595d7 wp-block-columns-is-layout-flex\">\n<div class=\"wp-block-column is-layout-flow wp-block-column-is-layout-flow\"><\/div>\n<\/div>\n\n\n\n<h4 class=\"wp-block-heading has-black-color has-text-color\">FASULYE D\u0130BLES\u0130<\/h4>\n\n\n\n<div class=\"wp-block-columns is-layout-flex wp-container-core-columns-is-layout-9d6595d7 wp-block-columns-is-layout-flex\">\n<div class=\"wp-block-column is-layout-flow wp-block-column-is-layout-flow\"><\/div>\n<\/div>\n\n\n\n<p class=\"has-black-color has-text-color has-medium-font-size\"><strong>Malzemeler:<\/strong> 5 kase ince do\u011franm\u0131\u015f fasulye, bir su barda\u011f\u0131 pirin\u00e7, iki adet orta boy so\u011fan, iki yemek ka\u015f\u0131\u011f\u0131 tereya\u011f\u0131, bir fincan s\u0131v\u0131 ya\u011f.<\/p>\n\n\n\n<p class=\"has-black-color has-text-color has-medium-font-size\"><strong>Haz\u0131rlan\u0131\u015f\u0131:<\/strong> Bir tencereye do\u011franm\u0131\u015f fasulyenin yar\u0131s\u0131 konur. \u00dczerine y\u0131kanm\u0131\u015f pirin\u00e7ler ilave edilir, tekrar bir s\u0131ra fasulye konur, en \u00fcste so\u011fan ilave edilerek pirin\u00e7ler uzay\u0131ncaya kadar k\u0131s\u0131k ate\u015fte pi\u015firilir. Ayr\u0131 kapta eritilen ya\u011f, diblenin \u00fczerine ilave edilir. A\u011fz\u0131 kapat\u0131larak 10 dakika demlendirilir, s\u0131cak servis yap\u0131l\u0131r. \u0130ste\u011fe g\u00f6re bir adet havu\u00e7, minik k\u00fcpler halinde kesilerek ilave edilir.<\/p>\n\n\n\n<div class=\"wp-block-columns is-layout-flex wp-container-core-columns-is-layout-9d6595d7 wp-block-columns-is-layout-flex\">\n<div class=\"wp-block-column is-layout-flow wp-block-column-is-layout-flow\"><\/div>\n<\/div>\n\n\n\n<h4 class=\"wp-block-heading has-black-color has-text-color\">ISIRGAN YEME\u011e\u0130 (ISIRGAN YA\u011eLA\u015eI)<\/h4>\n\n\n\n<div class=\"wp-block-columns is-layout-flex wp-container-core-columns-is-layout-9d6595d7 wp-block-columns-is-layout-flex\">\n<div class=\"wp-block-column is-layout-flow wp-block-column-is-layout-flow\"><\/div>\n<\/div>\n\n\n\n<p class=\"has-black-color has-text-color has-medium-font-size\"><strong>Malzemeler:<\/strong> Bir kilogram \u0131s\u0131rgan otu, 4 di\u015f sarm\u0131sak, bir \u00e7ay barda\u011f\u0131 un, 3 ka\u015f\u0131k tereya\u011f\u0131, tuz, nane, su.<\/p>\n\n\n\n<p class=\"has-black-color has-text-color has-medium-font-size\"><strong>Haz\u0131rlan\u0131\u015f\u0131:<\/strong> Is\u0131rgan iyice y\u0131kan\u0131r ve kaynar suda ha\u015flanarak s\u00fcz\u00fcl\u00fcr. Sonra tel s\u00fczge\u00e7ten elle ezilerek ge\u00e7irilir. Ezilen \u0131s\u0131rgan tencereye al\u0131narak ate\u015fe oturtulur. E\u011fer k\u0131vam\u0131 koyu ise iste\u011fe g\u00f6re biraz su ilave edilir. Tuz konur. \u0130ki \u00fc\u00e7 dakika pi\u015ftikten sonra kar\u0131\u015ft\u0131r\u0131larak azar azar unu ilave edilir. Unun topak olmamas\u0131na dikkat edilir. Muhallebi k\u0131vam\u0131na gelinceye kadar pi\u015firilir. Ayr\u0131 bir kapta ince do\u011franm\u0131\u015f sarm\u0131sak ya\u011fda kavrulur ve \u0131s\u0131rgana ilave edilir. Nane serpilerek servis yap\u0131l\u0131r.<\/p>\n\n\n\n<div class=\"wp-block-columns is-layout-flex wp-container-core-columns-is-layout-9d6595d7 wp-block-columns-is-layout-flex\">\n<div class=\"wp-block-column is-layout-flow wp-block-column-is-layout-flow\"><\/div>\n<\/div>\n\n\n\n<h4 class=\"wp-block-heading has-black-color has-text-color\">KARALAHANA D\u0130BLES\u0130<\/h4>\n\n\n\n<div class=\"wp-block-columns is-layout-flex wp-container-core-columns-is-layout-9d6595d7 wp-block-columns-is-layout-flex\">\n<div class=\"wp-block-column is-layout-flow wp-block-column-is-layout-flow\"><\/div>\n<\/div>\n\n\n\n<p class=\"has-black-color has-text-color has-medium-font-size\"><strong>Malzemeler:<\/strong> 1 ba\u011f karalahana, 2 su barda\u011f\u0131 pirin\u00e7, 2 \u00e7orba ka\u015f\u0131\u011f\u0131 tereya\u011f\u0131, 4 adet so\u011fan, yar\u0131m ka\u015f\u0131k tuz, 1 adet ac\u0131 biber.<\/p>\n\n\n\n<p class=\"has-black-color has-text-color has-medium-font-size\"><strong>Haz\u0131rlan\u0131\u015f\u0131:<\/strong> Y\u0131kanm\u0131\u015f karalahanalar iyice k\u0131y\u0131l\u0131r, tencereye bir kat karalahana, bir kat pirin\u00e7 ve do\u011franm\u0131\u015f so\u011fan konur, \u00fcst k\u0131sm\u0131na lahana yay\u0131larak tuzlan\u0131r ve a\u011fz\u0131 kapat\u0131larak ate\u015fe konur, pi\u015fmeye y\u00fcz tutunca kar\u0131\u015ft\u0131r\u0131l\u0131r ve \u00fczerine k\u0131zd\u0131r\u0131lm\u0131\u015f ya\u011fda biber ilave edilir. A\u011fz\u0131 kapat\u0131larak dinlenmeye b\u0131rak\u0131l\u0131r, sonra tekrar kar\u0131\u015ft\u0131r\u0131larak sofraya \u00e7\u0131kar\u0131l\u0131r.<\/p>\n\n\n\n<div class=\"wp-block-columns is-layout-flex wp-container-core-columns-is-layout-9d6595d7 wp-block-columns-is-layout-flex\">\n<div class=\"wp-block-column is-layout-flow wp-block-column-is-layout-flow\"><\/div>\n<\/div>\n\n\n\n<h4 class=\"wp-block-heading has-black-color has-text-color\">MISIR EKME\u011e\u0130<\/h4>\n\n\n\n<div class=\"wp-block-columns is-layout-flex wp-container-core-columns-is-layout-9d6595d7 wp-block-columns-is-layout-flex\">\n<div class=\"wp-block-column is-layout-flow wp-block-column-is-layout-flow\"><\/div>\n<\/div>\n\n\n\n<p class=\"has-black-color has-text-color has-medium-font-size\"><strong>Malzemeler:<\/strong> Yar\u0131m kilo m\u0131s\u0131r unu, bir tatl\u0131 kas\u0131\u011f\u0131 tuz, su s\u0131v\u0131 ya\u011f.<\/p>\n\n\n\n<p class=\"has-black-color has-text-color has-medium-font-size\"><strong>Haz\u0131rlan\u0131\u015f\u0131:<\/strong> Un ve tuz bir kap i\u00e7ine konur, \u0131l\u0131k suyla kar\u0131\u015ft\u0131r\u0131larak orta sertlikte bir hamur yap\u0131l\u0131r. Tavaya biraz s\u0131v\u0131 ya\u011f konur, hamur tavaya d\u00fczenli yay\u0131l\u0131r, ters y\u00fcz yap\u0131larak pembe renkte pi\u015firilir. \u0130ste\u011fe g\u00f6re f\u0131r\u0131n tepsisine d\u00f6\u015feyerek f\u0131r\u0131nda pi\u015firilerek de yap\u0131labilir.<\/p>\n\n\n\n<p class=\"has-black-color has-text-color has-medium-font-size\"><em>Not:<\/em> \u00d6zellikle bal\u0131k ve yo\u011furt yan\u0131na \u00e7ok yak\u0131\u015f\u0131r, s\u0131cak olarak daha lezzetlidir.<\/p>\n\n\n\n<div class=\"wp-block-columns is-layout-flex wp-container-core-columns-is-layout-9d6595d7 wp-block-columns-is-layout-flex\">\n<div class=\"wp-block-column is-layout-flow wp-block-column-is-layout-flow\"><\/div>\n<\/div>\n\n\n\n<h4 class=\"wp-block-heading has-black-color has-text-color\">S\u0130RON<\/h4>\n\n\n\n<div class=\"wp-block-columns is-layout-flex wp-container-core-columns-is-layout-9d6595d7 wp-block-columns-is-layout-flex\">\n<div class=\"wp-block-column is-layout-flow wp-block-column-is-layout-flow\"><\/div>\n<\/div>\n\n\n\n<p class=\"has-black-color has-text-color has-medium-font-size\"><strong>Malzemeler:<\/strong> 1 kilogram yufka, bir ba\u015f so\u011fan, iki kase yo\u011furt, bir ka\u015f\u0131k tereya\u011f\u0131, tuz.<\/p>\n\n\n\n<p class=\"has-black-color has-text-color has-medium-font-size\"><strong>Haz\u0131rlan\u0131\u015f\u0131:<\/strong> Yufkalar ince rulo bi\u00e7iminde sar\u0131l\u0131r ve 3-4 santimetre uzunlu\u011funda kesilir ve kesilen par\u00e7alar bir tepsiye dik olarak (kesilen yerler \u00fcste gelecek \u015fekilde) dizilir. \u00dczerine bolca sarm\u0131sakl\u0131 yo\u011furt d\u00f6k\u00fcl\u00fcr. Yo\u011furdun \u00fczerine k\u0131zd\u0131r\u0131lm\u0131\u015f tereya\u011f\u0131 gezdirilir ve servis edilir.<\/p>\n<\/div>\n\n\n\n<div class=\"wp-block-column is-layout-flow wp-block-column-is-layout-flow\" style=\"flex-basis:10%\"><\/div>\n<\/div>\n","protected":false},"excerpt":{"rendered":"<p>Do\u011fankent, Karadeniz sahilinde yer alan Tirebolu\u2019dan 31 kilometre i\u00e7eride Giresun ilinin bir il\u00e7esidir. Giresun, Do\u011fankent aras\u0131 77 kilometredir ve bu mesafe yakla\u015f\u0131k 1 saat 5 dakika s\u00fcrmektir. \u0130l\u00e7enin bilinen en eski ismi K\u00fcrt\u00fcn-i Zir, Manast\u0131rb\u00fck\u00fc ve Har\u015fit idi. Do\u011fankent ismi, y\u00f6rede ya\u015fayan T\u00fcrkmenlerin eskiden yo\u011fun olarak do\u011fan besleme al\u0131\u015fkanl\u0131\u011f\u0131ndan dolay\u0131 verilmi\u015ftir. Do\u011fankent il\u00e7esinin kurulu\u015fu hakk\u0131nda<\/p>\n","protected":false},"author":1,"featured_media":0,"parent":0,"menu_order":0,"comment_status":"closed","ping_status":"closed","template":"page-fullwidth.php","meta":{"footnotes":""},"class_list":["post-359","page","type-page","status-publish","hentry"],"_links":{"self":[{"href":"https:\/\/www.kucukgeris.net\/index.php?rest_route=\/wp\/v2\/pages\/359","targetHints":{"allow":["GET"]}}],"collection":[{"href":"https:\/\/www.kucukgeris.net\/index.php?rest_route=\/wp\/v2\/pages"}],"about":[{"href":"https:\/\/www.kucukgeris.net\/index.php?rest_route=\/wp\/v2\/types\/page"}],"author":[{"embeddable":true,"href":"https:\/\/www.kucukgeris.net\/index.php?rest_route=\/wp\/v2\/users\/1"}],"replies":[{"embeddable":true,"href":"https:\/\/www.kucukgeris.net\/index.php?rest_route=%2Fwp%2Fv2%2Fcomments&post=359"}],"version-history":[{"count":0,"href":"https:\/\/www.kucukgeris.net\/index.php?rest_route=\/wp\/v2\/pages\/359\/revisions"}],"wp:attachment":[{"href":"https:\/\/www.kucukgeris.net\/index.php?rest_route=%2Fwp%2Fv2%2Fmedia&parent=359"}],"curies":[{"name":"wp","href":"https:\/\/api.w.org\/{rel}","templated":true}]}}