{"id":379,"date":"2023-04-02T06:13:13","date_gmt":"2023-04-02T03:13:13","guid":{"rendered":"https:\/\/www.kucukgeris.net\/?page_id=379"},"modified":"2023-04-02T06:16:31","modified_gmt":"2023-04-02T03:16:31","slug":"gorele","status":"publish","type":"page","link":"https:\/\/www.kucukgeris.net\/?page_id=379","title":{"rendered":"G\u00f6rele"},"content":{"rendered":"\n<div class=\"wp-block-columns is-layout-flex wp-container-core-columns-is-layout-9d6595d7 wp-block-columns-is-layout-flex\">\n<div class=\"wp-block-column is-layout-flow wp-block-column-is-layout-flow\" style=\"flex-basis:10%\"><\/div>\n\n\n\n<div class=\"wp-block-column is-layout-flow wp-block-column-is-layout-flow\" style=\"flex-basis:80%\"><div class=\"wp-block-image\">\n<figure class=\"aligncenter size-large\"><img decoding=\"async\" src=\"https:\/\/www.kucukgeris.net\/iz\/giresun\/grl\/grl01.jpg\" alt=\"Giresun il\u00e7eleri aras\u0131nda n\u00fcfus bak\u0131m\u0131ndan 4. s\u0131rada bulunan G\u00f6rele, il merkezine yakla\u015f\u0131k 62 kilometre uzakl\u0131ktad\u0131r.\"\/><figcaption class=\"wp-element-caption\"><strong><em>Giresun il\u00e7eleri aras\u0131nda n\u00fcfus bak\u0131m\u0131ndan 4. s\u0131rada bulunan G\u00f6rele, il merkezine yakla\u015f\u0131k 62 kilometre uzakl\u0131ktad\u0131r.<\/em><\/strong><\/figcaption><\/figure>\n<\/div>\n\n\n<div class=\"wp-block-columns is-layout-flex wp-container-core-columns-is-layout-9d6595d7 wp-block-columns-is-layout-flex\">\n<div class=\"wp-block-column is-layout-flow wp-block-column-is-layout-flow\"><\/div>\n<\/div>\n\n\n\n<p class=\"has-black-color has-text-color has-medium-font-size\">G\u00f6rele, Giresun ilinin kuzeydo\u011fusunda bulunan ve Karadeniz\u2019e k\u0131y\u0131s\u0131 olan bir il\u00e7edir. \u0130l merkezine yakla\u015f\u0131k 62 kilometre uzakl\u0131kta bulunan il\u00e7eye ba\u011fl\u0131 bir belde, 21 mahalle ve 63 k\u00f6y mevcuttur.<\/p>\n\n\n\n<p class=\"has-black-color has-text-color has-medium-font-size\">Giresun il\u00e7eleri aras\u0131nda n\u00fcfus bak\u0131m\u0131ndan 4. s\u0131rada bulunan G\u00f6rele\u2019nin 2022 y\u0131l\u0131 Adrese Dayal\u0131 N\u00fcfus Kay\u0131t Sistemi (ADNKS) verilerine g\u00f6re toplam n\u00fcfusu 30.973\u2019t\u00fcr. Bu toplam n\u00fcfusun 15.357\u2019si erkek, 15.616\u2019s\u0131 kad\u0131nd\u0131r. 9.122\u2019si erkek, 9.603\u2019\u00fc kad\u0131n olmak \u00fczere il\u00e7e merkez n\u00fcfusu 18.725\u2019tir, 6.235\u2019i erkek, 6.013\u2019\u00fc kad\u0131n olmak \u00fczere il\u00e7enin belde ve k\u00f6y toplam n\u00fcfusu ise 12.248\u2019dir.<\/p>\n\n\n\n<div class=\"wp-block-columns is-layout-flex wp-container-core-columns-is-layout-9d6595d7 wp-block-columns-is-layout-flex\">\n<div class=\"wp-block-column is-layout-flow wp-block-column-is-layout-flow\"><\/div>\n<\/div>\n\n\n<div class=\"wp-block-image\">\n<figure class=\"aligncenter size-large\"><img decoding=\"async\" src=\"https:\/\/www.kucukgeris.net\/iz\/giresun\/grl\/grl02.jpg\" alt=\"1758 y\u0131l\u0131nda Tirebolu\u2019ya ba\u011fl\u0131 bir nahiye olan G\u00f6rele, 1850 - 1866 y\u0131llar\u0131 aras\u0131nda Yavebolu ile birlikte Trabzon\u2019un kazalar\u0131 aras\u0131nda g\u00f6sterilir.\"\/><figcaption class=\"wp-element-caption\"><strong><em>1758 y\u0131l\u0131nda Tirebolu\u2019ya ba\u011fl\u0131 bir nahiye olan G\u00f6rele, 1850 &#8211; 1866 y\u0131llar\u0131 aras\u0131nda Yavebolu ile birlikte Trabzon\u2019un kazalar\u0131 aras\u0131nda g\u00f6sterilir.<\/em><\/strong><\/figcaption><\/figure>\n<\/div>\n\n\n<div class=\"wp-block-columns is-layout-flex wp-container-core-columns-is-layout-9d6595d7 wp-block-columns-is-layout-flex\">\n<div class=\"wp-block-column is-layout-flow wp-block-column-is-layout-flow\"><\/div>\n<\/div>\n\n\n\n<p class=\"has-black-color has-text-color has-medium-font-size\"><strong>G\u00f6rele\u2019nin Mahalleleri:<\/strong> Ayd\u0131nl\u0131kevler Mahallesi, Bah\u00e7elievler Mahallesi, Bah\u015fi\u015f Mahallesi, Beyli Mahallesi, Bozcaali Mahallesi, Cillio\u011flu Mahallesi, \u00c7e\u015fmeba\u015f\u0131 Mahallesi, Hendekba\u015f\u0131 Mahallesi, H\u00fcrriyet Mahallesi, Kaba Mahallesi, Kumyal\u0131 Mahallesi, \u00c7avu\u015flu Merkez Mahallesi, Obak\u0131ran Mahallesi, Orta (G\u00fclef) Mahallesi, Sayfiye Mahallesi, So\u011fuksu Mahallesi, \u015eahali Mahallesi, Tepeba\u015f\u0131 Mahallesi, \u00dcnl\u00fcce Mahallesi, Yenik\u00f6y Mahallesi, Ye\u015filtepe Mahallesi.<\/p>\n\n\n\n<p class=\"has-black-color has-text-color has-medium-font-size\"><strong>G\u00f6rele\u2019nin K\u00f6yleri:<\/strong> Akharman K\u00f6y\u00fc, Aral\u0131koz K\u00f6y\u00fc, Ard\u0131\u00e7 K\u00f6y\u00fc, Atak\u00f6y K\u00f6y\u00fc, Ayd\u0131nlar K\u00f6y\u00fc, Bayaz\u0131t K\u00f6y\u00fc, Be\u015fir K\u00f6y\u00fc, Be\u015firli K\u00f6y\u00fc, Bo\u011fal\u0131 K\u00f6y\u00fc, Burunucu K\u00f6y\u00fc, \u00c7al\u0131\u015f K\u00f6y\u00fc, \u00c7atak K\u00f6y\u00fc, \u00c7atakk\u0131r\u0131 K\u00f6y\u00fc, \u00c7iftlikk\u00f6y K\u00f6y\u00fc, Day\u0131l\u0131 K\u00f6y\u00fc, Dedeli K\u00f6y\u00fc, Dereboyu K\u00f6y\u00fc, Dereku\u015f\u00e7ulu K\u00f6y\u00fc, Dikmen K\u00f6y\u00fc, Esenli K\u00f6y\u00fc, Esenyurt K\u00f6y\u00fc, Eserli K\u00f6y\u00fc, G\u00f6lba\u015f\u0131 K\u00f6y\u00fc, G\u00fclp\u0131nar K\u00f6y\u00fc, G\u00fcltepe K\u00f6y\u00fc, G\u00fcneyk\u00f6y K\u00f6y\u00fc, G\u00fcvendik K\u00f6y\u00fc, Hamzal\u0131 K\u00f6y\u00fc, Haydarl\u0131 K\u00f6y\u00fc, \u0130nanca K\u00f6y\u00fc, \u0130smailbeyli K\u00f6y\u00fc, Kale K\u00f6y\u00fc, Karaburun K\u00f6y\u00fc, Karadere K\u00f6y\u00fc, Karake\u015f K\u00f6y\u00fc, Karl\u0131bel K\u00f6y\u00fc, Kaynar K\u00f6y\u00fc, K\u0131d\u0131r K\u00f6y\u00fc, K\u0131r\u0131kl\u0131 K\u00f6y\u00fc, Koyunhamza K\u00f6y\u00fc, K\u00f6pr\u00fcba\u015f\u0131 K\u00f6y\u00fc, Ku\u015f\u00e7ulu K\u00f6y\u00fc, Maksutlu K\u00f6y\u00fc, Mente\u015fe K\u00f6y\u00fc, Ortak\u00f6y K\u00f6y\u00fc, \u00d6nerli K\u00f6y\u00fc, Recepli K\u00f6y\u00fc, Sa\u011fl\u0131k K\u00f6y\u00fc, Seferli K\u00f6y\u00fc, Sofulu K\u00f6y\u00fc, So\u011fukp\u0131nar K\u00f6y\u00fc, \u015eafakl\u0131 K\u00f6y\u00fc, \u015eahinyuva K\u00f6y\u00fc, \u015eenlik K\u00f6y\u00fc, Ta\u015fl\u0131k K\u00f6y\u00fc, Tekg\u00f6z K\u00f6y\u00fc, Tepek\u00f6y K\u00f6y\u00fc, Terziali K\u00f6y\u00fc, T\u00fcrkelli K\u00f6y\u00fc, Umutlu K\u00f6y\u00fc, Yal\u0131k\u00f6y K\u00f6y\u00fc, Ye\u011fenli K\u00f6y\u00fc, Ye\u015fildere K\u00f6y\u00fc.<\/p>\n\n\n\n<div class=\"wp-block-columns is-layout-flex wp-container-core-columns-is-layout-9d6595d7 wp-block-columns-is-layout-flex\">\n<div class=\"wp-block-column is-layout-flow wp-block-column-is-layout-flow\"><\/div>\n<\/div>\n\n\n<div class=\"wp-block-image\">\n<figure class=\"aligncenter size-large\"><img decoding=\"async\" src=\"https:\/\/www.kucukgeris.net\/iz\/giresun\/grl\/grl03.jpg\" alt=\"1876 y\u0131l\u0131nda belediye te\u015fkilat\u0131 kurulan G\u00f6rele\u2019nin ilk belediye reisi \u00d6mer A\u011fa\u2019d\u0131r.\"\/><figcaption class=\"wp-element-caption\"><strong><em>1876 y\u0131l\u0131nda belediye te\u015fkilat\u0131 kurulan G\u00f6rele\u2019nin ilk belediye reisi \u00d6mer A\u011fa\u2019d\u0131r.<\/em><\/strong><\/figcaption><\/figure>\n<\/div>\n\n\n<div class=\"wp-block-columns is-layout-flex wp-container-core-columns-is-layout-9d6595d7 wp-block-columns-is-layout-flex\">\n<div class=\"wp-block-column is-layout-flow wp-block-column-is-layout-flow\"><\/div>\n<\/div>\n\n\n\n<p class=\"has-black-color has-text-color has-medium-font-size\">Rus-Osmanl\u0131 Harbi\u2019nde Ruslar\u0131n ma\u011flup oldu\u011fu Ha\u00e7 Da\u011f\u0131\u2019ndaki Kanl\u0131dere muharebe yeri, G\u00f6rele \u015fehir merkezine 6 kilometre uzakl\u0131kta olup g\u00f6r\u00fclmesi gereken bir yerdir.<\/p>\n\n\n\n<p class=\"has-black-color has-text-color has-medium-font-size\">G\u00f6rele, 1758 y\u0131l\u0131nda Tirebolu\u2019ya ba\u011fl\u0131 bir nahiye iken 1850 &#8211; 1866 y\u0131llar\u0131 aras\u0131nda Yavebolu ile birlikte Trabzon\u2019un kazalar\u0131 aras\u0131nda g\u00f6sterilir. 1867 y\u0131l\u0131ndan itibaren yaln\u0131zca G\u00f6rele\u2019nin ismi zikredilmektedir ve 1868 y\u0131l\u0131nda nahiye olarak tekrar Tirebolu kazas\u0131na ba\u011flan\u0131r. 1871\u2019de Tirebolu kazas\u0131ndan ayr\u0131larak Trabzon\u2019un nahiyesi olmu\u015f, 1874\u2019te tekrar kaza te\u015fkilat\u0131na kavu\u015fmu\u015ftur. 1876 y\u0131l\u0131nda G\u00f6rele\u2019de belediye te\u015fkilat\u0131 kuruldu. \u0130lk belediye reisi \u00d6mer A\u011fa\u2019d\u0131r. G\u00f6rele, 4 Aral\u0131k 1920 g\u00fcn\u00fc Giresun\u2019un m\u00fcstakil sancak haline getirilmesine dair kabul edilen kanun tasar\u0131s\u0131 sebebiyle Trabzon sanca\u011f\u0131ndan ayr\u0131larak Tirebolu ile birlikte Giresun\u2019a ba\u011fl\u0131 kaza merkezi haline getirilmi\u015ftir. 1831\u2019de yap\u0131lan ilk n\u00fcfus say\u0131m\u0131na g\u00f6re G\u00f6rele kazas\u0131n\u0131n T\u00fcrk erkek n\u00fcfusu 3.973\u2019t\u00fcr.<\/p>\n\n\n\n<p class=\"has-black-color has-text-color has-medium-font-size\">G\u00f6rele ayr\u0131ca Karadeniz\u2019in vazge\u00e7ilmez \u00e7alg\u0131s\u0131 kemen\u00e7e konusunda at\u0131l\u0131m yapm\u0131\u015f bir il\u00e7edir. \u00d6yle ki; bug\u00fcn \u201ckemen\u00e7enin ba\u015fkenti\u201d olarak an\u0131lmaktad\u0131r.<\/p>\n\n\n\n<div class=\"wp-block-columns is-layout-flex wp-container-core-columns-is-layout-9d6595d7 wp-block-columns-is-layout-flex\">\n<div class=\"wp-block-column is-layout-flow wp-block-column-is-layout-flow\"><\/div>\n<\/div>\n\n\n<div class=\"wp-block-image\">\n<figure class=\"aligncenter size-large\"><img decoding=\"async\" src=\"https:\/\/www.kucukgeris.net\/iz\/giresun\/grl\/grl04.jpg\" alt=\"Ku\u015f\u00e7ulu isminin 'Ku\u015f\u00e7u Ali'den geldi\u011fi rivayet edilmektedir.\"\/><figcaption class=\"wp-element-caption\"><strong><em>Ku\u015f\u00e7ulu isminin &#8216;Ku\u015f\u00e7u Ali&#8217;den geldi\u011fi rivayet edilmektedir.<\/em><\/strong><\/figcaption><\/figure>\n<\/div>\n\n\n<div class=\"wp-block-columns is-layout-flex wp-container-core-columns-is-layout-9d6595d7 wp-block-columns-is-layout-flex\">\n<div class=\"wp-block-column is-layout-flow wp-block-column-is-layout-flow\"><\/div>\n<\/div>\n\n\n\n<p class=\"has-black-color has-text-color has-medium-font-size\">Ku\u015f\u00e7ulu K\u00f6y\u00fc\u2019ndeki t\u00fcrbe ve \u00c7avu\u015flu\u2019daki Ku\u011fuo\u011flu S\u00fcleyman A\u011fa T\u00fcrbesi k\u00fclt\u00fcrel de\u011fer ta\u015f\u0131yan \u00f6nemli yap\u0131lard\u0131r. \u0130lin genelinde oldu\u011fu gibi G\u00f6rele il\u00e7esinde de f\u0131nd\u0131k bah\u00e7eleri do\u011fan\u0131n dokusuna \u00f6nemli bir zenginlik katmaktad\u0131r.<\/p>\n\n\n\n<p class=\"has-black-color has-text-color has-medium-font-size\">Koralla, B\u00f6lge Valisi Arrianus\u2019un \u0130mparator Hadrianus\u2019a yazd\u0131\u011f\u0131 mektuplarda ad\u0131 ge\u00e7en bir yerdir. Bu yer ad\u0131 Latince \u201ckor k\u0131rm\u0131z\u0131s\u0131\u201d anlam\u0131na gelen \u201ccorallium\u201d s\u00f6zc\u00fc\u011f\u00fc ile kar\u015f\u0131la\u015ft\u0131r\u0131lsa bile k\u00f6ken olarak Asya dillerine ba\u011fl\u0131d\u0131r. Koralla bug\u00fcn Eynesil il\u00e7e merkezinin hemen do\u011fusunda yer alan kayal\u0131k burun ve bunun ucundaki kale olarak belirlenmi\u015ftir. Baz\u0131 yay\u0131nlarda bu kalenin Cenevizliler taraf\u0131ndan in\u015fa edildi\u011fi belirtilmekte, ancak bug\u00fcnk\u00fc G\u00f6rele ile Eynesil il\u00e7e merkezlerinin birbirine kar\u0131\u015ft\u0131r\u0131ld\u0131\u011f\u0131 anla\u015f\u0131lmaktad\u0131r. Ayr\u0131ca eski Koralla Kalesi ile daha do\u011fudaki Liviopolis ya da bug\u00fcnk\u00fc ad\u0131yla Yavebolu yerle\u015fmeleri birbirlerinden ayr\u0131 yerlerdir.<\/p>\n\n\n\n<p class=\"has-black-color has-text-color has-medium-font-size\">11. y\u00fczy\u0131ldan sonra b\u00f6lgeye yerle\u015fen T\u00fcrkmenler, \u201cKoralla\u201d ad\u0131n\u0131 \u201cG\u00f6rele\u201d olarak seslendirmi\u015ftir. Buradaki kale ve hemen gerisindeki yerle\u015fme, ya\u015fanan bir isyan\u0131n ard\u0131ndan 1771 y\u0131l\u0131nda bug\u00fcnk\u00fc G\u00f6rele\u2019nin oldu\u011fu yere ta\u015f\u0131nm\u0131\u015ft\u0131r. Ta\u015f\u0131n\u0131lan bu yerde Antik \u00c7a\u011f\u2019da Philokaleia adl\u0131 bir yerle\u015fme oldu\u011fu san\u0131lmakta, ancak bu yerle\u015fmenin tam yeri bilinmemektedir.<\/p>\n\n\n\n<p class=\"has-black-color has-text-color has-medium-font-size\">19. y\u00fczy\u0131lda \u00f6nce Trabzon Sanca\u011f\u0131\u2019na ba\u011fl\u0131 G\u00f6rele kazas\u0131 bug\u00fcnk\u00fc \u015ealpazar\u0131, Eynesil ve \u00c7anak\u00e7\u0131 il\u00e7elerini kapsam\u0131\u015ft\u0131r. Daha sonra, 1873\u2019te Trabzon\u2019a ba\u011fl\u0131 belediye kurulmu\u015f, 1923 y\u0131l\u0131nda ise il\u00e7e olarak Giresun\u2019a ba\u011flanm\u0131\u015ft\u0131r.<\/p>\n\n\n\n<p class=\"has-black-color has-text-color has-medium-font-size\">Birinci D\u00fcnya Sava\u015f\u0131 s\u0131ras\u0131nda, 1916 y\u0131l\u0131nda ba\u015flayan Rus i\u015fgali G\u00f6rele ve \u00e7evresinde 13 \u015eubat 1918 g\u00fcn\u00fc sona ermi\u015ftir. Bu i\u015fgal s\u0131ras\u0131nda G\u00f6rele\u2019ye ba\u011fl\u0131 Maksutlu K\u00f6y\u00fc ve \u00e7evresinde ya\u015fayan M\u00fcsl\u00fcmanlar\u0131n Rus i\u015fgaline destek veren Ermeni milislerce katledildi\u011fi ve Dikmeta\u015f adl\u0131 mevkiindeki toplu halde g\u00f6m\u00fcld\u00fc\u011f\u00fc anlat\u0131lmaktad\u0131r.<\/p>\n\n\n\n<div class=\"wp-block-columns is-layout-flex wp-container-core-columns-is-layout-9d6595d7 wp-block-columns-is-layout-flex\">\n<div class=\"wp-block-column is-layout-flow wp-block-column-is-layout-flow\"><\/div>\n<\/div>\n\n\n<div class=\"wp-block-image\">\n<figure class=\"aligncenter size-large\"><img decoding=\"async\" src=\"https:\/\/www.kucukgeris.net\/iz\/giresun\/grl\/grl05.jpg\" alt=\"G\u00f6rele ad\u0131 antik \u00e7a\u011fdaki \u201cCoralla \/ Koralla\u201d \u015fehrinden gelmektedir.\"\/><figcaption class=\"wp-element-caption\"><strong><em>G\u00f6rele ad\u0131 antik \u00e7a\u011fdaki \u201cCoralla \/ Koralla\u201d \u015fehrinden gelmektedir.<\/em><\/strong><\/figcaption><\/figure>\n<\/div>\n\n\n<div class=\"wp-block-columns is-layout-flex wp-container-core-columns-is-layout-9d6595d7 wp-block-columns-is-layout-flex\">\n<div class=\"wp-block-column is-layout-flow wp-block-column-is-layout-flow\"><\/div>\n<\/div>\n\n\n\n<h4 class=\"wp-block-heading has-black-color has-text-color\">G\u00d6RELE\u2019N\u0130N TAR\u0130H\u0130<\/h4>\n\n\n\n<div class=\"wp-block-columns is-layout-flex wp-container-core-columns-is-layout-9d6595d7 wp-block-columns-is-layout-flex\">\n<div class=\"wp-block-column is-layout-flow wp-block-column-is-layout-flow\"><\/div>\n<\/div>\n\n\n\n<p class=\"has-black-color has-text-color has-medium-font-size\">G\u00f6rele ad\u0131 antik \u00e7a\u011fda bug\u00fcnk\u00fc Eynesil kasabas\u0131 \u00e7\u0131k\u0131\u015f\u0131nda \u201cG\u00f6rele Burnu\u201d diye an\u0131lan, harabe halinde kal\u0131nt\u0131lar\u0131na rastlanan \u201cCoralla \/ Koralla\u201d \u015fehrinden gelmektedir. G\u00f6rele Burnu\u2019nda Bizans d\u00f6neminden kalma d\u00f6rt kale harabesi vard\u0131r. Kale harabeleri \u00fczerinde yap\u0131lan arkeolojik \u00e7al\u0131\u015fmalar buran\u0131n Orta\u00e7a\u011f Bizans kalesi oldu\u011funa i\u015faret eder ve en ge\u00e7 14. y\u00fczy\u0131lda yap\u0131lm\u0131\u015f olabilece\u011fi ihtimalini ortaya koyar. Bu bilgilerden yola \u00e7\u0131karak eski G\u00f6rele\u2019nin \u0130talyanca mercan anlam\u0131na gelen Coralla oldu\u011fu ve Cenevizliler taraf\u0131ndan olu\u015fturuldu\u011fu \u015feklindeki yayg\u0131n kanaatin do\u011fru olmad\u0131\u011f\u0131 anla\u015f\u0131lmaktad\u0131r. \u015eu halde bu ad\u0131n, Cenevizlilerin Karadeniz\u2019e gelmelerinden \u00f6nce de var oldu\u011fu a\u00e7\u0131kt\u0131r. Coralla\u2019n\u0131n anlam\u0131n\u0131 Bilge Umar, \u2018\u00c7\u0131k\u0131nt\u0131l\u0131k-\u00e7\u0131k\u2019 olarak tarif eder.<\/p>\n\n\n\n<p class=\"has-black-color has-text-color has-medium-font-size\">Halk\u0131n birbirine \u201chaydi g\u00f6relim\u201d, yahut \u201cgit g\u00f6r hele\u2019 demelerinden dolay\u0131 G\u00f6rele ad\u0131n\u0131n \u201cG\u00f6rhele\u201d s\u00f6zlerinden \u00e7\u0131kt\u0131\u011f\u0131 ise yak\u0131\u015ft\u0131rmadan ibarettir. \u201cCoralla \/ Koralla\u201d T\u00fcrk telaffuzuna uygun olarak \u201cG\u00f6rele\u201d \u015fekline d\u00f6n\u00fc\u015fm\u00fc\u015ft\u00fcr.<\/p>\n\n\n\n<p class=\"has-black-color has-text-color has-medium-font-size\">G\u00f6rele kalesinin bu g\u00fcnk\u00fc verilere g\u00f6re Orta \u00c7a\u011f\u2019da bir Bizans kalesi olarak kuruldu\u011fu belirli olmakla beraber yerle\u015fmesinin bundan daha \u00f6nceki tarihlere gitti\u011fi de d\u00fc\u015f\u00fcn\u00fclebilir. Bug\u00fcne kadar ula\u015fan rivayetlere g\u00f6re eski G\u00f6rele, 1741\u2019de mamur bir yer ve m\u00fcstahkem bir kale idi.<\/p>\n\n\n\n<div class=\"wp-block-columns is-layout-flex wp-container-core-columns-is-layout-9d6595d7 wp-block-columns-is-layout-flex\">\n<div class=\"wp-block-column is-layout-flow wp-block-column-is-layout-flow\"><\/div>\n<\/div>\n\n\n<div class=\"wp-block-image\">\n<figure class=\"aligncenter size-large\"><img decoding=\"async\" src=\"https:\/\/www.kucukgeris.net\/iz\/giresun\/grl\/grl06.jpg\" alt=\"Osmanl\u0131 idaresi alt\u0131ndaki G\u00f6rele hakk\u0131nda en eski bilgiler 15. y\u00fczy\u0131la kadar iner.\"\/><figcaption class=\"wp-element-caption\"><strong><em>Osmanl\u0131 idaresi alt\u0131ndaki G\u00f6rele hakk\u0131nda en eski bilgiler 15. y\u00fczy\u0131la kadar iner.<\/em><\/strong><\/figcaption><\/figure>\n<\/div>\n\n\n<div class=\"wp-block-columns is-layout-flex wp-container-core-columns-is-layout-9d6595d7 wp-block-columns-is-layout-flex\">\n<div class=\"wp-block-column is-layout-flow wp-block-column-is-layout-flow\"><\/div>\n<\/div>\n\n\n\n<p class=\"has-black-color has-text-color has-medium-font-size\">1. Mahmud (1699-1754) taraf\u0131ndan \u00e7\u0131kan bir ayaklanma s\u0131ras\u0131nda g\u00f6nderilen donanma ile yak\u0131ld\u0131 ve geriye kalan halk da \u015fimdiki G\u00f6rele\u2019ye (Eleg\u00fc) yerle\u015fti. Gerek 1. Mahmud, gerekse 2. Mahmud zaman\u0131nda \u00e7\u0131kan olaylar sebebiyle eski G\u00f6rele da\u011f\u0131lm\u0131\u015f ve geriye kalan halk da \u015fimdiki G\u00f6rele\u2019ye (Eleg\u00fc) yerle\u015fmi\u015ftir.<\/p>\n\n\n\n<p class=\"has-black-color has-text-color has-medium-font-size\">1851\u2019de buradan ge\u00e7en Alman alim A. D. Mortdmann, \u2018\u201860 y\u0131l \u00f6nce yak\u0131ld\u0131\u011f\u0131 belirtilen hisar ve k\u00f6y\u00fcn harabelerinin bulundu\u011fu Koralla burnunu ge\u00e7tik\u201d der. Buna g\u00f6re Koralla\u2019n\u0131n yanmas\u0131 takriben 1790 -1791 y\u0131llar\u0131na tekab\u00fcl eder.<\/p>\n\n\n\n<p class=\"has-black-color has-text-color has-medium-font-size\">Eski G\u00f6rele, Trabzon Rum Devleti\u2019nin kurulmas\u0131ndan sonra onlar\u0131n s\u0131n\u0131rlar\u0131 i\u00e7inde \u00f6nemli bir stratejik mevkii \u00f6zelli\u011fi kazand\u0131. 1404 y\u0131l\u0131nda Trabzon Kral\u0131 \u0130mparotor 3. Manuel\u2019in (1390 &#8211; 1412) memleketinin s\u0131n\u0131rlar\u0131 bat\u0131 sahil boyunu takiben Giresun\u2019u ge\u00e7iyordu. Bu eyalette Korilla (G\u00f6rele) da Bat\u0131 Trabzon \u0130mparatorlu\u011fu\u2019na aitti.<\/p>\n\n\n\n<p class=\"has-black-color has-text-color has-medium-font-size\">Fatih Sultan Mehmed\u2019in 1461 y\u0131l\u0131nda Trabzon seferi ile G\u00f6rele, Osmanl\u0131 egemenli\u011fine kesin olarak ge\u00e7mi\u015ftir. Rumlar sadece k\u0131y\u0131daki Giresun, Tirebolu, G\u00f6rele kalelerinde ya\u015f\u0131yor, k\u00f6ylerde yerli halktan z\u00fcmrelere rast gelinmiyordu. K\u0131rl\u0131k kesim ise O\u011fuzlar\u0131n \u00c7epni boyuna mensup olanlar\u0131n elinde bulunuyordu.<\/p>\n\n\n\n<p class=\"has-black-color has-text-color has-medium-font-size\">Osmanl\u0131 idaresi alt\u0131ndaki G\u00f6rele hakk\u0131nda en eski bilgiler 15. y\u00fczy\u0131la kadar iner. 15. ve 16. y\u00fczy\u0131llara ait Trabzon sanca\u011f\u0131 tahrir defterlerinde yer alan bilgilerden en eskisi 1486 tarihlidir. 1486\u2019da Ak\u00e7aabad nahiyesine t\u00e2bi olan G\u00f6rele kasabas\u0131 9 nefer M\u00fcsl\u00fcman kale g\u00f6revlisi, 60 hane, 6 biye (dul) H\u0131ristiyan n\u00fcfusa sahip idi. Buna g\u00f6re G\u00f6rele kalesinde 33\u2019\u00fc M\u00fcsl\u00fcman, 334\u2019\u00fc H\u0131ristiyan olmak \u00fczere 357 ki\u015finin ya\u015fad\u0131\u011f\u0131 tahmin edilebilir.<\/p>\n\n\n\n<div class=\"wp-block-columns is-layout-flex wp-container-core-columns-is-layout-9d6595d7 wp-block-columns-is-layout-flex\">\n<div class=\"wp-block-column is-layout-flow wp-block-column-is-layout-flow\"><\/div>\n<\/div>\n\n\n<div class=\"wp-block-image\">\n<figure class=\"aligncenter size-large\"><img decoding=\"async\" src=\"https:\/\/www.kucukgeris.net\/iz\/giresun\/grl\/grl07.jpg\" alt=\"Fatih Sultan Mehmed\u2019in 1461 y\u0131l\u0131nda Trabzon seferi ile G\u00f6rele, Osmanl\u0131 egemenli\u011fine kesin olarak ge\u00e7mi\u015ftir. O y\u0131llarda k\u0131rl\u0131k kesim ise O\u011fuzlar\u0131n \u00c7epni boyuna mensup olanlar\u0131n elinde bulunuyordu.\"\/><figcaption class=\"wp-element-caption\"><strong><em>Fatih Sultan Mehmed\u2019in 1461 y\u0131l\u0131nda Trabzon seferi ile G\u00f6rele, Osmanl\u0131 egemenli\u011fine kesin olarak ge\u00e7mi\u015ftir. O y\u0131llarda k\u0131rl\u0131k kesim ise O\u011fuzlar\u0131n \u00c7epni boyuna mensup olanlar\u0131n elinde bulunuyordu.<\/em><\/strong><\/figcaption><\/figure>\n<\/div>\n\n\n<div class=\"wp-block-columns is-layout-flex wp-container-core-columns-is-layout-9d6595d7 wp-block-columns-is-layout-flex\">\n<div class=\"wp-block-column is-layout-flow wp-block-column-is-layout-flow\"><\/div>\n<\/div>\n\n\n\n<p class=\"has-black-color has-text-color has-medium-font-size\">1788\u2019den \u00f6nce Trabzon valili\u011fine getirilen Canikli ailesinden Battal H\u00fcseyin Pa\u015fa, Rus sava\u015f\u0131na az bir kuvvetle kat\u0131lm\u0131\u015f, Anapa \u00fczerine g\u00f6nderildi ise de gitmemi\u015fti. Ertesi y\u0131l az bir kuvvetle gitti\u011fi Anapa\u2019da Ruslara yenilmi\u015f ve esir d\u00fc\u015fm\u00fc\u015ft\u00fcr (Ekim 1790). Bunun \u00fczerine Anapa seraskerli\u011fine babas\u0131n\u0131n keth\u00fcdas\u0131 olan Sar\u0131 Abdullah Pa\u015fa getirildi. Abdullah Pa\u015fa da cepheye gitme i\u015fini a\u011f\u0131rdan al\u0131nca Anapa, Ruslar\u2019\u0131n eline ge\u00e7ti (1791). Bu duruma \u00e7ok i\u00e7erleyen padi\u015fah 3. Selim, Anapa\u2019n\u0131n Ruslar\u0131n eline ge\u00e7mesine Sar\u0131 Abdullah Pa\u015fa\u2019n\u0131n sebebiyet verdi\u011fini d\u00fc\u015f\u00fcnd\u00fc\u011f\u00fcnden onu azlederek yerine Ku\u011fuzade S\u00fcleyman Pa\u015fa\u2019y\u0131 Trabzon Valisi tayin etti ve Sar\u0131 Abdullah Pa\u015fa\u2019n\u0131n katlini ona havale etti.<\/p>\n\n\n\n<p class=\"has-black-color has-text-color has-medium-font-size\">1800 y\u0131l\u0131 sonlar\u0131nda G\u00f6rele ile Tirebolu kazalar\u0131 aras\u0131nda bir arazi ihtilaf\u0131 s\u00f6z konusu oldu. Eynebe tabir edilen yer Ku\u011fuo\u011flu \u00d6mer tarf\u0131ndan G\u00f6rele topra\u011f\u0131d\u0131r diye zapt edilince, yap\u0131lan itiraz sonunda Eynebe\u2019nin \u00f6teden beri Tirebolu topra\u011f\u0131 oldu\u011funa karar verildi (10 Aral\u0131k 1800).<\/p>\n\n\n\n<p class=\"has-black-color has-text-color has-medium-font-size\">1811\u2019de G\u00f6rele Ku\u011fuo\u011fullar\u0131n\u0131n, Tirebolu Kelalio\u011fullar\u0131n\u0131n, Giresun La\u00e7ino\u011fullar\u0131n\u0131n idaresinde idi.<\/p>\n\n\n\n<p class=\"has-black-color has-text-color has-medium-font-size\">1811\u2019den itibaren G\u00f6rele n\u00fcfus bak\u0131m\u0131ndan giderek da\u011f\u0131lm\u0131\u015f, buradaki halk yak\u0131nlardaki k\u00f6ylerde oturmaya ve bir b\u00f6l\u00fcm\u00fc de daha sonra Elevi denilen yerde yeni G\u00f6rele\u2019ye yerle\u015fmeye ba\u015flam\u0131\u015f olmal\u0131d\u0131r.<\/p>\n\n\n\n<p class=\"has-black-color has-text-color has-medium-font-size\">K\u0131r\u0131m sava\u015f\u0131 (1853-1856) s\u0131ras\u0131nda Osmanl\u0131 h\u00fck\u00fcmeti maliyenin durumunu d\u00fczeltmek ve yeni gelir kaynaklar\u0131 temin ederek sava\u015f masraflar\u0131n\u0131 kar\u015f\u0131lamak i\u00e7in \u0130ane-i Cihadiye ad\u0131yla yard\u0131m kampanyas\u0131 d\u00fczenledi. H\u00fck\u00fcmetin d\u00fczenledi\u011fi bu yard\u0131m kampanyas\u0131na G\u00f6releliler 24.000 kuru\u015fluk bir ba\u011f\u0131\u015fta bulundu.<\/p>\n\n\n\n<div class=\"wp-block-columns is-layout-flex wp-container-core-columns-is-layout-9d6595d7 wp-block-columns-is-layout-flex\">\n<div class=\"wp-block-column is-layout-flow wp-block-column-is-layout-flow\"><\/div>\n<\/div>\n\n\n<div class=\"wp-block-image\">\n<figure class=\"aligncenter size-large\"><img decoding=\"async\" src=\"https:\/\/www.kucukgeris.net\/iz\/giresun\/grl\/grl08.jpg\" alt=\"K\u00f6y\u00fcn ad\u0131 1876 y\u0131l\u0131 kay\u0131tlar\u0131nda da bug\u00fcnk\u00fc T\u00fcrkelli ad\u0131n\u0131 ta\u015f\u0131maktad\u0131r. 1916 y\u0131l\u0131 kay\u0131tlar\u0131nda ise T\u00fcrkili olarak ge\u00e7mektedir.\"\/><figcaption class=\"wp-element-caption\"><strong><em>K\u00f6y\u00fcn ad\u0131 1876 y\u0131l\u0131 kay\u0131tlar\u0131nda da bug\u00fcnk\u00fc T\u00fcrkelli ad\u0131n\u0131 ta\u015f\u0131maktad\u0131r. 1916 y\u0131l\u0131 kay\u0131tlar\u0131nda ise T\u00fcrkili olarak ge\u00e7mektedir.<\/em><\/strong><\/figcaption><\/figure>\n<\/div>\n\n\n<div class=\"wp-block-columns is-layout-flex wp-container-core-columns-is-layout-9d6595d7 wp-block-columns-is-layout-flex\">\n<div class=\"wp-block-column is-layout-flow wp-block-column-is-layout-flow\"><\/div>\n<\/div>\n\n\n\n<p class=\"has-black-color has-text-color has-medium-font-size\">2. Abd\u00fclhamid (1876-1909) d\u00f6neminde Osmanl\u0131 \u00fclkesinde Ermeni olaylar\u0131 meydana geldi. Ermeniler Osmanl\u0131 Devleti\u2019ni par\u00e7alamak i\u00e7in b\u00fcy\u00fck devletlerin siyasetine alet olmu\u015flar, \u0130stanbul\u2019da ve Anadolu\u2019nun muhtelif yerlerinde hadise \u00e7\u0131karm\u0131\u015flard\u0131. Ermenilerin hadise \u00e7\u0131kard\u0131klar\u0131 yerler aras\u0131nda Trabzon \u015fehri de vard\u0131. Trabzon\u2019daki Ermeniler, Gavur Meydan\u0131\u2019nda harekete ge\u00e7mi\u015fler, Vali Kadri Bey\u2019e ate\u015f a\u00e7m\u0131\u015flard\u0131. Ancak, Vali Kadri Bey k\u0131sa s\u00fcrede duruma hakim oldu (10 Eyl\u00fcl 1895).<\/p>\n\n\n\n<p class=\"has-black-color has-text-color has-medium-font-size\">Birinci D\u00fcnya Sava\u015f\u0131\u2019n\u0131n (1914-1918) ba\u015flamas\u0131yla birlikte sava\u015f\u0131n etkileri G\u00f6rele\u2019de hemen g\u00f6r\u00fclmeye ba\u015fland\u0131. Daha sava\u015f\u0131n ilk aylar\u0131nda G\u00f6rele halk\u0131 a\u00e7l\u0131kla kar\u015f\u0131 kar\u015f\u0131ya geldi.<\/p>\n\n\n\n<p class=\"has-black-color has-text-color has-medium-font-size\">G\u00f6rele Kazas\u0131 ahalisi yemek i\u00e7in ihtiya\u00e7 duyduklar\u0131 ve Ziraat Bankas\u0131\u2019ndan da\u011f\u0131t\u0131lmas\u0131n\u0131 talep ettikleri 15.000 kilogram m\u0131s\u0131r, Ziraat Bankas\u0131 Kanunu\u2019nun buna m\u00fcsait olmamas\u0131 sebebiyle yerine getirilemedi. Ziraat Bankas\u0131 Umum M\u00fcd\u00fcr Muavini Refik Bey, G\u00f6rele\u2019nin istedi\u011fi yard\u0131ma bankan\u0131n mevzuat\u0131n\u0131n uygun olmad\u0131\u011f\u0131n\u0131 12 May\u0131s 1915\u2019te Dahiliye Nezareti\u2019ne bildirdi.<\/p>\n\n\n\n<p class=\"has-black-color has-text-color has-medium-font-size\">Zaman ilerledik\u00e7e durum daha da nazikle\u015fti. Trabzon Valisi, G\u00f6rele Kaymakaml\u0131\u011f\u0131\u2019na gelen 28 Ekim 1915 tarihli bir yaz\u0131ya cevaben muhta\u00e7 olanlar, askeri r\u00fctbeliler ve M\u00fcsl\u00fcman muhacirlerin ia\u015fe ve tedavisi i\u00e7in hi\u00e7bir \u015fekilde tahsilat bulunmad\u0131\u011f\u0131n\u0131 tebli\u011f etti (11 Aral\u0131k 1915). B\u00f6ylece hem halk hem de b\u00f6lgedeki ihtiya\u00e7 sahipleri b\u00fcy\u00fck \u00e7aresizlik i\u00e7inde kald\u0131lar.<\/p>\n\n\n\n<p class=\"has-black-color has-text-color has-medium-font-size\">1916 y\u0131l\u0131 G\u00f6rele\u2019nin Rus i\u015fgaline u\u011frad\u0131\u011f\u0131 y\u0131l oldu. Ruslar, Trabzon y\u00f6n\u00fcnde ileri harekata giri\u015ferek 6 Mart 1916\u2019 da Pazar ve \u00c7ayeli\u2019ni, 8 Mart\u2019ta Rize\u2019yi, 26 Mart\u2019ta Of\u2019u, 14 Nisan\u2019da S\u00fcrmene\u2019yi, 18 Nisan\u2019da Trabzon\u2019u i\u015fgali \u015fehirde b\u00fcy\u00fck endi\u015feye yol a\u00e7t\u0131. Ruslar\u0131n Trabzon\u2019u i\u015fgali ve bat\u0131ya do\u011fru ilerlemeleri T\u00fcrk ahalinin yeni bir muhaceretine yol a\u00e7t\u0131. Bu g\u00f6\u00e7 kafileler halinde halk\u0131n emniyetli kesimlere do\u011fru sevk edilmesini gerektirdi. Bu muhaceret s\u0131ras\u0131nda G\u00f6releliler \u00e7ok s\u0131k\u0131nt\u0131lar \u00e7ekti. Har\u015fit deresini ge\u00e7mek zorunda kald\u0131klar\u0131nda kimsesiz muhacir kad\u0131nlar\u0131n a\u00e7l\u0131\u011f\u0131na, \u0131zd\u0131rab\u0131na tahamm\u00fcl edemedi\u011fi \u00e7ocu\u011funu, sonra da kendisini dereye att\u0131\u011f\u0131 g\u00f6r\u00fcld\u00fc. Ruslar\u0131n kar\u015f\u0131s\u0131nda direnmeye \u00e7al\u0131\u015fan T\u00fcrk birlikleri 20 Temmuz 1916\u2019da Fol (Vakf\u0131kebir) deresi gerisine \u00e7ekildiler. Ruslar\u0131n 21 Temmuz 1916\u2019da Fol\u2019a girmesi \u00fczerine T\u00fcrk kuvvetleri \u00c7avu\u015flu deresine \u00e7ekildiler. Bu s\u0131rada Poti\u2019den kalkan ve G\u00f6rele\u2019ye inmi\u015f olan, i\u00e7inde bir subay\u0131n ve bir erin bulundu\u011fu Rus teyyaresi jandarmalar taraf\u0131ndan tutularak Tirebolu\u2019ya g\u00f6t\u00fcr\u00fcld\u00fc.<\/p>\n\n\n\n<p class=\"has-black-color has-text-color has-medium-font-size\">Sava\u015f ve muhacirlik y\u00fcz\u00fcnden G\u00f6rele b\u00f6lgesinde a\u00e7l\u0131k ve sefalet, salg\u0131n hastal\u0131klar ve iskan sorunu b\u00fct\u00fcn \u015fiddetiyle h\u00fck\u00fcm s\u00fcr\u00fcyordu. Buna bir de sel felaketi eklendi. 28 Temmuz 1919\u2019da meydan gelen selden 36 k\u00f6yde ekinler mahvolmu\u015f, 30 de\u011firmen, 25 hane, biri de Elevi deresi \u00fczerindeki k\u00f6pr\u00fc olmak \u00fczere 33 k\u00f6pr\u00fc y\u0131k\u0131lm\u0131\u015f, biri erkek, sekizi kad\u0131n olmak \u00fczere 9 ki\u015fi \u00f6lm\u00fc\u015f, 5 s\u0131\u011f\u0131r telef olmu\u015ftu. Bu sebeple, \u0130mdat Hey\u2019eti selden zarar g\u00f6ren k\u00f6ylere e\u015fya ve erzak yard\u0131m\u0131nda bulundu.<\/p>\n\n\n\n<p class=\"has-black-color has-text-color has-medium-font-size\">A\u011fustos 1920\u2019de G\u00f6rele\u2019de 100 ki\u015filik g\u00f6n\u00fcll\u00fc m\u00fcfrezesi olu\u015fturularak cepheye gitmek \u00fczere haz\u0131r bulunduruluyordu. 29 Eyl\u00fcl 1921\u2019de Eynesil k\u00f6y\u00fcnde R\u00fcsumat 4 motoru Yunan muhribi ile kruvaz\u00f6r\u00fc taraf\u0131ndan bat\u0131r\u0131ld\u0131. Gemi komutan\u0131 Y\u00fczba\u015f\u0131 Mahmud, G\u00f6rele postahanesine giderek olay\u0131 Trabzon\u2019daki deniz komutan\u0131na bildirdi.<\/p>\n\n\n\n<div class=\"wp-block-columns is-layout-flex wp-container-core-columns-is-layout-9d6595d7 wp-block-columns-is-layout-flex\">\n<div class=\"wp-block-column is-layout-flow wp-block-column-is-layout-flow\"><\/div>\n<\/div>\n\n\n<div class=\"wp-block-image\">\n<figure class=\"aligncenter size-large\"><img decoding=\"async\" src=\"https:\/\/www.kucukgeris.net\/iz\/giresun\/grl\/grl09.jpg\" alt=\"G\u00f6rele il\u00e7e merkezine 4 km uzakl\u0131kta olan Ye\u011fenli K\u00f6y\u00fc, 1876 y\u0131l\u0131ndan beri ayn\u0131 ad\u0131 ta\u015f\u0131maktad\u0131r.\"\/><figcaption class=\"wp-element-caption\"><strong><em>G\u00f6rele il\u00e7e merkezine 4 km uzakl\u0131kta olan Ye\u011fenli K\u00f6y\u00fc, 1876 y\u0131l\u0131ndan beri ayn\u0131 ad\u0131 ta\u015f\u0131maktad\u0131r.<\/em><\/strong><\/figcaption><\/figure>\n<\/div>\n\n\n<div class=\"wp-block-columns is-layout-flex wp-container-core-columns-is-layout-9d6595d7 wp-block-columns-is-layout-flex\">\n<div class=\"wp-block-column is-layout-flow wp-block-column-is-layout-flow\"><\/div>\n<\/div>\n\n\n\n<p class=\"has-black-color has-text-color has-medium-font-size\">Milli M\u00fccadelede direni\u015fi \u00f6rg\u00fctleyen Giresun Belediye Reisi Osman A\u011fa ile Askerlik \u015eubesi Ba\u015fkan\u0131 Tirebolulu H\u00fcseyin Avni (Alparslan) Bey de bu m\u00fccadelede b\u00fcy\u00fck bir rol oynad\u0131. G\u00f6releliler, sava\u015f y\u0131llar\u0131nda b\u00fcy\u00fck ac\u0131lar \u00e7ekmesine, a\u00e7l\u0131k ve sefaletle m\u00fccadele etmek zorunda kalmas\u0131na, \u015fartlar\u0131n olumsuzlu\u011funa ra\u011fmen, Milli M\u00fccadeleye (15 May\u0131s 1919 &#8211; 9 Eyl\u00fcl 1922) sahip \u00e7\u0131kan ilk y\u00f6reler aras\u0131nda yer ald\u0131. G\u00f6releliler Milli M\u00fccadelede 123 \u015fehit verdi. G\u00f6rele\u2019nin Rum n\u00fcfusu Lozan antla\u015fmas\u0131 sonras\u0131nda yap\u0131lan m\u00fcbadele ile buray\u0131 terk etti.<\/p>\n\n\n\n<p class=\"has-black-color has-text-color has-medium-font-size\">1869\u2019da G\u00f6rele\u2019de t\u00fcfek \u00e7akma\u011f\u0131, karakulak denilen b\u0131\u00e7ak ve makas yap\u0131l\u0131r, civar kaza ve nahiyelere sat\u0131l\u0131rd\u0131. 1876\u2019da Cimide k\u00f6y\u00fcnde bulunan \u0130seli ile Karaburun ve K\u0131rlak adl\u0131 bak\u0131r madenlerinden \u00e7\u0131kar\u0131lan cevherlerin \u00e7o\u011fu Avrupa\u2019ya ihra\u00e7 edilir, bir k\u0131sm\u0131 G\u00f6rele\u2019de k\u00fcl\u00e7e haline getirilir, di\u011fer k\u0131sm\u0131 da Trabzon ve Karahisar-\u0131 \u015earki\u2019ye sat\u0131l\u0131rd\u0131. 1879 y\u0131l\u0131nda G\u00f6rele kazas\u0131nda 402.271 okka f\u0131nd\u0131k, 138.850 okka fasulye, 35 okka t\u00fct\u00fcn, 19.291 okka ceviz, 90.775 okka \u00fcz\u00fcm, 18.101 okka kendir, 83.110 kile m\u0131s\u0131r, 3.210 kile bu\u011fday, 10 kile \u00e7avdar, 721 kile arpa yeti\u015ftirilmi\u015fti. Toplam 156.042 d\u00f6n\u00fcml\u00fck arazide 2.673 \u00e7al\u0131l\u0131k, 20.685 tarla, 5.161 bah\u00e7e, 144 orman, 50 mera, 4 koru, 7.524 f\u0131nd\u0131kl\u0131k, 423 ta\u015f oca\u011f\u0131 bulunmaktayd\u0131. Bu zamanda G\u00f6rele kazas\u0131nda bir h\u00fck\u00fcmet kona\u011f\u0131, bir han, bir hamam, iki kilise, sekiz kahve, bir gazino, d\u00f6rt medrese, 61 cami ve mescit, 95 \u00e7e\u015fme, 322 oda, 798 sergen, 55 dink, 106 de\u011firmen, 208 d\u00fckkan ve ma\u011faza, 3.917 hane, 1.202 f\u0131r\u0131n, 43 arsa, 6 dam ve ah\u0131r, 61 \u0130slam mektebi, 1 \u0130slam mezarl\u0131\u011f\u0131 vard\u0131.<\/p>\n\n\n\n<p class=\"has-black-color has-text-color has-medium-font-size\">1900\u2019l\u00fc y\u0131llarda kasaba halk\u0131 ge\u00e7imini ren\u00e7perlik, bal\u0131k\u00e7\u0131l\u0131k, bak\u0131rc\u0131l\u0131k, marangozluk, demircilik, ta\u015f\u00e7\u0131l\u0131kla sa\u011flad\u0131klar\u0131 gibi, bir\u00e7oklar\u0131 da Batum\u2019a ve Rusya\u2019n\u0131n di\u011fer \u015fehirlerine giderek orada da bu gibi i\u015flerde \u00e7al\u0131\u015f\u0131rlard\u0131. Kasabal\u0131larla k\u00f6yl\u00fcler ekseriyetle G\u00f6rele\u2019de dokunan bir nevi dokuma ile mayi bezden yap\u0131lm\u0131\u015f elbise giyerlerdi. \u00d6nceleri kazan\u0131n mahsulleri f\u0131nd\u0131k, fasulye, m\u0131s\u0131r, \u00fcz\u00fcmden ibaretti. \u00dcz\u00fcmlerinden ekseriyetle \u015farap yap\u0131l\u0131rd\u0131.<\/p>\n\n\n\n<div class=\"wp-block-columns is-layout-flex wp-container-core-columns-is-layout-9d6595d7 wp-block-columns-is-layout-flex\">\n<div class=\"wp-block-column is-layout-flow wp-block-column-is-layout-flow\"><\/div>\n<\/div>\n\n\n<div class=\"wp-block-image\">\n<figure class=\"aligncenter size-large\"><img decoding=\"async\" src=\"https:\/\/www.kucukgeris.net\/iz\/giresun\/grl\/grl10.jpg\" alt=\"1869\u2019da G\u00f6rele\u2019de t\u00fcfek \u00e7akma\u011f\u0131, karakulak denilen b\u0131\u00e7ak ve makas yap\u0131l\u0131r, civar kaza ve nahiyelere sat\u0131l\u0131rd\u0131.\"\/><figcaption class=\"wp-element-caption\"><strong><em>1869\u2019da G\u00f6rele\u2019de t\u00fcfek \u00e7akma\u011f\u0131, karakulak denilen b\u0131\u00e7ak ve makas yap\u0131l\u0131r, civar kaza ve nahiyelere sat\u0131l\u0131rd\u0131.<\/em><\/strong><\/figcaption><\/figure>\n<\/div>\n\n\n<div class=\"wp-block-columns is-layout-flex wp-container-core-columns-is-layout-9d6595d7 wp-block-columns-is-layout-flex\">\n<div class=\"wp-block-column is-layout-flow wp-block-column-is-layout-flow\"><\/div>\n<\/div>\n\n\n\n<p class=\"has-black-color has-text-color has-medium-font-size\">Daha sonraki y\u0131llarda bunlara ilaveten az da olsa arpa, bu\u011fday ziraat\u0131 yap\u0131ld\u0131. Sanayi mamulleri bak\u0131rdan kap ka\u00e7ak, \u00e7arpula gibi ufak tefek \u015feylerdi. G\u00f6rele\u2019den d\u0131\u015far\u0131ya f\u0131nd\u0131k ba\u015fta olmak \u00fczere yeti\u015ftirilen mahsullerin d\u0131\u015f\u0131nda az da olsa bal mumu, bal\u0131k ya\u011f\u0131, tuzlu ba\u011f\u0131rsak, yumurta, ceviz, koyun ve ke\u00e7i gibi \u015feyler sat\u0131l\u0131rd\u0131. 1902 &#8211; 1903 y\u0131llar\u0131nda G\u00f6rele liman\u0131na 697 yelkenli, 8 vapur u\u011fram\u0131\u015ft\u0131. Bunlar\u0131n i\u00e7inde Almanya ve Rusya band\u0131ral\u0131 vapurlar da mevcuttu. G\u00f6rele liman\u0131na ba\u011fl\u0131 51 b\u00fcy\u00fck, 39 k\u00fc\u00e7\u00fck gemi vard\u0131. 14 Mart 1903 &#8211; 13 Mart 1904 tarihleri aras\u0131nda G\u00f6rele iskelesine gelen yolcu say\u0131s\u0131 88, giden yolcu say\u0131s\u0131 da 317 kadard\u0131. Eleg\u00fc\u2019de cuma, \u00c7avu\u015flu\u2019da sal\u0131, Eynesil\u2019de pazar g\u00fcnleri hafta pazarlar\u0131 kuruluyordu. 1903\u2019te kasabadaki Atik medresesinde 31, Hamidiye medresesinde 15, \u00c7avu\u015flu\u2019daki Te\u015fvikiye medresesinde 31, Ege k\u00f6y\u00fcndeki Dar\u00fclhadis\u2019te 97, Tevfik-i Hak medresesinde 25 talebe \u00f6\u011frenim g\u00f6r\u00fcyordu. 1904 y\u0131l\u0131nda G\u00f6rele kasabas\u0131nda iki cami, \u00fc\u00e7 medrese, bir h\u00fck\u00fcmet kona\u011f\u0131, d\u00f6rt \u00e7e\u015fme, \u00fc\u00e7 \u015fad\u0131rvan, kald\u0131r\u0131mla d\u00f6\u015fenmi\u015f bir \u00e7ar\u015f\u0131, bir r\u00fc\u015fdiye mektebi, iki ilk mektep, biri Rumlara, biri Ermenilere ait iki kilise, bir eczane, bir salhane, 200 hane, bir hamam, 270 d\u00fckkan, sekiz ma\u011faza, sekiz f\u0131r\u0131n, on be\u015f kahvehane, \u00fc\u00e7 a\u015f\u00e7\u0131 d\u00fckkan\u0131, bir in\u015faat halinde otel, 150 bekar odas\u0131; k\u00f6ylerde ise 4.350 hane, 224 serander, k\u0131rk mescit, 12 medrese, 2 kilise, 80 f\u0131r\u0131n, 59 de\u011firmen vard\u0131. Kasabadaki camilerin minaresi yok iken halk\u0131n yard\u0131m\u0131 ile en sonunda ikisinde de kargir ve m\u00fckemmel olmak \u00fczere 600 liraya yak\u0131n ak\u00e7e masraf edilerek minare in\u015fas\u0131na ba\u015flan\u0131lm\u0131\u015ft\u0131.<\/p>\n\n\n\n<p class=\"has-black-color has-text-color has-medium-font-size\">G\u00f6rele, 1758 y\u0131l\u0131nda Tirebolu\u2019ya ba\u011fl\u0131 bir nahiye haline getirildi. 1850 &#8211; 1866 y\u0131llar\u0131 aras\u0131nda G\u00f6rele, Yavebolu ile birlikte Trabzon\u2019un kazalar\u0131 aras\u0131nda g\u00f6sterilir. 1867 y\u0131l\u0131ndan itibaren yaln\u0131z G\u00f6rele\u2019nin ismi zikredilmektedir ve 1868 y\u0131l\u0131nda nahiye olarak Tirebolu kazas\u0131na ba\u011flan\u0131r.<\/p>\n\n\n\n<p class=\"has-black-color has-text-color has-medium-font-size\">1871\u2019de Tirebolu kazas\u0131ndan ayr\u0131larak Trabzon\u2019un nahiyesi olmu\u015f, 1874\u2019te tekrar kaza te\u015fkilat\u0131na kavu\u015fmu\u015ftur. 1876 y\u0131l\u0131nda G\u00f6rele\u2019de belediye te\u015fkilat\u0131 kuruldu. \u0130lk belediye reisi \u00d6mer A\u011fa\u2019d\u0131r. G\u00f6rele, 4 Aral\u0131k 1920 g\u00fcn\u00fc Giresun\u2019un m\u00fcstakil sancak haline getirilmesine dair kabul edilen kanun tasar\u0131s\u0131 sebebiyle Trabzon sanca\u011f\u0131ndan ayr\u0131larak Tirebolu ile birlikte Giresun\u2019a ba\u011fl\u0131 kaza merkezi haline getirilmi\u015ftir.<\/p>\n\n\n\n<p class=\"has-black-color has-text-color has-medium-font-size\">1831\u2019de yap\u0131lan ilk n\u00fcfus say\u0131m\u0131na g\u00f6re G\u00f6rele kazas\u0131n\u0131n T\u00fcrk erkek n\u00fcfusu 3.973\u2019d\u00fcr. 1869\u2019da T\u00fcrk erkek n\u00fcfus 9.285 (% 99.65), Rum erkek n\u00fcfus 32 (% 0.35) kadard\u0131r. 1882 &#8211; 1884 genel n\u00fcfus say\u0131m\u0131na g\u00f6re G\u00f6rele kazas\u0131nda n\u00fcfus yakla\u015f\u0131k 29.473 T\u00fcrk (% 97.07), 708 Rum (% 2.33), 181 Ermeni (%0.60) olmak \u00fczere 30.362\u2019dir.<\/p>\n\n\n\n<p class=\"has-black-color has-text-color has-medium-font-size\">Kamus\u00fc\u2019l-a\u2019lam\u2019a g\u00f6re 1896\u2019da 31.058 ki\u015finin ya\u015fad\u0131\u011f\u0131 kazan\u0131n 1903\u2019te n\u00fcfusu 34.059\u2019u T\u00fcrk (% 96.90), 876\u2019s\u0131 Rum (% 2.50), 211\u2019i Ermeni (% 0.60) olmak \u00fczere toplam 35.146\u2019d\u0131r.<\/p>\n\n\n\n<div class=\"wp-block-columns is-layout-flex wp-container-core-columns-is-layout-9d6595d7 wp-block-columns-is-layout-flex\">\n<div class=\"wp-block-column is-layout-flow wp-block-column-is-layout-flow\"><\/div>\n<\/div>\n\n\n<div class=\"wp-block-image\">\n<figure class=\"aligncenter size-large\"><img decoding=\"async\" src=\"https:\/\/www.kucukgeris.net\/iz\/giresun\/grl\/grl11.jpg\" alt=\"G\u00f6rele Karadeniz\u2019in vazge\u00e7ilmez \u00e7alg\u0131s\u0131 kemen\u00e7e konusunda at\u0131l\u0131m yapm\u0131\u015f bir il\u00e7edir. \u00d6yle ki; bug\u00fcn \u201ckemen\u00e7enin ba\u015fkenti\u201d olarak an\u0131lmaktad\u0131r.\"\/><figcaption class=\"wp-element-caption\"><strong><em>G\u00f6rele Karadeniz\u2019in vazge\u00e7ilmez \u00e7alg\u0131s\u0131 kemen\u00e7e konusunda at\u0131l\u0131m yapm\u0131\u015f bir il\u00e7edir. \u00d6yle ki; bug\u00fcn \u201ckemen\u00e7enin ba\u015fkenti\u201d olarak an\u0131lmaktad\u0131r.<\/em><\/strong><\/figcaption><\/figure>\n<\/div>\n\n\n<div class=\"wp-block-columns is-layout-flex wp-container-core-columns-is-layout-9d6595d7 wp-block-columns-is-layout-flex\">\n<div class=\"wp-block-column is-layout-flow wp-block-column-is-layout-flow\"><\/div>\n<\/div>\n\n\n\n<h4 class=\"wp-block-heading has-black-color has-text-color\">E\u011e\u0130T\u0130M<\/h4>\n\n\n\n<div class=\"wp-block-columns is-layout-flex wp-container-core-columns-is-layout-9d6595d7 wp-block-columns-is-layout-flex\">\n<div class=\"wp-block-column is-layout-flow wp-block-column-is-layout-flow\"><\/div>\n<\/div>\n\n\n\n<p class=\"has-black-color has-text-color has-medium-font-size\">E\u011fitim seviyesinin y\u00fcksek oldu\u011fu G\u00f6rele\u2019de Giresun \u00dcniversitesi\u2019ne ba\u011fl\u0131 bir fak\u00fclte ve bir y\u00fcksek okul bulunmaktad\u0131r.<\/p>\n\n\n\n<p class=\"has-black-color has-text-color has-medium-font-size\">Giresun \u00dcniversitesi Rekt\u00f6rl\u00fc\u011f\u00fc\u2019ne ba\u011fl\u0131 olarak G\u00f6rele G\u00fczel Sanatlar Fak\u00fcltesi, 14 A\u011fustos 2008 tarihli Bakanlar Kurulu Karar\u0131 ile kurulmu\u015ftur. Mevcut binas\u0131 2013-2014 e\u011fitim-\u00f6\u011fretim d\u00f6neminde hizmete girmi\u015ftir. G\u00f6rele G\u00fczel Sanatlar Fak\u00fcltesi, 9 b\u00f6l\u00fcmde e\u011fitim faaliyetlerini s\u00fcrd\u00fcrmektedir. B\u00f6l\u00fcmler \u015funlard\u0131r: Grafik Tasar\u0131m\u0131 B\u00f6l\u00fcm\u00fc, Resim B\u00f6l\u00fcm\u00fc, \u00c7izgi Film ve Animasyon B\u00f6l\u00fcm\u00fc, M\u00fczik B\u00f6l\u00fcm\u00fc, Seramik B\u00f6l\u00fcm\u00fc, Cam B\u00f6l\u00fcm\u00fc, \u0130\u00e7 Mimarl\u0131k Ve \u00c7evre Tasar\u0131m\u0131 B\u00f6l\u00fcm\u00fc, K\u00fclt\u00fcr Varl\u0131klar\u0131n\u0131 Koruma Ve Onar\u0131m B\u00f6l\u00fcm\u00fc, Geleneksel T\u00fcrk Sanatlar\u0131 B\u00f6l\u00fcm\u00fc.<\/p>\n\n\n\n<p class=\"has-black-color has-text-color has-medium-font-size\">G\u00f6rele Uygulamal\u0131 Bilimler Y\u00fcksekokulu, Giresun \u00dcniversitesi Rekt\u00f6rl\u00fc\u011f\u00fc\u2019ne ba\u011fl\u0131 d\u00f6rt y\u0131ll\u0131k bir y\u00fcksekokuldur. Bu Y\u00fcksekokulun kurulmas\u0131; Milli E\u011fitim Bakanl\u0131\u011f\u0131\u2019n\u0131n 24 Temmuz 2008 tarihli ve 18465 say\u0131l\u0131 yaz\u0131s\u0131 \u00fczerine, 28 Mart 1983 tarihli ve 2809 say\u0131l\u0131 Kanun\u2019un ek 30. maddesine g\u00f6re Bakanlar Kurulu\u2019nca 30 Temmuz 2008 tarihinde kararla\u015ft\u0131r\u0131lm\u0131\u015ft\u0131r. G\u00f6rele Uygulamal\u0131 Bilimler Y\u00fcksekokulu, 4 A\u011fustos 2009 tarihinden itibaren Milli E\u011fitim Bakanl\u0131\u011f\u0131\u2019na ba\u011fl\u0131 Mimar Sinan \u0130lk\u00f6\u011fretim Okulu binas\u0131nda akademik faaliyetlerine ba\u015flam\u0131\u015f, 2014-2015 e\u011fitim-\u00f6\u011fretim y\u0131l\u0131 ba\u015f\u0131nda Giresun \u00dcniversitesi G\u00f6rele G\u00fczel Sanatlar Fak\u00fcltesi binas\u0131na yerle\u015fmi\u015ftir. G\u00f6rele Uygulamal\u0131 Bilimler Y\u00fcksekokulu\u2019nda \u00fc\u00e7 b\u00f6l\u00fcm vard\u0131r, bunlar: Finans ve Bankac\u0131l\u0131k B\u00f6l\u00fcm\u00fc, Lojistik Y\u00f6netimi B\u00f6l\u00fcm\u00fc, \u00c7ocuk Geli\u015fimi B\u00f6l\u00fcm\u00fc\u2019d\u00fcr.<\/p>\n\n\n\n<p class=\"has-black-color has-text-color has-medium-font-size\">Milli E\u011fitim Bakanl\u0131\u011f\u0131\u2019na ba\u011fl\u0131 olarak G\u00f6rele\u2019de e\u011fitim hizmeti veren 2 anaokulu, 10 ilkokul, 9 ortaokul, 6 lise, 1 halk e\u011fitimi merkezi ile 1 \u00f6\u011fretmen evi ve ak\u015fam sanat okulu vard\u0131r. Bu okul ve kurumlar \u015funlard\u0131r: 80. Y\u0131l Anaokulu, Melahat G\u00fcrel Anaokulu, Cumhuriyet \u0130lkokulu, Hasan Ali Y\u00fccel \u0130lkokulu, K\u0131r\u0131kl\u0131 \u0130lkokulu, Mehmet G\u00fcrel \u0130lkokulu, \u0130nanca \u0130lkokulu, \u00c7atakk\u0131r\u0131 \u0130lkokulu, \u00c7avu\u015flu \u015eehit Kadir Ayd\u0131n \u0130lkokulu, Mimar Sinan \u0130lkokulu, Ziya Okay \u0130lkokulu, Ta\u015fl\u0131k \u0130lkokulu, Hasan Ali Y\u00fccel Ortaokulu, G\u00f6rele Ortaokulu, K\u0131r\u0131kl\u0131 Ortaokulu, Mehmet G\u00fcrel Ortaokulu, \u0130nanca Ortaokulu, Koyunhamza Ortaokulu, \u00c7avu\u015flu \u015eehit Kadir Ayd\u0131n Ortaokulu, Cumhuriyet Ortaokulu, G\u00f6rele \u0130mam Hatip Ortaokulu, \u015eehit Te\u011fmen Furkan Yayla Anadolu \u0130mam Hatip Lisesi, G\u00f6rele \u015eehit U\u011fur Hanc\u0131 Mesleki ve Teknik Anadolu Lisesi, Halil G\u00fcrel Anadolu Lisesi, G\u00f6rele Nihat G\u00fcrel Fen Lisesi, G\u00f6rele Anadolu Lisesi, G\u00f6rele 13 \u015eubat Mesleki ve Teknik Anadolu Lisesi, G\u00f6rele Halk E\u011fitimi Merkezi, G\u00f6rele \u00d6\u011fretmenevi ve Ak\u015fam Sanat Okulu.<\/p>\n\n\n\n<div class=\"wp-block-columns is-layout-flex wp-container-core-columns-is-layout-9d6595d7 wp-block-columns-is-layout-flex\">\n<div class=\"wp-block-column is-layout-flow wp-block-column-is-layout-flow\"><\/div>\n<\/div>\n\n\n\n<h4 class=\"wp-block-heading has-black-color has-text-color\">G\u00d6RELE\u2019DE K\u00dcLT\u00dcR<\/h4>\n\n\n\n<div class=\"wp-block-columns is-layout-flex wp-container-core-columns-is-layout-9d6595d7 wp-block-columns-is-layout-flex\">\n<div class=\"wp-block-column is-layout-flow wp-block-column-is-layout-flow\"><\/div>\n<\/div>\n\n\n\n<p class=\"has-black-color has-text-color has-medium-font-size\">Giresun y\u00f6resinin T\u00fcrkmen \/ \u00c7epni folklorik de\u011ferleri a\u00e7\u0131k bir \u015fekilde G\u00f6rele il\u00e7esinde ya\u015fat\u0131lmaktad\u0131r. Kemen\u00e7e en \u00f6nemli m\u00fczik aletidir. G\u00f6rele il\u00e7esinin ba\u011fl\u0131 k\u00f6ylerinde farkl\u0131 a\u011f\u0131zlar g\u00f6ze \u00e7arpar.<\/p>\n\n\n\n<p class=\"has-black-color has-text-color has-medium-font-size\">G\u00f6rele il\u00e7esine ait t\u00fcrk\u00fcler aras\u0131nda \u201cA\u011fasar\u0131n Bal\u0131n\u0131 (Oy Asiye)\u201d, \u201c\u00c7avu\u015flu Diye Diye\u201d, \u201cAtmacay\u0131 Vurdular\u201d, \u201cAya\u011f\u0131nda \u00c7orab\u0131n\u201d, \u201cYaylan\u0131n So\u011fuk Suyu\u201d, \u201cTarlalar Salk\u0131m Sa\u00e7ak\u201d, \u201cP\u00fcsk\u00fcll\u00fcd\u00fcr P\u00fcsk\u00fcll\u00fc\u201d t\u00fcrk\u00fcleri olduk\u00e7a me\u015fhurdur. Kemen\u00e7e sanat\u00e7\u0131lar\u0131ndan baz\u0131lar\u0131 Bico\u011flu Osman, Halil Kodalak, Kemal \u0130p\u015fir, Katip \u015eadi, Mehmet S\u0131rr\u0131 \u00d6zt\u00fcrk ve \u015eenel Dandin\u2019dir.<\/p>\n\n\n\n<div class=\"wp-block-columns is-layout-flex wp-container-core-columns-is-layout-9d6595d7 wp-block-columns-is-layout-flex\">\n<div class=\"wp-block-column is-layout-flow wp-block-column-is-layout-flow\"><\/div>\n<\/div>\n\n\n<div class=\"wp-block-image\">\n<figure class=\"aligncenter size-large\"><img decoding=\"async\" src=\"https:\/\/www.kucukgeris.net\/iz\/giresun\/grl\/grl12.jpg\" alt=\"Do\u011fa harikas\u0131 G\u00f6rele\u2019de bir\u00e7ok \u00e7a\u011flayana rastlamak m\u00fcmk\u00fcn.\"\/><figcaption class=\"wp-element-caption\"><strong><em>Do\u011fa harikas\u0131 G\u00f6rele\u2019de bir\u00e7ok \u00e7a\u011flayana rastlamak m\u00fcmk\u00fcn.<\/em><\/strong><\/figcaption><\/figure>\n<\/div>\n\n\n<div class=\"wp-block-columns is-layout-flex wp-container-core-columns-is-layout-9d6595d7 wp-block-columns-is-layout-flex\">\n<div class=\"wp-block-column is-layout-flow wp-block-column-is-layout-flow\"><\/div>\n<\/div>\n\n\n\n<h4 class=\"wp-block-heading has-black-color has-text-color\">G\u00d6RELE TUR\u0130ZM\u0130<\/h4>\n\n\n\n<div class=\"wp-block-columns is-layout-flex wp-container-core-columns-is-layout-9d6595d7 wp-block-columns-is-layout-flex\">\n<div class=\"wp-block-column is-layout-flow wp-block-column-is-layout-flow\"><\/div>\n<\/div>\n\n\n\n<p class=\"has-black-color has-text-color has-medium-font-size\">\u0130l\u00e7ede turizm \u00e7ok geli\u015fmemi\u015f olup ekonomiye bir katk\u0131s\u0131 yoktur. Daha \u00e7ok i\u00e7 turizm hakimdir. Yayla turizminin d\u0131\u015f\u0131nda turizm ama\u00e7l\u0131 herhangi bir faaliyet yayg\u0131n de\u011fildir.<\/p>\n\n\n\n<p class=\"has-black-color has-text-color has-medium-font-size\">\u0130l\u00e7ede yaylac\u0131l\u0131k \u00e7ok geli\u015fmi\u015ftir. Eskiden b\u00f6lge halk\u0131 hayvan otlatmak i\u00e7in yaylaya g\u00f6\u00e7 etmekte iken son y\u0131llarda, temiz da\u011f havas\u0131 alarak dinlenmek ve \u00e7e\u015fitli yayla \u015fenliklerine kat\u0131larak e\u011flenmek i\u00e7in yaylaya \u00e7\u0131kmaktad\u0131r.<\/p>\n\n\n\n<p class=\"has-black-color has-text-color has-medium-font-size\">\u00d6nceden yaylaya y\u00fcr\u00fcyerek gidilirken; ula\u015f\u0131m\u0131n sa\u011flanmas\u0131 ile otomobiller ile bu yaylalara \u00fc\u00e7 &#8211; d\u00f6rt saatte gidilip gelinmektedir. Y\u00f6re halk\u0131n\u0131n \u00e7\u0131kt\u0131\u011f\u0131 yaylalarda Haziran &#8211; Temmuz aylar\u0131nda \u00e7e\u015fitli \u015fenlikler d\u00fczenlenmektedir. Bunlar\u0131n i\u00e7inde en me\u015fhuru Temmuz ay\u0131n\u0131n \u00fc\u00e7\u00fcnc\u00fc cumartesi g\u00fcn\u00fc yap\u0131lan Sis Da\u011f\u0131, eski ad\u0131 Abdal Musa Da\u011f\u0131 \u015fenlikleridir.<\/p>\n\n\n\n<div class=\"wp-block-columns is-layout-flex wp-container-core-columns-is-layout-9d6595d7 wp-block-columns-is-layout-flex\">\n<div class=\"wp-block-column is-layout-flow wp-block-column-is-layout-flow\"><\/div>\n<\/div>\n\n\n<div class=\"wp-block-image\">\n<figure class=\"aligncenter size-large\"><img decoding=\"async\" src=\"https:\/\/www.kucukgeris.net\/iz\/giresun\/grl\/grl13.jpg\" alt=\"\u00c7avu\u015flu ekme\u011finin \u00fcn\u00fc \u00fclke s\u0131n\u0131rlar\u0131n\u0131 a\u015fm\u0131\u015ft\u0131r.\"\/><figcaption class=\"wp-element-caption\"><strong><em>\u00c7avu\u015flu ekme\u011finin \u00fcn\u00fc \u00fclke s\u0131n\u0131rlar\u0131n\u0131 a\u015fm\u0131\u015ft\u0131r.<\/em><\/strong><\/figcaption><\/figure>\n<\/div>\n\n\n<div class=\"wp-block-columns is-layout-flex wp-container-core-columns-is-layout-9d6595d7 wp-block-columns-is-layout-flex\">\n<div class=\"wp-block-column is-layout-flow wp-block-column-is-layout-flow\"><\/div>\n<\/div>\n\n\n\n<h4 class=\"wp-block-heading has-black-color has-text-color\">G\u00d6RELE\u2019N\u0130N SOSYO EKONOM\u0130K YAPISI<\/h4>\n\n\n\n<div class=\"wp-block-columns is-layout-flex wp-container-core-columns-is-layout-9d6595d7 wp-block-columns-is-layout-flex\">\n<div class=\"wp-block-column is-layout-flow wp-block-column-is-layout-flow\"><\/div>\n<\/div>\n\n\n\n<p class=\"has-black-color has-text-color has-medium-font-size\">G\u00f6rele topra\u011f\u0131nda bitkiler i\u00e7in \u00e7e\u015fitli madensel besinler bulunur. Her mevsim yeterince ya\u011f\u0131\u015fl\u0131d\u0131r. Dondurucu ve kavurucu olmayan \u0131l\u0131k iklimi \u00e7e\u015fitli bitkilerin yeti\u015ftirilmesine hizmet eder. Bundan dolay\u0131 orta ku\u015fakta yeti\u015fen her \u00e7e\u015fit bitki G\u00f6rele\u2019de de yeti\u015fir. S\u0131cak ku\u015fakta yeti\u015fen \u00e7aydan, Alp da\u011flar\u0131nda yeti\u015fen selajinel yosunlar\u0131na kadar \u00e7e\u015fitli bitkilere rastlan\u0131r.<\/p>\n\n\n\n<p class=\"has-black-color has-text-color has-medium-font-size\">Ekonomik de\u011fer ta\u015f\u0131ma bak\u0131m\u0131ndan f\u0131nd\u0131k ba\u015fta gelir; bunu m\u0131s\u0131r, \u00e7ay, meyveler, \u00e7e\u015fitli sebzelerle end\u00fcstri ve di\u011fer i\u015flerde kullan\u0131lan bitkiler takip eder. Ormanc\u0131l\u0131k b\u00fcy\u00fck \u00f6nem ta\u015f\u0131r. Hayvanc\u0131l\u0131\u011f\u0131n ekonomiye b\u00fcy\u00fck katk\u0131s\u0131 vard\u0131r.<\/p>\n\n\n\n<div class=\"wp-block-columns is-layout-flex wp-container-core-columns-is-layout-9d6595d7 wp-block-columns-is-layout-flex\">\n<div class=\"wp-block-column is-layout-flow wp-block-column-is-layout-flow\"><\/div>\n<\/div>\n\n\n<div class=\"wp-block-image\">\n<figure class=\"aligncenter size-large\"><img decoding=\"async\" src=\"https:\/\/www.kucukgeris.net\/iz\/giresun\/grl\/grl14.jpg\" alt=\"Baz\u0131 kaynaklar g\u00f6re f\u0131nd\u0131\u011f\u0131n Orta Asya\u2019dan Karadeniz sahillerine g\u00f6\u00e7ler yoluyla T\u00fcrkler taraf\u0131ndan getirildi\u011fini, daha sonra Avrupa\u2019ya g\u00f6t\u00fcr\u00fcld\u00fc\u011f\u00fcn\u00fc ifade eder.\"\/><figcaption class=\"wp-element-caption\"><strong><em>Baz\u0131 kaynaklar g\u00f6re f\u0131nd\u0131\u011f\u0131n Orta Asya\u2019dan Karadeniz sahillerine g\u00f6\u00e7ler yoluyla T\u00fcrkler taraf\u0131ndan getirildi\u011fini, daha sonra Avrupa\u2019ya g\u00f6t\u00fcr\u00fcld\u00fc\u011f\u00fcn\u00fc ifade eder.<\/em><\/strong><\/figcaption><\/figure>\n<\/div>\n\n\n<div class=\"wp-block-columns is-layout-flex wp-container-core-columns-is-layout-9d6595d7 wp-block-columns-is-layout-flex\">\n<div class=\"wp-block-column is-layout-flow wp-block-column-is-layout-flow\"><\/div>\n<\/div>\n\n\n\n<h4 class=\"wp-block-heading has-black-color has-text-color\">FINDIK<\/h4>\n\n\n\n<div class=\"wp-block-columns is-layout-flex wp-container-core-columns-is-layout-9d6595d7 wp-block-columns-is-layout-flex\">\n<div class=\"wp-block-column is-layout-flow wp-block-column-is-layout-flow\"><\/div>\n<\/div>\n\n\n\n<p class=\"has-black-color has-text-color has-medium-font-size\">Baz\u0131 kaynaklar, f\u0131nd\u0131\u011f\u0131n Anadolu\u2019dan b\u00fct\u00fcn d\u00fcnyaya yay\u0131ld\u0131\u011f\u0131n\u0131 s\u00f6yler. Baz\u0131 kaynaklar ise f\u0131nd\u0131\u011f\u0131n Orta Asya\u2019dan Karadeniz sahillerine g\u00f6\u00e7ler yoluyla T\u00fcrkler taraf\u0131ndan getirildi\u011fini, daha sonra Avrupa\u2019ya g\u00f6t\u00fcr\u00fcld\u00fc\u011f\u00fcn\u00fc ifade eder. Bunun i\u00e7inde \u201cYa\u011f Ta\u015f\u0131 &#8211; Ya\u011fmur Ta\u015f\u0131\u201d adl\u0131 efsane ile \u201cBugu Tekin\u201d efsanesini kan\u0131t olarak g\u00f6sterirler. Bu efsanelerde, f\u0131nd\u0131k a\u011fac\u0131 kutsal olarak Tanr\u0131\u2019n\u0131n nurunun ilk defa f\u0131nd\u0131k a\u011fac\u0131 \u00fczerine indi\u011fi bildirilmektedir.<\/p>\n\n\n\n<p class=\"has-black-color has-text-color has-medium-font-size\">F\u0131nd\u0131k kelimesi T\u00fcrk\u00e7e\u2019ye muhtemelen T\u00fcrklerin Anadolu\u2019ya yerle\u015fmesinden sonra girmi\u015f olmal\u0131d\u0131r. Kelime daha sonra Arap dilinde \u201cbunduk\u201d tarz\u0131nda s\u00f6ylenmi\u015f ve yerle\u015fmi\u015ftir.<\/p>\n\n\n\n<p class=\"has-black-color has-text-color has-medium-font-size\">Ba\u015fta H\u0131ristiyanl\u0131k olmak \u00fczere b\u00fct\u00fcn dinler f\u0131nd\u0131\u011f\u0131 kutsal meyve saym\u0131\u015ft\u0131r. 4.000 y\u0131l \u00f6nce Orta Asya\u2019dan getirilerek \u00e7evremizde yeti\u015ftirildi\u011fi anla\u015f\u0131lmaktad\u0131r. Ksenofon \u201cOnbinlerin D\u00f6n\u00fc\u015f\u00fc\u201d adl\u0131 eserinde kapal\u0131 \u015fekilde f\u0131nd\u0131\u011fa de\u011finilmektedir. Yunanl\u0131 hekim Dioscorides\u2019in \u201cKitab\u00fc\u2019l Ha\u015fay\u0131\u015f\u201d adl\u0131 eserinde f\u0131nd\u0131ktan yap\u0131lan ila\u00e7lardan bahsedilmektedir. F\u0131nd\u0131\u011f\u0131 Romal\u0131lar G\u00f6rele\u2019den \u0130talya\u2019ya, oradan da \u0130spanya\u2019ya ula\u015ft\u0131rd\u0131lar.<br>\u0130spanya kral\u0131 Henry\u2019nin Timur\u2019a g\u00f6nderdi\u011fi Klaviyo, Semertkan d\u00f6n\u00fc\u015f\u00fc Pontus devleti ba\u015fkenti Trabzon\u2019dan 1405 y\u0131l\u0131nda \u0130stanbul\u2019a hareketinde f\u0131nd\u0131k dolu bir gemi ile yola \u00e7\u0131kt\u0131\u011f\u0131n\u0131 seyahatnamesinde yazmaktad\u0131r. T\u00fcrkiye\u2019den ilk kabuklu f\u0131nd\u0131k ihracat\u0131n\u0131 1773 y\u0131l\u0131nda Rusya\u2019ya, 1792 y\u0131l\u0131nda Romanya\u2019ya, 1851 y\u0131l\u0131nda \u0130ngiltere\u2019ye, 1871 y\u0131l\u0131nda da Bel\u00e7ika\u2019ya yap\u0131lm\u0131\u015ft\u0131r. Yakla\u015f\u0131k 5.000 y\u0131ld\u0131r bilinen f\u0131nd\u0131\u011f\u0131n vatan\u0131 Anadolu\u2019dur. M.\u00d6. 400\u2019de Pontus k\u0131y\u0131lar\u0131ndan geldi\u011fi i\u00e7in Pontus cevizi ad\u0131n\u0131 alm\u0131\u015ft\u0131r. Sicilya ve \u0130spanya\u2019ya Araplar taraf\u0131ndan g\u00f6t\u00fcr\u00fclm\u00fc\u015ft\u00fcr. Yery\u00fcz\u00fcnde 36 &#8211; 41 derece kuzey enlemlerinde kendine \u00f6zg\u00fc iklim ko\u015fullar\u0131nda yeti\u015febilen f\u0131nd\u0131k, deniz k\u0131y\u0131s\u0131ndan en \u00e7ok 30 km i\u00e7eride veya 750-1000 metreyi ge\u00e7meyen yerlerde \u00fcr\u00fcn vermektedir. D\u00fcnya y\u0131ll\u0131k f\u0131nd\u0131k \u00fcretiminin % 67 &#8211; 75\u2019i T\u00fcrkiye\u2019nin Karadeniz k\u0131y\u0131lar\u0131nda yap\u0131lmaktad\u0131r. \u0130talya, \u0130spanya ve Amerika f\u0131nd\u0131k yeti\u015ftiren di\u011fer \u00fclkelerdir.<\/p>\n\n\n\n<p class=\"has-black-color has-text-color has-medium-font-size\">T\u00fcrkiye\u2019nin en \u00e7ok ya\u011f\u0131\u015f alan b\u00f6lgesi Karadeniz\u2019de arazi fazla e\u011fimlidir. Topra\u011f\u0131n yap\u0131s\u0131 ve iklim ko\u015fullar\u0131 Karadeniz B\u00f6lgesi\u2019nin \u00f6nemli bir k\u0131sm\u0131nda f\u0131nd\u0131k d\u0131\u015f\u0131nda ba\u015fka bir tar\u0131ma izin vermemektedir. F\u0131nd\u0131k, erozyon tehlikesi ile kar\u015f\u0131 kar\u015f\u0131ya olan b\u00f6lgede verimli topraklar\u0131n yok olmas\u0131n\u0131 engelleyip \u00e7evreye olumlu katk\u0131 sa\u011flamaktad\u0131r. F\u0131nd\u0131k tar\u0131m\u0131 genellikle k\u00fc\u00e7\u00fck arazilerle ve aile i\u015fletmecili\u011fi bi\u00e7iminde yap\u0131lmaktad\u0131r. T\u00fcrkiye\u2019de yakla\u015f\u0131k 600.000 hektar arazide 400.000 \u00e7ift\u00e7inin f\u0131nd\u0131k \u00fcretimi ile u\u011fra\u015ft\u0131\u011f\u0131 bilinmektedir. F\u0131nd\u0131k yeti\u015ftirildi\u011fi b\u00f6lgelerde do\u011frudan ya da dolayl\u0131 olarak 8 milyon insan\u0131n ilgilendirmektedir. Potasyum, magnezyum ve kalsiyum i\u00e7eri\u011fi y\u00fcksek, sodyum miktar\u0131 d\u00fc\u015f\u00fck olan f\u0131nd\u0131\u011f\u0131n, kemik geli\u015fimi ve sa\u011fl\u0131\u011f\u0131 ile kan bas\u0131nc\u0131n\u0131 d\u00fczenlenmesinde b\u00fcy\u00fck \u00f6nemi vard\u0131r. Bu a\u00e7\u0131dan f\u0131nd\u0131k, sa\u011fl\u0131kl\u0131 ya\u015fam i\u00e7in \u00f6nemli bir besin kayna\u011f\u0131d\u0131r.<\/p>\n\n\n\n<p class=\"has-black-color has-text-color has-medium-font-size\">G\u00f6rele\u2019de f\u0131nd\u0131k, 7.134 hektarl\u0131k alanda yeti\u015ftirilmektedir, en \u00f6nemli gelir kayna\u011f\u0131 olup ihra\u00e7 maddelerinin ba\u015f\u0131nda gelir. Il\u0131man iklimi sever. Deniz seviyesinden 450 metre y\u00fcksekte verimlili\u011fi tehlikeye d\u00fc\u015fer, 750 metreden daha y\u00fcksekte yeti\u015fmez. Denizden 30 kilometre uzakta hi\u00e7 olmaz.<\/p>\n\n\n\n<p class=\"has-black-color has-text-color has-medium-font-size\">F\u0131nd\u0131k \u0130hracat\u00e7\u0131lar\u0131 Birli\u011fi\u2019nden al\u0131nan bilgiye g\u00f6re; 1 Eyl\u00fcl 1997 &#8211; 26 Aral\u0131k 1997 tarihleri aras\u0131nda 114.624,5 ton i\u00e7 f\u0131nd\u0131k ihra\u00e7 edilerek kar\u015f\u0131l\u0131\u011f\u0131nda 420 milyon 417 bin 19 dolar gelir sa\u011fland\u0131.<\/p>\n\n\n\n<p class=\"has-black-color has-text-color has-medium-font-size\">F\u0131nd\u0131k \u00c7e\u015fitleri: Tombul F\u0131nd\u0131k, Palaz F\u0131nd\u0131k, Fo\u015fa F\u0131nd\u0131k, \u00c7ak\u0131ldak F\u0131nd\u0131k, Kal\u0131nkara F\u0131nd\u0131\u011f\u0131, Sivri F\u0131nd\u0131k, Ku\u015f F\u0131nd\u0131\u011f\u0131, Badem F\u0131nd\u0131\u011f\u0131.<\/p>\n\n\n\n<div class=\"wp-block-columns is-layout-flex wp-container-core-columns-is-layout-9d6595d7 wp-block-columns-is-layout-flex\">\n<div class=\"wp-block-column is-layout-flow wp-block-column-is-layout-flow\"><\/div>\n<\/div>\n\n\n<div class=\"wp-block-image\">\n<figure class=\"aligncenter size-large\"><img decoding=\"async\" src=\"https:\/\/www.kucukgeris.net\/iz\/giresun\/grl\/grl15.jpg\" alt=\"Lezzetini ustalar\u0131ndan alan G\u00f6rele pidesi, 85 y\u0131ll\u0131k bir ge\u00e7mi\u015fe sahiptir.\"\/><figcaption class=\"wp-element-caption\"><strong><em>Lezzetini ustalar\u0131ndan alan G\u00f6rele pidesi, 85 y\u0131ll\u0131k bir ge\u00e7mi\u015fe sahiptir.<\/em><\/strong><\/figcaption><\/figure>\n<\/div>\n\n\n<div class=\"wp-block-columns is-layout-flex wp-container-core-columns-is-layout-9d6595d7 wp-block-columns-is-layout-flex\">\n<div class=\"wp-block-column is-layout-flow wp-block-column-is-layout-flow\"><\/div>\n<\/div>\n\n\n\n<h4 class=\"wp-block-heading has-black-color has-text-color\">HAYVANCILIK<\/h4>\n\n\n\n<div class=\"wp-block-columns is-layout-flex wp-container-core-columns-is-layout-9d6595d7 wp-block-columns-is-layout-flex\">\n<div class=\"wp-block-column is-layout-flow wp-block-column-is-layout-flow\"><\/div>\n<\/div>\n\n\n\n<p class=\"has-black-color has-text-color has-medium-font-size\">\u0130klim, mera ve g\u00fcbreli bah\u00e7e altlar\u0131nda yeti\u015fen otlar\u0131n bollu\u011fu hayvanc\u0131l\u0131\u011fa ge\u00e7im kayna\u011f\u0131 g\u00f6z\u00fcyle bakabilece\u011fini m\u00fcjdeliyorsa da bug\u00fcnk\u00fc hayvanc\u0131l\u0131k tekni\u011fi, pazar, yol, s\u00fct mahsullerini de\u011ferlendirme imkanlar\u0131 olmamas\u0131 bu durumu engellemektedir.<\/p>\n\n\n\n<p class=\"has-black-color has-text-color has-medium-font-size\">Halk\u0131n ihtiya\u00e7lar\u0131na g\u00f6re s\u0131\u011f\u0131r, davar, k\u00fcmes hayvanlar\u0131, g\u00fcc\u00fcnden faydalan\u0131lan hayvanlarla di\u011fer evcil hayvanlar yeti\u015ftirilmektedir. B\u00f6lgede geni\u015f meralar olmad\u0131\u011f\u0131ndan hayvanc\u0131l\u0131k ileri d\u00fczeyde geli\u015fmemi\u015ftir.<\/p>\n\n\n\n<p class=\"has-black-color has-text-color has-medium-font-size\">Her k\u00f6y evinde s\u0131\u011f\u0131r beslenir. S\u0131\u011f\u0131r yeti\u015ftiricili\u011fi k\u00fc\u00e7\u00fck aile i\u015fletmecili\u011fi \u015feklinde bitkisel \u00fcretim faaliyetleri sonucu elde edilen kaba yemi (\u00f6zellikle m\u0131s\u0131r sap\u0131) de\u011ferlendirmek ve ailenin s\u00fct ihtiyac\u0131n\u0131 kar\u015f\u0131lamak amac\u0131yla yap\u0131lmaktad\u0131r. \u00c7ift\u00e7iler, kendi arazisinde elde etti\u011fi kaba yemin yeterli olmamas\u0131 durumunda kom\u015fu \u00e7ift\u00e7ilerden kaba yem sat\u0131n alabilmektedir.<\/p>\n\n\n\n<p class=\"has-black-color has-text-color has-medium-font-size\">S\u0131\u011f\u0131r yeti\u015ftiricili\u011fi azald\u0131\u011f\u0131ndan eski y\u0131llarda oldu\u011fu gibi hayvanlar yaylalara \u00e7\u0131kar\u0131lmamaktad\u0131r. Yeti\u015ftirilen s\u0131\u011f\u0131rlar, yerli \u0131rklar\u0131n kar\u0131\u015fmas\u0131ndan meydana gelmi\u015f yerli melez s\u0131\u011f\u0131rlard\u0131r. Suni tohumlama ile Jersey s\u0131\u011f\u0131rlar\u0131n\u0131n t\u00fcr\u00fc geli\u015ftirilmi\u015ftir. Son y\u0131llarda da Holstein s\u0131\u011f\u0131r t\u00fcrlerinin de artt\u0131\u011f\u0131n\u0131 g\u00f6rmekteyiz. Manda eski y\u0131llarda birka\u00e7 adet olmas\u0131na ra\u011fmen bug\u00fcn yoktur. S\u0131\u011f\u0131rlar daha \u00e7ok s\u00fct\u00fc, sonrada eti i\u00e7in beslenir.<\/p>\n\n\n\n<div class=\"wp-block-columns is-layout-flex wp-container-core-columns-is-layout-9d6595d7 wp-block-columns-is-layout-flex\">\n<div class=\"wp-block-column is-layout-flow wp-block-column-is-layout-flow\"><\/div>\n<\/div>\n\n\n<div class=\"wp-block-image\">\n<figure class=\"aligncenter size-large\"><img decoding=\"async\" src=\"https:\/\/www.kucukgeris.net\/iz\/giresun\/grl\/grl16.jpg\" alt=\"D\u00f6rt orman b\u00f6lgesi olan G\u00f6rele\u2019de ormanc\u0131l\u0131k, il\u00e7e ekonomisine az oranda ekonomik katk\u0131 sa\u011flamaktad\u0131r.\"\/><figcaption class=\"wp-element-caption\"><strong><em>D\u00f6rt orman b\u00f6lgesi olan G\u00f6rele\u2019de ormanc\u0131l\u0131k, il\u00e7e ekonomisine az oranda ekonomik katk\u0131 sa\u011flamaktad\u0131r.<\/em><\/strong><\/figcaption><\/figure>\n<\/div>\n\n\n<div class=\"wp-block-columns is-layout-flex wp-container-core-columns-is-layout-9d6595d7 wp-block-columns-is-layout-flex\">\n<div class=\"wp-block-column is-layout-flow wp-block-column-is-layout-flow\"><\/div>\n<\/div>\n\n\n\n<h4 class=\"wp-block-heading has-black-color has-text-color\">ORMANCILIK<\/h4>\n\n\n\n<div class=\"wp-block-columns is-layout-flex wp-container-core-columns-is-layout-9d6595d7 wp-block-columns-is-layout-flex\">\n<div class=\"wp-block-column is-layout-flow wp-block-column-is-layout-flow\"><\/div>\n<\/div>\n\n\n\n<p class=\"has-black-color has-text-color has-medium-font-size\">G\u00f6rele\u2019de iklim ve topra\u011f\u0131n uygunlu\u011fu orman\u0131n tabi olarak yeti\u015fmesini sa\u011flam\u0131\u015ft\u0131r. En \u00e7ok yeti\u015fen a\u011fa\u00e7 cinsi kay\u0131ngiller olup bunu takiben \u00e7am, me\u015fe, yayk\u0131n, k\u0131z\u0131la\u011fa\u00e7, kestane, ladin ve tafland\u0131r.<\/p>\n\n\n\n<p class=\"has-black-color has-text-color has-medium-font-size\">Orman alt\u0131 \u00fcr\u00fcn\u00fc olarak avu denen \u00e7al\u0131lardan bol odun elde edilir. G\u00f6rele\u2019de d\u00f6rt orman b\u00f6lgesi vard\u0131r. Bunlar: G\u00f6rele merkez 13.258 hektar olup bunun \u00fc\u00e7te ikisi orman, \u00fc\u00e7te biri a\u00e7\u0131kl\u0131kt\u0131r; Alimeydan (Sis) Da\u011f\u0131, 15.734 hektar ormanl\u0131k olup bunun alt\u0131da biri orman geri kalan a\u00e7\u0131kl\u0131kt\u0131r. \u00c7\u00f6mlek\u00e7i, 9.115 hektar ormanl\u0131k sahas\u0131n\u0131n \u00fc\u00e7te biri orman, \u00fc\u00e7te ikisi a\u00e7\u0131k sahad\u0131r. Kahraman dere, 1.046 hektar ormanl\u0131k olup d\u00f6rtte \u00fc\u00e7\u00fc orman, geri kalan\u0131 a\u00e7\u0131kl\u0131kt\u0131r.<\/p>\n\n\n\n<p class=\"has-black-color has-text-color has-medium-font-size\">G\u00fcn\u00fcm\u00fczde ormanc\u0131l\u0131k, G\u00f6rele ekonomisine az oranda ekonomik katk\u0131 sa\u011flamaktad\u0131r.<\/p>\n\n\n\n<div class=\"wp-block-columns is-layout-flex wp-container-core-columns-is-layout-9d6595d7 wp-block-columns-is-layout-flex\">\n<div class=\"wp-block-column is-layout-flow wp-block-column-is-layout-flow\"><\/div>\n<\/div>\n\n\n<div class=\"wp-block-image\">\n<figure class=\"aligncenter size-large\"><img decoding=\"async\" src=\"https:\/\/www.kucukgeris.net\/iz\/giresun\/grl\/grl17.jpg\" alt=\"1923 y\u0131l\u0131nda ise il\u00e7e olarak Giresun\u2019a ba\u011flanan G\u00f6rele\u2019de 1916 y\u0131l\u0131nda ba\u015flayan Rus i\u015fgali iki y\u0131l s\u00fcrd\u00fc.\"\/><figcaption class=\"wp-element-caption\"><strong><em>1923 y\u0131l\u0131nda ise il\u00e7e olarak Giresun\u2019a ba\u011flanan G\u00f6rele\u2019de 1916 y\u0131l\u0131nda ba\u015flayan Rus i\u015fgali iki y\u0131l s\u00fcrd\u00fc.<\/em><\/strong><\/figcaption><\/figure>\n<\/div>\n\n\n<div class=\"wp-block-columns is-layout-flex wp-container-core-columns-is-layout-9d6595d7 wp-block-columns-is-layout-flex\">\n<div class=\"wp-block-column is-layout-flow wp-block-column-is-layout-flow\"><\/div>\n<\/div>\n\n\n\n<h4 class=\"wp-block-heading has-black-color has-text-color\">SU \u00dcR\u00dcNLER\u0130<\/h4>\n\n\n\n<div class=\"wp-block-columns is-layout-flex wp-container-core-columns-is-layout-9d6595d7 wp-block-columns-is-layout-flex\">\n<div class=\"wp-block-column is-layout-flow wp-block-column-is-layout-flow\"><\/div>\n<\/div>\n\n\n\n<p class=\"has-black-color has-text-color has-medium-font-size\">Bir sahil il\u00e7esi olmas\u0131 sebebiyle bal\u0131k\u00e7\u0131l\u0131k, G\u00f6rele ekonomisinde \u00f6nemli bir yer tutmaktad\u0131r. G\u00f6rele\u2019nin 10 kilometrelik sahil \u015feridi bulunmaktad\u0131r.<\/p>\n\n\n\n<p class=\"has-black-color has-text-color has-medium-font-size\">Ayr\u0131ca son y\u0131llarda Kaynak Kullan\u0131m\u0131 Destek Fonu (KKDF) prim uygulamas\u0131 ile k\u00fclt\u00fcr bal\u0131k\u00e7\u0131l\u0131\u011f\u0131nda da \u00f6nemli bir ilerleme sa\u011flanm\u0131\u015ft\u0131r. 1997 y\u0131l\u0131 itibariyle il genelinde toplam 65 adet kay\u0131kl\u0131 alabal\u0131k tesisinin 7 adedi G\u00f6rele\u2019de bulunmaktad\u0131r.<\/p>\n\n\n\n<div class=\"wp-block-columns is-layout-flex wp-container-core-columns-is-layout-9d6595d7 wp-block-columns-is-layout-flex\">\n<div class=\"wp-block-column is-layout-flow wp-block-column-is-layout-flow\"><\/div>\n<\/div>\n\n\n<div class=\"wp-block-image\">\n<figure class=\"aligncenter size-large\"><img decoding=\"async\" src=\"https:\/\/www.kucukgeris.net\/iz\/giresun\/grl\/cvsl01.jpg\" alt=\"\u00c7avu\u015flu, G\u00f6rele\u2019ye ba\u011fl\u0131 tarihi bir sahil kasabas\u0131d\u0131r.\"\/><figcaption class=\"wp-element-caption\"><strong><em>\u00c7avu\u015flu, G\u00f6rele\u2019ye ba\u011fl\u0131 tarihi bir sahil kasabas\u0131d\u0131r.<\/em><\/strong><\/figcaption><\/figure>\n<\/div>\n\n\n<div class=\"wp-block-columns is-layout-flex wp-container-core-columns-is-layout-9d6595d7 wp-block-columns-is-layout-flex\">\n<div class=\"wp-block-column is-layout-flow wp-block-column-is-layout-flow\"><\/div>\n<\/div>\n\n\n\n<h4 class=\"wp-block-heading has-black-color has-text-color\">\u00c7AVU\u015eLU BELDES\u0130<\/h4>\n\n\n\n<div class=\"wp-block-columns is-layout-flex wp-container-core-columns-is-layout-9d6595d7 wp-block-columns-is-layout-flex\">\n<div class=\"wp-block-column is-layout-flow wp-block-column-is-layout-flow\"><\/div>\n<\/div>\n\n\n\n<p class=\"has-black-color has-text-color has-medium-font-size\">Karadeniz b\u00f6lgesi, Do\u011fu Karadeniz k\u0131y\u0131 \u015feridinde yer alan \u00c7avu\u015flu beldesi Giresun ili, G\u00f6rele il\u00e7esine ba\u011fl\u0131 tarihi bir sahil kasabas\u0131d\u0131r.<\/p>\n\n\n\n<p class=\"has-black-color has-text-color has-medium-font-size\">\u00c7avu\u015flu, D\u00fcnya \u00fczerinde 41\u00b0 2\u2032 21.8868\u201d kuzey ve 39\u00b0 3\u2032 55.6164\u201d do\u011fu gps koordinatlar\u0131nda yer al\u0131r. \u00c7avu\u015flu ba\u011fl\u0131 oldu\u011fu G\u00f6rele il\u00e7e merkezine 5 kilometre, Giresun il merkezine 67 kilometre mesafededir. \u00c7avu\u015flu\u2019nun en al\u00e7ak noktas\u0131 deniz seviyesi, en y\u00fcksek noktas\u0131 ise 560 metre ile Kuru Kale tepesidir. Yerle\u015fim y\u00fcksekli\u011fi deniz seviyesinden 9 metredir.<\/p>\n\n\n\n<p class=\"has-black-color has-text-color has-medium-font-size\">\u00c7avu\u015flu beldesi, D 010 Karadeniz sahil transit ge\u00e7i\u015fi, Samsun &#8211; Hopa uluslararas\u0131 otoyolunun 263 kilometresinde yer almaktad\u0131r. T\u00fcrkiye\u2019nin her ilinden direkt olarak \u015fehirleraras\u0131 yolcu ta\u015f\u0131mac\u0131l\u0131\u011f\u0131 yapan firmalar ile ula\u015f\u0131m \u00e7ok kolayd\u0131r. \u00c7avu\u015flu, Ordu Giresun Havaalan\u0131\u2019na 100 kilometre, Trabzon Havaalan\u0131\u2019na 66 kilometre uzakl\u0131kta yer al\u0131r.<\/p>\n\n\n\n<p class=\"has-black-color has-text-color has-medium-font-size\">Belde, do\u011fuda Eynesil il\u00e7esi, g\u00fcneyinde Sis da\u011f\u0131, kuzeyinde Karadeniz, bat\u0131s\u0131nda ise G\u00f6rele il\u00e7esi ile s\u0131n\u0131rd\u0131r.<\/p>\n\n\n\n<div class=\"wp-block-columns is-layout-flex wp-container-core-columns-is-layout-9d6595d7 wp-block-columns-is-layout-flex\">\n<div class=\"wp-block-column is-layout-flow wp-block-column-is-layout-flow\"><\/div>\n<\/div>\n\n\n<div class=\"wp-block-image\">\n<figure class=\"aligncenter size-large\"><img decoding=\"async\" src=\"https:\/\/www.kucukgeris.net\/iz\/giresun\/grl\/cvsl02.jpg\" alt=\"1962 y\u0131l\u0131nda belde stat\u00fcs\u00fcne kavu\u015fan \u00c7avu\u015flu\u2019da Roma devrine ait hamam y\u0131k\u0131nt\u0131lar\u0131, k\u00fcmbet ve kubbe kal\u0131nt\u0131lar\u0131 vard\u0131r.\"\/><figcaption class=\"wp-element-caption\"><strong><em>1962 y\u0131l\u0131nda belde stat\u00fcs\u00fcne kavu\u015fan \u00c7avu\u015flu\u2019da Roma devrine ait hamam y\u0131k\u0131nt\u0131lar\u0131, k\u00fcmbet ve kubbe kal\u0131nt\u0131lar\u0131 vard\u0131r.<\/em><\/strong><\/figcaption><\/figure>\n<\/div>\n\n\n<div class=\"wp-block-columns is-layout-flex wp-container-core-columns-is-layout-9d6595d7 wp-block-columns-is-layout-flex\">\n<div class=\"wp-block-column is-layout-flow wp-block-column-is-layout-flow\"><\/div>\n<\/div>\n\n\n\n<h4 class=\"wp-block-heading has-black-color has-text-color\">\u00c7AVU\u015eLU BELDES\u0130N\u0130N KURULU\u015eU<\/h4>\n\n\n\n<div class=\"wp-block-columns is-layout-flex wp-container-core-columns-is-layout-9d6595d7 wp-block-columns-is-layout-flex\">\n<div class=\"wp-block-column is-layout-flow wp-block-column-is-layout-flow\"><\/div>\n<\/div>\n\n\n\n<p class=\"has-black-color has-text-color has-medium-font-size\">\u00c7avu\u015flu\u2019nun ne zaman kuruldu\u011fu kesin olarak belli de\u011fildir. Ancak kasaban\u0131n s\u0131n\u0131rlar\u0131 i\u00e7erisinde yer alan 11. Y\u00fczy\u0131l\u0131n ilk \u00e7eyre\u011finde b\u00f6lgeye gelen Cenevizliler taraf\u0131ndan yap\u0131lan Kuru Kale gibi \u00f6ren yerlerinin bulunmas\u0131 kasaban\u0131n M.\u00d6. yerle\u015fime a\u00e7\u0131k oldu\u011fu tezini kuvvetlendirmektedir. Ayr\u0131ca Roma devrine ait hamam y\u0131k\u0131nt\u0131lar\u0131, k\u00fcmbet ve kubbe kal\u0131nt\u0131lar\u0131 da \u00c7avu\u015flu\u2019nun \u00e7ok eski bir yerle\u015fim b\u00f6lgesi oldu\u011fu tezini desteklemektedir. 1758 &#8211; 1792 y\u0131llar\u0131nda Trabzon sanca\u011f\u0131na ba\u011fl\u0131 kaza merkezi olan \u00c7avu\u015flu, Trabzon sanca\u011f\u0131na 8 ku\u015fak vali yeti\u015ftirmi\u015ftir. Trabzon sanca\u011f\u0131na ba\u011fl\u0131 Voyvodal\u0131k olan ve 1874\u2019te kurulan G\u00f6rele belediyesine ba\u011flanan \u00c7avu\u015flu, 1923\u2019te il olan Giresun\u2019a, G\u00f6rele ile birlikte ba\u011flanm\u0131\u015ft\u0131r. 1962 senesine gelindi\u011finde belde stat\u00fcs\u00fcne kavu\u015fan \u00c7avu\u015flu, halen belde belediyesi olarak faaliyet g\u00f6stermektedir.<\/p>\n\n\n\n<div class=\"wp-block-columns is-layout-flex wp-container-core-columns-is-layout-9d6595d7 wp-block-columns-is-layout-flex\">\n<div class=\"wp-block-column is-layout-flow wp-block-column-is-layout-flow\"><\/div>\n<\/div>\n\n\n<div class=\"wp-block-image\">\n<figure class=\"aligncenter size-large\"><img decoding=\"async\" src=\"https:\/\/www.kucukgeris.net\/iz\/giresun\/grl\/cvsl03.jpg\" alt=\"\u00c7uvazlar, \u00c7avu\u015flu\u2019ya ismini vererek yerle\u015fen ilk T\u00fcrk boyudur.\"\/><figcaption class=\"wp-element-caption\"><strong><em>\u00c7uvazlar, \u00c7avu\u015flu\u2019ya ismini vererek yerle\u015fen ilk T\u00fcrk boyudur.<\/em><\/strong><\/figcaption><\/figure>\n<\/div>\n\n\n<div class=\"wp-block-columns is-layout-flex wp-container-core-columns-is-layout-9d6595d7 wp-block-columns-is-layout-flex\">\n<div class=\"wp-block-column is-layout-flow wp-block-column-is-layout-flow\"><\/div>\n<\/div>\n\n\n\n<h4 class=\"wp-block-heading has-black-color has-text-color\">\u00c7AVU\u015eLU \u0130SM\u0130N\u0130N T\u00dcREY\u0130\u015e\u0130<\/h4>\n\n\n\n<div class=\"wp-block-columns is-layout-flex wp-container-core-columns-is-layout-9d6595d7 wp-block-columns-is-layout-flex\">\n<div class=\"wp-block-column is-layout-flow wp-block-column-is-layout-flow\"><\/div>\n<\/div>\n\n\n\n<p class=\"has-black-color has-text-color has-medium-font-size\">\u00c7avu\u015flu ad\u0131, \u00c7uvaz k\u00f6k\u00fcnden gelmektedir. \u00c7uvazlar, \u00c7avu\u015flu\u2019ya ismini vererek yerle\u015fen ilk T\u00fcrk boyudur. \u00c7uvazlar\u0131n bir k\u0131sm\u0131n\u0131n \u0130ran\u2019\u0131n Kuzistan b\u00f6lgesinde 14 bin \u00e7ad\u0131ra ula\u015fan n\u00fcfuslar\u0131 ile g\u00f6\u00e7ebe olarak ya\u015fad\u0131klar\u0131 1930 y\u0131l\u0131ndaki ara\u015ft\u0131rmalardan \u00f6\u011frenilmi\u015ftir.<\/p>\n\n\n\n<div class=\"wp-block-columns is-layout-flex wp-container-core-columns-is-layout-9d6595d7 wp-block-columns-is-layout-flex\">\n<div class=\"wp-block-column is-layout-flow wp-block-column-is-layout-flow\"><\/div>\n<\/div>\n\n\n<div class=\"wp-block-image\">\n<figure class=\"aligncenter size-large\"><img decoding=\"async\" src=\"https:\/\/www.kucukgeris.net\/iz\/giresun\/grl\/cvsl04.jpg\" alt=\"Osmanl\u0131 d\u00f6neminde \u00c7avu\u015flu, Trabzon sanca\u011f\u0131na 8 ku\u015fak vali yeti\u015ftirmi\u015ftir.\"\/><figcaption class=\"wp-element-caption\"><strong><em>Osmanl\u0131 d\u00f6neminde \u00c7avu\u015flu, Trabzon sanca\u011f\u0131na 8 ku\u015fak vali yeti\u015ftirmi\u015ftir.<\/em><\/strong><\/figcaption><\/figure>\n<\/div>\n\n\n<div class=\"wp-block-columns is-layout-flex wp-container-core-columns-is-layout-9d6595d7 wp-block-columns-is-layout-flex\">\n<div class=\"wp-block-column is-layout-flow wp-block-column-is-layout-flow\"><\/div>\n<\/div>\n\n\n\n<h4 class=\"wp-block-heading has-black-color has-text-color\">\u00c7AVU\u015eLU\u2019NUN N\u00dcFUSU<\/h4>\n\n\n\n<div class=\"wp-block-columns is-layout-flex wp-container-core-columns-is-layout-9d6595d7 wp-block-columns-is-layout-flex\">\n<div class=\"wp-block-column is-layout-flow wp-block-column-is-layout-flow\"><\/div>\n<\/div>\n\n\n\n<p class=\"has-black-color has-text-color has-medium-font-size\">\u00c7avu\u015flu beldesinin 2022 Adrese Dayal\u0131 N\u00fcfus Kay\u0131t Sistemine (ADNKS) verilerine g\u00f6re toplam n\u00fcfusu 2.142 ki\u015fidir. Beldenin Merkez mahalle n\u00fcfusu 946\u2019d\u0131r. 2000\u2019li y\u0131llar\u0131n ba\u015flar\u0131nda 5.000 yak\u0131n n\u00fcfusu olan \u00c7avu\u015flu\u2019nun, g\u00fcn ge\u00e7tik\u00e7e b\u00f6lge yerle\u015fkelerin ortak paydas\u0131 olan i\u015fsizlik \u00fczerine g\u00f6\u00e7 ile h\u0131zl\u0131ca n\u00fcfusu d\u00fc\u015fmektedir.<\/p>\n\n\n\n<div class=\"wp-block-columns is-layout-flex wp-container-core-columns-is-layout-9d6595d7 wp-block-columns-is-layout-flex\">\n<div class=\"wp-block-column is-layout-flow wp-block-column-is-layout-flow\"><\/div>\n<\/div>\n\n\n<div class=\"wp-block-image\">\n<figure class=\"aligncenter size-large\"><img decoding=\"async\" src=\"https:\/\/www.kucukgeris.net\/iz\/giresun\/grl\/cvsl05.jpg\" alt=\"\u00c7avu\u015flu\u2019da ilk e\u011fitim okulu \u201cTe\u015fvikiye medresesi\u201ddir. 1306 (1889) tarihli tescil belgesiyle medresenin a\u00e7\u0131l\u0131\u015f\u0131 kay\u0131tl\u0131d\u0131r.\"\/><figcaption class=\"wp-element-caption\"><strong><em>\u00c7avu\u015flu\u2019da ilk e\u011fitim okulu \u201cTe\u015fvikiye medresesi\u201ddir. 1306 (1889) tarihli tescil belgesiyle medresenin a\u00e7\u0131l\u0131\u015f\u0131 kay\u0131tl\u0131d\u0131r.<\/em><\/strong><\/figcaption><\/figure>\n<\/div>\n\n\n<div class=\"wp-block-columns is-layout-flex wp-container-core-columns-is-layout-9d6595d7 wp-block-columns-is-layout-flex\">\n<div class=\"wp-block-column is-layout-flow wp-block-column-is-layout-flow\"><\/div>\n<\/div>\n\n\n\n<h4 class=\"wp-block-heading has-black-color has-text-color\">\u00c7AVU\u015eLU\u2019DA E\u011e\u0130T\u0130M<\/h4>\n\n\n\n<div class=\"wp-block-columns is-layout-flex wp-container-core-columns-is-layout-9d6595d7 wp-block-columns-is-layout-flex\">\n<div class=\"wp-block-column is-layout-flow wp-block-column-is-layout-flow\"><\/div>\n<\/div>\n\n\n\n<p class=\"has-black-color has-text-color has-medium-font-size\">\u00c7avu\u015flu\u2019da ilk medreseyi (okul) kuran ki\u015fi Karamanz\u00e2de \u0130brahim Efendi\u2019dir. \u00c7avu\u015flu\u2019da ilk e\u011fitim okulu \u201cTe\u015fvikiye medresesi\u201ddir. Bu medrese 10 Cemaziyelahir 1306 (12 Ocak 1889) tarihli tescil belgesinin \u00fcst taraf\u0131nda \u201cz\u00eer-i defterde es\u00e2m\u00eeleri muharrer ash\u00e2b\u00fc\u2019l hayr\u00e2t\u0131n \u00c7avu\u015flu Pazar\u0131\u2019nda k\u00e2in Te\u015fvikiye n\u00e2m medresenin tedrisine mahsus nuk\u00fbd-\u0131 mevkufe defteri\u201d a\u00e7\u0131l\u0131\u015f kayd\u0131 bulunmaktad\u0131r. Medrese bug\u00fcnk\u00fc \u00c7avu\u015flu\u2019nun eski belediye ve PTT binas\u0131n\u0131n oldu\u011fu yerdeydi. Ard\u0131ndan bu Te\u015fvikiye medresesine ba\u011fl\u0131 olarak \u201ciptidai\u201d denilen ilkokul ve \u201cr\u00fc\u015ftiye\u201d denilen ortaokul dahil edilmi\u015ftir. Bu okullar Selahittin medreseleri seviyesinde olup m\u00fcd\u00fcrleri padi\u015fah ferman\u0131 ile tayin olunurdu. Daha sonra Cumhuriyetin ilan\u0131ndan sonra medreseler kapat\u0131l\u0131nca ilkokul \u00f6\u011frenimine ge\u00e7ilmi\u015f ve devam edilmi\u015ftir. O d\u00f6nem sava\u015f s\u00fcrecinde medrese Ruslar taraf\u0131ndan yak\u0131l\u0131p y\u0131k\u0131ld\u0131\u011f\u0131ndan bug\u00fcnk\u00fc \u00c7avu\u015flu Merkez camii etraf\u0131ndaki ev odalar\u0131nda a\u00e7\u0131lan dersliklerde e\u011fitim \u00f6\u011fretim verilmeye \u00e7al\u0131\u015f\u0131lm\u0131\u015ft\u0131r. Ta ki \u00c7avu\u015flu e\u015fraflar\u0131ndan Muhtar Mehmet Ali \u00d6zarslan\u2019\u0131n kendi evinin yan\u0131ndaki bo\u015f arsay\u0131 1936 y\u0131l\u0131nda \u00c7avu\u015flu \u0130lkokulu i\u00e7in hibe edene kadar. Bu d\u00f6nemden sonra ilkokulun ard\u0131ndan \u00c7avu\u015flu\u2019da ortaokul a\u00e7\u0131lmas\u0131 kararla\u015ft\u0131r\u0131ld\u0131 ve yine yer s\u0131k\u0131nt\u0131s\u0131 i\u00e7erisinde 1968 y\u0131l\u0131nda bug\u00fcnk\u00fc Belediye meydan\u0131nda bulunan bir ev okula \u00e7evrilerek ortaokul e\u011fitim \u00f6\u011fretime ba\u015flad\u0131. 1972 y\u0131l\u0131nda Merkez Mahalle De\u011firmenb\u00fck\u00fc mevkiindeki tarla olarak kulland\u0131\u011f\u0131 araziyi okul yeri olarak hibe eden Muhtar Mehmet Ali \u00d6zarslan\u2019\u0131n devreye girmesi ile ortaokul burada in\u015fa edilerek e\u011fitim vermeye ba\u015flad\u0131. Ard\u0131ndan 1991 y\u0131l\u0131nda \u00c7avu\u015flu \u0130lkokulu ile \u00c7avu\u015flu Ortaokulu birle\u015ferek \u00c7avu\u015flu \u0130lk\u00f6\u011fretim Okulu ad\u0131 alt\u0131nda e\u011fitim \u00f6\u011fretim vermeye devam etti. 2012 e\u011fitim \u00f6\u011fretim y\u0131l\u0131 ba\u015flar\u0131nda Milli E\u011fitim Bakanl\u0131\u011f\u0131\u2019n\u0131n karar\u0131 ile yurt genelinde t\u00fcm ilk\u00f6\u011fretim okullar\u0131 gibi \u00c7avu\u015flu \u0130lk\u00f6\u011fretim Okulu da, \u00c7avu\u015flu ilkokulu ve ortaokulu olarak ikiye ayr\u0131ld\u0131. Ayn\u0131 binada e\u011fitim ve \u00f6\u011fretim vermeye devam etmektedir.<\/p>\n\n\n\n<div class=\"wp-block-columns is-layout-flex wp-container-core-columns-is-layout-9d6595d7 wp-block-columns-is-layout-flex\">\n<div class=\"wp-block-column is-layout-flow wp-block-column-is-layout-flow\"><\/div>\n<\/div>\n\n\n<div class=\"wp-block-image\">\n<figure class=\"aligncenter size-large\"><img decoding=\"async\" src=\"https:\/\/www.kucukgeris.net\/iz\/giresun\/grl\/cvsl06.jpg\" alt=\"7 mahallesi olan \u00c7avu\u015flu, tarihi y\u00f6nden zengin olmakla birlikte bir\u00e7ok tarihi kal\u0131nt\u0131 g\u00fcn\u00fcm\u00fczde yok olma tehlikesiyle kar\u015f\u0131 kar\u015f\u0131yad\u0131r.\"\/><figcaption class=\"wp-element-caption\"><strong><em>7 mahallesi olan \u00c7avu\u015flu, tarihi y\u00f6nden zengin olmakla birlikte bir\u00e7ok tarihi kal\u0131nt\u0131 g\u00fcn\u00fcm\u00fczde yok olma tehlikesiyle kar\u015f\u0131 kar\u015f\u0131yad\u0131r.<\/em><\/strong><\/figcaption><\/figure>\n<\/div>\n\n\n<div class=\"wp-block-columns is-layout-flex wp-container-core-columns-is-layout-9d6595d7 wp-block-columns-is-layout-flex\">\n<div class=\"wp-block-column is-layout-flow wp-block-column-is-layout-flow\"><\/div>\n<\/div>\n\n\n\n<h4 class=\"wp-block-heading has-black-color has-text-color\">\u00c7AVU\u015eLU\u2019NUN MAHALLELER\u0130<\/h4>\n\n\n\n<div class=\"wp-block-columns is-layout-flex wp-container-core-columns-is-layout-9d6595d7 wp-block-columns-is-layout-flex\">\n<div class=\"wp-block-column is-layout-flow wp-block-column-is-layout-flow\"><\/div>\n<\/div>\n\n\n\n<p class=\"has-black-color has-text-color has-medium-font-size\">\u00c7avu\u015flu beldesi; Bah\u015fi\u015f, Beyli, Merkez, Obak\u0131ran, Orta (G\u00fclef), \u015eahali ve Yenik\u00f6y mahallelerinden olu\u015fmaktad\u0131r. \u00c7avu\u015flu deresi ile Cumalar deresi aras\u0131nda kalan k\u00fcme evler, cadde ve sokaklar Merkez mahalleyi olu\u015fturmaktad\u0131r. Bunlar; Cami Yan\u0131 k\u00fcme evleri, Mahsurlu k\u00fcme evleri, \u00c7ar\u015f\u0131 k\u00fcme evleri, Yusuf Ziyaettin Emaneto\u011flu k\u00fcme evleri, Z\u00fcbeyde Han\u0131m, Sahil, T\u00fcys\u00fczo\u011flu, \u015eehit Kadir Ayd\u0131n, Giresun caddeleri ile \u00c7\u0131nar, \u00c7e\u015fme, \u00c7\u0131kmaz, Yunus Emre sokaklar\u0131d\u0131r.<\/p>\n\n\n\n<p class=\"has-black-color has-text-color has-medium-font-size\"><strong>Bah\u015fi\u015f Mahallesi:<\/strong> \u00c7avu\u015flu\u2019nun 7 mahallesinden birisi de Bah\u015fi\u015f mahallesidir. \u00c7avu\u015flu \u015fehir merkezine 5 kilometre uzakl\u0131kta olan Bah\u015fi\u015f mahallesine stabilize, asfat ve beton olmak \u00fczere iki yol ile ula\u015f\u0131labilir.<\/p>\n\n\n\n<p class=\"has-black-color has-text-color has-medium-font-size\">Do\u011fusunda Beyli mahallesi, g\u00fcneyinde Eynesil il\u00e7esi Kemerli k\u00f6y\u00fc, kuzeyinde \u00c7avu\u015flu, bat\u0131s\u0131nda ise Orta mahalle ile \u00c7avu\u015flu deresine s\u0131n\u0131rd\u0131r. Mahallenin n\u00fcfusu 178 ki\u015fidir.<\/p>\n\n\n\n<p class=\"has-black-color has-text-color has-medium-font-size\">Bah\u015fi\u015f mahallesinde halk ge\u00e7imini f\u0131nd\u0131k\u00e7\u0131l\u0131k, sebze ve meyve ekonomik gelir sa\u011flayan ba\u015fl\u0131ca unsurlard\u0131r. Mahallede gurbet\u00e7ilik de b\u00fcy\u00fck pay sahibidir. B\u00fcy\u00fckba\u015f hayvanc\u0131l\u0131k g\u00fcn\u00fcm\u00fcz ko\u015fullar\u0131nda mand\u0131rac\u0131l\u0131k ve ev a\u011f\u0131llar\u0131nda olmak \u00fczere halen yap\u0131lmaktad\u0131r.<\/p>\n\n\n\n<p class=\"has-black-color has-text-color has-medium-font-size\">Bah\u015fi\u015f mahallesinde Karadeniz y\u0131\u011fma ta\u015f usul\u00fc eski evlere ve baz\u0131 \u00e7e\u015fme ve su de\u011firmenlerine rastlamak m\u00fcmk\u00fcnd\u00fcr.<\/p>\n\n\n\n<p class=\"has-black-color has-text-color has-medium-font-size\"><strong>Beyli Mahallesi:<\/strong> \u00c7avu\u015flu\u2019nun yedi mahallesinden birisi de Beyli mahallesidir. \u00c7avu\u015flu \u015fehir merkezine 3 kilom uzakl\u0131kta olan Beyli mahallesine beton kapl\u0131 yol ile ula\u015f\u0131labilir.<\/p>\n\n\n\n<p class=\"has-black-color has-text-color has-medium-font-size\">Do\u011fusunda Eynesil il\u00e7esi Kekiktepe (Heri) k\u00f6y\u00fc, g\u00fcneyinde Bah\u015fi\u015f mahallesi, kuzeyinde Karadeniz, bat\u0131s\u0131nda ise \u00c7avu\u015flu ile s\u0131n\u0131rd\u0131r. Mahallenin n\u00fcfusu 397 ki\u015fidir.<\/p>\n\n\n\n<p class=\"has-black-color has-text-color has-medium-font-size\">Beyli mahallesinde halk ge\u00e7imini f\u0131nd\u0131k\u00e7\u0131l\u0131k, \u00e7ay, sebze ve meyvecilikle temin etmektedir. Mahallede gurbet\u00e7ilik de b\u00fcy\u00fck pay sahibidir. B\u00fcy\u00fck ve k\u00fc\u00e7\u00fckba\u015f hayvanc\u0131l\u0131k g\u00fcn\u00fcm\u00fcz ko\u015fullar\u0131nda \u00e7ok az olmakla birlikte halen yap\u0131lmaktad\u0131r.<\/p>\n\n\n\n<p class=\"has-black-color has-text-color has-medium-font-size\">Beyli mahallesi tarihi y\u00f6nden zengin olmakla birlikte bir\u00e7ok tarihi kal\u0131nt\u0131 g\u00fcn\u00fcm\u00fczde yok olma tehlikesiyle kar\u015f\u0131 kar\u015f\u0131yad\u0131r. Beyli mahallesinde Karadeniz y\u0131\u011fma ta\u015f usul\u00fc eski evlere, \u00e7e\u015fme ve sarn\u0131\u00e7lara, Beyli merkez ve K\u0131rca mezarl\u0131\u011f\u0131 ile G\u00fcl Baba t\u00fcrbe kal\u0131nt\u0131s\u0131na rastlamak m\u00fcmk\u00fcnd\u00fcr.<\/p>\n\n\n\n<p class=\"has-black-color has-text-color has-medium-font-size\"><strong>Merkez Mahallesi:<\/strong> \u00c7avu\u015flu\u2019nun yedi mahallesinden birisi de Merkez mahallesidir. \u00c7avu\u015flu Merkez mahalle: \u00c7avu\u015flu deresi, Cumalar deresi ve Kuru Kale aras\u0131nda kalan k\u00fcme evleri, cadde ve sokaklardan olu\u015fmaktad\u0131r. Mahallenin n\u00fcfusu 1.027 ki\u015fidir.<\/p>\n\n\n\n<p class=\"has-black-color has-text-color has-medium-font-size\">\u00c7avu\u015flu beldesi Merkez mahallesinde halk ge\u00e7imini aile ticari i\u015fletmeleri, ekmek f\u0131r\u0131nc\u0131l\u0131\u011f\u0131, f\u0131nd\u0131k\u00e7\u0131l\u0131k, bal\u0131k\u00e7\u0131l\u0131k, sebze ve meyvecilikle sa\u011flamaktad\u0131r. Beldede gurbet\u00e7ilik de b\u00fcy\u00fck pay sahibidir. B\u00fcy\u00fckba\u015f ve k\u00fc\u00e7\u00fckba\u015f hayvanc\u0131l\u0131k g\u00fcn\u00fcm\u00fcz ko\u015fullar\u0131nda \u00e7ok az olmakla birlikte halen yap\u0131lmaktad\u0131r. Beldede ar\u0131c\u0131l\u0131k ve k\u00fcmes hayvanlar\u0131 yeti\u015ftiricili\u011fi de yap\u0131lmaktad\u0131r.<\/p>\n\n\n\n<p class=\"has-black-color has-text-color has-medium-font-size\">\u00c7avu\u015flu beldesi Merkez mahallesi tarihi y\u00f6nden \u00e7ok zengin olmakla birlikte bir \u00e7ok tarihi kal\u0131nt\u0131 g\u00fcn\u00fcm\u00fczde yok olma derecesindedir. \u00c7avu\u015flu beldesi Merkez mahallesinde ba\u015fl\u0131ca tarihi eserler; Karadeniz y\u0131\u011fma ta\u015f usul\u00fc eski konaklar ve evler, \u00e7e\u015fme ve sarn\u0131\u00e7lar, yer dibekleri, \u00fcz\u00fcm \u015f\u0131ra kuyular\u0131, su de\u011firmeni, sulama kanal\u0131 beden duvar\u0131, \u00c7avu\u015flu Merkez Cami minaresi, \u00c7avu\u015flu merkez ve Cumalar mezarl\u0131\u011f\u0131 ile Cami yan\u0131 k\u00fcme evleri b\u00f6lgesi Kuyu sokakta yer alan su kuyusu, hamam y\u0131k\u0131nt\u0131lar\u0131, k\u00fcmbet ve kubbe kal\u0131nt\u0131lar\u0131d\u0131r.<\/p>\n\n\n\n<p class=\"has-black-color has-text-color has-medium-font-size\">\u00c7avu\u015flu Merkez Mahallenin en \u00f6nemli tarihi yap\u0131s\u0131 Osmanl\u0131 padi\u015fah\u0131 Yavuz Sultan Selim Han\u2019\u0131n kona\u011f\u0131d\u0131r. Konak; Trabzon valisi iken Yavuz Sultan Selim Han taraf\u0131ndan yaz aylar\u0131nda mesire yeri olarak kullan\u0131lm\u0131\u015ft\u0131r. Yavuz Sultan Selim Han\u2019\u0131n o\u011flu Kanuni Sultan S\u00fcleyman\u2019\u0131n bu konakta be\u015fi\u011fi salland\u0131\u011f\u0131 rivayet olunmaktad\u0131r. Yine bir rivayete g\u00f6re Kanuni\u2019nin annesi G\u00fclbahar Ay\u015fe Hatun, Vakf\u0131kebir veya \u00c7avu\u015flu\u2019dand\u0131r. 1758 &#8211; 1792 y\u0131llar\u0131nda Trabzon sanca\u011f\u0131na ba\u011fl\u0131 kaza merkezi olan \u00c7avu\u015flu, Trabzon sanca\u011f\u0131na 8 ku\u015fak vali yeti\u015ftirmi\u015f bir kasabad\u0131r.<\/p>\n\n\n\n<p class=\"has-black-color has-text-color has-medium-font-size\"><strong>Obak\u0131ran Mahallesi:<\/strong> \u00c7avu\u015flu\u2019nun yedi mahallesinden birisi de Obak\u0131ran mahallesidir. \u00c7avu\u015flu \u015fehir merkezine 6 kilometre uzakl\u0131kta olan Obak\u0131ran mahallesine stabilize ve beton yol olmak \u00fczere ula\u015f\u0131labilir.<\/p>\n\n\n\n<p class=\"has-black-color has-text-color has-medium-font-size\">Do\u011fusunda Orta (G\u00fclef) mahallesi, g\u00fcneyinde G\u00f6rele il\u00e7esi G\u00fcneyk\u00f6y k\u00f6y\u00fc, kuzeyinde Mahsurlu mahallesi, bat\u0131s\u0131nda ise Mahsurlu mahallesi Kuru Kale mevkii yer almaktad\u0131r. Mahallenin n\u00fcfusu 102 ki\u015fidir.<\/p>\n\n\n\n<p class=\"has-black-color has-text-color has-medium-font-size\">Obak\u0131ran mahallesinde halk ge\u00e7imini f\u0131nd\u0131k\u00e7\u0131l\u0131k, sebze ve meyvecilikle sa\u011flamaktad\u0131r. Mahallede a\u011fa\u00e7 i\u015flemecili\u011fi de yap\u0131lmaktad\u0131r. Mahallenin ekonomik gelirinde gurbet\u00e7ilik de b\u00fcy\u00fck pay sahibidir. B\u00fcy\u00fckba\u015f hayvanc\u0131l\u0131k g\u00fcn\u00fcm\u00fcz ko\u015fullar\u0131nda \u00e7ok az olmakla birlikte halen yap\u0131lmaktad\u0131r.<\/p>\n\n\n\n<p class=\"has-black-color has-text-color has-medium-font-size\">Obak\u0131ran mahallesinde Karadeniz y\u0131\u011fma ta\u015f usul\u00fc eski evlere ve baz\u0131 \u00e7e\u015fme ve sarn\u0131\u00e7lara rastlamak m\u00fcmk\u00fcnd\u00fcr.<\/p>\n\n\n\n<p class=\"has-black-color has-text-color has-medium-font-size\"><strong>Orta (G\u00fclef) Mahallesi:<\/strong> \u00c7avu\u015flu\u2019nun yedi mahallesinden birisi de Orta (G\u00fclef) mahallesidir. \u00c7avu\u015flu \u015fehir merkezine d\u00f6rt kilometre uzakl\u0131kta olan Orta mahallesine beton ve stabilize yoldan ula\u015f\u0131labilir.<\/p>\n\n\n\n<p class=\"has-black-color has-text-color has-medium-font-size\">Do\u011fusunda \u00c7avu\u015flu deresi ve Bah\u015fi\u015f mahallesi, g\u00fcneyinde Eynesil il\u00e7esi Adak\u00f6y k\u00f6y\u00fc, kuzeyinde \u00c7avu\u015flu, bat\u0131s\u0131nda ise Obak\u0131ran mahallesi yer almaktad\u0131r. Mahallenin n\u00fcfusu 213 ki\u015fidir.<\/p>\n\n\n\n<p class=\"has-black-color has-text-color has-medium-font-size\">Orta (G\u00fclef) mahallesinde halk ge\u00e7imini f\u0131nd\u0131k\u00e7\u0131l\u0131k, sebze ve meyvecilikten temin etmektedir. Mahallede a\u011fa\u00e7 i\u015flemecili\u011fi de yap\u0131lmaktad\u0131r. Mahallenin ekonomik gelirine gurbet\u00e7ilik de b\u00fcy\u00fck katk\u0131 sa\u011flamaktad\u0131r. B\u00fcy\u00fckba\u015f hayvanc\u0131l\u0131k g\u00fcn\u00fcm\u00fcz ko\u015fullar\u0131nda \u00e7ok az olmakla birlikte halen yap\u0131lmaktad\u0131r.<\/p>\n\n\n\n<p class=\"has-black-color has-text-color has-medium-font-size\">Orta mahalle tarihi y\u00f6nden zengin olmakla birlikte bir\u00e7ok tarihi kal\u0131nt\u0131 g\u00fcn\u00fcm\u00fczde yok olma derecesindedir. Orta mahallede ba\u015fl\u0131ca tarihi eserler; Karadeniz y\u0131\u011fma ta\u015f usul\u00fc eski evler, Hac\u0131 \u00e7e\u015fmesi denilen \u00fczerinde aslan resmi bulunan, yap\u0131l\u0131\u015f tarihi bilinmeyen bir \u00e7e\u015fme ile yine yap\u0131m tarihi bilinmeyen \u0130pek yolu kervanlar\u0131n\u0131n kulland\u0131\u011f\u0131 rivayet edilen H\u0131n\u0131s ta\u015f kemer k\u00f6pr\u00fcs\u00fcd\u00fcr. Orta mahalle camii de tarihi de\u011feri olan bir di\u011fer yap\u0131d\u0131r. Mahalle Merkez mezarl\u0131\u011f\u0131ndaki Osmanl\u0131 d\u00f6nemine ait mezarlar da g\u00f6r\u00fclmeye de\u011ferdir. \u00c7imen, G\u00fclef ve Uzun Ali de\u011firmenleri ile kal\u0131nt\u0131lar\u0131 kalan bir\u00e7ok tarihi de\u011firmenlere de rastlamak m\u00fcmk\u00fcnd\u00fcr.<\/p>\n\n\n\n<p class=\"has-black-color has-text-color has-medium-font-size\"><strong>\u015eahali Mahallesi:<\/strong> \u00c7avu\u015flu\u2019nun yedi mahallesinden birisi de \u015eahali mahallesidir. \u00c7avu\u015flu \u015fehir merkezine be\u015f kilometre uzakl\u0131kta olan \u015eahali mahallesine beton yol ile ula\u015f\u0131labilir.<\/p>\n\n\n\n<p class=\"has-black-color has-text-color has-medium-font-size\">Do\u011fusunda Yenik\u00f6y mahallesi, g\u00fcneyinde G\u00f6rele il\u00e7esi Seferli k\u00f6y\u00fc, kuzeyinde Karadeniz, bat\u0131s\u0131nda ise G\u00f6rele il\u00e7esi Eserli k\u00f6y\u00fc ile s\u0131n\u0131rd\u0131r. Mahallenin n\u00fcfusu 132 ki\u015fidir.<\/p>\n\n\n\n<p class=\"has-black-color has-text-color has-medium-font-size\">\u015eahali mahallesinde halk ge\u00e7imini f\u0131nd\u0131k\u00e7\u0131l\u0131k, bal\u0131k\u00e7\u0131l\u0131k, sebze ve meyvecilikten sa\u011flamaktad\u0131r. Mahallede gurbet\u00e7ilik de b\u00fcy\u00fck pay sahibidir. B\u00fcy\u00fckba\u015f hayvanc\u0131l\u0131k g\u00fcn\u00fcm\u00fcz ko\u015fullar\u0131nda \u00e7ok az olmakla birlikte halen yap\u0131lmaktad\u0131r.<\/p>\n\n\n\n<p class=\"has-black-color has-text-color has-medium-font-size\">\u015eahali mahallesi tarihi y\u00f6nden zengin olmakla birlikte bir\u00e7ok tarihi kal\u0131nt\u0131 g\u00fcn\u00fcm\u00fczde yok olma tehlikesiyle kar\u015f\u0131 kar\u015f\u0131yad\u0131r. \u015eahali mahallesindeki tarihi eserler; Karadeniz y\u0131\u011fma ta\u015f usul\u00fc eski evler, \u00c7atalakhisar deresi ta\u015f kemer k\u00f6pr\u00fcs\u00fc, \u00e7e\u015fme ve sarn\u0131\u00e7lar ile \u015eahali merkez mezarl\u0131\u011f\u0131d\u0131r.<\/p>\n\n\n\n<p class=\"has-black-color has-text-color has-medium-font-size\"><strong>Yenik\u00f6y Mahallesi:<\/strong> \u00c7avu\u015flu\u2019nun yedi mahallesinden birisi de Yenik\u00f6y mahallesidir. \u00c7avu\u015flu \u015fehir merkezine d\u00f6rt kilometre uzakl\u0131kta olan Yenik\u00f6y mahallesine beton yol ile ula\u015f\u0131labilir.<\/p>\n\n\n\n<p class=\"has-black-color has-text-color has-medium-font-size\">Do\u011fusunda Mahsurlu mahallesi, g\u00fcneyinde Mahsurlu Kuru Kale mevkii, kuzeyin de Karadeniz, bat\u0131s\u0131nda ise \u015eahali mahallesi bulunmaktad\u0131r. Mahallenin n\u00fcfusu 225 ki\u015fidir.<\/p>\n\n\n\n<p class=\"has-black-color has-text-color has-medium-font-size\">Yenik\u00f6y mahallesinde halk ge\u00e7imini f\u0131nd\u0131k\u00e7\u0131l\u0131k, bal\u0131k\u00e7\u0131l\u0131k, sebze ve meyvecilikten sa\u011flamaktad\u0131r. Mahalle de gurbet\u00e7ilik de b\u00fcy\u00fck pay sahibidir. B\u00fcy\u00fckba\u015f hayvanc\u0131l\u0131k g\u00fcn\u00fcm\u00fcz ko\u015fullar\u0131nda \u00e7ok az olmakla birlikte halen yap\u0131lmaktad\u0131r.<\/p>\n\n\n\n<p class=\"has-black-color has-text-color has-medium-font-size\">Yenik\u00f6y mahallesi tarihi y\u00f6nden zengin olmakla birlikte bir\u00e7ok tarihi kal\u0131nt\u0131 g\u00fcn\u00fcm\u00fczde yok olma derecesindedir. Yenik\u00f6y mahallesinde ba\u015fl\u0131ca tarihi eserler; Karadeniz y\u0131\u011fma ta\u015f usul\u00fc eski evler, \u00e7e\u015fme ve sarn\u0131\u00e7lar ile Yenik\u00f6y ve Hamzao\u011flu dereleri \u00fczerindeki su de\u011firmenleridir.<\/p>\n\n\n\n<div class=\"wp-block-columns is-layout-flex wp-container-core-columns-is-layout-9d6595d7 wp-block-columns-is-layout-flex\">\n<div class=\"wp-block-column is-layout-flow wp-block-column-is-layout-flow\"><\/div>\n<\/div>\n\n\n<div class=\"wp-block-image\">\n<figure class=\"aligncenter size-large\"><img decoding=\"async\" src=\"https:\/\/www.kucukgeris.net\/iz\/giresun\/grl\/cvsl07.jpg\" alt=\"G\u00fcn\u00fcm\u00fczde sapa sa\u011flam ayak da durmaya \u00e7al\u0131\u015fan bu H\u0131n\u0131\u00e7 Ta\u015f Kemer K\u00f6pr\u00fcs\u00fc \u00c7avu\u015flu'daki ender eserlerden bir tanesidir.\"\/><figcaption class=\"wp-element-caption\"><strong><em>G\u00fcn\u00fcm\u00fczde sapa sa\u011flam ayak da durmaya \u00e7al\u0131\u015fan bu H\u0131n\u0131\u00e7 Ta\u015f Kemer K\u00f6pr\u00fcs\u00fc \u00c7avu\u015flu&#8217;daki ender eserlerden bir tanesidir.<\/em><\/strong><\/figcaption><\/figure>\n<\/div>\n\n\n<div class=\"wp-block-columns is-layout-flex wp-container-core-columns-is-layout-9d6595d7 wp-block-columns-is-layout-flex\">\n<div class=\"wp-block-column is-layout-flow wp-block-column-is-layout-flow\"><\/div>\n<\/div>\n\n\n\n<h4 class=\"wp-block-heading has-black-color has-text-color\">\u00c7AVU\u015eLU\u2019DA T\u0130CARET<\/h4>\n\n\n\n<div class=\"wp-block-columns is-layout-flex wp-container-core-columns-is-layout-9d6595d7 wp-block-columns-is-layout-flex\">\n<div class=\"wp-block-column is-layout-flow wp-block-column-is-layout-flow\"><\/div>\n<\/div>\n\n\n\n<p class=\"has-black-color has-text-color has-medium-font-size\">\u00c7avu\u015flu\u2019da halk ge\u00e7imini aile ticari i\u015fletmeleri, ekmek f\u0131r\u0131nc\u0131l\u0131\u011f\u0131, f\u0131nd\u0131k\u00e7\u0131l\u0131k, bal\u0131k\u00e7\u0131l\u0131k, el sanatlar\u0131, ah\u015fap oyma i\u015flemecili\u011fi, sebze ve meyvecilikten temin etmektedir. \u00c7avu\u015flu\u2019da gurbet\u00e7ilik ve gemi adaml\u0131\u011f\u0131 da b\u00fcy\u00fck paya sahiptir.<\/p>\n\n\n\n<p class=\"has-black-color has-text-color has-medium-font-size\">Ar\u0131c\u0131l\u0131k, b\u00fcy\u00fckba\u015f ve k\u00fc\u00e7\u00fckba\u015f hayvanc\u0131l\u0131k g\u00fcn\u00fcm\u00fcz ko\u015fullar\u0131nda \u00e7ok az olmakla birlikte halen yap\u0131lmaktad\u0131r.<\/p>\n\n\n\n<div class=\"wp-block-columns is-layout-flex wp-container-core-columns-is-layout-9d6595d7 wp-block-columns-is-layout-flex\">\n<div class=\"wp-block-column is-layout-flow wp-block-column-is-layout-flow\"><\/div>\n<\/div>\n\n\n<div class=\"wp-block-image\">\n<figure class=\"aligncenter size-large\"><img decoding=\"async\" src=\"https:\/\/www.kucukgeris.net\/iz\/giresun\/grl\/cvsl08.jpg\" alt=\"Kuru Kale di\u011fer ad\u0131 ile Kurul Kale, Cenevizliler d\u00f6neminden kalma kayalara oyulmu\u015f lahit mezarlard\u0131r.\"\/><figcaption class=\"wp-element-caption\"><strong><em>Kuru Kale di\u011fer ad\u0131 ile Kurul Kale, Cenevizliler d\u00f6neminden kalma kayalara oyulmu\u015f lahit mezarlard\u0131r.<\/em><\/strong><\/figcaption><\/figure>\n<\/div>\n\n\n<div class=\"wp-block-columns is-layout-flex wp-container-core-columns-is-layout-9d6595d7 wp-block-columns-is-layout-flex\">\n<div class=\"wp-block-column is-layout-flow wp-block-column-is-layout-flow\"><\/div>\n<\/div>\n\n\n\n<h4 class=\"wp-block-heading has-black-color has-text-color\">\u00c7AVU\u015eLU\u2019DA TAR\u0130H\u0130 ESERLER<\/h4>\n\n\n\n<div class=\"wp-block-columns is-layout-flex wp-container-core-columns-is-layout-9d6595d7 wp-block-columns-is-layout-flex\">\n<div class=\"wp-block-column is-layout-flow wp-block-column-is-layout-flow\"><\/div>\n<\/div>\n\n\n\n<p class=\"has-black-color has-text-color has-medium-font-size\">\u00c7avu\u015flu tarihi y\u00f6nden \u00e7ok zengin olmakla birlikte bir\u00e7ok tarihi kal\u0131nt\u0131 g\u00fcn\u00fcm\u00fczde yok olma tehlikesiyle kar\u015f\u0131 kar\u015f\u0131yad\u0131r.<\/p>\n\n\n\n<p class=\"has-black-color has-text-color has-medium-font-size\">\u00c7avu\u015flu beldesindeki ba\u015fl\u0131ca tarihi eserler; Yavuz Sultan Selim Han Yazl\u0131k Kona\u011f\u0131, Kuru Kale, H\u0131n\u0131\u00e7 Ta\u015f Kemer K\u00f6pr\u00fcs\u00fc, Karadeniz y\u0131\u011fma ta\u015f usul\u00fc eski evler ve konaklar, \u00e7e\u015fme ve sarn\u0131\u00e7lar, yer dibekleri, \u00fcz\u00fcm \u015f\u0131ra kuyular\u0131, su de\u011firmenleri, sulama kanal\u0131 beden duvar\u0131, \u00c7avu\u015flu Merkez Camii minaresi, \u00c7avu\u015flu merkez, Cumalar, Orta (G\u00fclef), Beyli merkez ve K\u0131rca mezarl\u0131klar\u0131ndaki tarihi kabir ve sandukalar, Cami yan\u0131 k\u00fcme evleri Kuyu sokakta yer alan su kuyusu, hamam y\u0131k\u0131nt\u0131lar\u0131, k\u00fcmbet ve kubbe kal\u0131nt\u0131lar\u0131, H\u0131n\u0131s ta\u015f kemer k\u00f6pr\u00fcs\u00fc, Beyli mahallesindeki G\u00fcl Baba t\u00fcrbe kal\u0131nt\u0131lar\u0131d\u0131r.<\/p>\n\n\n\n<p class=\"has-black-color has-text-color has-medium-font-size\"><strong>Yavuz Sultan Selim Han Kona\u011f\u0131:<\/strong> Osmanl\u0131 Devleti\u2019nin 8. padi\u015fah\u0131 olan Sultan 2. Bayezid, padi\u015fah olduktan sonra, askeri sevk ve devlet idarecili\u011fini \u00f6\u011frenmesi i\u00e7in o\u011flu \u015eehzade Selim\u2019i Trabzon Sanca\u011f\u0131\u2019na tayin eder. \u015eehzade Selim, Trabzon\u2019da devlet i\u015flerinin yan\u0131nda ilimle u\u011fra\u015f\u0131r ve b\u00fcy\u00fck alim Mevlana Abd\u00fclhalim Efendi\u2019nin derslerini takip eder. Sultan \u0130kinci Bayezid\u2019in vefat\u0131ndan sonra tahta 9. padi\u015fah olarak \u00e7\u0131kan Yavuz Sultan Selim Han, \u015fehzadeli\u011fi d\u00f6neminde Trabzon sanca\u011f\u0131ndan Payitaht\u2019a gidi\u015f geli\u015fleri esnas\u0131nda yol g\u00fczergah\u0131nda bulunan g\u00fcn\u00fcm\u00fcz \u00c7avu\u015flu\u2019sunun bug\u00fcn\u00fcn Konak \u00e7evresini \u00e7ok be\u011fenir ve a\u011falar\u0131na ferman vererek bu alana yazl\u0131k konak in\u015fa edilmesini buyurur.<\/p>\n\n\n\n<p class=\"has-black-color has-text-color has-medium-font-size\">Yap\u0131m\u0131 k\u0131sa s\u00fcrede tamamlanan yazl\u0131k konak \u00fc\u00e7 katl\u0131 ve 4.000 metrekare alana sahiptir. Konak, d\u00f6nemine uygun olarak iki kademeli olarak in\u015fa edilmi\u015ftir. Birinci kademe yap\u0131labilecek sald\u0131r\u0131lara kar\u015f\u0131n koruma \u00f6nlemi olarak yer yer kal\u0131nl\u0131\u011f\u0131 1.5 metreyi bulan kara ta\u015f sur duvarlar ile \u00e7evrilidir. \u0130kinci kademe ise i\u00e7 kale diye tabir edilen yap\u0131lardan olu\u015fmaktad\u0131r. Kona\u011f\u0131n iki adet kap\u0131s\u0131 bulunmaktad\u0131r. Birincisi ve ana kap\u0131 g\u00fcney cephesinde \u201cBab-\u0131 Adalet\u201d yani Adalet Kap\u0131s\u0131, ikincisi ise kuzeydo\u011fu y\u00f6n\u00fcnde \u201cLebi Derya Kap\u0131s\u0131\u201d olarak an\u0131l\u0131r. Kona\u011f\u0131n yap\u0131m\u0131 esnas\u0131nda kullan\u0131lan kara ta\u015flar\u0131n Kuru Kale\u2019den ve Dokuzg\u00f6z\u2019den elden ele ta\u015f\u0131ma usul\u00fc ile getirildi\u011fi rivayet edilmektedir. D\u00f6nemin ve b\u00f6lgenin cazibe merkezi olan bug\u00fcn\u00fcn \u00c7avu\u015flu\u2019su, Osmanl\u0131 padi\u015fah\u0131 Yavuz Sultan Selim Han\u2019\u0131n \u015fehzadelik d\u00f6nemi eserlerinden birine ev sahipli\u011fi etmektedir.<\/p>\n\n\n\n<p class=\"has-black-color has-text-color has-medium-font-size\">\u00c7avu\u015flu\u2019daki yazl\u0131k konak; do\u011fal g\u00fczelli\u011fi ve havas\u0131ndan \u00f6t\u00fcr\u00fc Yavuz Sultan Selim Han\u2019\u0131n annesi G\u00fclbahar Hatun\u2019un da ilgisini \u00e7ekmi\u015ftir. Sultan Selim\u2019in, e\u015fi Ay\u015fe Hafsa Sultan ile yaz aylar\u0131n\u0131 ge\u00e7irmek i\u00e7in geldi\u011fi bu konak; Osmanl\u0131 Devleti\u2019nin 10. padi\u015fah\u0131 Kanuni Sultan S\u00fcleyman Han\u2019a da bebek ya\u015fta iken ev sahipli\u011fi yapm\u0131\u015ft\u0131r. \u015eehzade S\u00fcleyman\u2019\u0131n be\u015fi\u011finin de bu konakta salland\u0131\u011f\u0131 rivayet edilmektedir.<\/p>\n\n\n\n<p class=\"has-black-color has-text-color has-medium-font-size\"><strong>Kuru Kale:<\/strong> Kuru Kale (asl\u0131nda orijinal ismi \u201cKurul Kale\u201d); M.\u00d6. 2. ve 1. y\u00fczy\u0131lda yerle\u015fim yeri olarak bilinmektedir. Ayn\u0131 y\u00fczy\u0131llarda yap\u0131lan ve ayn\u0131 ismi ta\u015f\u0131yan bir benzerinin de Ordu il merkezine ba\u011fl\u0131 Bayad\u0131 K\u00f6y\u00fc s\u0131n\u0131rlar\u0131 i\u00e7erisinde bulundu\u011fu belirtilmektedir.<\/p>\n\n\n\n<p class=\"has-black-color has-text-color has-medium-font-size\">Cenevizliler, Romal\u0131lar, Pontuslular, Sel\u00e7uklular, Rumlar, Osmanl\u0131lar; Kuru Kale\u2019yi bar\u0131nma, ya\u015fama ve b\u00f6lgeyi idare etme amac\u0131yla kullanm\u0131\u015flard\u0131r.<\/p>\n\n\n\n<p class=\"has-black-color has-text-color has-medium-font-size\">Kuru Kale, di\u011fer ad\u0131 ile Kurul Kale g\u00fcn\u00fcm\u00fczde bahse konu kavimlerin aksine bug\u00fcn terk edilmi\u015f, ya\u011fmalanm\u0131\u015f ve talan edilmi\u015ftir. Kuru Kale\u2019de g\u00fcn\u00fcm\u00fcze ula\u015fan Cenevizliler d\u00f6neminden kalma kayalara oyulmu\u015f lahit mezarlar bulunmaktad\u0131r. Kale \u00e7evresinde bir\u00e7ok ma\u011fara vard\u0131r. Bunlar\u0131n en b\u00fcy\u00fc\u011f\u00fc ve ilginci kuzeydo\u011fu cephesinde kalan \u201cSulu Ma\u011fara\u201dd\u0131r. Ma\u011faran\u0131n i\u00e7erisinde i\u00e7ilebilir olan su kayna\u011f\u0131 ve bir g\u00f6let mevcuttur. Kuru Kale\u2019de g\u00fcn\u00fcm\u00fczde ayakta kalmay\u0131 ba\u015farabilmi\u015f Sel\u00e7uklulardan kalma k\u00fc\u00e7\u00fck boyutta bir sur da mevcuttur.<\/p>\n\n\n\n<p class=\"has-black-color has-text-color has-medium-font-size\">Kuru Kale\u2019nin konumu ve b\u00f6lgeye hakimiyeti g\u00f6r\u00fclesi ve gezilesi g\u00fczelliktedir. Kuru Kale\u2019ye \u00e7\u0131k\u0131ld\u0131\u011f\u0131nda Karadeniz\u2019in, Sis Da\u011f\u0131n\u0131n ve ba\u015fta Z\u0131va Vadisi olmak \u00fczere di\u011fer vadilerin panoramas\u0131 g\u00f6zler \u00f6n\u00fcne serilmektedir.<\/p>\n\n\n\n<p class=\"has-black-color has-text-color has-medium-font-size\"><strong>H\u0131n\u0131\u00e7 Ta\u015f Kemer K\u00f6pr\u00fcs\u00fc:<\/strong> Y\u00fczy\u0131llar \u00f6nce tarihi \u0130pek yolu ve Orta (G\u00fclef) ile Merkez (Mahsurlu) mahalleleri aras\u0131ndaki vadi i\u00e7erisinden akan K\u00fc\u00e7\u00fck dere \u00fczerine in\u015fa edilen H\u0131n\u0131\u00e7 Ta\u015f Kemer K\u00f6pr\u00fcs\u00fc \u00c7avu\u015flu\u2019nun ender eserlerden bir tanesidir. 700 y\u0131ll\u0131k ya\u015f\u0131 ile H\u0131n\u0131\u00e7 Ta\u015f Kemer K\u00f6pr\u00fcs\u00fc g\u00fcn\u00fcm\u00fczde \u00c7avu\u015flu\u2019da ve b\u00f6lgede ender ayakta kalmay\u0131 ba\u015farm\u0131\u015f tarihi yap\u0131lardan biridir.<\/p>\n\n\n\n<div class=\"wp-block-columns is-layout-flex wp-container-core-columns-is-layout-9d6595d7 wp-block-columns-is-layout-flex\">\n<div class=\"wp-block-column is-layout-flow wp-block-column-is-layout-flow\"><\/div>\n<\/div>\n\n\n<div class=\"wp-block-image\">\n<figure class=\"aligncenter size-large\"><img decoding=\"async\" src=\"https:\/\/www.kucukgeris.net\/iz\/giresun\/grl\/cvsl09.jpg\" alt=\"\u00c7avu\u015flu\u2019daki yazl\u0131k konak; do\u011fal g\u00fczelli\u011fi ve havas\u0131ndan \u00f6t\u00fcr\u00fc Yavuz Sultan Selim Han\u2019\u0131n annesi G\u00fclbahar Hatun\u2019un da ilgisini \u00e7ekmi\u015ftir. \u015eehzade S\u00fcleyman\u2019\u0131n be\u015fi\u011finin de bu konakta salland\u0131\u011f\u0131 rivayet edilmektedir.\"\/><figcaption class=\"wp-element-caption\"><strong><em>\u00c7avu\u015flu\u2019daki yazl\u0131k konak; do\u011fal g\u00fczelli\u011fi ve havas\u0131ndan \u00f6t\u00fcr\u00fc Yavuz Sultan Selim Han\u2019\u0131n annesi G\u00fclbahar Hatun\u2019un da ilgisini \u00e7ekmi\u015ftir. \u015eehzade S\u00fcleyman\u2019\u0131n be\u015fi\u011finin de bu konakta salland\u0131\u011f\u0131 rivayet edilmektedir.<\/em><\/strong><\/figcaption><\/figure>\n<\/div>\n\n\n<div class=\"wp-block-columns is-layout-flex wp-container-core-columns-is-layout-9d6595d7 wp-block-columns-is-layout-flex\">\n<div class=\"wp-block-column is-layout-flow wp-block-column-is-layout-flow\"><\/div>\n<\/div>\n\n\n\n<h4 class=\"wp-block-heading has-black-color has-text-color\">\u00c7AVU\u015eLU\u2019DA K\u00dcLT\u00dcR<\/h4>\n\n\n\n<div class=\"wp-block-columns is-layout-flex wp-container-core-columns-is-layout-9d6595d7 wp-block-columns-is-layout-flex\">\n<div class=\"wp-block-column is-layout-flow wp-block-column-is-layout-flow\"><\/div>\n<\/div>\n\n\n\n<p class=\"has-black-color has-text-color has-medium-font-size\">Giresun y\u00f6resinin T\u00fcrkmen &#8211; \u00c7epni ve Trabzon A\u011fasar y\u00f6resinin folklorik de\u011ferleri a\u00e7\u0131k bir \u015fekilde \u00c7avu\u015flu\u2019da ya\u015fat\u0131lmaktad\u0131r. Kemen\u00e7e en \u00f6nemli m\u00fczik aletidir. Kemen\u00e7eyi saz, davul ve zurna takip eder.<\/p>\n\n\n\n<p class=\"has-black-color has-text-color has-medium-font-size\">\u00c7avu\u015flu beldesine ait derlenen \u00e7ok say\u0131da t\u00fcrk\u00fc mevcuttur. Bunlar; \u201c\u00c7avu\u015flu Diye Diye, A\u011fasar\u0131n Bal\u0131n\u0131 (Oy Asiye), Atmacay\u0131 Vurdular, Aya\u011f\u0131nda \u00c7orab\u0131n, Yaylan\u0131n So\u011fuk Suyu, Tarlalar Salk\u0131m Sa\u00e7ak, P\u00fcsk\u00fcll\u00fcd\u00fcr P\u00fcsk\u00fcll\u00fc\u201d t\u00fcrk\u00fcleridir.<\/p>\n\n\n\n<p class=\"has-black-color has-text-color has-medium-font-size\">Merhum olan \u00d6mer Akp\u0131nar, Fethi Karamahmuto\u011flu, Mehmet Hamzao\u011flu, \u00d6mer G\u00f6k ile di\u011fer saz ve s\u00f6z \u00fcstatlar\u0131 sanat ve k\u00fclt\u00fcr hayat\u0131n\u0131n geli\u015fmesinde etkin olmu\u015ftur. G\u00fcn\u00fcm\u00fczde bu sanat\u0131 icra eden ve ya\u015fatan Metin Hamzao\u011flu, o neslin son temsilcilerindendir.<\/p>\n\n\n\n<div class=\"wp-block-columns is-layout-flex wp-container-core-columns-is-layout-9d6595d7 wp-block-columns-is-layout-flex\">\n<div class=\"wp-block-column is-layout-flow wp-block-column-is-layout-flow\"><\/div>\n<\/div>\n\n\n<div class=\"wp-block-image\">\n<figure class=\"aligncenter size-large\"><img decoding=\"async\" src=\"https:\/\/www.kucukgeris.net\/iz\/giresun\/grl\/cvsl10.jpg\" alt=\"\u0130nce yonu; di\u011fer yerlerde moloz ta\u015f kullan\u0131lan H\u0131n\u0131\u00e7 Ta\u015f Kemer K\u00f6pr\u00fcs\u00fc, yuvarlak kemerli ve tek g\u00f6zl\u00fcd\u00fcr.\"\/><figcaption class=\"wp-element-caption\"><strong><em>\u0130nce yonu; di\u011fer yerlerde moloz ta\u015f kullan\u0131lan H\u0131n\u0131\u00e7 Ta\u015f Kemer K\u00f6pr\u00fcs\u00fc, yuvarlak kemerli ve tek g\u00f6zl\u00fcd\u00fcr.<\/em><\/strong><\/figcaption><\/figure>\n<\/div>\n\n\n<div class=\"wp-block-columns is-layout-flex wp-container-core-columns-is-layout-9d6595d7 wp-block-columns-is-layout-flex\">\n<div class=\"wp-block-column is-layout-flow wp-block-column-is-layout-flow\"><\/div>\n<\/div>\n\n\n\n<h4 class=\"wp-block-heading has-black-color has-text-color\">\u00c7AVU\u015eLU\u2019DA TUR\u0130ZM<\/h4>\n\n\n\n<div class=\"wp-block-columns is-layout-flex wp-container-core-columns-is-layout-9d6595d7 wp-block-columns-is-layout-flex\">\n<div class=\"wp-block-column is-layout-flow wp-block-column-is-layout-flow\"><\/div>\n<\/div>\n\n\n\n<p class=\"has-black-color has-text-color has-medium-font-size\">\u00c7avu\u015flu\u2019da b\u00f6lgede oldu\u011fu gibi en \u00e7ok yayla turizmi ya\u015fanmaktad\u0131r. May\u0131s ay\u0131ndan ekim ay\u0131n\u0131n sonlar\u0131na kadar yaylalara g\u00f6\u00e7 eden halk g\u00fcn\u00fcbirlik, hafta sonu ve resmi tatillerde yaylaya \u00e7\u0131kmadan edemez. Yayla denilince ilk akla gelen Sis Da\u011f\u0131, Kaz\u0131kbeli ve Kad\u0131rga yaylalar\u0131d\u0131r.<\/p>\n\n\n\n<p class=\"has-black-color has-text-color has-medium-font-size\">Sis Da\u011f\u0131 ve Yaylalar\u0131: Do\u011fu Karadeniz da\u011f silsilesinin bir b\u00f6l\u00fcm\u00fc olan, bat\u0131da Ordu il s\u0131n\u0131r\u0131ndan ba\u015flay\u0131p do\u011fuda Trabzon So\u011fanl\u0131 da\u011flar\u0131na kadar uzanan, kuzeyde Karadeniz k\u0131y\u0131lar\u0131ndan belli y\u00fcksekliklerle ard\u0131 ard\u0131na y\u00fckselen ve g\u00fcneyde Sivas, Erzincan, G\u00fcm\u00fc\u015fhane s\u0131n\u0131rlar\u0131na kadar dayanan b\u00f6lge da\u011f silsilesine \u201cGiresun Da\u011flar\u0131\u201d denilmektedir.<\/p>\n\n\n\n<p class=\"has-black-color has-text-color has-medium-font-size\">Bu da\u011f silsilesi y\u00fckseklerinde do\u011fal ve k\u00fclt\u00fcrel hazinelerin sakland\u0131\u011f\u0131 bereketli bir diyard\u0131r. Giresun da\u011flar\u0131 e\u015fsiz g\u00fczellikleriyle bir\u00e7ok yaylaya ev sahipli\u011fi yapmaktad\u0131r. Yaylalar\u0131n \u00e7o\u011fu 1.500 &#8211; 2.000 metre aras\u0131nda yer almaktad\u0131r. B\u00f6lgedeki yayla k\u00fclt\u00fcr\u00fc may\u0131s ay\u0131n\u0131n son g\u00fcnlerinde karlar\u0131n erimeye ba\u015flamas\u0131, do\u011fan\u0131n yeniden uyanmas\u0131yla birlikte yeniden canlanmaktad\u0131r.<\/p>\n\n\n\n<p class=\"has-black-color has-text-color has-medium-font-size\">Giresun da\u011flar\u0131n\u0131n ve yaylalar\u0131n\u0131n i\u00e7erisinde yer alan sahile en yak\u0131n ve y\u00fcksek G\u00f6rele il\u00e7e s\u0131n\u0131rlar\u0131 i\u00e7inde bulunan b\u00fcy\u00fcleyen e\u015fsiz g\u00fczelli\u011fi ile Sis Da\u011f\u0131 ve yaylalar\u0131 bulunmaktad\u0131r. Sis Da\u011f\u0131 ve yaylas\u0131, y\u0131l boyunca t\u00fcl gibi sislerle kapl\u0131 oldu\u011fundan dolay\u0131 Sis Da\u011f\u0131 ad\u0131n\u0131 alm\u0131\u015ft\u0131r. B\u00f6lgenin en b\u00fcy\u00fck da\u011f\u0131 olan Alada\u011f\u2019\u0131n en y\u00fcksek tepesi Alimeydan (Sis Da\u011f\u0131) 2.182 metre y\u00fcksekli\u011fe sahiptir. K\u0131y\u0131ya 38 kilometre uzakl\u0131kta oldu\u011fu i\u00e7in de g\u00fcn\u00fcbirlik olarak gezinti i\u00e7in ideal bir yaylad\u0131r. Sis Da\u011f\u0131, \u201cC Stat\u00fcs\u00fcnde Milli Park\u201d olarak korumaya al\u0131nm\u0131\u015ft\u0131r ve K\u00fclt\u00fcr ve Turizm Bakanl\u0131\u011f\u0131\u2019nca k\u0131\u015f turizmi merkezi ilan edilmi\u015ftir. Sis Da\u011f\u0131 yaylas\u0131na \u00c7avu\u015flu beldesinden Karadeniz\u2019e d\u00f6k\u00fclen \u00c7avu\u015flu deresi (Z\u0131va vadisi) takip edilerek ula\u015f\u0131labilinir.<\/p>\n<\/div>\n\n\n\n<div class=\"wp-block-column is-layout-flow wp-block-column-is-layout-flow\" style=\"flex-basis:10%\"><\/div>\n<\/div>\n","protected":false},"excerpt":{"rendered":"<p>G\u00f6rele, Giresun ilinin kuzeydo\u011fusunda bulunan ve Karadeniz\u2019e k\u0131y\u0131s\u0131 olan bir il\u00e7edir. \u0130l merkezine yakla\u015f\u0131k 62 kilometre uzakl\u0131kta bulunan il\u00e7eye ba\u011fl\u0131 bir belde, 21 mahalle ve 63 k\u00f6y mevcuttur. Giresun il\u00e7eleri aras\u0131nda n\u00fcfus bak\u0131m\u0131ndan 4. s\u0131rada bulunan G\u00f6rele\u2019nin 2022 y\u0131l\u0131 Adrese Dayal\u0131 N\u00fcfus Kay\u0131t Sistemi (ADNKS) verilerine g\u00f6re toplam n\u00fcfusu 30.973\u2019t\u00fcr. Bu toplam n\u00fcfusun 15.357\u2019si erkek,<\/p>\n","protected":false},"author":1,"featured_media":0,"parent":0,"menu_order":0,"comment_status":"closed","ping_status":"closed","template":"page-fullwidth.php","meta":{"footnotes":""},"class_list":["post-379","page","type-page","status-publish","hentry"],"_links":{"self":[{"href":"https:\/\/www.kucukgeris.net\/index.php?rest_route=\/wp\/v2\/pages\/379","targetHints":{"allow":["GET"]}}],"collection":[{"href":"https:\/\/www.kucukgeris.net\/index.php?rest_route=\/wp\/v2\/pages"}],"about":[{"href":"https:\/\/www.kucukgeris.net\/index.php?rest_route=\/wp\/v2\/types\/page"}],"author":[{"embeddable":true,"href":"https:\/\/www.kucukgeris.net\/index.php?rest_route=\/wp\/v2\/users\/1"}],"replies":[{"embeddable":true,"href":"https:\/\/www.kucukgeris.net\/index.php?rest_route=%2Fwp%2Fv2%2Fcomments&post=379"}],"version-history":[{"count":0,"href":"https:\/\/www.kucukgeris.net\/index.php?rest_route=\/wp\/v2\/pages\/379\/revisions"}],"wp:attachment":[{"href":"https:\/\/www.kucukgeris.net\/index.php?rest_route=%2Fwp%2Fv2%2Fmedia&parent=379"}],"curies":[{"name":"wp","href":"https:\/\/api.w.org\/{rel}","templated":true}]}}